{"id":676,"date":"2025-09-01T22:13:28","date_gmt":"2025-09-01T20:13:28","guid":{"rendered":"http:\/\/sp1slupsk.pl\/?page_id=676"},"modified":"2026-04-09T17:50:39","modified_gmt":"2026-04-09T15:50:39","slug":"pracownicy-pedagogiczni","status":"publish","type":"page","link":"https:\/\/sp1slupsk.pl\/?page_id=676","title":{"rendered":"Pracownicy pedagogiczni"},"content":{"rendered":"\n<p class=\"has-text-align-center\" style=\"font-size:18px\"><strong>Wykaz kadry pedagogicznej w Szkole Podstawowej nr 1<br>rok szkolny 2025\/2026<\/strong><\/p>\n\n\n\n<p><strong>Artym-Bary\u0142a Aneta &#8211; <\/strong>nauczyciel j\u0119zyka niemieckiego<\/p>\n\n\n\n<p><strong>Batko Ewa<\/strong> &#8211; nauczyciel wychowania &#8211; fizycznego<\/p>\n\n\n\n<p><strong>Bielecka Anna &#8211; WICEDYREKTOR SZKO\u0141Y <\/strong>&#8211; nauczyciel wsp\u00f3\u0142organizuj\u0105cy kszta\u0142cenie, j\u0119zyka niemieckiego<\/p>\n\n\n\n<p><strong>Bilska Justyna<\/strong> &#8211; nauczyciel edukacji wczesnoszkolnej<\/p>\n\n\n\n<p><strong>Bukowska Danuta<\/strong> \u2013 nauczyciel wychowania fizycznego, pedagog specjalny<\/p>\n\n\n\n<p><strong>Chochu\u0142 Ewa<\/strong> \u2013 DYREKTOR SZKO\u0141Y &#8211; nauczyciel j\u0119zyka polskiego, historii<\/p>\n\n\n\n<p><strong>Chylewska Aleksandra<\/strong> \u2013 nauczyciel j\u0119zyka angielskiego<\/p>\n\n\n\n<p><strong>Dawidowska Ma\u0142gorzata<\/strong> \u2013&nbsp;nauczyciel&nbsp;j\u0119zyka polskiego, historii<\/p>\n\n\n\n<p><strong>Dobosz Natalia<\/strong> &#8211; nauczyciel edukacji wczesnoszkolnej, j\u0119zyka polskiego<\/p>\n\n\n\n<p><strong>Drabik Aneta<\/strong> &#8211; nauczyciel edukacji wczesnoszkolnej<\/p>\n\n\n\n<p><strong>Fija\u0142kowska El\u017cbieta<\/strong> \u2013 nauczyciel&nbsp;j\u0119zyka polskiego (urlop zdrowotny)<\/p>\n\n\n\n<p><strong>Galikowska \u2013 Wierzbicka Elwira<\/strong> \u2013 nauczyciel edukacji wczesnoszkolnej, nauczyciel etyki<\/p>\n\n\n\n<p><strong>Jarmuszczak Ma\u0142gorzata<\/strong> &#8211; nauczyciel doradztwa zawodowego<\/p>\n\n\n\n<p><strong>Kaczmarczyk Dorota<\/strong> \u2013 nauczyciel&nbsp;\u015bwietlicy<\/p>\n\n\n\n<p><strong>Kirko&nbsp;Anna&nbsp;<\/strong>\u2013 specjalista rewalidacji<\/p>\n\n\n\n<p><strong>K\u0142osowska Ewa &#8211; <\/strong>nauczyciel&nbsp;edukacji wczesnoszkolnej<\/p>\n\n\n\n<p><strong>ks. Kowalski Rafa\u0142<\/strong>  &#8211; nauczyciel religii<\/p>\n\n\n\n<p><strong>Kozio\u0142 Krzysztof<\/strong> &#8211; nauczyciel fizyki, informatyki<\/p>\n\n\n\n<p><strong>Koz\u0142owicz Sylwia<\/strong> &#8211; pedagog szkolny<\/p>\n\n\n\n<p><strong>Kucharska&nbsp;Justyna<\/strong> \u2013 nauczyciel matematyki, informatyki<\/p>\n\n\n\n<p><strong>Kucharska &#8211; Tarnowska Miros\u0142awa<\/strong> &#8211; nauczyciel historii<\/p>\n\n\n\n<p><strong>Kuza Edyta<\/strong> &#8211; nauczyciel wsp\u00f3\u0142organizuj\u0105cy kszta\u0142cenie, specjalista rewalidacji<\/p>\n\n\n\n<p><strong>Mikulec Katarzyna<\/strong> \u2013 nauczyciel matematyki, techniki<\/p>\n\n\n\n<p><strong>Mi\u0142aszkiewicz Agnieszka<\/strong> &#8211; nauczyciel \u015bwietlicy<\/p>\n\n\n\n<p><strong>Nag\u00f3rek Katarzyna<\/strong> &#8211; nauczyciel przyrody, biologii<\/p>\n\n\n\n<p><strong>Ostrowski Piotr<\/strong> \u2013 nauczyciel geografii, wychowania fizycznego<\/p>\n\n\n\n<p><strong>Pawelec Joanna <\/strong>&#8211; nauczyciel chemii<\/p>\n\n\n\n<p><strong>Potrykus Edyta<\/strong> &#8211; logopeda<\/p>\n\n\n\n<p><strong>Przyby\u0142o Pawe\u0142<\/strong> &#8211; nauczyciel muzyki, plastyki, historii <\/p>\n\n\n\n<p><strong>Pyzio Ewa<\/strong> \u2013 nauczyciel&nbsp;j\u0119zyka&nbsp;angielskiego<\/p>\n\n\n\n<p><strong>Sikorska Aleksandra<\/strong> &#8211; nauczyciel wsp\u00f3\u0142organizuj\u0105cy kszta\u0142cenie, specjalista rewalidacji<\/p>\n\n\n\n<p><strong>So\u0142tysiak Marta<\/strong> \u2013&nbsp;nauczyciel j\u0119zyka polskiego<\/p>\n\n\n\n<p><strong>Sujka Adam<\/strong> \u2013 nauczyciel&nbsp;wychowania \u2013 fizycznego<\/p>\n\n\n\n<p><strong>Syrkiewicz Pawe\u0142<\/strong> &#8211; bibliotekarz<\/p>\n\n\n\n<p><strong>Wieliczko El\u017cbieta <\/strong>&#8211; psycholog szkolny<\/p>\n\n\n\n<p><strong>Wierzchniki Maciej <\/strong>&#8211; nauczyciel historii<\/p>\n\n\n\n<p><strong>Wize Beata<\/strong> &#8211; nauczyciel&nbsp;\u015bwietlicy<\/p>\n\n\n\n<p><strong>Zblewska Sylwia<\/strong> &#8211; nauczyciel edukacji wczesnoszkolnej<\/p>\n\n\n\n<p><strong>\u017bebrowska Marta<\/strong> \u2013 nauczyciel&nbsp;j\u0119zyka angielskiego<\/p>\n\n\n\n<p><strong>\u017bmuda \u2013 Trzebiatowska Anna<\/strong> \u2013 nauczyciel matematyki, WOS, WD\u017b<\/p>\n","protected":false},"excerpt":{"rendered":"<p>Wykaz kadry pedagogicznej w Szkole Podstawowej nr 1rok szkolny 2025\/2026 Artym-Bary\u0142a Aneta &#8211; nauczyciel j\u0119zyka niemieckiego Batko Ewa &#8211; nauczyciel wychowania &#8211; fizycznego Bielecka Anna &#8211; WICEDYREKTOR SZKO\u0141Y &#8211; nauczyciel wsp\u00f3\u0142organizuj\u0105cy kszta\u0142cenie, j\u0119zyka niemieckiego Bilska Justyna &#8211; nauczyciel edukacji wczesnoszkolnej Bukowska Danuta \u2013 nauczyciel wychowania fizycznego, pedagog specjalny Chochu\u0142 Ewa \u2013 DYREKTOR SZKO\u0141Y &#8211; nauczyciel <a href=\"https:\/\/sp1slupsk.pl\/?page_id=676\"><b>&#8230;wi\u0119cej<\/b><\/a><\/p>\n","protected":false},"author":1,"featured_media":0,"parent":402,"menu_order":0,"comment_status":"closed","ping_status":"closed","template":"","meta":[],"_links":{"self":[{"href":"https:\/\/sp1slupsk.pl\/index.php?rest_route=\/wp\/v2\/pages\/676"}],"collection":[{"href":"https:\/\/sp1slupsk.pl\/index.php?rest_route=\/wp\/v2\/pages"}],"about":[{"href":"https:\/\/sp1slupsk.pl\/index.php?rest_route=\/wp\/v2\/types\/page"}],"author":[{"embeddable":true,"href":"https:\/\/sp1slupsk.pl\/index.php?rest_route=\/wp\/v2\/users\/1"}],"replies":[{"embeddable":true,"href":"https:\/\/sp1slupsk.pl\/index.php?rest_route=%2Fwp%2Fv2%2Fcomments&post=676"}],"version-history":[{"count":100,"href":"https:\/\/sp1slupsk.pl\/index.php?rest_route=\/wp\/v2\/pages\/676\/revisions"}],"predecessor-version":[{"id":91126,"href":"https:\/\/sp1slupsk.pl\/index.php?rest_route=\/wp\/v2\/pages\/676\/revisions\/91126"}],"up":[{"embeddable":true,"href":"https:\/\/sp1slupsk.pl\/index.php?rest_route=\/wp\/v2\/pages\/402"}],"wp:attachment":[{"href":"https:\/\/sp1slupsk.pl\/index.php?rest_route=%2Fwp%2Fv2%2Fmedia&parent=676"}],"curies":[{"name":"wp","href":"https:\/\/api.w.org\/{rel}","templated":true}]}}