{"id":72009,"date":"2021-03-15T18:26:11","date_gmt":"2021-03-15T17:26:11","guid":{"rendered":"http:\/\/sp1slupsk.pl\/?page_id=72009"},"modified":"2021-12-21T21:39:06","modified_gmt":"2021-12-21T20:39:06","slug":"projekt-matematyczny-wehikul-czasu-m-bank-projekt-dofinansowany-przez-fundacje-mbanku","status":"publish","type":"page","link":"https:\/\/sp1slupsk.pl\/?page_id=72009","title":{"rendered":"Projekt &#8222;Matematyczny wehiku\u0142 czasu fundacja mBank&#8221;"},"content":{"rendered":"\n<figure class=\"wp-block-image size-large is-resized\"><img loading=\"lazy\" src=\"http:\/\/sp1slupsk.pl\/wp-content\/uploads\/2021\/03\/thumbnail_mbank-logo-mfundacja-1024x292.jpg\" alt=\"\" class=\"wp-image-72013\" width=\"338\" height=\"96\"\/><\/figure>\n\n\n\n<p>Nasza szko\u0142a wygra\u0142a konkurs na dotacj\u0119 Fundacji mBank projektu matematycznego Matematyczny wehiku\u0142 czasu. Cieszymy si\u0119, \u017ce dzi\u0119ki temu, mo\u017cemy zaoferowa\u0107 naszym uczniom dodatkowe zaj\u0119cia rozwijaj\u0105ce umiej\u0119tno\u015bci matematyczne i podnosz\u0105ce ich kompetencje. Realizacja projektu rusza 12 marca.<br>Celem projektu jest &nbsp;popularyzacja w\u015br\u00f3d uczni\u00f3w szko\u0142y praktycznego zastosowania matematyki w \u017cyciu codziennym. Dzia\u0142ania projektowe realizowane innowacyjnymi metodami &nbsp;podnosi\u0107 b\u0119d\u0105 kompetencje matematyczne uczni\u00f3w klas sz\u00f3stych i si\u00f3dmych. Zaj\u0119cia projektowe b\u0119d\u0105 prowadzone przez p. Marzen\u0119 Grzebieniak, Ann\u0119 \u017bmud\u0119 Trzebiatowsk\u0105 i Ma\u0142gorzat\u0119 Dawidowsk\u0105. Projekt zak\u0142ada realizacj\u0119 dzia\u0142a\u0144\/zaj\u0119\u0107 zwi\u0105zanych z czasem\/kalendarzem i zako\u0144czy si\u0119 uroczystym umieszczeniem na terenie plac\u00f3wki kapsu\u0142y czasu z informacjami dla przysz\u0142ych pokole\u0144.<\/p>\n\n\n\n<hr class=\"wp-block-separator\"\/>\n\n\n\n<p class=\"has-text-align-center\"><strong><span class=\"has-inline-color has-vivid-cyan-blue-color\">ROK SZKOLNY 2021\/2022<\/span><\/strong><\/p>\n\n\n\n<p class=\"has-text-align-center\"><strong>Kapsu\u0142a czasu jako podsumowanie projektu Matematyczny wehiku\u0142 czasu<\/strong><\/p>\n\n\n\n<p><a href=\"http:\/\/info.kanal6.pl\/2021\/12\/20\/szkolna-kapsula-czasu\/\"><span class=\"has-inline-color has-black-color\">http:\/\/info.kanal6.pl\/2021\/12\/20\/szkolna-kapsula-czasu\/<\/span><\/a><\/p>\n\n\n\n<hr class=\"wp-block-separator\"\/>\n\n\n\n<p class=\"has-text-align-center\"><strong>MATEMATYCZNY WEHIKU\u0141 CZASU &#8211; KAPSU\u0141A CZASU JAKO PODSUMOWANIE PROJEKTU FUNDACJI mBANK<\/strong><\/p>\n\n\n\n<p>Uczniowie klasy \u00f3smej napisali list do uczni\u00f3w z przysz\u0142o\u015bci, nagrali film na temat historii SP1 i liczb w niej ukrytych. List i film wraz z innymi materia\u0142ami o naszej szkole na koniec dzia\u0142a\u0144 projektu zosta\u0142 umieszczony w kapsule czasu.<br>Aspekt kapsu\u0142y czasu ma charakter wychowawczy, poznawczy, ma na celu rozbudzenie poczucia przynale\u017cno\u015bci do spo\u0142eczno\u015bci szko\u0142y SP1 i rozbudzenie ch\u0119ci przekazania swojej historii potomnym. Uroczyste umieszczenie kapsu\u0142y czasu w ziemi pod wygrawerowan\u0105 p\u0142yt\u0105 odby\u0142o si\u0119 15.12.21 i uczestniczyli w niej uczniowie klasy 7c wraz z wychowawczyni\u0105.<br>Kapsu\u0142a czasu ma by\u0107 otwarta za 50 lat, w grudniu 2071 roku. Mamy nadziej\u0119 by\u0107 cz\u0105stk\u0105 os\u00f3b, kt\u00f3re za 50 lat b\u0119d\u0105 uczy\u0107 si\u0119 i pracowa\u0107 w SP1.<\/p>\n\n\n\n\t\t\t\t\t<div class=\"gallery_box_single\">\n\t\t\t\t\t\t<p class=\"not_found\">Sorry, nothing found.<\/p>\n\t\t\t\t\t<\/div><!-- .gallery_box_single -->\n\t\t\t\t\t\t\t\t<script type=\"text\/javascript\">\n\t\t\t\t\t(function($) {\n\t\t\t\t\t\t$(document).ready( function() {\n\t\t\t\t\t\t\t$( \"a[rel=gallery_fancybox_]\" ).fancybox( {\n\t\t\t\t\t\t\t\t'transitionIn'\t\t:\t'elastic',\n\t\t\t\t\t\t\t\t'transitionOut'\t\t:\t'elastic',\n\t\t\t\t\t\t\t\t'titlePosition' \t:\t'inside',\n\t\t\t\t\t\t\t\t'speedIn'\t\t\t:\t500, \n\t\t\t\t\t\t\t\t'speedOut'\t\t\t:\t300,\n\t\t\t\t\t\t\t\t'titleFormat'\t\t:\tfunction( title, currentArray, currentIndex, currentOpts ) {\n\t\t\t\t\t\t\t\t\treturn '<div id=\"fancybox-title-inside\">' + ( title.length ? '<span id=\"bws_gallery_image_title\">' + title + '<\/span><br \/>' : '' ) + '<span id=\"bws_gallery_image_counter\">Image ' + ( currentIndex + 1 ) + ' \/ ' + currentArray.length + '<\/span><\/div>';\n\t\t\t\t\t\t\t\t}\t\t\t\t\t\t\t});\n\t\t\t\t\t\t});\n\t\t\t\t\t})(jQuery);\n\t\t\t\t<\/script>\n\t\t\t\n\n\n\n<hr class=\"wp-block-separator\"\/>\n\n\n\n<p class=\"has-text-align-left\">Podsumowanie konkursu CZAS W LICZBACH, kt\u00f3ry by\u0142 zorganizowany w ramach projektu Matematyczny wehiku\u0142 czasu &#8211; fundacja mBank<\/p>\n\n\n\n\t\t\t\t\t<div class=\"gallery_box_single\">\n\t\t\t\t\t\t<p class=\"not_found\">Sorry, nothing found.<\/p>\n\t\t\t\t\t<\/div><!-- .gallery_box_single -->\n\t\t\t\t\t\t\t\t<script type=\"text\/javascript\">\n\t\t\t\t\t(function($) {\n\t\t\t\t\t\t$(document).ready( function() {\n\t\t\t\t\t\t\t$( \"a[rel=gallery_fancybox_]\" ).fancybox( {\n\t\t\t\t\t\t\t\t'transitionIn'\t\t:\t'elastic',\n\t\t\t\t\t\t\t\t'transitionOut'\t\t:\t'elastic',\n\t\t\t\t\t\t\t\t'titlePosition' \t:\t'inside',\n\t\t\t\t\t\t\t\t'speedIn'\t\t\t:\t500, \n\t\t\t\t\t\t\t\t'speedOut'\t\t\t:\t300,\n\t\t\t\t\t\t\t\t'titleFormat'\t\t:\tfunction( title, currentArray, currentIndex, currentOpts ) {\n\t\t\t\t\t\t\t\t\treturn '<div id=\"fancybox-title-inside\">' + ( title.length ? '<span id=\"bws_gallery_image_title\">' + title + '<\/span><br \/>' : '' ) + '<span id=\"bws_gallery_image_counter\">Image ' + ( currentIndex + 1 ) + ' \/ ' + currentArray.length + '<\/span><\/div>';\n\t\t\t\t\t\t\t\t}\t\t\t\t\t\t\t});\n\t\t\t\t\t\t});\n\t\t\t\t\t})(jQuery);\n\t\t\t\t<\/script>\n\t\t\t\n\n\n\n<hr class=\"wp-block-separator\"\/>\n\n\n\n<p class=\"has-text-align-center\"><strong>WYNIKI KONKURSU RODZINNEGO \u201eCZAS W LICZBACH\u201d W RAMACH PROJEKTU MATEMATYCZNY WEHIKU\u0141 CZASU-fundacja mBank<\/strong><\/p>\n\n\n\n<p>I. Kategoria PLAKAT<br>1 miejsce KATARZYNA ADAM\u00d3W<br>Wyr\u00f3\u017cnienie WERONIKA WUTKE<br>II. Kategoria WIERSZ<br>1 miejsce JAKUB LESZCZY\u0143SKI<br>Wyr\u00f3\u017cnienie MIKO\u0141AJ MURAWSKI oraz MARCEL SOLAK<br>III. KATEGORIA FILM<br>1 miejsce LEONARD SEMENIUK<\/p>\n\n\n\n<p><br>SERDECZNIE GRATULUJEMY!<br>Dzi\u0119kujemy za udzia\u0142.<\/p>\n\n\n\n\t\t\t\t\t<div class=\"gallery_box_single\">\n\t\t\t\t\t\t<p class=\"not_found\">Sorry, nothing found.<\/p>\n\t\t\t\t\t<\/div><!-- .gallery_box_single -->\n\t\t\t\t\t\t\t\t<script type=\"text\/javascript\">\n\t\t\t\t\t(function($) {\n\t\t\t\t\t\t$(document).ready( function() {\n\t\t\t\t\t\t\t$( \"a[rel=gallery_fancybox_]\" ).fancybox( {\n\t\t\t\t\t\t\t\t'transitionIn'\t\t:\t'elastic',\n\t\t\t\t\t\t\t\t'transitionOut'\t\t:\t'elastic',\n\t\t\t\t\t\t\t\t'titlePosition' \t:\t'inside',\n\t\t\t\t\t\t\t\t'speedIn'\t\t\t:\t500, \n\t\t\t\t\t\t\t\t'speedOut'\t\t\t:\t300,\n\t\t\t\t\t\t\t\t'titleFormat'\t\t:\tfunction( title, currentArray, currentIndex, currentOpts ) {\n\t\t\t\t\t\t\t\t\treturn '<div id=\"fancybox-title-inside\">' + ( title.length ? '<span id=\"bws_gallery_image_title\">' + title + '<\/span><br \/>' : '' ) + '<span id=\"bws_gallery_image_counter\">Image ' + ( currentIndex + 1 ) + ' \/ ' + currentArray.length + '<\/span><\/div>';\n\t\t\t\t\t\t\t\t}\t\t\t\t\t\t\t});\n\t\t\t\t\t\t});\n\t\t\t\t\t})(jQuery);\n\t\t\t\t<\/script>\n\t\t\t\n\n\n\n<hr class=\"wp-block-separator\"\/>\n\n\n\n<p>Film zrealizowany w ramach projektu Matematyczny wehiku\u0142 czasu na temat historii naszej szko\u0142y i liczb w niej ukrytych .<\/p>\n\n\n\n<figure class=\"wp-block-embed-youtube wp-block-embed is-type-video is-provider-youtube wp-embed-aspect-16-9 wp-has-aspect-ratio\"><div class=\"wp-block-embed__wrapper\">\n<iframe title=\"Historia szko\u0142y SP1 w S\u0142upsku\" width=\"800\" height=\"450\" src=\"https:\/\/www.youtube.com\/embed\/6K-KYvJJAkk?feature=oembed\" frameborder=\"0\" allow=\"accelerometer; autoplay; clipboard-write; encrypted-media; gyroscope; picture-in-picture; web-share\" referrerpolicy=\"strict-origin-when-cross-origin\" allowfullscreen><\/iframe>\n<\/div><\/figure>\n\n\n\n<hr class=\"wp-block-separator\"\/>\n\n\n\n<p><strong>Kalendarze klas realizuj\u0105cych projekt Matematyczny wehiku\u0142 czasu- fundacja mBank<\/strong><\/p>\n\n\n\n<figure class=\"wp-block-embed-youtube wp-block-embed is-type-video is-provider-youtube wp-embed-aspect-16-9 wp-has-aspect-ratio\"><div class=\"wp-block-embed__wrapper\">\n<iframe title=\"Realizacja kalendarzy w ramach projektu Matematyczny Wehiku\u0142 Czasu\" width=\"800\" height=\"450\" src=\"https:\/\/www.youtube.com\/embed\/KSETlhhQABQ?feature=oembed\" frameborder=\"0\" allow=\"accelerometer; autoplay; clipboard-write; encrypted-media; gyroscope; picture-in-picture; web-share\" referrerpolicy=\"strict-origin-when-cross-origin\" allowfullscreen><\/iframe>\n<\/div><\/figure>\n\n\n\n<hr class=\"wp-block-separator\"\/>\n\n\n\n<p>Klasa VIII c w RAMACH projektu MATEMATYCZNY WEHIKU\u0141 CZASU przygotowa\u0142a &#8222;Kalendarz szkolny 2021 roku&#8221;. Cztery zespo\u0142y wykona\u0142y cztery z dwunastu kart kalendarza &#8211; wrzesie\u0144, pa\u017adziernik, listopad, grudzie\u0144. Uczniowie, aby zrealizowa\u0107 zadanie wertowali stron\u0119 internetow\u0105 naszej szko\u0142y, czytali broszury jubileuszowe z ni\u0105 zwi\u0105zane, a nawet szukali informacji w Kronice Szko\u0142y. Nast\u0119pnie wyselekcjonowane fakty nanosili na plakaty. Teraz mo\u017cna \u015bmia\u0142o powiedzie\u0107, \u017ce uczniowie klasy VIII c znaj\u0105 histori\u0119 Szko\u0142y Podstawowej nr 1 w S\u0142upsku.<\/p>\n\n\n\n\t\t\t\t\t<div class=\"gallery_box_single\">\n\t\t\t\t\t\t<p class=\"not_found\">Sorry, nothing found.<\/p>\n\t\t\t\t\t<\/div><!-- .gallery_box_single -->\n\t\t\t\t\t\t\t\t<script type=\"text\/javascript\">\n\t\t\t\t\t(function($) {\n\t\t\t\t\t\t$(document).ready( function() {\n\t\t\t\t\t\t\t$( \"a[rel=gallery_fancybox_]\" ).fancybox( {\n\t\t\t\t\t\t\t\t'transitionIn'\t\t:\t'elastic',\n\t\t\t\t\t\t\t\t'transitionOut'\t\t:\t'elastic',\n\t\t\t\t\t\t\t\t'titlePosition' \t:\t'inside',\n\t\t\t\t\t\t\t\t'speedIn'\t\t\t:\t500, \n\t\t\t\t\t\t\t\t'speedOut'\t\t\t:\t300,\n\t\t\t\t\t\t\t\t'titleFormat'\t\t:\tfunction( title, currentArray, currentIndex, currentOpts ) {\n\t\t\t\t\t\t\t\t\treturn '<div id=\"fancybox-title-inside\">' + ( title.length ? '<span id=\"bws_gallery_image_title\">' + title + '<\/span><br \/>' : '' ) + '<span id=\"bws_gallery_image_counter\">Image ' + ( currentIndex + 1 ) + ' \/ ' + currentArray.length + '<\/span><\/div>';\n\t\t\t\t\t\t\t\t}\t\t\t\t\t\t\t});\n\t\t\t\t\t\t});\n\t\t\t\t\t})(jQuery);\n\t\t\t\t<\/script>\n\t\t\t\n\n\n\n<hr class=\"wp-block-separator\"\/>\n\n\n\n<p>W dniach 26-27 listopada klasa VIII c wykonywa\u0142a kolejne zadanie w ramach projektu MATEMATYCZNY WEHIKU\u0141 CZASU. Tym razem by\u0142 to kalendarz klasy. Uczniowie stworzyli wyj\u0105tkowe prace, kt\u00f3re pokaza\u0142y w jak wielu projektach i inicjatywach bior\u0105 udzia\u0142.<\/p>\n\n\n\n\t\t\t\t\t<div class=\"gallery_box_single\">\n\t\t\t\t\t\t<p class=\"not_found\">Sorry, nothing found.<\/p>\n\t\t\t\t\t<\/div><!-- .gallery_box_single -->\n\t\t\t\t\t\t\t\t<script type=\"text\/javascript\">\n\t\t\t\t\t(function($) {\n\t\t\t\t\t\t$(document).ready( function() {\n\t\t\t\t\t\t\t$( \"a[rel=gallery_fancybox_]\" ).fancybox( {\n\t\t\t\t\t\t\t\t'transitionIn'\t\t:\t'elastic',\n\t\t\t\t\t\t\t\t'transitionOut'\t\t:\t'elastic',\n\t\t\t\t\t\t\t\t'titlePosition' \t:\t'inside',\n\t\t\t\t\t\t\t\t'speedIn'\t\t\t:\t500, \n\t\t\t\t\t\t\t\t'speedOut'\t\t\t:\t300,\n\t\t\t\t\t\t\t\t'titleFormat'\t\t:\tfunction( title, currentArray, currentIndex, currentOpts ) {\n\t\t\t\t\t\t\t\t\treturn '<div id=\"fancybox-title-inside\">' + ( title.length ? '<span id=\"bws_gallery_image_title\">' + title + '<\/span><br \/>' : '' ) + '<span id=\"bws_gallery_image_counter\">Image ' + ( currentIndex + 1 ) + ' \/ ' + currentArray.length + '<\/span><\/div>';\n\t\t\t\t\t\t\t\t}\t\t\t\t\t\t\t});\n\t\t\t\t\t\t});\n\t\t\t\t\t})(jQuery);\n\t\t\t\t<\/script>\n\t\t\t\n\n\n\n<hr class=\"wp-block-separator\"\/>\n\n\n\n<p>Uczniowie klasy 7a uczestniczyli w zaj\u0119ciach w ramach projektu Matematyczny Wehiku\u0142 Czasu tworz\u0105c kalendarz szkolny.<\/p>\n\n\n\n\t\t\t\t\t<div class=\"gallery_box_single\">\n\t\t\t\t\t\t<p class=\"not_found\">Sorry, nothing found.<\/p>\n\t\t\t\t\t<\/div><!-- .gallery_box_single -->\n\t\t\t\t\t\t\t\t<script type=\"text\/javascript\">\n\t\t\t\t\t(function($) {\n\t\t\t\t\t\t$(document).ready( function() {\n\t\t\t\t\t\t\t$( \"a[rel=gallery_fancybox_]\" ).fancybox( {\n\t\t\t\t\t\t\t\t'transitionIn'\t\t:\t'elastic',\n\t\t\t\t\t\t\t\t'transitionOut'\t\t:\t'elastic',\n\t\t\t\t\t\t\t\t'titlePosition' \t:\t'inside',\n\t\t\t\t\t\t\t\t'speedIn'\t\t\t:\t500, \n\t\t\t\t\t\t\t\t'speedOut'\t\t\t:\t300,\n\t\t\t\t\t\t\t\t'titleFormat'\t\t:\tfunction( title, currentArray, currentIndex, currentOpts ) {\n\t\t\t\t\t\t\t\t\treturn '<div id=\"fancybox-title-inside\">' + ( title.length ? '<span id=\"bws_gallery_image_title\">' + title + '<\/span><br \/>' : '' ) + '<span id=\"bws_gallery_image_counter\">Image ' + ( currentIndex + 1 ) + ' \/ ' + currentArray.length + '<\/span><\/div>';\n\t\t\t\t\t\t\t\t}\t\t\t\t\t\t\t});\n\t\t\t\t\t\t});\n\t\t\t\t\t})(jQuery);\n\t\t\t\t<\/script>\n\t\t\t\n\n\n\n<hr class=\"wp-block-separator\"\/>\n\n\n\n<p>List do uczni\u00f3w z przysz\u0142o\u015bci przygotowany przez uczni\u00f3w klasy 8c w ramach projektu Matematyczny wehiku\u0142 czasu &#8211; fundacja mBank.<\/p>\n\n\n\n<figure class=\"wp-block-embed-youtube wp-block-embed is-type-video is-provider-youtube wp-embed-aspect-4-3 wp-has-aspect-ratio\"><div class=\"wp-block-embed__wrapper\">\n<iframe title=\"List do uczni\u00f3w z przysz\u0142o\u015bci\" width=\"800\" height=\"600\" src=\"https:\/\/www.youtube.com\/embed\/I_QrKmB0jUE?feature=oembed\" frameborder=\"0\" allow=\"accelerometer; autoplay; clipboard-write; encrypted-media; gyroscope; picture-in-picture; web-share\" referrerpolicy=\"strict-origin-when-cross-origin\" allowfullscreen><\/iframe>\n<\/div><\/figure>\n\n\n\n<hr class=\"wp-block-separator\"\/>\n\n\n\n<p>Dnia 19.10.2021roku KLASA 7C w ramach projektu MATEMATYCZNY WEHIKU\u0141 CZASU &#8211; fundacja mBank stworzy\u0142a 4 strony do kalendarza szkolnego ( stycze\u0144, luty, marzec, kwiecie\u0144 2021). Przygotowane strony kalendarza szkolnego zawieraj\u0105 aktualno\u015bci szkolne na rok 2021 oraz dane z historii klasy i szko\u0142y. <\/p>\n\n\n\n\t\t\t\t\t<div class=\"gallery_box_single\">\n\t\t\t\t\t\t<p class=\"not_found\">Sorry, nothing found.<\/p>\n\t\t\t\t\t<\/div><!-- .gallery_box_single -->\n\t\t\t\t\t\t\t\t<script type=\"text\/javascript\">\n\t\t\t\t\t(function($) {\n\t\t\t\t\t\t$(document).ready( function() {\n\t\t\t\t\t\t\t$( \"a[rel=gallery_fancybox_]\" ).fancybox( {\n\t\t\t\t\t\t\t\t'transitionIn'\t\t:\t'elastic',\n\t\t\t\t\t\t\t\t'transitionOut'\t\t:\t'elastic',\n\t\t\t\t\t\t\t\t'titlePosition' \t:\t'inside',\n\t\t\t\t\t\t\t\t'speedIn'\t\t\t:\t500, \n\t\t\t\t\t\t\t\t'speedOut'\t\t\t:\t300,\n\t\t\t\t\t\t\t\t'titleFormat'\t\t:\tfunction( title, currentArray, currentIndex, currentOpts ) {\n\t\t\t\t\t\t\t\t\treturn '<div id=\"fancybox-title-inside\">' + ( title.length ? '<span id=\"bws_gallery_image_title\">' + title + '<\/span><br \/>' : '' ) + '<span id=\"bws_gallery_image_counter\">Image ' + ( currentIndex + 1 ) + ' \/ ' + currentArray.length + '<\/span><\/div>';\n\t\t\t\t\t\t\t\t}\t\t\t\t\t\t\t});\n\t\t\t\t\t\t});\n\t\t\t\t\t})(jQuery);\n\t\t\t\t<\/script>\n\t\t\t\n\n\n\n\t\t\t\t\t<div class=\"gallery_box_single\">\n\t\t\t\t\t\t<p class=\"not_found\">Sorry, nothing found.<\/p>\n\t\t\t\t\t<\/div><!-- .gallery_box_single -->\n\t\t\t\t\t\t\t\t<script type=\"text\/javascript\">\n\t\t\t\t\t(function($) {\n\t\t\t\t\t\t$(document).ready( function() {\n\t\t\t\t\t\t\t$( \"a[rel=gallery_fancybox_]\" ).fancybox( {\n\t\t\t\t\t\t\t\t'transitionIn'\t\t:\t'elastic',\n\t\t\t\t\t\t\t\t'transitionOut'\t\t:\t'elastic',\n\t\t\t\t\t\t\t\t'titlePosition' \t:\t'inside',\n\t\t\t\t\t\t\t\t'speedIn'\t\t\t:\t500, \n\t\t\t\t\t\t\t\t'speedOut'\t\t\t:\t300,\n\t\t\t\t\t\t\t\t'titleFormat'\t\t:\tfunction( title, currentArray, currentIndex, currentOpts ) {\n\t\t\t\t\t\t\t\t\treturn '<div id=\"fancybox-title-inside\">' + ( title.length ? '<span id=\"bws_gallery_image_title\">' + title + '<\/span><br \/>' : '' ) + '<span id=\"bws_gallery_image_counter\">Image ' + ( currentIndex + 1 ) + ' \/ ' + currentArray.length + '<\/span><\/div>';\n\t\t\t\t\t\t\t\t}\t\t\t\t\t\t\t});\n\t\t\t\t\t\t});\n\t\t\t\t\t})(jQuery);\n\t\t\t\t<\/script>\n\t\t\t\n\n\n\n<hr class=\"wp-block-separator\"\/>\n\n\n\n<p>Uczniowie 7c &nbsp;w dniach 13.10.21 i 14.10.21 z materia\u0142\u00f3w plastycznych stworzyli kalendarz klasowy uwzgl\u0119dniaj\u0105cy wa\u017cne daty z \u017cycia klasy, z \u017cycia cz\u0142onk\u00f3w zespo\u0142\u00f3w. Kalendarz na rok 2021 ma &nbsp;12 miesi\u0119cy, zosta\u0142 przygotowany przez 3 zespo\u0142y uczni\u00f3w podzielonych wed\u0142ug miesi\u0105ca urodzenia. Zaj\u0119cia odbywa\u0142y si\u0119 w ramach realizacji projektu MATEMATYCZNY WEHIKU\u0141 CZASU- fundacja mBank.<\/p>\n\n\n\n<hr class=\"wp-block-separator\"\/>\n\n\n\n<p><strong>Konkurs szkolny CZAS W LICZBACH w ramach projektu MATEMATYCZNY WEHIKU\u0141 CZASU &#8211; fundacja mBank. <\/strong><\/p>\n\n\n\n<p>Konkurs adresowany jest do uczni\u00f3w klas IV-VIII Szko\u0142y Podstawowej nr 1 im. Henryka Sienkiewicza w S\u0142upsku oraz ich rodzic\u00f3w. Konkurs ma charakter pracy rodzinnej.<\/p>\n\n\n\n<div class=\"wp-block-file\"><a href=\"http:\/\/sp1slupsk.pl\/wp-content\/uploads\/2021\/10\/REGULAMIN-konkursu-w-ramach-projektu.docx\"><em><span class=\"has-inline-color has-black-color\">REGULAMIN konkursu w ramach projektu<\/span><\/em><\/a><\/div>\n\n\n\n<hr class=\"wp-block-separator\"\/>\n\n\n\n<p>W dniach 29 i 30 marca 2021r. klasa 6a i 7c wzi\u0119\u0142y udzia\u0142 w zaj\u0119ciach \u201eHistoria szko\u0142y. Uk\u0142adanie quiz\u00f3w dotycz\u0105cych miesi\u0119cy, dni, kwarta\u0142\u00f3w roku\u201d w ramach projektu MATEMATYCZNY WEHIKU\u0141 CZASU \u2013 fundacja mBank.<\/p>\n\n\n\n<p>Uczniowie podczas dodatkowej lekcji poznawali histori\u0119 funkcjonowania naszej szko\u0142y. Na podstawie opowiada\u0144 nauczyciela uzupe\u0142niali narysowane przez siebie osie czasu, na kt\u00f3rych zaznaczali konkretne wydarzenia. Nast\u0119pnym zadaniem by\u0142o uk\u0142adanie i rozwi\u0105zywanie quizu matematycznego, w kt\u00f3rym wiadomo\u015bci historyczne \u0142\u0105czyli z zagadnieniami zwi\u0105zanymi z kalendarzem. W ramach podsumowania stworzyli chmur\u0119 wyrazow\u0105 \u2013 MOJA SZKO\u0141A SP1 W S\u0141UPSKU.<\/p>\n\n\n\n\t\t\t\t\t<div class=\"gallery_box_single\">\n\t\t\t\t\t\t<p class=\"not_found\">Sorry, nothing found.<\/p>\n\t\t\t\t\t<\/div><!-- .gallery_box_single -->\n\t\t\t\t\t\t\t\t<script type=\"text\/javascript\">\n\t\t\t\t\t(function($) {\n\t\t\t\t\t\t$(document).ready( function() {\n\t\t\t\t\t\t\t$( \"a[rel=gallery_fancybox_]\" ).fancybox( {\n\t\t\t\t\t\t\t\t'transitionIn'\t\t:\t'elastic',\n\t\t\t\t\t\t\t\t'transitionOut'\t\t:\t'elastic',\n\t\t\t\t\t\t\t\t'titlePosition' \t:\t'inside',\n\t\t\t\t\t\t\t\t'speedIn'\t\t\t:\t500, \n\t\t\t\t\t\t\t\t'speedOut'\t\t\t:\t300,\n\t\t\t\t\t\t\t\t'titleFormat'\t\t:\tfunction( title, currentArray, currentIndex, currentOpts ) {\n\t\t\t\t\t\t\t\t\treturn '<div id=\"fancybox-title-inside\">' + ( title.length ? '<span id=\"bws_gallery_image_title\">' + title + '<\/span><br \/>' : '' ) + '<span id=\"bws_gallery_image_counter\">Image ' + ( currentIndex + 1 ) + ' \/ ' + currentArray.length + '<\/span><\/div>';\n\t\t\t\t\t\t\t\t}\t\t\t\t\t\t\t});\n\t\t\t\t\t\t});\n\t\t\t\t\t})(jQuery);\n\t\t\t\t<\/script>\n\t\t\t\n\n\n\n<hr class=\"wp-block-separator\"\/>\n\n\n\n<p><strong>29.03.2021 klasa 7c wzi\u0119\u0142a udzia\u0142 w zaj\u0119ciach OBLICZENIA Z KALENDARZEM w ramach projektu MATEMATYCZNY WEHIKU\u0141 CZASU \u2013 fundacja mBank.&nbsp;<\/strong><\/p>\n\n\n\n<p>Zaj\u0119cia podobnie jak w klasie 6c i 6a obejmowa\u0142y obliczenia kalendarzowe. Klasa 7c pracowa\u0142a pi\u0119knie z kwarta\u0142ami roku i okre\u015blaniem roku przest\u0119pnego. Dw\u00f3ch Bartk\u00f3w z klasy 7c zaprosi\u0142o swoje rodziny na d\u0142ugi pobyt wakacyjny w Hotelu Lubicz- zadanie obejmowa\u0142o obliczenie ilo\u015bci d\u00f3b i kosztu pobytu. Zaj\u0119cia obejmowa\u0142y r\u00f3wnie\u017c wykorzystanie zdobytej wiedzy w grze o latach przest\u0119pnych, na koniec w formie zabawy uczniowie&nbsp;zaj\u0119li si\u0119 krzy\u017c\u00f3wk\u0105 o kalendarzu.&nbsp;<\/p>\n\n\n\n\t\t\t\t\t<div class=\"gallery_box_single\">\n\t\t\t\t\t\t<p class=\"not_found\">Sorry, nothing found.<\/p>\n\t\t\t\t\t<\/div><!-- .gallery_box_single -->\n\t\t\t\t\t\t\t\t<script type=\"text\/javascript\">\n\t\t\t\t\t(function($) {\n\t\t\t\t\t\t$(document).ready( function() {\n\t\t\t\t\t\t\t$( \"a[rel=gallery_fancybox_]\" ).fancybox( {\n\t\t\t\t\t\t\t\t'transitionIn'\t\t:\t'elastic',\n\t\t\t\t\t\t\t\t'transitionOut'\t\t:\t'elastic',\n\t\t\t\t\t\t\t\t'titlePosition' \t:\t'inside',\n\t\t\t\t\t\t\t\t'speedIn'\t\t\t:\t500, \n\t\t\t\t\t\t\t\t'speedOut'\t\t\t:\t300,\n\t\t\t\t\t\t\t\t'titleFormat'\t\t:\tfunction( title, currentArray, currentIndex, currentOpts ) {\n\t\t\t\t\t\t\t\t\treturn '<div id=\"fancybox-title-inside\">' + ( title.length ? '<span id=\"bws_gallery_image_title\">' + title + '<\/span><br \/>' : '' ) + '<span id=\"bws_gallery_image_counter\">Image ' + ( currentIndex + 1 ) + ' \/ ' + currentArray.length + '<\/span><\/div>';\n\t\t\t\t\t\t\t\t}\t\t\t\t\t\t\t});\n\t\t\t\t\t\t});\n\t\t\t\t\t})(jQuery);\n\t\t\t\t<\/script>\n\t\t\t\n\n\n\n<hr class=\"wp-block-separator\"\/>\n\n\n\n<p>24.03.2021 klasa 6c wzi\u0119\u0142a udzia\u0142 w zaj\u0119ciach \u201eHistoria szko\u0142y. Uk\u0142adanie quiz\u00f3w dotycz\u0105cych miesi\u0119cy, dni, kwarta\u0142\u00f3w roku\u201d w ramach projektu MATEMATYCZNY WEHIKU\u0141 CZASU \u2013 fundacja mBank. Uczniowie podczas zaj\u0119\u0107 odbyli fascynuj\u0105c\u0105 podr\u00f3\u017c w czasie do pocz\u0105tk\u00f3w tworzenia naszej szko\u0142y, czyli do roku 1945. Poznali posta\u0107 W\u0142adys\u0142awa Kijowskiego, kt\u00f3ry by\u0142 pierwszym kierownikiem SP 1, a tak\u017ce dowiedzieli si\u0119, \u017ce na jej terenie odbywa\u0142y si\u0119 obowi\u0105zkowe szczepienia przeciwko gru\u017alicy przeprowadzane przez Du\u0144ski Czerwony Krzy\u017c. Poznali troszk\u0119 statystyk zwi\u0105zanych z ilo\u015bci\u0105 uczni\u00f3w ucz\u0119szczaj\u0105cych do niej na przestrzeni 76 lat istnienia. Zdziwienie wywo\u0142a\u0142y zdj\u0119cia pokazuj\u0105ce dzieci pracuj\u0105ce przy uprz\u0105taniu placu przy szkole w 1949r., czy zajmuj\u0105cych si\u0119 pracami w szkolnym ogrodzie w 1953r. Sz\u00f3stoklasi\u015bci stwierdzili, \u017ce bardzo du\u017co zmieni\u0142o si\u0119 od tego czasu. Udzia\u0142 w zaj\u0119ciach da\u0142 uczniom wiedz\u0119 na temat pami\u0105tkowych tablic, kt\u00f3re znajduj\u0105 si\u0119 na \u015bcianach budynku, poznali tak\u017ce genez\u0119 wyboru Henryka Sienkiewicza na patrona szko\u0142y. W drugiej cz\u0119\u015bci lekcji zaj\u0119li\u015bmy si\u0119 obliczeniami matematycznymi. Historia szko\u0142y sta\u0142a si\u0119 punktem odniesienia do powstania quizu, w kt\u00f3rym uczniowie okre\u015blali miesi\u0105ce, dni, kwarta\u0142y konkretnych wydarze\u0144 zwi\u0105zanych z poznanymi faktami historycznymi. <\/p>\n\n\n\n\t\t\t\t\t<div class=\"gallery_box_single\">\n\t\t\t\t\t\t<p class=\"not_found\">Sorry, nothing found.<\/p>\n\t\t\t\t\t<\/div><!-- .gallery_box_single -->\n\t\t\t\t\t\t\t\t<script type=\"text\/javascript\">\n\t\t\t\t\t(function($) {\n\t\t\t\t\t\t$(document).ready( function() {\n\t\t\t\t\t\t\t$( \"a[rel=gallery_fancybox_]\" ).fancybox( {\n\t\t\t\t\t\t\t\t'transitionIn'\t\t:\t'elastic',\n\t\t\t\t\t\t\t\t'transitionOut'\t\t:\t'elastic',\n\t\t\t\t\t\t\t\t'titlePosition' \t:\t'inside',\n\t\t\t\t\t\t\t\t'speedIn'\t\t\t:\t500, \n\t\t\t\t\t\t\t\t'speedOut'\t\t\t:\t300,\n\t\t\t\t\t\t\t\t'titleFormat'\t\t:\tfunction( title, currentArray, currentIndex, currentOpts ) {\n\t\t\t\t\t\t\t\t\treturn '<div id=\"fancybox-title-inside\">' + ( title.length ? '<span id=\"bws_gallery_image_title\">' + title + '<\/span><br \/>' : '' ) + '<span id=\"bws_gallery_image_counter\">Image ' + ( currentIndex + 1 ) + ' \/ ' + currentArray.length + '<\/span><\/div>';\n\t\t\t\t\t\t\t\t}\t\t\t\t\t\t\t});\n\t\t\t\t\t\t});\n\t\t\t\t\t})(jQuery);\n\t\t\t\t<\/script>\n\t\t\t\n\n\n\n<hr class=\"wp-block-separator\"\/>\n\n\n\n<p>24.03.21 klasa 6a wzi\u0119\u0142a udzia\u0142 w zaj\u0119ciach OBLICZENIA Z KALENDARZEM w ramach projektu MATEMATYCZNY WEHIKU\u0141 CZASU \u2013 fundacja mBank.&nbsp;Uczniowie pracowali z zadaniami obejmuj\u0105cymi rok, lata przest\u0119pne, budow\u0119 kalendarza, obliczyli koszt wakacji zadaniowego Bartka, jak r\u00f3wnie\u017c zagrali w gr\u0119 o latach przest\u0119pnych i pracowali z krzy\u017c\u00f3wk\u0105 o kalendarzu. <\/p>\n\n\n\n\t\t\t\t\t<div class=\"gallery_box_single\">\n\t\t\t\t\t\t<p class=\"not_found\">Sorry, nothing found.<\/p>\n\t\t\t\t\t<\/div><!-- .gallery_box_single -->\n\t\t\t\t\t\t\t\t<script type=\"text\/javascript\">\n\t\t\t\t\t(function($) {\n\t\t\t\t\t\t$(document).ready( function() {\n\t\t\t\t\t\t\t$( \"a[rel=gallery_fancybox_]\" ).fancybox( {\n\t\t\t\t\t\t\t\t'transitionIn'\t\t:\t'elastic',\n\t\t\t\t\t\t\t\t'transitionOut'\t\t:\t'elastic',\n\t\t\t\t\t\t\t\t'titlePosition' \t:\t'inside',\n\t\t\t\t\t\t\t\t'speedIn'\t\t\t:\t500, \n\t\t\t\t\t\t\t\t'speedOut'\t\t\t:\t300,\n\t\t\t\t\t\t\t\t'titleFormat'\t\t:\tfunction( title, currentArray, currentIndex, currentOpts ) {\n\t\t\t\t\t\t\t\t\treturn '<div id=\"fancybox-title-inside\">' + ( title.length ? '<span id=\"bws_gallery_image_title\">' + title + '<\/span><br \/>' : '' ) + '<span id=\"bws_gallery_image_counter\">Image ' + ( currentIndex + 1 ) + ' \/ ' + currentArray.length + '<\/span><\/div>';\n\t\t\t\t\t\t\t\t}\t\t\t\t\t\t\t});\n\t\t\t\t\t\t});\n\t\t\t\t\t})(jQuery);\n\t\t\t\t<\/script>\n\t\t\t\n\n\n\n<hr class=\"wp-block-separator\"\/>\n\n\n\n<p><strong>22.03.21 klasa 6c wzi\u0119\u0142a udzia\u0142 w zaj\u0119ciach OBLICZENIA Z KALENDARZEM w ramach projektu MATEMATYCZNY WEHIKU\u0141 CZASU \u2013 fundacja mBank.&nbsp;<\/strong><\/p>\n\n\n\n<p>Celem og\u00f3lnym zaj\u0119\u0107 online by\u0142y obliczenia kalendarzowe. Cele szczeg\u00f3\u0142owe obejmowa\u0142y: budow\u0119 kalendarza, okre\u015blanie miesi\u0119cy i dni roku, kwarta\u0142\u00f3w roku, w\u0142asno\u015bci roku przest\u0119pnego, zapisywanie cyfr rzymskich jako miesi\u0105ce, stosowanie kalendarza do oblicze\u0144 praktycznych, zapisywanie dat na r\u00f3\u017cne sposoby. Uczniowie wzi\u0119li r\u00f3wnie\u017c udzia\u0142 w wirtualnej grze o latach przest\u0119pnych oraz wype\u0142nili interaktywn\u0105 krzy\u017c\u00f3wk\u0119 o kalendarzu.&nbsp;<\/p>\n\n\n\n\t\t\t\t\t<div class=\"gallery_box_single\">\n\t\t\t\t\t\t<p class=\"not_found\">Sorry, nothing found.<\/p>\n\t\t\t\t\t<\/div><!-- .gallery_box_single -->\n\t\t\t\t\t\t\t\t<script type=\"text\/javascript\">\n\t\t\t\t\t(function($) {\n\t\t\t\t\t\t$(document).ready( function() {\n\t\t\t\t\t\t\t$( \"a[rel=gallery_fancybox_]\" ).fancybox( {\n\t\t\t\t\t\t\t\t'transitionIn'\t\t:\t'elastic',\n\t\t\t\t\t\t\t\t'transitionOut'\t\t:\t'elastic',\n\t\t\t\t\t\t\t\t'titlePosition' \t:\t'inside',\n\t\t\t\t\t\t\t\t'speedIn'\t\t\t:\t500, \n\t\t\t\t\t\t\t\t'speedOut'\t\t\t:\t300,\n\t\t\t\t\t\t\t\t'titleFormat'\t\t:\tfunction( title, currentArray, currentIndex, currentOpts ) {\n\t\t\t\t\t\t\t\t\treturn '<div id=\"fancybox-title-inside\">' + ( title.length ? '<span id=\"bws_gallery_image_title\">' + title + '<\/span><br \/>' : '' ) + '<span id=\"bws_gallery_image_counter\">Image ' + ( currentIndex + 1 ) + ' \/ ' + currentArray.length + '<\/span><\/div>';\n\t\t\t\t\t\t\t\t}\t\t\t\t\t\t\t});\n\t\t\t\t\t\t});\n\t\t\t\t\t})(jQuery);\n\t\t\t\t<\/script>\n\t\t\t\n\n\n\n<hr class=\"wp-block-separator\"\/>\n\n\n\n<p>Dnia 18.03 uczniowie klasy 6a uczestniczyli w zaj\u0119ciach w ramach projektu Matematyczny wehiku\u0142 czasu mBank. Rozwi\u0105zywali zadania i zagadki zwi\u0105zane z czasem. <\/p>\n\n\n\n\t\t\t\t\t<div class=\"gallery_box_single\">\n\t\t\t\t\t\t<p class=\"not_found\">Sorry, nothing found.<\/p>\n\t\t\t\t\t<\/div><!-- .gallery_box_single -->\n\t\t\t\t\t\t\t\t<script type=\"text\/javascript\">\n\t\t\t\t\t(function($) {\n\t\t\t\t\t\t$(document).ready( function() {\n\t\t\t\t\t\t\t$( \"a[rel=gallery_fancybox_]\" ).fancybox( {\n\t\t\t\t\t\t\t\t'transitionIn'\t\t:\t'elastic',\n\t\t\t\t\t\t\t\t'transitionOut'\t\t:\t'elastic',\n\t\t\t\t\t\t\t\t'titlePosition' \t:\t'inside',\n\t\t\t\t\t\t\t\t'speedIn'\t\t\t:\t500, \n\t\t\t\t\t\t\t\t'speedOut'\t\t\t:\t300,\n\t\t\t\t\t\t\t\t'titleFormat'\t\t:\tfunction( title, currentArray, currentIndex, currentOpts ) {\n\t\t\t\t\t\t\t\t\treturn '<div id=\"fancybox-title-inside\">' + ( title.length ? '<span id=\"bws_gallery_image_title\">' + title + '<\/span><br \/>' : '' ) + '<span id=\"bws_gallery_image_counter\">Image ' + ( currentIndex + 1 ) + ' \/ ' + currentArray.length + '<\/span><\/div>';\n\t\t\t\t\t\t\t\t}\t\t\t\t\t\t\t});\n\t\t\t\t\t\t});\n\t\t\t\t\t})(jQuery);\n\t\t\t\t<\/script>\n\t\t\t\n\n\n\n<hr class=\"wp-block-separator\"\/>\n\n\n\n<p>12.03.21 odby\u0142o si\u0119 spotkanie organizacyjne uczestnik\u00f3w Projektu Matematyczny Wehiku\u0142 Czasu- realizowanego dzi\u0119ki dofinansowaniu przez Fundacje mBanku. Uczniowie poznali cele projektu, szczeg\u00f3\u0142owe dzia\u0142ania oraz terminy ich realizacji. B\u0119dziemy bawi\u0107 si\u0119 czasem i kalendarzem w r\u00f3\u017cnych ods\u0142onach. <\/p>\n\n\n\n\t\t\t\t\t<div class=\"gallery_box_single\">\n\t\t\t\t\t\t<p class=\"not_found\">Sorry, nothing found.<\/p>\n\t\t\t\t\t<\/div><!-- .gallery_box_single -->\n\t\t\t\t\t\t\t\t<script type=\"text\/javascript\">\n\t\t\t\t\t(function($) {\n\t\t\t\t\t\t$(document).ready( function() {\n\t\t\t\t\t\t\t$( \"a[rel=gallery_fancybox_]\" ).fancybox( {\n\t\t\t\t\t\t\t\t'transitionIn'\t\t:\t'elastic',\n\t\t\t\t\t\t\t\t'transitionOut'\t\t:\t'elastic',\n\t\t\t\t\t\t\t\t'titlePosition' \t:\t'inside',\n\t\t\t\t\t\t\t\t'speedIn'\t\t\t:\t500, \n\t\t\t\t\t\t\t\t'speedOut'\t\t\t:\t300,\n\t\t\t\t\t\t\t\t'titleFormat'\t\t:\tfunction( title, currentArray, currentIndex, currentOpts ) {\n\t\t\t\t\t\t\t\t\treturn '<div id=\"fancybox-title-inside\">' + ( title.length ? '<span id=\"bws_gallery_image_title\">' + title + '<\/span><br \/>' : '' ) + '<span id=\"bws_gallery_image_counter\">Image ' + ( currentIndex + 1 ) + ' \/ ' + currentArray.length + '<\/span><\/div>';\n\t\t\t\t\t\t\t\t}\t\t\t\t\t\t\t});\n\t\t\t\t\t\t});\n\t\t\t\t\t})(jQuery);\n\t\t\t\t<\/script>\n\t\t\t\n\n\n\n<hr class=\"wp-block-separator\"\/>\n\n\n\n<p>Czas &#8211; zegary . Dnia 12.03.21 klasa 6a uczestniczy\u0142a w zaj\u0119ciach warsztatowych dotycz\u0105cych projektu Matematyczny wehiku\u0142 czasu Fundacji mBank. <\/p>\n\n\n\n\t\t\t\t\t<div class=\"gallery_box_single\">\n\t\t\t\t\t\t<p class=\"not_found\">Sorry, nothing found.<\/p>\n\t\t\t\t\t<\/div><!-- .gallery_box_single -->\n\t\t\t\t\t\t\t\t<script type=\"text\/javascript\">\n\t\t\t\t\t(function($) {\n\t\t\t\t\t\t$(document).ready( function() {\n\t\t\t\t\t\t\t$( \"a[rel=gallery_fancybox_]\" ).fancybox( {\n\t\t\t\t\t\t\t\t'transitionIn'\t\t:\t'elastic',\n\t\t\t\t\t\t\t\t'transitionOut'\t\t:\t'elastic',\n\t\t\t\t\t\t\t\t'titlePosition' \t:\t'inside',\n\t\t\t\t\t\t\t\t'speedIn'\t\t\t:\t500, \n\t\t\t\t\t\t\t\t'speedOut'\t\t\t:\t300,\n\t\t\t\t\t\t\t\t'titleFormat'\t\t:\tfunction( title, currentArray, currentIndex, currentOpts ) {\n\t\t\t\t\t\t\t\t\treturn '<div id=\"fancybox-title-inside\">' + ( title.length ? '<span id=\"bws_gallery_image_title\">' + title + '<\/span><br \/>' : '' ) + '<span id=\"bws_gallery_image_counter\">Image ' + ( currentIndex + 1 ) + ' \/ ' + currentArray.length + '<\/span><\/div>';\n\t\t\t\t\t\t\t\t}\t\t\t\t\t\t\t});\n\t\t\t\t\t\t});\n\t\t\t\t\t})(jQuery);\n\t\t\t\t<\/script>\n\t\t\t\n","protected":false},"excerpt":{"rendered":"<p>Nasza szko\u0142a wygra\u0142a konkurs na dotacj\u0119 Fundacji mBank projektu matematycznego Matematyczny wehiku\u0142 czasu. Cieszymy si\u0119, \u017ce dzi\u0119ki temu, mo\u017cemy zaoferowa\u0107 naszym uczniom dodatkowe zaj\u0119cia rozwijaj\u0105ce umiej\u0119tno\u015bci matematyczne i podnosz\u0105ce ich kompetencje. Realizacja projektu rusza 12 marca.Celem projektu jest &nbsp;popularyzacja w\u015br\u00f3d uczni\u00f3w szko\u0142y praktycznego zastosowania matematyki w \u017cyciu codziennym. Dzia\u0142ania projektowe realizowane innowacyjnymi metodami &nbsp;podnosi\u0107 b\u0119d\u0105 <a href=\"https:\/\/sp1slupsk.pl\/?page_id=72009\"><b>&#8230;wi\u0119cej<\/b><\/a><\/p>\n","protected":false},"author":1,"featured_media":0,"parent":0,"menu_order":0,"comment_status":"closed","ping_status":"closed","template":"","meta":[],"_links":{"self":[{"href":"https:\/\/sp1slupsk.pl\/index.php?rest_route=\/wp\/v2\/pages\/72009"}],"collection":[{"href":"https:\/\/sp1slupsk.pl\/index.php?rest_route=\/wp\/v2\/pages"}],"about":[{"href":"https:\/\/sp1slupsk.pl\/index.php?rest_route=\/wp\/v2\/types\/page"}],"author":[{"embeddable":true,"href":"https:\/\/sp1slupsk.pl\/index.php?rest_route=\/wp\/v2\/users\/1"}],"replies":[{"embeddable":true,"href":"https:\/\/sp1slupsk.pl\/index.php?rest_route=%2Fwp%2Fv2%2Fcomments&post=72009"}],"version-history":[{"count":58,"href":"https:\/\/sp1slupsk.pl\/index.php?rest_route=\/wp\/v2\/pages\/72009\/revisions"}],"predecessor-version":[{"id":76697,"href":"https:\/\/sp1slupsk.pl\/index.php?rest_route=\/wp\/v2\/pages\/72009\/revisions\/76697"}],"wp:attachment":[{"href":"https:\/\/sp1slupsk.pl\/index.php?rest_route=%2Fwp%2Fv2%2Fmedia&parent=72009"}],"curies":[{"name":"wp","href":"https:\/\/api.w.org\/{rel}","templated":true}]}}