{"id":77141,"date":"2022-04-08T13:15:06","date_gmt":"2022-04-08T11:15:06","guid":{"rendered":"http:\/\/sp1slupsk.pl\/?page_id=77141"},"modified":"2022-04-21T20:55:36","modified_gmt":"2022-04-21T18:55:36","slug":"ponadnarodowa-mobilnosc-uczniow-dzien-1","status":"publish","type":"page","link":"https:\/\/sp1slupsk.pl\/?page_id=77141","title":{"rendered":"Ponadnarodowa mobilno\u015b\u0107 uczni\u00f3w \u2013 dzie\u0144 1"},"content":{"rendered":"\n<p id=\"block-4103ee59-31d7-450c-b7d8-97f30df9f343\">Uczestnicy projektu &#8222;Palenie jest passe&#8221; realizowanego w ramach projektu &#8222;Ponadnarodowa mobilno\u015b\u0107 uczni\u00f3w&#8221; wyruszyli w niedziel\u0119 3 kwietnia w drog\u0119 do Rumunii. Nasza podr\u00f3\u017c trwa\u0142a 14 godzin. Niekt\u00f3rzy z nas pierwszy raz lecieli samolotem, i to z mi\u0119dzyl\u0105dowaniem w Warszawie. Widoki chmur w s\u0142o\u0144cu zrobi\u0142y na nas olbrzymie wra\u017cenie. Podr\u00f3\u017c by\u0142a d\u0142uga, ale przebiega\u0142a w weso\u0142ej, przyjaznej atmosferze.&nbsp; W Sacele przywitali nas gospodarze wilii, w kt\u00f3rej zamieszkali\u015bmy. Jest tu pi\u0119knie i wygodnie. Mamy nawet fotel z masa\u017cem i maszyn\u0119 do gier.&nbsp; Dzie\u0144 zako\u0144czyli\u015bmy wsp\u00f3ln\u0105 kolacj\u0105 w naszej rumu\u0144skiej siedzibie po\u015brodku pi\u0119knych Karpat.<\/p>\n\n\n\n<p id=\"block-0a6a8a34-d3e5-4550-9c7e-2799c967d357\">\t\t\t\t\t\t<div class=\"gallery_box_single\">\n\t\t\t\t\t\t\t\t\t\t\t\t\t\t\t<div class=\"gallery clearfix\">\n\t\t\t\t\t\t\t\t\t\t\t\t\t\t\t\t\t\t\t\t<div class=\"gllr_image_row\">\n\t\t\t\t\t\t\t\t\t\t\t\t\t\t\t\t\t\t\t\t\t<div class=\"gllr_image_block\">\n\t\t\t\t\t\t\t\t\t\t\t\t<p style=\"width:180px;height:140px;\">\n\t\t\t\t\t\t\t\t\t\t\t\t\t\t\t\t\t\t\t\t\t\t\t\t\t\t\t<a rel=\"gallery_fancybox_76968\" href=\"https:\/\/sp1slupsk.pl\/wp-content\/uploads\/2022\/04\/IMG-20220404-WA0024-1024x803.jpg\" title=\"Uczestnicy projektu &quot;Palenie jest passe&quot; realizowanego w ramach projektu &quot;Ponadnarodowa mobilno\u015b\u0107 uczni\u00f3w&quot; wyruszyli w niedziel\u0119 3 kwietnia w drog\u0119 do Rumunii.\">\n\t\t\t\t\t\t\t\t\t\t\t\t\t\t\t<img style=\"width:160px;height:120px; border-width: 10px; border-color:#F1F1F1;border: 10px solid #F1F1F1\" alt=\"\" title=\"Uczestnicy projektu &quot;Palenie jest passe&quot; realizowanego w ramach projektu &quot;Ponadnarodowa mobilno\u015b\u0107 uczni\u00f3w&quot; wyruszyli w niedziel\u0119 3 kwietnia w drog\u0119 do Rumunii.\" src=\"https:\/\/sp1slupsk.pl\/wp-content\/uploads\/2022\/04\/IMG-20220404-WA0024-160x120.jpg\" rel=\"https:\/\/sp1slupsk.pl\/wp-content\/uploads\/2022\/04\/IMG-20220404-WA0024.jpg\" \/>\n\t\t\t\t\t\t\t\t\t\t\t\t\t\t<\/a>\n\t\t\t\t\t\t\t\t\t\t\t\t\t\t\t\t\t\t\t\t\t\t\t\t\t<\/p>\n\t\t\t\t\t\t\t\t\t\t\t\t\t\t\t\t\t\t\t\t\t\t\t<\/div><!-- .gllr_image_block -->\n\t\t\t\t\t\t\t\t\t\t\t\t\t\t\t\t\t\t\t\t\t<div class=\"gllr_image_block\">\n\t\t\t\t\t\t\t\t\t\t\t\t<p style=\"width:180px;height:140px;\">\n\t\t\t\t\t\t\t\t\t\t\t\t\t\t\t\t\t\t\t\t\t\t\t\t\t\t\t<a rel=\"gallery_fancybox_76968\" href=\"https:\/\/sp1slupsk.pl\/wp-content\/uploads\/2022\/04\/IMG-20220404-WA0025-1024x768.jpg\" title=\"Uczestnicy projektu &quot;Palenie jest passe&quot; realizowanego w ramach projektu &quot;Ponadnarodowa mobilno\u015b\u0107 uczni\u00f3w&quot; wyruszyli w niedziel\u0119 3 kwietnia w drog\u0119 do Rumunii.\">\n\t\t\t\t\t\t\t\t\t\t\t\t\t\t\t<img style=\"width:160px;height:120px; border-width: 10px; border-color:#F1F1F1;border: 10px solid #F1F1F1\" alt=\"\" title=\"Uczestnicy projektu &quot;Palenie jest passe&quot; realizowanego w ramach projektu &quot;Ponadnarodowa mobilno\u015b\u0107 uczni\u00f3w&quot; wyruszyli w niedziel\u0119 3 kwietnia w drog\u0119 do Rumunii.\" src=\"https:\/\/sp1slupsk.pl\/wp-content\/uploads\/2022\/04\/IMG-20220404-WA0025-160x120.jpg\" rel=\"https:\/\/sp1slupsk.pl\/wp-content\/uploads\/2022\/04\/IMG-20220404-WA0025.jpg\" \/>\n\t\t\t\t\t\t\t\t\t\t\t\t\t\t<\/a>\n\t\t\t\t\t\t\t\t\t\t\t\t\t\t\t\t\t\t\t\t\t\t\t\t\t<\/p>\n\t\t\t\t\t\t\t\t\t\t\t\t\t\t\t\t\t\t\t\t\t\t\t<\/div><!-- .gllr_image_block -->\n\t\t\t\t\t\t\t\t\t\t\t\t\t\t\t\t\t\t\t\t\t<div class=\"gllr_image_block\">\n\t\t\t\t\t\t\t\t\t\t\t\t<p style=\"width:180px;height:140px;\">\n\t\t\t\t\t\t\t\t\t\t\t\t\t\t\t\t\t\t\t\t\t\t\t\t\t\t\t<a rel=\"gallery_fancybox_76968\" href=\"https:\/\/sp1slupsk.pl\/wp-content\/uploads\/2022\/04\/IMG-20220404-WA0021-1024x578.jpg\" title=\"Uczestnicy projektu &quot;Palenie jest passe&quot; realizowanego w ramach projektu &quot;Ponadnarodowa mobilno\u015b\u0107 uczni\u00f3w&quot; wyruszyli w niedziel\u0119 3 kwietnia w drog\u0119 do Rumunii.\">\n\t\t\t\t\t\t\t\t\t\t\t\t\t\t\t<img style=\"width:160px;height:120px; border-width: 10px; border-color:#F1F1F1;border: 10px solid #F1F1F1\" alt=\"\" title=\"Uczestnicy projektu &quot;Palenie jest passe&quot; realizowanego w ramach projektu &quot;Ponadnarodowa mobilno\u015b\u0107 uczni\u00f3w&quot; wyruszyli w niedziel\u0119 3 kwietnia w drog\u0119 do Rumunii.\" src=\"https:\/\/sp1slupsk.pl\/wp-content\/uploads\/2022\/04\/IMG-20220404-WA0021-160x120.jpg\" rel=\"https:\/\/sp1slupsk.pl\/wp-content\/uploads\/2022\/04\/IMG-20220404-WA0021.jpg\" \/>\n\t\t\t\t\t\t\t\t\t\t\t\t\t\t<\/a>\n\t\t\t\t\t\t\t\t\t\t\t\t\t\t\t\t\t\t\t\t\t\t\t\t\t<\/p>\n\t\t\t\t\t\t\t\t\t\t\t\t\t\t\t\t\t\t\t\t\t\t\t<\/div><!-- .gllr_image_block -->\n\t\t\t\t\t\t\t\t\t\t\t\t\t\t\t\t\t\t\t\t\t<\/div><!-- .gllr_image_row -->\n\t\t\t\t\t\t\t\t\t\t\t\t\t\t\t\t\t\t\t\t\t<div class=\"gllr_image_row\">\n\t\t\t\t\t\t\t\t\t\t\t\t\t\t\t\t\t\t\t\t\t<div class=\"gllr_image_block\">\n\t\t\t\t\t\t\t\t\t\t\t\t<p style=\"width:180px;height:140px;\">\n\t\t\t\t\t\t\t\t\t\t\t\t\t\t\t\t\t\t\t\t\t\t\t\t\t\t\t<a rel=\"gallery_fancybox_76968\" href=\"https:\/\/sp1slupsk.pl\/wp-content\/uploads\/2022\/04\/IMG-20220404-WA0023-1024x578.jpg\" title=\"Uczestnicy projektu &quot;Palenie jest passe&quot; realizowanego w ramach projektu &quot;Ponadnarodowa mobilno\u015b\u0107 uczni\u00f3w&quot; wyruszyli w niedziel\u0119 3 kwietnia w drog\u0119 do Rumunii.\">\n\t\t\t\t\t\t\t\t\t\t\t\t\t\t\t<img style=\"width:160px;height:120px; border-width: 10px; border-color:#F1F1F1;border: 10px solid #F1F1F1\" alt=\"\" title=\"Uczestnicy projektu &quot;Palenie jest passe&quot; realizowanego w ramach projektu &quot;Ponadnarodowa mobilno\u015b\u0107 uczni\u00f3w&quot; wyruszyli w niedziel\u0119 3 kwietnia w drog\u0119 do Rumunii.\" src=\"https:\/\/sp1slupsk.pl\/wp-content\/uploads\/2022\/04\/IMG-20220404-WA0023-160x120.jpg\" rel=\"https:\/\/sp1slupsk.pl\/wp-content\/uploads\/2022\/04\/IMG-20220404-WA0023.jpg\" \/>\n\t\t\t\t\t\t\t\t\t\t\t\t\t\t<\/a>\n\t\t\t\t\t\t\t\t\t\t\t\t\t\t\t\t\t\t\t\t\t\t\t\t\t<\/p>\n\t\t\t\t\t\t\t\t\t\t\t\t\t\t\t\t\t\t\t\t\t\t\t<\/div><!-- .gllr_image_block -->\n\t\t\t\t\t\t\t\t\t\t\t\t\t\t\t\t\t\t\t\t\t<div class=\"gllr_image_block\">\n\t\t\t\t\t\t\t\t\t\t\t\t<p style=\"width:180px;height:140px;\">\n\t\t\t\t\t\t\t\t\t\t\t\t\t\t\t\t\t\t\t\t\t\t\t\t\t\t\t<a rel=\"gallery_fancybox_76968\" href=\"https:\/\/sp1slupsk.pl\/wp-content\/uploads\/2022\/04\/IMG-20220404-WA0022-578x1024.jpg\" title=\"Uczestnicy projektu &quot;Palenie jest passe&quot; realizowanego w ramach projektu &quot;Ponadnarodowa mobilno\u015b\u0107 uczni\u00f3w&quot; wyruszyli w niedziel\u0119 3 kwietnia w drog\u0119 do Rumunii.\">\n\t\t\t\t\t\t\t\t\t\t\t\t\t\t\t<img style=\"width:160px;height:120px; border-width: 10px; border-color:#F1F1F1;border: 10px solid #F1F1F1\" alt=\"\" title=\"Uczestnicy projektu &quot;Palenie jest passe&quot; realizowanego w ramach projektu &quot;Ponadnarodowa mobilno\u015b\u0107 uczni\u00f3w&quot; wyruszyli w niedziel\u0119 3 kwietnia w drog\u0119 do Rumunii.\" src=\"https:\/\/sp1slupsk.pl\/wp-content\/uploads\/2022\/04\/IMG-20220404-WA0022-160x120.jpg\" rel=\"https:\/\/sp1slupsk.pl\/wp-content\/uploads\/2022\/04\/IMG-20220404-WA0022.jpg\" \/>\n\t\t\t\t\t\t\t\t\t\t\t\t\t\t<\/a>\n\t\t\t\t\t\t\t\t\t\t\t\t\t\t\t\t\t\t\t\t\t\t\t\t\t<\/p>\n\t\t\t\t\t\t\t\t\t\t\t\t\t\t\t\t\t\t\t\t\t\t\t<\/div><!-- .gllr_image_block -->\n\t\t\t\t\t\t\t\t\t\t\t\t\t\t\t\t\t\t\t\t\t<div class=\"gllr_image_block\">\n\t\t\t\t\t\t\t\t\t\t\t\t<p style=\"width:180px;height:140px;\">\n\t\t\t\t\t\t\t\t\t\t\t\t\t\t\t\t\t\t\t\t\t\t\t\t\t\t\t<a rel=\"gallery_fancybox_76968\" href=\"https:\/\/sp1slupsk.pl\/wp-content\/uploads\/2022\/04\/277853007_699253607883174_6820359196960210553_n-1024x768.jpg\" title=\"Uczestnicy projektu &quot;Palenie jest passe&quot; realizowanego w ramach projektu &quot;Ponadnarodowa mobilno\u015b\u0107 uczni\u00f3w&quot; wyruszyli w niedziel\u0119 3 kwietnia w drog\u0119 do Rumunii.\">\n\t\t\t\t\t\t\t\t\t\t\t\t\t\t\t<img style=\"width:160px;height:120px; border-width: 10px; border-color:#F1F1F1;border: 10px solid #F1F1F1\" alt=\"\" title=\"Uczestnicy projektu &quot;Palenie jest passe&quot; realizowanego w ramach projektu &quot;Ponadnarodowa mobilno\u015b\u0107 uczni\u00f3w&quot; wyruszyli w niedziel\u0119 3 kwietnia w drog\u0119 do Rumunii.\" src=\"https:\/\/sp1slupsk.pl\/wp-content\/uploads\/2022\/04\/277853007_699253607883174_6820359196960210553_n-160x120.jpg\" rel=\"https:\/\/sp1slupsk.pl\/wp-content\/uploads\/2022\/04\/277853007_699253607883174_6820359196960210553_n.jpg\" \/>\n\t\t\t\t\t\t\t\t\t\t\t\t\t\t<\/a>\n\t\t\t\t\t\t\t\t\t\t\t\t\t\t\t\t\t\t\t\t\t\t\t\t\t<\/p>\n\t\t\t\t\t\t\t\t\t\t\t\t\t\t\t\t\t\t\t\t\t\t\t<\/div><!-- .gllr_image_block -->\n\t\t\t\t\t\t\t\t\t\t\t\t\t\t\t\t\t\t\t\t\t<\/div><!-- .gllr_image_row -->\n\t\t\t\t\t\t\t\t\t\t\t\t\t\t\t\t\t\t\t\t\t<div class=\"gllr_image_row\">\n\t\t\t\t\t\t\t\t\t\t\t\t\t\t\t\t\t\t\t\t\t<div class=\"gllr_image_block\">\n\t\t\t\t\t\t\t\t\t\t\t\t<p style=\"width:180px;height:140px;\">\n\t\t\t\t\t\t\t\t\t\t\t\t\t\t\t\t\t\t\t\t\t\t\t\t\t\t\t<a rel=\"gallery_fancybox_76968\" href=\"https:\/\/sp1slupsk.pl\/wp-content\/uploads\/2022\/04\/IMG-20220404-WA0020-1024x578.jpg\" title=\"Uczestnicy projektu &quot;Palenie jest passe&quot; realizowanego w ramach projektu &quot;Ponadnarodowa mobilno\u015b\u0107 uczni\u00f3w&quot; wyruszyli w niedziel\u0119 3 kwietnia w drog\u0119 do Rumunii.\">\n\t\t\t\t\t\t\t\t\t\t\t\t\t\t\t<img style=\"width:160px;height:120px; border-width: 10px; border-color:#F1F1F1;border: 10px solid #F1F1F1\" alt=\"\" title=\"Uczestnicy projektu &quot;Palenie jest passe&quot; realizowanego w ramach projektu &quot;Ponadnarodowa mobilno\u015b\u0107 uczni\u00f3w&quot; wyruszyli w niedziel\u0119 3 kwietnia w drog\u0119 do Rumunii.\" src=\"https:\/\/sp1slupsk.pl\/wp-content\/uploads\/2022\/04\/IMG-20220404-WA0020-160x120.jpg\" rel=\"https:\/\/sp1slupsk.pl\/wp-content\/uploads\/2022\/04\/IMG-20220404-WA0020.jpg\" \/>\n\t\t\t\t\t\t\t\t\t\t\t\t\t\t<\/a>\n\t\t\t\t\t\t\t\t\t\t\t\t\t\t\t\t\t\t\t\t\t\t\t\t\t<\/p>\n\t\t\t\t\t\t\t\t\t\t\t\t\t\t\t\t\t\t\t\t\t\t\t<\/div><!-- .gllr_image_block -->\n\t\t\t\t\t\t\t\t\t\t\t\t\t\t\t\t\t\t\t\t\t<div class=\"gllr_image_block\">\n\t\t\t\t\t\t\t\t\t\t\t\t<p style=\"width:180px;height:140px;\">\n\t\t\t\t\t\t\t\t\t\t\t\t\t\t\t\t\t\t\t\t\t\t\t\t\t\t\t<a rel=\"gallery_fancybox_76968\" href=\"https:\/\/sp1slupsk.pl\/wp-content\/uploads\/2022\/04\/IMG-20220404-WA0030-766x1024.jpg\" title=\"Uczestnicy projektu &quot;Palenie jest passe&quot; realizowanego w ramach projektu &quot;Ponadnarodowa mobilno\u015b\u0107 uczni\u00f3w&quot; wyruszyli w niedziel\u0119 3 kwietnia w drog\u0119 do Rumunii.\">\n\t\t\t\t\t\t\t\t\t\t\t\t\t\t\t<img style=\"width:160px;height:120px; border-width: 10px; border-color:#F1F1F1;border: 10px solid #F1F1F1\" alt=\"\" title=\"Uczestnicy projektu &quot;Palenie jest passe&quot; realizowanego w ramach projektu &quot;Ponadnarodowa mobilno\u015b\u0107 uczni\u00f3w&quot; wyruszyli w niedziel\u0119 3 kwietnia w drog\u0119 do Rumunii.\" src=\"https:\/\/sp1slupsk.pl\/wp-content\/uploads\/2022\/04\/IMG-20220404-WA0030-160x120.jpg\" rel=\"https:\/\/sp1slupsk.pl\/wp-content\/uploads\/2022\/04\/IMG-20220404-WA0030.jpg\" \/>\n\t\t\t\t\t\t\t\t\t\t\t\t\t\t<\/a>\n\t\t\t\t\t\t\t\t\t\t\t\t\t\t\t\t\t\t\t\t\t\t\t\t\t<\/p>\n\t\t\t\t\t\t\t\t\t\t\t\t\t\t\t\t\t\t\t\t\t\t\t<\/div><!-- .gllr_image_block -->\n\t\t\t\t\t\t\t\t\t\t\t\t\t\t\t\t\t\t\t\t\t<div class=\"gllr_image_block\">\n\t\t\t\t\t\t\t\t\t\t\t\t<p style=\"width:180px;height:140px;\">\n\t\t\t\t\t\t\t\t\t\t\t\t\t\t\t\t\t\t\t\t\t\t\t\t\t\t\t<a rel=\"gallery_fancybox_76968\" href=\"https:\/\/sp1slupsk.pl\/wp-content\/uploads\/2022\/04\/IMG-20220404-WA0029-1024x768.jpg\" title=\"Uczestnicy projektu &quot;Palenie jest passe&quot; realizowanego w ramach projektu &quot;Ponadnarodowa mobilno\u015b\u0107 uczni\u00f3w&quot; wyruszyli w niedziel\u0119 3 kwietnia w drog\u0119 do Rumunii.\">\n\t\t\t\t\t\t\t\t\t\t\t\t\t\t\t<img style=\"width:160px;height:120px; border-width: 10px; border-color:#F1F1F1;border: 10px solid #F1F1F1\" alt=\"\" title=\"Uczestnicy projektu &quot;Palenie jest passe&quot; realizowanego w ramach projektu &quot;Ponadnarodowa mobilno\u015b\u0107 uczni\u00f3w&quot; wyruszyli w niedziel\u0119 3 kwietnia w drog\u0119 do Rumunii.\" src=\"https:\/\/sp1slupsk.pl\/wp-content\/uploads\/2022\/04\/IMG-20220404-WA0029-160x120.jpg\" rel=\"https:\/\/sp1slupsk.pl\/wp-content\/uploads\/2022\/04\/IMG-20220404-WA0029.jpg\" \/>\n\t\t\t\t\t\t\t\t\t\t\t\t\t\t<\/a>\n\t\t\t\t\t\t\t\t\t\t\t\t\t\t\t\t\t\t\t\t\t\t\t\t\t<\/p>\n\t\t\t\t\t\t\t\t\t\t\t\t\t\t\t\t\t\t\t\t\t\t\t<\/div><!-- .gllr_image_block -->\n\t\t\t\t\t\t\t\t\t\t\t\t\t\t\t\t\t\t\t\t\t<\/div><!-- .gllr_image_row -->\n\t\t\t\t\t\t\t\t\t\t\t\t\t\t\t\t\t\t\t\t\t<div class=\"gllr_image_row\">\n\t\t\t\t\t\t\t\t\t\t\t\t\t\t\t\t\t\t\t\t\t<div class=\"gllr_image_block\">\n\t\t\t\t\t\t\t\t\t\t\t\t<p style=\"width:180px;height:140px;\">\n\t\t\t\t\t\t\t\t\t\t\t\t\t\t\t\t\t\t\t\t\t\t\t\t\t\t\t<a rel=\"gallery_fancybox_76968\" href=\"https:\/\/sp1slupsk.pl\/wp-content\/uploads\/2022\/04\/IMG-20220404-WA0032-768x1024.jpg\" title=\"Uczestnicy projektu &quot;Palenie jest passe&quot; realizowanego w ramach projektu &quot;Ponadnarodowa mobilno\u015b\u0107 uczni\u00f3w&quot; wyruszyli w niedziel\u0119 3 kwietnia w drog\u0119 do Rumunii.\">\n\t\t\t\t\t\t\t\t\t\t\t\t\t\t\t<img style=\"width:160px;height:120px; border-width: 10px; border-color:#F1F1F1;border: 10px solid #F1F1F1\" alt=\"\" title=\"Uczestnicy projektu &quot;Palenie jest passe&quot; realizowanego w ramach projektu &quot;Ponadnarodowa mobilno\u015b\u0107 uczni\u00f3w&quot; wyruszyli w niedziel\u0119 3 kwietnia w drog\u0119 do Rumunii.\" src=\"https:\/\/sp1slupsk.pl\/wp-content\/uploads\/2022\/04\/IMG-20220404-WA0032-160x120.jpg\" rel=\"https:\/\/sp1slupsk.pl\/wp-content\/uploads\/2022\/04\/IMG-20220404-WA0032.jpg\" \/>\n\t\t\t\t\t\t\t\t\t\t\t\t\t\t<\/a>\n\t\t\t\t\t\t\t\t\t\t\t\t\t\t\t\t\t\t\t\t\t\t\t\t\t<\/p>\n\t\t\t\t\t\t\t\t\t\t\t\t\t\t\t\t\t\t\t\t\t\t\t<\/div><!-- .gllr_image_block -->\n\t\t\t\t\t\t\t\t\t\t\t\t\t\t\t\t\t\t\t\t\t<div class=\"gllr_image_block\">\n\t\t\t\t\t\t\t\t\t\t\t\t<p style=\"width:180px;height:140px;\">\n\t\t\t\t\t\t\t\t\t\t\t\t\t\t\t\t\t\t\t\t\t\t\t\t\t\t\t<a rel=\"gallery_fancybox_76968\" href=\"https:\/\/sp1slupsk.pl\/wp-content\/uploads\/2022\/04\/IMG-20220404-WA0027-1024x768.jpg\" title=\"Uczestnicy projektu &quot;Palenie jest passe&quot; realizowanego w ramach projektu &quot;Ponadnarodowa mobilno\u015b\u0107 uczni\u00f3w&quot; wyruszyli w niedziel\u0119 3 kwietnia w drog\u0119 do Rumunii.\">\n\t\t\t\t\t\t\t\t\t\t\t\t\t\t\t<img style=\"width:160px;height:120px; border-width: 10px; border-color:#F1F1F1;border: 10px solid #F1F1F1\" alt=\"\" title=\"Uczestnicy projektu &quot;Palenie jest passe&quot; realizowanego w ramach projektu &quot;Ponadnarodowa mobilno\u015b\u0107 uczni\u00f3w&quot; wyruszyli w niedziel\u0119 3 kwietnia w drog\u0119 do Rumunii.\" src=\"https:\/\/sp1slupsk.pl\/wp-content\/uploads\/2022\/04\/IMG-20220404-WA0027-160x120.jpg\" rel=\"https:\/\/sp1slupsk.pl\/wp-content\/uploads\/2022\/04\/IMG-20220404-WA0027.jpg\" \/>\n\t\t\t\t\t\t\t\t\t\t\t\t\t\t<\/a>\n\t\t\t\t\t\t\t\t\t\t\t\t\t\t\t\t\t\t\t\t\t\t\t\t\t<\/p>\n\t\t\t\t\t\t\t\t\t\t\t\t\t\t\t\t\t\t\t\t\t\t\t<\/div><!-- .gllr_image_block -->\n\t\t\t\t\t\t\t\t\t\t\t\t\t\t\t\t\t\t\t\t\t<div class=\"gllr_image_block\">\n\t\t\t\t\t\t\t\t\t\t\t\t<p style=\"width:180px;height:140px;\">\n\t\t\t\t\t\t\t\t\t\t\t\t\t\t\t\t\t\t\t\t\t\t\t\t\t\t\t<a rel=\"gallery_fancybox_76968\" href=\"https:\/\/sp1slupsk.pl\/wp-content\/uploads\/2022\/04\/IMG-20220404-WA0028-768x1024.jpg\" title=\"Uczestnicy projektu &quot;Palenie jest passe&quot; realizowanego w ramach projektu &quot;Ponadnarodowa mobilno\u015b\u0107 uczni\u00f3w&quot; wyruszyli w niedziel\u0119 3 kwietnia w drog\u0119 do Rumunii.\">\n\t\t\t\t\t\t\t\t\t\t\t\t\t\t\t<img style=\"width:160px;height:120px; border-width: 10px; border-color:#F1F1F1;border: 10px solid #F1F1F1\" alt=\"\" title=\"Uczestnicy projektu &quot;Palenie jest passe&quot; realizowanego w ramach projektu &quot;Ponadnarodowa mobilno\u015b\u0107 uczni\u00f3w&quot; wyruszyli w niedziel\u0119 3 kwietnia w drog\u0119 do Rumunii.\" src=\"https:\/\/sp1slupsk.pl\/wp-content\/uploads\/2022\/04\/IMG-20220404-WA0028-160x120.jpg\" rel=\"https:\/\/sp1slupsk.pl\/wp-content\/uploads\/2022\/04\/IMG-20220404-WA0028.jpg\" \/>\n\t\t\t\t\t\t\t\t\t\t\t\t\t\t<\/a>\n\t\t\t\t\t\t\t\t\t\t\t\t\t\t\t\t\t\t\t\t\t\t\t\t\t<\/p>\n\t\t\t\t\t\t\t\t\t\t\t\t\t\t\t\t\t\t\t\t\t\t\t<\/div><!-- .gllr_image_block -->\n\t\t\t\t\t\t\t\t\t\t\t\t\t\t\t\t\t\t\t\t\t<\/div><!-- .gllr_image_row -->\n\t\t\t\t\t\t\t\t\t\t\t\t\t\t\t\t\t\t\t\t\t<div class=\"gllr_image_row\">\n\t\t\t\t\t\t\t\t\t\t\t\t\t\t\t\t\t\t\t\t\t<div class=\"gllr_image_block\">\n\t\t\t\t\t\t\t\t\t\t\t\t<p style=\"width:180px;height:140px;\">\n\t\t\t\t\t\t\t\t\t\t\t\t\t\t\t\t\t\t\t\t\t\t\t\t\t\t\t<a rel=\"gallery_fancybox_76968\" href=\"https:\/\/sp1slupsk.pl\/wp-content\/uploads\/2022\/04\/IMG-20220404-WA0031-1024x768.jpg\" title=\"Uczestnicy projektu &quot;Palenie jest passe&quot; realizowanego w ramach projektu &quot;Ponadnarodowa mobilno\u015b\u0107 uczni\u00f3w&quot; wyruszyli w niedziel\u0119 3 kwietnia w drog\u0119 do Rumunii.\">\n\t\t\t\t\t\t\t\t\t\t\t\t\t\t\t<img style=\"width:160px;height:120px; border-width: 10px; border-color:#F1F1F1;border: 10px solid #F1F1F1\" alt=\"\" title=\"Uczestnicy projektu &quot;Palenie jest passe&quot; realizowanego w ramach projektu &quot;Ponadnarodowa mobilno\u015b\u0107 uczni\u00f3w&quot; wyruszyli w niedziel\u0119 3 kwietnia w drog\u0119 do Rumunii.\" src=\"https:\/\/sp1slupsk.pl\/wp-content\/uploads\/2022\/04\/IMG-20220404-WA0031-160x120.jpg\" rel=\"https:\/\/sp1slupsk.pl\/wp-content\/uploads\/2022\/04\/IMG-20220404-WA0031.jpg\" \/>\n\t\t\t\t\t\t\t\t\t\t\t\t\t\t<\/a>\n\t\t\t\t\t\t\t\t\t\t\t\t\t\t\t\t\t\t\t\t\t\t\t\t\t<\/p>\n\t\t\t\t\t\t\t\t\t\t\t\t\t\t\t\t\t\t\t\t\t\t\t<\/div><!-- .gllr_image_block -->\n\t\t\t\t\t\t\t\t\t\t\t\t\t\t\t\t\t\t\t\t\t<div class=\"gllr_image_block\">\n\t\t\t\t\t\t\t\t\t\t\t\t<p style=\"width:180px;height:140px;\">\n\t\t\t\t\t\t\t\t\t\t\t\t\t\t\t\t\t\t\t\t\t\t\t\t\t\t\t<a rel=\"gallery_fancybox_76968\" href=\"https:\/\/sp1slupsk.pl\/wp-content\/uploads\/2022\/04\/IMG-20220404-WA0033-1024x768.jpg\" title=\"Uczestnicy projektu &quot;Palenie jest passe&quot; realizowanego w ramach projektu &quot;Ponadnarodowa mobilno\u015b\u0107 uczni\u00f3w&quot; wyruszyli w niedziel\u0119 3 kwietnia w drog\u0119 do Rumunii.\">\n\t\t\t\t\t\t\t\t\t\t\t\t\t\t\t<img style=\"width:160px;height:120px; border-width: 10px; border-color:#F1F1F1;border: 10px solid #F1F1F1\" alt=\"\" title=\"Uczestnicy projektu &quot;Palenie jest passe&quot; realizowanego w ramach projektu &quot;Ponadnarodowa mobilno\u015b\u0107 uczni\u00f3w&quot; wyruszyli w niedziel\u0119 3 kwietnia w drog\u0119 do Rumunii.\" src=\"https:\/\/sp1slupsk.pl\/wp-content\/uploads\/2022\/04\/IMG-20220404-WA0033-160x120.jpg\" rel=\"https:\/\/sp1slupsk.pl\/wp-content\/uploads\/2022\/04\/IMG-20220404-WA0033.jpg\" \/>\n\t\t\t\t\t\t\t\t\t\t\t\t\t\t<\/a>\n\t\t\t\t\t\t\t\t\t\t\t\t\t\t\t\t\t\t\t\t\t\t\t\t\t<\/p>\n\t\t\t\t\t\t\t\t\t\t\t\t\t\t\t\t\t\t\t\t\t\t\t<\/div><!-- .gllr_image_block -->\n\t\t\t\t\t\t\t\t\t\t\t\t\t\t\t\t\t\t\t\t\t<div class=\"gllr_image_block\">\n\t\t\t\t\t\t\t\t\t\t\t\t<p style=\"width:180px;height:140px;\">\n\t\t\t\t\t\t\t\t\t\t\t\t\t\t\t\t\t\t\t\t\t\t\t\t\t\t\t<a rel=\"gallery_fancybox_76968\" href=\"https:\/\/sp1slupsk.pl\/wp-content\/uploads\/2022\/04\/IMG-20220404-WA0034-768x1024.jpg\" title=\"Uczestnicy projektu &quot;Palenie jest passe&quot; realizowanego w ramach projektu &quot;Ponadnarodowa mobilno\u015b\u0107 uczni\u00f3w&quot; wyruszyli w niedziel\u0119 3 kwietnia w drog\u0119 do Rumunii.\">\n\t\t\t\t\t\t\t\t\t\t\t\t\t\t\t<img style=\"width:160px;height:120px; border-width: 10px; border-color:#F1F1F1;border: 10px solid #F1F1F1\" alt=\"\" title=\"Uczestnicy projektu &quot;Palenie jest passe&quot; realizowanego w ramach projektu &quot;Ponadnarodowa mobilno\u015b\u0107 uczni\u00f3w&quot; wyruszyli w niedziel\u0119 3 kwietnia w drog\u0119 do Rumunii.\" src=\"https:\/\/sp1slupsk.pl\/wp-content\/uploads\/2022\/04\/IMG-20220404-WA0034-160x120.jpg\" rel=\"https:\/\/sp1slupsk.pl\/wp-content\/uploads\/2022\/04\/IMG-20220404-WA0034.jpg\" \/>\n\t\t\t\t\t\t\t\t\t\t\t\t\t\t<\/a>\n\t\t\t\t\t\t\t\t\t\t\t\t\t\t\t\t\t\t\t\t\t\t\t\t\t<\/p>\n\t\t\t\t\t\t\t\t\t\t\t\t\t\t\t\t\t\t\t\t\t\t\t<\/div><!-- .gllr_image_block -->\n\t\t\t\t\t\t\t\t\t\t\t\t\t\t\t\t\t\t\t\t\t<\/div><!-- .gllr_image_row -->\n\t\t\t\t\t\t\t\t\t\t\t\t\t\t\t\t\t\t<\/div><!-- .gallery.clearfix -->\n\t\t\t\t\t\t\t\t\t\t\t\t\t<\/div><!-- .gallery_box_single -->\n\t\t\t\t\t\t<div class=\"gllr_clear\"><\/div>\n\t\t\t\t\t\t\t\t\t<script type=\"text\/javascript\">\n\t\t\t\t\t(function($) {\n\t\t\t\t\t\t$(document).ready( function() {\n\t\t\t\t\t\t\t$( \"a[rel=gallery_fancybox_76968]\" ).fancybox( {\n\t\t\t\t\t\t\t\t'transitionIn'\t\t:\t'elastic',\n\t\t\t\t\t\t\t\t'transitionOut'\t\t:\t'elastic',\n\t\t\t\t\t\t\t\t'titlePosition' \t:\t'inside',\n\t\t\t\t\t\t\t\t'speedIn'\t\t\t:\t500, \n\t\t\t\t\t\t\t\t'speedOut'\t\t\t:\t300,\n\t\t\t\t\t\t\t\t'titleFormat'\t\t:\tfunction( title, currentArray, currentIndex, currentOpts ) {\n\t\t\t\t\t\t\t\t\treturn '<div id=\"fancybox-title-inside\">' + ( title.length ? '<span id=\"bws_gallery_image_title\">' + title + '<\/span><br \/>' : '' ) + '<span id=\"bws_gallery_image_counter\">Image ' + ( currentIndex + 1 ) + ' \/ ' + currentArray.length + '<\/span><\/div>';\n\t\t\t\t\t\t\t\t}\t\t\t\t\t\t\t});\n\t\t\t\t\t\t});\n\t\t\t\t\t})(jQuery);\n\t\t\t\t<\/script>\n\t\t\t<\/p>\n","protected":false},"excerpt":{"rendered":"<p>Uczestnicy projektu &#8222;Palenie jest passe&#8221; realizowanego w ramach projektu &#8222;Ponadnarodowa mobilno\u015b\u0107 uczni\u00f3w&#8221; wyruszyli w niedziel\u0119 3 kwietnia w drog\u0119 do Rumunii. Nasza podr\u00f3\u017c trwa\u0142a 14 godzin. Niekt\u00f3rzy z nas pierwszy raz lecieli samolotem, i to z mi\u0119dzyl\u0105dowaniem w Warszawie. Widoki chmur w s\u0142o\u0144cu zrobi\u0142y na nas olbrzymie wra\u017cenie. Podr\u00f3\u017c by\u0142a d\u0142uga, ale przebiega\u0142a w weso\u0142ej, <a href=\"https:\/\/sp1slupsk.pl\/?gallery=ponadnarodowa-mobilnosc-uczniow-dzien-1\"><b>&#8230;wi\u0119cej<\/b><\/a><\/p>\n","protected":false},"author":1,"featured_media":0,"parent":0,"menu_order":0,"comment_status":"closed","ping_status":"closed","template":"","meta":[],"_links":{"self":[{"href":"https:\/\/sp1slupsk.pl\/index.php?rest_route=\/wp\/v2\/pages\/77141"}],"collection":[{"href":"https:\/\/sp1slupsk.pl\/index.php?rest_route=\/wp\/v2\/pages"}],"about":[{"href":"https:\/\/sp1slupsk.pl\/index.php?rest_route=\/wp\/v2\/types\/page"}],"author":[{"embeddable":true,"href":"https:\/\/sp1slupsk.pl\/index.php?rest_route=\/wp\/v2\/users\/1"}],"replies":[{"embeddable":true,"href":"https:\/\/sp1slupsk.pl\/index.php?rest_route=%2Fwp%2Fv2%2Fcomments&post=77141"}],"version-history":[{"count":2,"href":"https:\/\/sp1slupsk.pl\/index.php?rest_route=\/wp\/v2\/pages\/77141\/revisions"}],"predecessor-version":[{"id":77392,"href":"https:\/\/sp1slupsk.pl\/index.php?rest_route=\/wp\/v2\/pages\/77141\/revisions\/77392"}],"wp:attachment":[{"href":"https:\/\/sp1slupsk.pl\/index.php?rest_route=%2Fwp%2Fv2%2Fmedia&parent=77141"}],"curies":[{"name":"wp","href":"https:\/\/api.w.org\/{rel}","templated":true}]}}