{"id":78800,"date":"2025-09-01T12:14:26","date_gmt":"2025-09-01T10:14:26","guid":{"rendered":"http:\/\/sp1slupsk.pl\/?page_id=78800"},"modified":"2026-04-09T18:10:07","modified_gmt":"2026-04-09T16:10:07","slug":"biblioteka-2","status":"publish","type":"page","link":"https:\/\/sp1slupsk.pl\/?page_id=78800","title":{"rendered":"Biblioteka szkolna"},"content":{"rendered":"\n<p class=\"has-text-align-center has-normal-font-size\"><strong>Biblioteka szkolna czynna jest w godzinach:<br><\/strong><\/p>\n\n\n\n<figure class=\"wp-block-table aligncenter is-style-stripes\"><table><tbody><tr><td>Poniedzia\u0142ek<\/td><td>7:45 &#8211; 16:00&nbsp;<\/td><\/tr><tr><td>Wtorek<\/td><td>8:45 &#8211; 16:00<\/td><\/tr><tr><td>\u015aroda<\/td><td>7:45 &#8211; 16:00<\/td><\/tr><tr><td>Czwartek<\/td><td><strong>&nbsp;<\/strong>8:45 &#8211; 16:00<\/td><\/tr><tr><td>Pi\u0105tek<\/td><td><strong>&nbsp;<\/strong>11:30 &#8211; 14:30<\/td><\/tr><\/tbody><\/table><\/figure>\n\n\n\n<p class=\"has-text-align-center\"><strong>ROK SZKOLNY 2025\/2026<\/strong><\/p>\n\n\n\n<p class=\"has-text-align-center\"><strong>Og\u00f3lnopolski Konkurs Szachowy \u2013 \u201eKonik Szachowy EXTRA 2026\u201d<\/strong><\/p>\n\n\n\n<p>W dniu 26.03.2026 r., po raz pierwszy nasza szko\u0142a wzi\u0119\u0142a udzia\u0142 w presti\u017cowym konkursie og\u00f3lnopolskim, a w zasadzie og\u00f3lno\u015bwiatowym (bra\u0142y w nim tak\u017ce udzia\u0142 ch\u0119tni m. in. z Niemiec, W\u0142och, Francji). Z naszej szko\u0142y wystartowa\u0142o 11 os\u00f3b (7 w kategorii \u201ePion\u201d \u2013 klasy 1-3 oraz 5 os\u00f3b w kategorii \u201eGoniec\u201d \u2013 klasy 4-6). Uczniowie mieli do rozwi\u0105zania 30 zada\u0144 o zr\u00f3\u017cnicowanym poziomie trudno\u015bci.<\/p>\n\n\n\n<p>W ca\u0142ej Polsce wystartowa\u0142o po kilka tysi\u0119cy uczni\u00f3w, w ka\u017cdej kategorii wiekowej. W samym wojew\u00f3dztwie pomorskim wzi\u0119\u0142o udzia\u0142 po kilkaset os\u00f3b w kategorii \u201ePion\u201d i tyle samo w grupie \u201eGoniec\u201d.<\/p>\n\n\n\n<p>Nasz szko\u0142a spisa\u0142a si\u0119 bardzo dobrze. Damian Bia\u0142osk\u00f3rski (1a), Ernest Obia\u0142a (1a), Tymon Bylina (3b), Mi\u0142osz Borzyszkowski (3b), Lena Bujak (6a), Kornelia Domaracka (6a), Alina Manziuk (6a) uzyskali \u201ePonadprzeci\u0119tne wyniki\u201d w\u015br\u00f3d wszystkich startuj\u0105cych.<\/p>\n\n\n\n<p>Tr\u00f3jka uczni\u00f3w zaj\u0119\u0142a wysokie miejsca w wojew\u00f3dztwie i uzyska\u0142a tytu\u0142 \u201eLaureata\u201d. Tatiana Ziemienowicz (6a) \u2013 28 miejsce , Natasza Ziemienowicz \u2013 34 lokata i Wojciech Grabarczyk 40 pozycja.<\/p>\n\n\n\n<p>Najlepszym z naszej szko\u0142y okaza\u0142 si\u0119 Marek Radawiec (3a), kt\u00f3ry r\u00f3wnie\u017c uzyska\u0142 tytu\u0142 \u201eLaureata\u201d, zaj\u0105\u0142 12(!) miejsce w wojew\u00f3dztwie pomorskim, a 166 w ca\u0142ym kraju (na prawie 4000 startuj\u0105cych uczestnik\u00f3w w kategorii \u201ePion\u201d).<\/p>\n\n\n\n<p>Gratulacje dla wszystkich uczni\u00f3w, przypomnijmy, \u017ce tr\u00f3jka dziewcz\u0105t z ww. grona, dopiero od tego roku ucz\u0119szcza na zaj\u0119cia szachowe w bibliotece szkolnej. Zapraszamy na \u201eSpotkania przy szachach\u201d w grupie pocz\u0105tkuj\u0105cej lub zaawansowanej.<\/p>\n\n\n\n<p>Pami\u0119tajmy, \u017ce w naszym \u201eCentrum Wiedzy i Rozrywki\u201d mo\u017cna r\u00f3wnie\u017c wypo\u017cycza\u0107 i czyta\u0107 ksi\u0105\u017cki, bra\u0107 udzia\u0142 w projekcjach filmowych, turniejach, konkursach oraz lekcjach bibliotecznych, gra\u0107 w \u201eplansz\u00f3wki\u201d, korzysta\u0107 z komputer\u00f3w lub wyciszy\u0107 si\u0119 przed kolejnymi zaj\u0119ciami szkolnymi.<\/p>\n\n\n\n<p>Zapraszamy!<\/p>\n\n\n\n\t\t\t\t\t\t<div class=\"gallery_box_single\">\n\t\t\t\t\t\t\t\t\t\t\t\t\t\t\t<div class=\"gallery clearfix\">\n\t\t\t\t\t\t\t\t\t\t\t\t\t\t\t\t\t\t\t\t<div class=\"gllr_image_row\">\n\t\t\t\t\t\t\t\t\t\t\t\t\t\t\t\t\t\t\t\t\t<div class=\"gllr_image_block\">\n\t\t\t\t\t\t\t\t\t\t\t\t<p style=\"width:180px;height:140px;\">\n\t\t\t\t\t\t\t\t\t\t\t\t\t\t\t\t\t\t\t\t\t\t\t\t\t\t\t<a rel=\"gallery_fancybox_91089\" href=\"https:\/\/sp1slupsk.pl\/wp-content\/uploads\/2026\/04\/pobrane-2-1024x768.jpg\" title=\"W dniu 26.03.2026 r., po raz pierwszy nasza szko\u0142a wzi\u0119\u0142a udzia\u0142 w presti\u017cowym konkursie og\u00f3lnopolskim, a w zasadzie og\u00f3lno\u015bwiatowym (bra\u0142y w nim tak\u017ce udzia\u0142 ch\u0119tni m. in. z Niemiec, W\u0142och, Francji). Z naszej szko\u0142y wystartowa\u0142o 11 os\u00f3b (7 w kategorii \u201ePion\u201d \u2013 klasy 1-3 oraz 5 os\u00f3b w kategorii \u201eGoniec\u201d \u2013 klasy 4-6). Uczniowie mieli do rozwi\u0105zania 30 zada\u0144 o zr\u00f3\u017cnicowanym poziomie trudno\u015bci.  W ca\u0142ej Polsce wystartowa\u0142o po kilka tysi\u0119cy uczni\u00f3w, w ka\u017cdej kategorii wiekowej. W samym wojew\u00f3dztwie pomorskim wzi\u0119\u0142o udzia\u0142 po kilkaset os\u00f3b w kategorii \u201ePion\u201d i tyle samo w grupie \u201eGoniec\u201d.  Nasz szko\u0142a spisa\u0142a si\u0119 bardzo dobrze. Damian Bia\u0142osk\u00f3rski (1a), Ernest Obia\u0142a (1a), Tymon Bylina (3b), Mi\u0142osz Borzyszkowski (3b), Lena Bujak (6a), Kornelia Domaracka (6a), Alina Manziuk (6a) uzyskali \u201ePonadprzeci\u0119tne wyniki\u201d w\u015br\u00f3d wszystkich startuj\u0105cych.  Tr\u00f3jka uczni\u00f3w zaj\u0119\u0142a wysokie miejsca w wojew\u00f3dztwie i uzyska\u0142a tytu\u0142 \u201eLaureata\u201d. Tatiana Ziemienowicz (6a) \u2013 28 miejsce , Natasza Ziemienowicz \u2013 34 lokata i Wojciech Grabarczyk 40 pozycja.  Najlepszym z naszej szko\u0142y okaza\u0142 si\u0119 Marek Radawiec (3a), kt\u00f3ry r\u00f3wnie\u017c uzyska\u0142 tytu\u0142 \u201eLaureata\u201d, zaj\u0105\u0142 12(!) miejsce w wojew\u00f3dztwie pomorskim, a 166 w ca\u0142ym kraju (na prawie 4000 startuj\u0105cych uczestnik\u00f3w w kategorii \u201ePion\u201d).  Gratulacje dla wszystkich uczni\u00f3w, przypomnijmy, \u017ce tr\u00f3jka dziewcz\u0105t z ww. grona, dopiero od tego roku ucz\u0119szcza na zaj\u0119cia szachowe w bibliotece szkolnej. Zapraszamy na \u201eSpotkania przy szachach\u201d w grupie pocz\u0105tkuj\u0105cej lub zaawansowanej.  Pami\u0119tajmy, \u017ce w naszym \u201eCentrum Wiedzy i Rozrywki\u201d mo\u017cna r\u00f3wnie\u017c wypo\u017cycza\u0107 i czyta\u0107 ksi\u0105\u017cki, bra\u0107 udzia\u0142 w projekcjach filmowych, turniejach, konkursach oraz lekcjach bibliotecznych, gra\u0107 w \u201eplansz\u00f3wki\u201d, korzysta\u0107 z komputer\u00f3w lub wyciszy\u0107 si\u0119 przed kolejnymi zaj\u0119ciami szkolnymi.  Zapraszamy!\">\n\t\t\t\t\t\t\t\t\t\t\t\t\t\t\t<img style=\"width:160px;height:120px; border-width: 10px; border-color:#F1F1F1;border: 10px solid #F1F1F1\" alt=\"\" title=\"W dniu 26.03.2026 r., po raz pierwszy nasza szko\u0142a wzi\u0119\u0142a udzia\u0142 w presti\u017cowym konkursie og\u00f3lnopolskim, a w zasadzie og\u00f3lno\u015bwiatowym (bra\u0142y w nim tak\u017ce udzia\u0142 ch\u0119tni m. in. z Niemiec, W\u0142och, Francji). Z naszej szko\u0142y wystartowa\u0142o 11 os\u00f3b (7 w kategorii \u201ePion\u201d \u2013 klasy 1-3 oraz 5 os\u00f3b w kategorii \u201eGoniec\u201d \u2013 klasy 4-6). Uczniowie mieli do rozwi\u0105zania 30 zada\u0144 o zr\u00f3\u017cnicowanym poziomie trudno\u015bci.  W ca\u0142ej Polsce wystartowa\u0142o po kilka tysi\u0119cy uczni\u00f3w, w ka\u017cdej kategorii wiekowej. W samym wojew\u00f3dztwie pomorskim wzi\u0119\u0142o udzia\u0142 po kilkaset os\u00f3b w kategorii \u201ePion\u201d i tyle samo w grupie \u201eGoniec\u201d.  Nasz szko\u0142a spisa\u0142a si\u0119 bardzo dobrze. Damian Bia\u0142osk\u00f3rski (1a), Ernest Obia\u0142a (1a), Tymon Bylina (3b), Mi\u0142osz Borzyszkowski (3b), Lena Bujak (6a), Kornelia Domaracka (6a), Alina Manziuk (6a) uzyskali \u201ePonadprzeci\u0119tne wyniki\u201d w\u015br\u00f3d wszystkich startuj\u0105cych.  Tr\u00f3jka uczni\u00f3w zaj\u0119\u0142a wysokie miejsca w wojew\u00f3dztwie i uzyska\u0142a tytu\u0142 \u201eLaureata\u201d. Tatiana Ziemienowicz (6a) \u2013 28 miejsce , Natasza Ziemienowicz \u2013 34 lokata i Wojciech Grabarczyk 40 pozycja.  Najlepszym z naszej szko\u0142y okaza\u0142 si\u0119 Marek Radawiec (3a), kt\u00f3ry r\u00f3wnie\u017c uzyska\u0142 tytu\u0142 \u201eLaureata\u201d, zaj\u0105\u0142 12(!) miejsce w wojew\u00f3dztwie pomorskim, a 166 w ca\u0142ym kraju (na prawie 4000 startuj\u0105cych uczestnik\u00f3w w kategorii \u201ePion\u201d).  Gratulacje dla wszystkich uczni\u00f3w, przypomnijmy, \u017ce tr\u00f3jka dziewcz\u0105t z ww. grona, dopiero od tego roku ucz\u0119szcza na zaj\u0119cia szachowe w bibliotece szkolnej. Zapraszamy na \u201eSpotkania przy szachach\u201d w grupie pocz\u0105tkuj\u0105cej lub zaawansowanej.  Pami\u0119tajmy, \u017ce w naszym \u201eCentrum Wiedzy i Rozrywki\u201d mo\u017cna r\u00f3wnie\u017c wypo\u017cycza\u0107 i czyta\u0107 ksi\u0105\u017cki, bra\u0107 udzia\u0142 w projekcjach filmowych, turniejach, konkursach oraz lekcjach bibliotecznych, gra\u0107 w \u201eplansz\u00f3wki\u201d, korzysta\u0107 z komputer\u00f3w lub wyciszy\u0107 si\u0119 przed kolejnymi zaj\u0119ciami szkolnymi.  Zapraszamy!\" src=\"https:\/\/sp1slupsk.pl\/wp-content\/uploads\/2026\/04\/pobrane-2-160x120.jpg\" rel=\"https:\/\/sp1slupsk.pl\/wp-content\/uploads\/2026\/04\/pobrane-2.jpg\" \/>\n\t\t\t\t\t\t\t\t\t\t\t\t\t\t<\/a>\n\t\t\t\t\t\t\t\t\t\t\t\t\t\t\t\t\t\t\t\t\t\t\t\t\t<\/p>\n\t\t\t\t\t\t\t\t\t\t\t\t\t\t\t\t\t\t\t\t\t\t\t<\/div><!-- .gllr_image_block -->\n\t\t\t\t\t\t\t\t\t\t\t\t\t\t\t\t\t\t\t\t\t<div class=\"gllr_image_block\">\n\t\t\t\t\t\t\t\t\t\t\t\t<p style=\"width:180px;height:140px;\">\n\t\t\t\t\t\t\t\t\t\t\t\t\t\t\t\t\t\t\t\t\t\t\t\t\t\t\t<a rel=\"gallery_fancybox_91089\" href=\"https:\/\/sp1slupsk.pl\/wp-content\/uploads\/2026\/04\/a6c258f6-bdf5-4085-aa6e-27277e7a0aee-1024x768.jpg\" title=\"W dniu 26.03.2026 r., po raz pierwszy nasza szko\u0142a wzi\u0119\u0142a udzia\u0142 w presti\u017cowym konkursie og\u00f3lnopolskim, a w zasadzie og\u00f3lno\u015bwiatowym (bra\u0142y w nim tak\u017ce udzia\u0142 ch\u0119tni m. in. z Niemiec, W\u0142och, Francji). Z naszej szko\u0142y wystartowa\u0142o 11 os\u00f3b (7 w kategorii \u201ePion\u201d \u2013 klasy 1-3 oraz 5 os\u00f3b w kategorii \u201eGoniec\u201d \u2013 klasy 4-6). Uczniowie mieli do rozwi\u0105zania 30 zada\u0144 o zr\u00f3\u017cnicowanym poziomie trudno\u015bci.  W ca\u0142ej Polsce wystartowa\u0142o po kilka tysi\u0119cy uczni\u00f3w, w ka\u017cdej kategorii wiekowej. W samym wojew\u00f3dztwie pomorskim wzi\u0119\u0142o udzia\u0142 po kilkaset os\u00f3b w kategorii \u201ePion\u201d i tyle samo w grupie \u201eGoniec\u201d.  Nasz szko\u0142a spisa\u0142a si\u0119 bardzo dobrze. Damian Bia\u0142osk\u00f3rski (1a), Ernest Obia\u0142a (1a), Tymon Bylina (3b), Mi\u0142osz Borzyszkowski (3b), Lena Bujak (6a), Kornelia Domaracka (6a), Alina Manziuk (6a) uzyskali \u201ePonadprzeci\u0119tne wyniki\u201d w\u015br\u00f3d wszystkich startuj\u0105cych.  Tr\u00f3jka uczni\u00f3w zaj\u0119\u0142a wysokie miejsca w wojew\u00f3dztwie i uzyska\u0142a tytu\u0142 \u201eLaureata\u201d. Tatiana Ziemienowicz (6a) \u2013 28 miejsce , Natasza Ziemienowicz \u2013 34 lokata i Wojciech Grabarczyk 40 pozycja.  Najlepszym z naszej szko\u0142y okaza\u0142 si\u0119 Marek Radawiec (3a), kt\u00f3ry r\u00f3wnie\u017c uzyska\u0142 tytu\u0142 \u201eLaureata\u201d, zaj\u0105\u0142 12(!) miejsce w wojew\u00f3dztwie pomorskim, a 166 w ca\u0142ym kraju (na prawie 4000 startuj\u0105cych uczestnik\u00f3w w kategorii \u201ePion\u201d).  Gratulacje dla wszystkich uczni\u00f3w, przypomnijmy, \u017ce tr\u00f3jka dziewcz\u0105t z ww. grona, dopiero od tego roku ucz\u0119szcza na zaj\u0119cia szachowe w bibliotece szkolnej. Zapraszamy na \u201eSpotkania przy szachach\u201d w grupie pocz\u0105tkuj\u0105cej lub zaawansowanej.  Pami\u0119tajmy, \u017ce w naszym \u201eCentrum Wiedzy i Rozrywki\u201d mo\u017cna r\u00f3wnie\u017c wypo\u017cycza\u0107 i czyta\u0107 ksi\u0105\u017cki, bra\u0107 udzia\u0142 w projekcjach filmowych, turniejach, konkursach oraz lekcjach bibliotecznych, gra\u0107 w \u201eplansz\u00f3wki\u201d, korzysta\u0107 z komputer\u00f3w lub wyciszy\u0107 si\u0119 przed kolejnymi zaj\u0119ciami szkolnymi.  Zapraszamy!\">\n\t\t\t\t\t\t\t\t\t\t\t\t\t\t\t<img style=\"width:160px;height:120px; border-width: 10px; border-color:#F1F1F1;border: 10px solid #F1F1F1\" alt=\"\" title=\"W dniu 26.03.2026 r., po raz pierwszy nasza szko\u0142a wzi\u0119\u0142a udzia\u0142 w presti\u017cowym konkursie og\u00f3lnopolskim, a w zasadzie og\u00f3lno\u015bwiatowym (bra\u0142y w nim tak\u017ce udzia\u0142 ch\u0119tni m. in. z Niemiec, W\u0142och, Francji). Z naszej szko\u0142y wystartowa\u0142o 11 os\u00f3b (7 w kategorii \u201ePion\u201d \u2013 klasy 1-3 oraz 5 os\u00f3b w kategorii \u201eGoniec\u201d \u2013 klasy 4-6). Uczniowie mieli do rozwi\u0105zania 30 zada\u0144 o zr\u00f3\u017cnicowanym poziomie trudno\u015bci.  W ca\u0142ej Polsce wystartowa\u0142o po kilka tysi\u0119cy uczni\u00f3w, w ka\u017cdej kategorii wiekowej. W samym wojew\u00f3dztwie pomorskim wzi\u0119\u0142o udzia\u0142 po kilkaset os\u00f3b w kategorii \u201ePion\u201d i tyle samo w grupie \u201eGoniec\u201d.  Nasz szko\u0142a spisa\u0142a si\u0119 bardzo dobrze. Damian Bia\u0142osk\u00f3rski (1a), Ernest Obia\u0142a (1a), Tymon Bylina (3b), Mi\u0142osz Borzyszkowski (3b), Lena Bujak (6a), Kornelia Domaracka (6a), Alina Manziuk (6a) uzyskali \u201ePonadprzeci\u0119tne wyniki\u201d w\u015br\u00f3d wszystkich startuj\u0105cych.  Tr\u00f3jka uczni\u00f3w zaj\u0119\u0142a wysokie miejsca w wojew\u00f3dztwie i uzyska\u0142a tytu\u0142 \u201eLaureata\u201d. Tatiana Ziemienowicz (6a) \u2013 28 miejsce , Natasza Ziemienowicz \u2013 34 lokata i Wojciech Grabarczyk 40 pozycja.  Najlepszym z naszej szko\u0142y okaza\u0142 si\u0119 Marek Radawiec (3a), kt\u00f3ry r\u00f3wnie\u017c uzyska\u0142 tytu\u0142 \u201eLaureata\u201d, zaj\u0105\u0142 12(!) miejsce w wojew\u00f3dztwie pomorskim, a 166 w ca\u0142ym kraju (na prawie 4000 startuj\u0105cych uczestnik\u00f3w w kategorii \u201ePion\u201d).  Gratulacje dla wszystkich uczni\u00f3w, przypomnijmy, \u017ce tr\u00f3jka dziewcz\u0105t z ww. grona, dopiero od tego roku ucz\u0119szcza na zaj\u0119cia szachowe w bibliotece szkolnej. Zapraszamy na \u201eSpotkania przy szachach\u201d w grupie pocz\u0105tkuj\u0105cej lub zaawansowanej.  Pami\u0119tajmy, \u017ce w naszym \u201eCentrum Wiedzy i Rozrywki\u201d mo\u017cna r\u00f3wnie\u017c wypo\u017cycza\u0107 i czyta\u0107 ksi\u0105\u017cki, bra\u0107 udzia\u0142 w projekcjach filmowych, turniejach, konkursach oraz lekcjach bibliotecznych, gra\u0107 w \u201eplansz\u00f3wki\u201d, korzysta\u0107 z komputer\u00f3w lub wyciszy\u0107 si\u0119 przed kolejnymi zaj\u0119ciami szkolnymi.  Zapraszamy!\" src=\"https:\/\/sp1slupsk.pl\/wp-content\/uploads\/2026\/04\/a6c258f6-bdf5-4085-aa6e-27277e7a0aee-160x120.jpg\" rel=\"https:\/\/sp1slupsk.pl\/wp-content\/uploads\/2026\/04\/a6c258f6-bdf5-4085-aa6e-27277e7a0aee.jpg\" \/>\n\t\t\t\t\t\t\t\t\t\t\t\t\t\t<\/a>\n\t\t\t\t\t\t\t\t\t\t\t\t\t\t\t\t\t\t\t\t\t\t\t\t\t<\/p>\n\t\t\t\t\t\t\t\t\t\t\t\t\t\t\t\t\t\t\t\t\t\t\t<\/div><!-- .gllr_image_block -->\n\t\t\t\t\t\t\t\t\t\t\t\t\t\t\t\t\t\t\t\t\t<div class=\"gllr_image_block\">\n\t\t\t\t\t\t\t\t\t\t\t\t<p style=\"width:180px;height:140px;\">\n\t\t\t\t\t\t\t\t\t\t\t\t\t\t\t\t\t\t\t\t\t\t\t\t\t\t\t<a rel=\"gallery_fancybox_91089\" href=\"https:\/\/sp1slupsk.pl\/wp-content\/uploads\/2026\/04\/Przerwa-na-czytanie-5-1024x683.jpg\" title=\"W dniu 26.03.2026 r., po raz pierwszy nasza szko\u0142a wzi\u0119\u0142a udzia\u0142 w presti\u017cowym konkursie og\u00f3lnopolskim, a w zasadzie og\u00f3lno\u015bwiatowym (bra\u0142y w nim tak\u017ce udzia\u0142 ch\u0119tni m. in. z Niemiec, W\u0142och, Francji). Z naszej szko\u0142y wystartowa\u0142o 11 os\u00f3b (7 w kategorii \u201ePion\u201d \u2013 klasy 1-3 oraz 5 os\u00f3b w kategorii \u201eGoniec\u201d \u2013 klasy 4-6). Uczniowie mieli do rozwi\u0105zania 30 zada\u0144 o zr\u00f3\u017cnicowanym poziomie trudno\u015bci.  W ca\u0142ej Polsce wystartowa\u0142o po kilka tysi\u0119cy uczni\u00f3w, w ka\u017cdej kategorii wiekowej. W samym wojew\u00f3dztwie pomorskim wzi\u0119\u0142o udzia\u0142 po kilkaset os\u00f3b w kategorii \u201ePion\u201d i tyle samo w grupie \u201eGoniec\u201d.  Nasz szko\u0142a spisa\u0142a si\u0119 bardzo dobrze. Damian Bia\u0142osk\u00f3rski (1a), Ernest Obia\u0142a (1a), Tymon Bylina (3b), Mi\u0142osz Borzyszkowski (3b), Lena Bujak (6a), Kornelia Domaracka (6a), Alina Manziuk (6a) uzyskali \u201ePonadprzeci\u0119tne wyniki\u201d w\u015br\u00f3d wszystkich startuj\u0105cych.  Tr\u00f3jka uczni\u00f3w zaj\u0119\u0142a wysokie miejsca w wojew\u00f3dztwie i uzyska\u0142a tytu\u0142 \u201eLaureata\u201d. Tatiana Ziemienowicz (6a) \u2013 28 miejsce , Natasza Ziemienowicz \u2013 34 lokata i Wojciech Grabarczyk 40 pozycja.  Najlepszym z naszej szko\u0142y okaza\u0142 si\u0119 Marek Radawiec (3a), kt\u00f3ry r\u00f3wnie\u017c uzyska\u0142 tytu\u0142 \u201eLaureata\u201d, zaj\u0105\u0142 12(!) miejsce w wojew\u00f3dztwie pomorskim, a 166 w ca\u0142ym kraju (na prawie 4000 startuj\u0105cych uczestnik\u00f3w w kategorii \u201ePion\u201d).  Gratulacje dla wszystkich uczni\u00f3w, przypomnijmy, \u017ce tr\u00f3jka dziewcz\u0105t z ww. grona, dopiero od tego roku ucz\u0119szcza na zaj\u0119cia szachowe w bibliotece szkolnej. Zapraszamy na \u201eSpotkania przy szachach\u201d w grupie pocz\u0105tkuj\u0105cej lub zaawansowanej.  Pami\u0119tajmy, \u017ce w naszym \u201eCentrum Wiedzy i Rozrywki\u201d mo\u017cna r\u00f3wnie\u017c wypo\u017cycza\u0107 i czyta\u0107 ksi\u0105\u017cki, bra\u0107 udzia\u0142 w projekcjach filmowych, turniejach, konkursach oraz lekcjach bibliotecznych, gra\u0107 w \u201eplansz\u00f3wki\u201d, korzysta\u0107 z komputer\u00f3w lub wyciszy\u0107 si\u0119 przed kolejnymi zaj\u0119ciami szkolnymi.  Zapraszamy!\">\n\t\t\t\t\t\t\t\t\t\t\t\t\t\t\t<img style=\"width:160px;height:120px; border-width: 10px; border-color:#F1F1F1;border: 10px solid #F1F1F1\" alt=\"\" title=\"W dniu 26.03.2026 r., po raz pierwszy nasza szko\u0142a wzi\u0119\u0142a udzia\u0142 w presti\u017cowym konkursie og\u00f3lnopolskim, a w zasadzie og\u00f3lno\u015bwiatowym (bra\u0142y w nim tak\u017ce udzia\u0142 ch\u0119tni m. in. z Niemiec, W\u0142och, Francji). Z naszej szko\u0142y wystartowa\u0142o 11 os\u00f3b (7 w kategorii \u201ePion\u201d \u2013 klasy 1-3 oraz 5 os\u00f3b w kategorii \u201eGoniec\u201d \u2013 klasy 4-6). Uczniowie mieli do rozwi\u0105zania 30 zada\u0144 o zr\u00f3\u017cnicowanym poziomie trudno\u015bci.  W ca\u0142ej Polsce wystartowa\u0142o po kilka tysi\u0119cy uczni\u00f3w, w ka\u017cdej kategorii wiekowej. W samym wojew\u00f3dztwie pomorskim wzi\u0119\u0142o udzia\u0142 po kilkaset os\u00f3b w kategorii \u201ePion\u201d i tyle samo w grupie \u201eGoniec\u201d.  Nasz szko\u0142a spisa\u0142a si\u0119 bardzo dobrze. Damian Bia\u0142osk\u00f3rski (1a), Ernest Obia\u0142a (1a), Tymon Bylina (3b), Mi\u0142osz Borzyszkowski (3b), Lena Bujak (6a), Kornelia Domaracka (6a), Alina Manziuk (6a) uzyskali \u201ePonadprzeci\u0119tne wyniki\u201d w\u015br\u00f3d wszystkich startuj\u0105cych.  Tr\u00f3jka uczni\u00f3w zaj\u0119\u0142a wysokie miejsca w wojew\u00f3dztwie i uzyska\u0142a tytu\u0142 \u201eLaureata\u201d. Tatiana Ziemienowicz (6a) \u2013 28 miejsce , Natasza Ziemienowicz \u2013 34 lokata i Wojciech Grabarczyk 40 pozycja.  Najlepszym z naszej szko\u0142y okaza\u0142 si\u0119 Marek Radawiec (3a), kt\u00f3ry r\u00f3wnie\u017c uzyska\u0142 tytu\u0142 \u201eLaureata\u201d, zaj\u0105\u0142 12(!) miejsce w wojew\u00f3dztwie pomorskim, a 166 w ca\u0142ym kraju (na prawie 4000 startuj\u0105cych uczestnik\u00f3w w kategorii \u201ePion\u201d).  Gratulacje dla wszystkich uczni\u00f3w, przypomnijmy, \u017ce tr\u00f3jka dziewcz\u0105t z ww. grona, dopiero od tego roku ucz\u0119szcza na zaj\u0119cia szachowe w bibliotece szkolnej. Zapraszamy na \u201eSpotkania przy szachach\u201d w grupie pocz\u0105tkuj\u0105cej lub zaawansowanej.  Pami\u0119tajmy, \u017ce w naszym \u201eCentrum Wiedzy i Rozrywki\u201d mo\u017cna r\u00f3wnie\u017c wypo\u017cycza\u0107 i czyta\u0107 ksi\u0105\u017cki, bra\u0107 udzia\u0142 w projekcjach filmowych, turniejach, konkursach oraz lekcjach bibliotecznych, gra\u0107 w \u201eplansz\u00f3wki\u201d, korzysta\u0107 z komputer\u00f3w lub wyciszy\u0107 si\u0119 przed kolejnymi zaj\u0119ciami szkolnymi.  Zapraszamy!\" src=\"https:\/\/sp1slupsk.pl\/wp-content\/uploads\/2026\/04\/Przerwa-na-czytanie-5-160x120.jpg\" rel=\"https:\/\/sp1slupsk.pl\/wp-content\/uploads\/2026\/04\/Przerwa-na-czytanie-5.jpg\" \/>\n\t\t\t\t\t\t\t\t\t\t\t\t\t\t<\/a>\n\t\t\t\t\t\t\t\t\t\t\t\t\t\t\t\t\t\t\t\t\t\t\t\t\t<\/p>\n\t\t\t\t\t\t\t\t\t\t\t\t\t\t\t\t\t\t\t\t\t\t\t<\/div><!-- .gllr_image_block -->\n\t\t\t\t\t\t\t\t\t\t\t\t\t\t\t\t\t\t\t\t\t<\/div><!-- .gllr_image_row -->\n\t\t\t\t\t\t\t\t\t\t\t\t\t\t\t\t\t\t\t\t\t<div class=\"gllr_image_row\">\n\t\t\t\t\t\t\t\t\t\t\t\t\t\t\t\t\t\t\t\t\t<div class=\"gllr_image_block\">\n\t\t\t\t\t\t\t\t\t\t\t\t<p style=\"width:180px;height:140px;\">\n\t\t\t\t\t\t\t\t\t\t\t\t\t\t\t\t\t\t\t\t\t\t\t\t\t\t\t<a rel=\"gallery_fancybox_91089\" href=\"https:\/\/sp1slupsk.pl\/wp-content\/uploads\/2026\/04\/80b1af7d-2cfa-4ab7-a879-c85bf33b4b67-1024x768.jpg\" title=\"W dniu 26.03.2026 r., po raz pierwszy nasza szko\u0142a wzi\u0119\u0142a udzia\u0142 w presti\u017cowym konkursie og\u00f3lnopolskim, a w zasadzie og\u00f3lno\u015bwiatowym (bra\u0142y w nim tak\u017ce udzia\u0142 ch\u0119tni m. in. z Niemiec, W\u0142och, Francji). Z naszej szko\u0142y wystartowa\u0142o 11 os\u00f3b (7 w kategorii \u201ePion\u201d \u2013 klasy 1-3 oraz 5 os\u00f3b w kategorii \u201eGoniec\u201d \u2013 klasy 4-6). Uczniowie mieli do rozwi\u0105zania 30 zada\u0144 o zr\u00f3\u017cnicowanym poziomie trudno\u015bci.  W ca\u0142ej Polsce wystartowa\u0142o po kilka tysi\u0119cy uczni\u00f3w, w ka\u017cdej kategorii wiekowej. W samym wojew\u00f3dztwie pomorskim wzi\u0119\u0142o udzia\u0142 po kilkaset os\u00f3b w kategorii \u201ePion\u201d i tyle samo w grupie \u201eGoniec\u201d.  Nasz szko\u0142a spisa\u0142a si\u0119 bardzo dobrze. Damian Bia\u0142osk\u00f3rski (1a), Ernest Obia\u0142a (1a), Tymon Bylina (3b), Mi\u0142osz Borzyszkowski (3b), Lena Bujak (6a), Kornelia Domaracka (6a), Alina Manziuk (6a) uzyskali \u201ePonadprzeci\u0119tne wyniki\u201d w\u015br\u00f3d wszystkich startuj\u0105cych.  Tr\u00f3jka uczni\u00f3w zaj\u0119\u0142a wysokie miejsca w wojew\u00f3dztwie i uzyska\u0142a tytu\u0142 \u201eLaureata\u201d. Tatiana Ziemienowicz (6a) \u2013 28 miejsce , Natasza Ziemienowicz \u2013 34 lokata i Wojciech Grabarczyk 40 pozycja.  Najlepszym z naszej szko\u0142y okaza\u0142 si\u0119 Marek Radawiec (3a), kt\u00f3ry r\u00f3wnie\u017c uzyska\u0142 tytu\u0142 \u201eLaureata\u201d, zaj\u0105\u0142 12(!) miejsce w wojew\u00f3dztwie pomorskim, a 166 w ca\u0142ym kraju (na prawie 4000 startuj\u0105cych uczestnik\u00f3w w kategorii \u201ePion\u201d).  Gratulacje dla wszystkich uczni\u00f3w, przypomnijmy, \u017ce tr\u00f3jka dziewcz\u0105t z ww. grona, dopiero od tego roku ucz\u0119szcza na zaj\u0119cia szachowe w bibliotece szkolnej. Zapraszamy na \u201eSpotkania przy szachach\u201d w grupie pocz\u0105tkuj\u0105cej lub zaawansowanej.  Pami\u0119tajmy, \u017ce w naszym \u201eCentrum Wiedzy i Rozrywki\u201d mo\u017cna r\u00f3wnie\u017c wypo\u017cycza\u0107 i czyta\u0107 ksi\u0105\u017cki, bra\u0107 udzia\u0142 w projekcjach filmowych, turniejach, konkursach oraz lekcjach bibliotecznych, gra\u0107 w \u201eplansz\u00f3wki\u201d, korzysta\u0107 z komputer\u00f3w lub wyciszy\u0107 si\u0119 przed kolejnymi zaj\u0119ciami szkolnymi.  Zapraszamy!\">\n\t\t\t\t\t\t\t\t\t\t\t\t\t\t\t<img style=\"width:160px;height:120px; border-width: 10px; border-color:#F1F1F1;border: 10px solid #F1F1F1\" alt=\"\" title=\"W dniu 26.03.2026 r., po raz pierwszy nasza szko\u0142a wzi\u0119\u0142a udzia\u0142 w presti\u017cowym konkursie og\u00f3lnopolskim, a w zasadzie og\u00f3lno\u015bwiatowym (bra\u0142y w nim tak\u017ce udzia\u0142 ch\u0119tni m. in. z Niemiec, W\u0142och, Francji). Z naszej szko\u0142y wystartowa\u0142o 11 os\u00f3b (7 w kategorii \u201ePion\u201d \u2013 klasy 1-3 oraz 5 os\u00f3b w kategorii \u201eGoniec\u201d \u2013 klasy 4-6). Uczniowie mieli do rozwi\u0105zania 30 zada\u0144 o zr\u00f3\u017cnicowanym poziomie trudno\u015bci.  W ca\u0142ej Polsce wystartowa\u0142o po kilka tysi\u0119cy uczni\u00f3w, w ka\u017cdej kategorii wiekowej. W samym wojew\u00f3dztwie pomorskim wzi\u0119\u0142o udzia\u0142 po kilkaset os\u00f3b w kategorii \u201ePion\u201d i tyle samo w grupie \u201eGoniec\u201d.  Nasz szko\u0142a spisa\u0142a si\u0119 bardzo dobrze. Damian Bia\u0142osk\u00f3rski (1a), Ernest Obia\u0142a (1a), Tymon Bylina (3b), Mi\u0142osz Borzyszkowski (3b), Lena Bujak (6a), Kornelia Domaracka (6a), Alina Manziuk (6a) uzyskali \u201ePonadprzeci\u0119tne wyniki\u201d w\u015br\u00f3d wszystkich startuj\u0105cych.  Tr\u00f3jka uczni\u00f3w zaj\u0119\u0142a wysokie miejsca w wojew\u00f3dztwie i uzyska\u0142a tytu\u0142 \u201eLaureata\u201d. Tatiana Ziemienowicz (6a) \u2013 28 miejsce , Natasza Ziemienowicz \u2013 34 lokata i Wojciech Grabarczyk 40 pozycja.  Najlepszym z naszej szko\u0142y okaza\u0142 si\u0119 Marek Radawiec (3a), kt\u00f3ry r\u00f3wnie\u017c uzyska\u0142 tytu\u0142 \u201eLaureata\u201d, zaj\u0105\u0142 12(!) miejsce w wojew\u00f3dztwie pomorskim, a 166 w ca\u0142ym kraju (na prawie 4000 startuj\u0105cych uczestnik\u00f3w w kategorii \u201ePion\u201d).  Gratulacje dla wszystkich uczni\u00f3w, przypomnijmy, \u017ce tr\u00f3jka dziewcz\u0105t z ww. grona, dopiero od tego roku ucz\u0119szcza na zaj\u0119cia szachowe w bibliotece szkolnej. Zapraszamy na \u201eSpotkania przy szachach\u201d w grupie pocz\u0105tkuj\u0105cej lub zaawansowanej.  Pami\u0119tajmy, \u017ce w naszym \u201eCentrum Wiedzy i Rozrywki\u201d mo\u017cna r\u00f3wnie\u017c wypo\u017cycza\u0107 i czyta\u0107 ksi\u0105\u017cki, bra\u0107 udzia\u0142 w projekcjach filmowych, turniejach, konkursach oraz lekcjach bibliotecznych, gra\u0107 w \u201eplansz\u00f3wki\u201d, korzysta\u0107 z komputer\u00f3w lub wyciszy\u0107 si\u0119 przed kolejnymi zaj\u0119ciami szkolnymi.  Zapraszamy!\" src=\"https:\/\/sp1slupsk.pl\/wp-content\/uploads\/2026\/04\/80b1af7d-2cfa-4ab7-a879-c85bf33b4b67-160x120.jpg\" rel=\"https:\/\/sp1slupsk.pl\/wp-content\/uploads\/2026\/04\/80b1af7d-2cfa-4ab7-a879-c85bf33b4b67.jpg\" \/>\n\t\t\t\t\t\t\t\t\t\t\t\t\t\t<\/a>\n\t\t\t\t\t\t\t\t\t\t\t\t\t\t\t\t\t\t\t\t\t\t\t\t\t<\/p>\n\t\t\t\t\t\t\t\t\t\t\t\t\t\t\t\t\t\t\t\t\t\t\t<\/div><!-- .gllr_image_block -->\n\t\t\t\t\t\t\t\t\t\t\t\t\t\t\t\t\t\t\t\t\t<div class=\"gllr_image_block\">\n\t\t\t\t\t\t\t\t\t\t\t\t<p style=\"width:180px;height:140px;\">\n\t\t\t\t\t\t\t\t\t\t\t\t\t\t\t\t\t\t\t\t\t\t\t\t\t\t\t<a rel=\"gallery_fancybox_91089\" href=\"https:\/\/sp1slupsk.pl\/wp-content\/uploads\/2026\/04\/IMG_20251205_113526282_HDR-1024x768.jpg\" title=\"W dniu 26.03.2026 r., po raz pierwszy nasza szko\u0142a wzi\u0119\u0142a udzia\u0142 w presti\u017cowym konkursie og\u00f3lnopolskim, a w zasadzie og\u00f3lno\u015bwiatowym (bra\u0142y w nim tak\u017ce udzia\u0142 ch\u0119tni m. in. z Niemiec, W\u0142och, Francji). Z naszej szko\u0142y wystartowa\u0142o 11 os\u00f3b (7 w kategorii \u201ePion\u201d \u2013 klasy 1-3 oraz 5 os\u00f3b w kategorii \u201eGoniec\u201d \u2013 klasy 4-6). Uczniowie mieli do rozwi\u0105zania 30 zada\u0144 o zr\u00f3\u017cnicowanym poziomie trudno\u015bci.  W ca\u0142ej Polsce wystartowa\u0142o po kilka tysi\u0119cy uczni\u00f3w, w ka\u017cdej kategorii wiekowej. W samym wojew\u00f3dztwie pomorskim wzi\u0119\u0142o udzia\u0142 po kilkaset os\u00f3b w kategorii \u201ePion\u201d i tyle samo w grupie \u201eGoniec\u201d.  Nasz szko\u0142a spisa\u0142a si\u0119 bardzo dobrze. Damian Bia\u0142osk\u00f3rski (1a), Ernest Obia\u0142a (1a), Tymon Bylina (3b), Mi\u0142osz Borzyszkowski (3b), Lena Bujak (6a), Kornelia Domaracka (6a), Alina Manziuk (6a) uzyskali \u201ePonadprzeci\u0119tne wyniki\u201d w\u015br\u00f3d wszystkich startuj\u0105cych.  Tr\u00f3jka uczni\u00f3w zaj\u0119\u0142a wysokie miejsca w wojew\u00f3dztwie i uzyska\u0142a tytu\u0142 \u201eLaureata\u201d. Tatiana Ziemienowicz (6a) \u2013 28 miejsce , Natasza Ziemienowicz \u2013 34 lokata i Wojciech Grabarczyk 40 pozycja.  Najlepszym z naszej szko\u0142y okaza\u0142 si\u0119 Marek Radawiec (3a), kt\u00f3ry r\u00f3wnie\u017c uzyska\u0142 tytu\u0142 \u201eLaureata\u201d, zaj\u0105\u0142 12(!) miejsce w wojew\u00f3dztwie pomorskim, a 166 w ca\u0142ym kraju (na prawie 4000 startuj\u0105cych uczestnik\u00f3w w kategorii \u201ePion\u201d).  Gratulacje dla wszystkich uczni\u00f3w, przypomnijmy, \u017ce tr\u00f3jka dziewcz\u0105t z ww. grona, dopiero od tego roku ucz\u0119szcza na zaj\u0119cia szachowe w bibliotece szkolnej. Zapraszamy na \u201eSpotkania przy szachach\u201d w grupie pocz\u0105tkuj\u0105cej lub zaawansowanej.  Pami\u0119tajmy, \u017ce w naszym \u201eCentrum Wiedzy i Rozrywki\u201d mo\u017cna r\u00f3wnie\u017c wypo\u017cycza\u0107 i czyta\u0107 ksi\u0105\u017cki, bra\u0107 udzia\u0142 w projekcjach filmowych, turniejach, konkursach oraz lekcjach bibliotecznych, gra\u0107 w \u201eplansz\u00f3wki\u201d, korzysta\u0107 z komputer\u00f3w lub wyciszy\u0107 si\u0119 przed kolejnymi zaj\u0119ciami szkolnymi.  Zapraszamy!\">\n\t\t\t\t\t\t\t\t\t\t\t\t\t\t\t<img style=\"width:160px;height:120px; border-width: 10px; border-color:#F1F1F1;border: 10px solid #F1F1F1\" alt=\"\" title=\"W dniu 26.03.2026 r., po raz pierwszy nasza szko\u0142a wzi\u0119\u0142a udzia\u0142 w presti\u017cowym konkursie og\u00f3lnopolskim, a w zasadzie og\u00f3lno\u015bwiatowym (bra\u0142y w nim tak\u017ce udzia\u0142 ch\u0119tni m. in. z Niemiec, W\u0142och, Francji). Z naszej szko\u0142y wystartowa\u0142o 11 os\u00f3b (7 w kategorii \u201ePion\u201d \u2013 klasy 1-3 oraz 5 os\u00f3b w kategorii \u201eGoniec\u201d \u2013 klasy 4-6). Uczniowie mieli do rozwi\u0105zania 30 zada\u0144 o zr\u00f3\u017cnicowanym poziomie trudno\u015bci.  W ca\u0142ej Polsce wystartowa\u0142o po kilka tysi\u0119cy uczni\u00f3w, w ka\u017cdej kategorii wiekowej. W samym wojew\u00f3dztwie pomorskim wzi\u0119\u0142o udzia\u0142 po kilkaset os\u00f3b w kategorii \u201ePion\u201d i tyle samo w grupie \u201eGoniec\u201d.  Nasz szko\u0142a spisa\u0142a si\u0119 bardzo dobrze. Damian Bia\u0142osk\u00f3rski (1a), Ernest Obia\u0142a (1a), Tymon Bylina (3b), Mi\u0142osz Borzyszkowski (3b), Lena Bujak (6a), Kornelia Domaracka (6a), Alina Manziuk (6a) uzyskali \u201ePonadprzeci\u0119tne wyniki\u201d w\u015br\u00f3d wszystkich startuj\u0105cych.  Tr\u00f3jka uczni\u00f3w zaj\u0119\u0142a wysokie miejsca w wojew\u00f3dztwie i uzyska\u0142a tytu\u0142 \u201eLaureata\u201d. Tatiana Ziemienowicz (6a) \u2013 28 miejsce , Natasza Ziemienowicz \u2013 34 lokata i Wojciech Grabarczyk 40 pozycja.  Najlepszym z naszej szko\u0142y okaza\u0142 si\u0119 Marek Radawiec (3a), kt\u00f3ry r\u00f3wnie\u017c uzyska\u0142 tytu\u0142 \u201eLaureata\u201d, zaj\u0105\u0142 12(!) miejsce w wojew\u00f3dztwie pomorskim, a 166 w ca\u0142ym kraju (na prawie 4000 startuj\u0105cych uczestnik\u00f3w w kategorii \u201ePion\u201d).  Gratulacje dla wszystkich uczni\u00f3w, przypomnijmy, \u017ce tr\u00f3jka dziewcz\u0105t z ww. grona, dopiero od tego roku ucz\u0119szcza na zaj\u0119cia szachowe w bibliotece szkolnej. Zapraszamy na \u201eSpotkania przy szachach\u201d w grupie pocz\u0105tkuj\u0105cej lub zaawansowanej.  Pami\u0119tajmy, \u017ce w naszym \u201eCentrum Wiedzy i Rozrywki\u201d mo\u017cna r\u00f3wnie\u017c wypo\u017cycza\u0107 i czyta\u0107 ksi\u0105\u017cki, bra\u0107 udzia\u0142 w projekcjach filmowych, turniejach, konkursach oraz lekcjach bibliotecznych, gra\u0107 w \u201eplansz\u00f3wki\u201d, korzysta\u0107 z komputer\u00f3w lub wyciszy\u0107 si\u0119 przed kolejnymi zaj\u0119ciami szkolnymi.  Zapraszamy!\" src=\"https:\/\/sp1slupsk.pl\/wp-content\/uploads\/2026\/04\/IMG_20251205_113526282_HDR-160x120.jpg\" rel=\"https:\/\/sp1slupsk.pl\/wp-content\/uploads\/2026\/04\/IMG_20251205_113526282_HDR-scaled.jpg\" \/>\n\t\t\t\t\t\t\t\t\t\t\t\t\t\t<\/a>\n\t\t\t\t\t\t\t\t\t\t\t\t\t\t\t\t\t\t\t\t\t\t\t\t\t<\/p>\n\t\t\t\t\t\t\t\t\t\t\t\t\t\t\t\t\t\t\t\t\t\t\t<\/div><!-- .gllr_image_block -->\n\t\t\t\t\t\t\t\t\t\t\t\t\t\t\t\t\t\t\t\t\t<div class=\"gllr_image_block\">\n\t\t\t\t\t\t\t\t\t\t\t\t<p style=\"width:180px;height:140px;\">\n\t\t\t\t\t\t\t\t\t\t\t\t\t\t\t\t\t\t\t\t\t\t\t\t\t\t\t<a rel=\"gallery_fancybox_91089\" href=\"https:\/\/sp1slupsk.pl\/wp-content\/uploads\/2026\/04\/Przerwa-na-czytanie-6-1024x683.jpg\" title=\"W dniu 26.03.2026 r., po raz pierwszy nasza szko\u0142a wzi\u0119\u0142a udzia\u0142 w presti\u017cowym konkursie og\u00f3lnopolskim, a w zasadzie og\u00f3lno\u015bwiatowym (bra\u0142y w nim tak\u017ce udzia\u0142 ch\u0119tni m. in. z Niemiec, W\u0142och, Francji). Z naszej szko\u0142y wystartowa\u0142o 11 os\u00f3b (7 w kategorii \u201ePion\u201d \u2013 klasy 1-3 oraz 5 os\u00f3b w kategorii \u201eGoniec\u201d \u2013 klasy 4-6). Uczniowie mieli do rozwi\u0105zania 30 zada\u0144 o zr\u00f3\u017cnicowanym poziomie trudno\u015bci.  W ca\u0142ej Polsce wystartowa\u0142o po kilka tysi\u0119cy uczni\u00f3w, w ka\u017cdej kategorii wiekowej. W samym wojew\u00f3dztwie pomorskim wzi\u0119\u0142o udzia\u0142 po kilkaset os\u00f3b w kategorii \u201ePion\u201d i tyle samo w grupie \u201eGoniec\u201d.  Nasz szko\u0142a spisa\u0142a si\u0119 bardzo dobrze. Damian Bia\u0142osk\u00f3rski (1a), Ernest Obia\u0142a (1a), Tymon Bylina (3b), Mi\u0142osz Borzyszkowski (3b), Lena Bujak (6a), Kornelia Domaracka (6a), Alina Manziuk (6a) uzyskali \u201ePonadprzeci\u0119tne wyniki\u201d w\u015br\u00f3d wszystkich startuj\u0105cych.  Tr\u00f3jka uczni\u00f3w zaj\u0119\u0142a wysokie miejsca w wojew\u00f3dztwie i uzyska\u0142a tytu\u0142 \u201eLaureata\u201d. Tatiana Ziemienowicz (6a) \u2013 28 miejsce , Natasza Ziemienowicz \u2013 34 lokata i Wojciech Grabarczyk 40 pozycja.  Najlepszym z naszej szko\u0142y okaza\u0142 si\u0119 Marek Radawiec (3a), kt\u00f3ry r\u00f3wnie\u017c uzyska\u0142 tytu\u0142 \u201eLaureata\u201d, zaj\u0105\u0142 12(!) miejsce w wojew\u00f3dztwie pomorskim, a 166 w ca\u0142ym kraju (na prawie 4000 startuj\u0105cych uczestnik\u00f3w w kategorii \u201ePion\u201d).  Gratulacje dla wszystkich uczni\u00f3w, przypomnijmy, \u017ce tr\u00f3jka dziewcz\u0105t z ww. grona, dopiero od tego roku ucz\u0119szcza na zaj\u0119cia szachowe w bibliotece szkolnej. Zapraszamy na \u201eSpotkania przy szachach\u201d w grupie pocz\u0105tkuj\u0105cej lub zaawansowanej.  Pami\u0119tajmy, \u017ce w naszym \u201eCentrum Wiedzy i Rozrywki\u201d mo\u017cna r\u00f3wnie\u017c wypo\u017cycza\u0107 i czyta\u0107 ksi\u0105\u017cki, bra\u0107 udzia\u0142 w projekcjach filmowych, turniejach, konkursach oraz lekcjach bibliotecznych, gra\u0107 w \u201eplansz\u00f3wki\u201d, korzysta\u0107 z komputer\u00f3w lub wyciszy\u0107 si\u0119 przed kolejnymi zaj\u0119ciami szkolnymi.  Zapraszamy!\">\n\t\t\t\t\t\t\t\t\t\t\t\t\t\t\t<img style=\"width:160px;height:120px; border-width: 10px; border-color:#F1F1F1;border: 10px solid #F1F1F1\" alt=\"\" title=\"W dniu 26.03.2026 r., po raz pierwszy nasza szko\u0142a wzi\u0119\u0142a udzia\u0142 w presti\u017cowym konkursie og\u00f3lnopolskim, a w zasadzie og\u00f3lno\u015bwiatowym (bra\u0142y w nim tak\u017ce udzia\u0142 ch\u0119tni m. in. z Niemiec, W\u0142och, Francji). Z naszej szko\u0142y wystartowa\u0142o 11 os\u00f3b (7 w kategorii \u201ePion\u201d \u2013 klasy 1-3 oraz 5 os\u00f3b w kategorii \u201eGoniec\u201d \u2013 klasy 4-6). Uczniowie mieli do rozwi\u0105zania 30 zada\u0144 o zr\u00f3\u017cnicowanym poziomie trudno\u015bci.  W ca\u0142ej Polsce wystartowa\u0142o po kilka tysi\u0119cy uczni\u00f3w, w ka\u017cdej kategorii wiekowej. W samym wojew\u00f3dztwie pomorskim wzi\u0119\u0142o udzia\u0142 po kilkaset os\u00f3b w kategorii \u201ePion\u201d i tyle samo w grupie \u201eGoniec\u201d.  Nasz szko\u0142a spisa\u0142a si\u0119 bardzo dobrze. Damian Bia\u0142osk\u00f3rski (1a), Ernest Obia\u0142a (1a), Tymon Bylina (3b), Mi\u0142osz Borzyszkowski (3b), Lena Bujak (6a), Kornelia Domaracka (6a), Alina Manziuk (6a) uzyskali \u201ePonadprzeci\u0119tne wyniki\u201d w\u015br\u00f3d wszystkich startuj\u0105cych.  Tr\u00f3jka uczni\u00f3w zaj\u0119\u0142a wysokie miejsca w wojew\u00f3dztwie i uzyska\u0142a tytu\u0142 \u201eLaureata\u201d. Tatiana Ziemienowicz (6a) \u2013 28 miejsce , Natasza Ziemienowicz \u2013 34 lokata i Wojciech Grabarczyk 40 pozycja.  Najlepszym z naszej szko\u0142y okaza\u0142 si\u0119 Marek Radawiec (3a), kt\u00f3ry r\u00f3wnie\u017c uzyska\u0142 tytu\u0142 \u201eLaureata\u201d, zaj\u0105\u0142 12(!) miejsce w wojew\u00f3dztwie pomorskim, a 166 w ca\u0142ym kraju (na prawie 4000 startuj\u0105cych uczestnik\u00f3w w kategorii \u201ePion\u201d).  Gratulacje dla wszystkich uczni\u00f3w, przypomnijmy, \u017ce tr\u00f3jka dziewcz\u0105t z ww. grona, dopiero od tego roku ucz\u0119szcza na zaj\u0119cia szachowe w bibliotece szkolnej. Zapraszamy na \u201eSpotkania przy szachach\u201d w grupie pocz\u0105tkuj\u0105cej lub zaawansowanej.  Pami\u0119tajmy, \u017ce w naszym \u201eCentrum Wiedzy i Rozrywki\u201d mo\u017cna r\u00f3wnie\u017c wypo\u017cycza\u0107 i czyta\u0107 ksi\u0105\u017cki, bra\u0107 udzia\u0142 w projekcjach filmowych, turniejach, konkursach oraz lekcjach bibliotecznych, gra\u0107 w \u201eplansz\u00f3wki\u201d, korzysta\u0107 z komputer\u00f3w lub wyciszy\u0107 si\u0119 przed kolejnymi zaj\u0119ciami szkolnymi.  Zapraszamy!\" src=\"https:\/\/sp1slupsk.pl\/wp-content\/uploads\/2026\/04\/Przerwa-na-czytanie-6-160x120.jpg\" rel=\"https:\/\/sp1slupsk.pl\/wp-content\/uploads\/2026\/04\/Przerwa-na-czytanie-6.jpg\" \/>\n\t\t\t\t\t\t\t\t\t\t\t\t\t\t<\/a>\n\t\t\t\t\t\t\t\t\t\t\t\t\t\t\t\t\t\t\t\t\t\t\t\t\t<\/p>\n\t\t\t\t\t\t\t\t\t\t\t\t\t\t\t\t\t\t\t\t\t\t\t<\/div><!-- .gllr_image_block -->\n\t\t\t\t\t\t\t\t\t\t\t\t\t\t\t\t\t\t\t\t\t<\/div><!-- .gllr_image_row -->\n\t\t\t\t\t\t\t\t\t\t\t\t\t\t\t\t\t\t\t\t\t<div class=\"gllr_image_row\">\n\t\t\t\t\t\t\t\t\t\t\t\t\t\t\t\t\t\t\t\t\t<div class=\"gllr_image_block\">\n\t\t\t\t\t\t\t\t\t\t\t\t<p style=\"width:180px;height:140px;\">\n\t\t\t\t\t\t\t\t\t\t\t\t\t\t\t\t\t\t\t\t\t\t\t\t\t\t\t<a rel=\"gallery_fancybox_91089\" href=\"https:\/\/sp1slupsk.pl\/wp-content\/uploads\/2026\/04\/aefe166b-3c65-454f-bace-ee38cb1488d4-1024x690.jpg\" title=\"W dniu 26.03.2026 r., po raz pierwszy nasza szko\u0142a wzi\u0119\u0142a udzia\u0142 w presti\u017cowym konkursie og\u00f3lnopolskim, a w zasadzie og\u00f3lno\u015bwiatowym (bra\u0142y w nim tak\u017ce udzia\u0142 ch\u0119tni m. in. z Niemiec, W\u0142och, Francji). Z naszej szko\u0142y wystartowa\u0142o 11 os\u00f3b (7 w kategorii \u201ePion\u201d \u2013 klasy 1-3 oraz 5 os\u00f3b w kategorii \u201eGoniec\u201d \u2013 klasy 4-6). Uczniowie mieli do rozwi\u0105zania 30 zada\u0144 o zr\u00f3\u017cnicowanym poziomie trudno\u015bci.  W ca\u0142ej Polsce wystartowa\u0142o po kilka tysi\u0119cy uczni\u00f3w, w ka\u017cdej kategorii wiekowej. W samym wojew\u00f3dztwie pomorskim wzi\u0119\u0142o udzia\u0142 po kilkaset os\u00f3b w kategorii \u201ePion\u201d i tyle samo w grupie \u201eGoniec\u201d.  Nasz szko\u0142a spisa\u0142a si\u0119 bardzo dobrze. Damian Bia\u0142osk\u00f3rski (1a), Ernest Obia\u0142a (1a), Tymon Bylina (3b), Mi\u0142osz Borzyszkowski (3b), Lena Bujak (6a), Kornelia Domaracka (6a), Alina Manziuk (6a) uzyskali \u201ePonadprzeci\u0119tne wyniki\u201d w\u015br\u00f3d wszystkich startuj\u0105cych.  Tr\u00f3jka uczni\u00f3w zaj\u0119\u0142a wysokie miejsca w wojew\u00f3dztwie i uzyska\u0142a tytu\u0142 \u201eLaureata\u201d. Tatiana Ziemienowicz (6a) \u2013 28 miejsce , Natasza Ziemienowicz \u2013 34 lokata i Wojciech Grabarczyk 40 pozycja.  Najlepszym z naszej szko\u0142y okaza\u0142 si\u0119 Marek Radawiec (3a), kt\u00f3ry r\u00f3wnie\u017c uzyska\u0142 tytu\u0142 \u201eLaureata\u201d, zaj\u0105\u0142 12(!) miejsce w wojew\u00f3dztwie pomorskim, a 166 w ca\u0142ym kraju (na prawie 4000 startuj\u0105cych uczestnik\u00f3w w kategorii \u201ePion\u201d).  Gratulacje dla wszystkich uczni\u00f3w, przypomnijmy, \u017ce tr\u00f3jka dziewcz\u0105t z ww. grona, dopiero od tego roku ucz\u0119szcza na zaj\u0119cia szachowe w bibliotece szkolnej. Zapraszamy na \u201eSpotkania przy szachach\u201d w grupie pocz\u0105tkuj\u0105cej lub zaawansowanej.  Pami\u0119tajmy, \u017ce w naszym \u201eCentrum Wiedzy i Rozrywki\u201d mo\u017cna r\u00f3wnie\u017c wypo\u017cycza\u0107 i czyta\u0107 ksi\u0105\u017cki, bra\u0107 udzia\u0142 w projekcjach filmowych, turniejach, konkursach oraz lekcjach bibliotecznych, gra\u0107 w \u201eplansz\u00f3wki\u201d, korzysta\u0107 z komputer\u00f3w lub wyciszy\u0107 si\u0119 przed kolejnymi zaj\u0119ciami szkolnymi.  Zapraszamy!\">\n\t\t\t\t\t\t\t\t\t\t\t\t\t\t\t<img style=\"width:160px;height:120px; border-width: 10px; border-color:#F1F1F1;border: 10px solid #F1F1F1\" alt=\"\" title=\"W dniu 26.03.2026 r., po raz pierwszy nasza szko\u0142a wzi\u0119\u0142a udzia\u0142 w presti\u017cowym konkursie og\u00f3lnopolskim, a w zasadzie og\u00f3lno\u015bwiatowym (bra\u0142y w nim tak\u017ce udzia\u0142 ch\u0119tni m. in. z Niemiec, W\u0142och, Francji). Z naszej szko\u0142y wystartowa\u0142o 11 os\u00f3b (7 w kategorii \u201ePion\u201d \u2013 klasy 1-3 oraz 5 os\u00f3b w kategorii \u201eGoniec\u201d \u2013 klasy 4-6). Uczniowie mieli do rozwi\u0105zania 30 zada\u0144 o zr\u00f3\u017cnicowanym poziomie trudno\u015bci.  W ca\u0142ej Polsce wystartowa\u0142o po kilka tysi\u0119cy uczni\u00f3w, w ka\u017cdej kategorii wiekowej. W samym wojew\u00f3dztwie pomorskim wzi\u0119\u0142o udzia\u0142 po kilkaset os\u00f3b w kategorii \u201ePion\u201d i tyle samo w grupie \u201eGoniec\u201d.  Nasz szko\u0142a spisa\u0142a si\u0119 bardzo dobrze. Damian Bia\u0142osk\u00f3rski (1a), Ernest Obia\u0142a (1a), Tymon Bylina (3b), Mi\u0142osz Borzyszkowski (3b), Lena Bujak (6a), Kornelia Domaracka (6a), Alina Manziuk (6a) uzyskali \u201ePonadprzeci\u0119tne wyniki\u201d w\u015br\u00f3d wszystkich startuj\u0105cych.  Tr\u00f3jka uczni\u00f3w zaj\u0119\u0142a wysokie miejsca w wojew\u00f3dztwie i uzyska\u0142a tytu\u0142 \u201eLaureata\u201d. Tatiana Ziemienowicz (6a) \u2013 28 miejsce , Natasza Ziemienowicz \u2013 34 lokata i Wojciech Grabarczyk 40 pozycja.  Najlepszym z naszej szko\u0142y okaza\u0142 si\u0119 Marek Radawiec (3a), kt\u00f3ry r\u00f3wnie\u017c uzyska\u0142 tytu\u0142 \u201eLaureata\u201d, zaj\u0105\u0142 12(!) miejsce w wojew\u00f3dztwie pomorskim, a 166 w ca\u0142ym kraju (na prawie 4000 startuj\u0105cych uczestnik\u00f3w w kategorii \u201ePion\u201d).  Gratulacje dla wszystkich uczni\u00f3w, przypomnijmy, \u017ce tr\u00f3jka dziewcz\u0105t z ww. grona, dopiero od tego roku ucz\u0119szcza na zaj\u0119cia szachowe w bibliotece szkolnej. Zapraszamy na \u201eSpotkania przy szachach\u201d w grupie pocz\u0105tkuj\u0105cej lub zaawansowanej.  Pami\u0119tajmy, \u017ce w naszym \u201eCentrum Wiedzy i Rozrywki\u201d mo\u017cna r\u00f3wnie\u017c wypo\u017cycza\u0107 i czyta\u0107 ksi\u0105\u017cki, bra\u0107 udzia\u0142 w projekcjach filmowych, turniejach, konkursach oraz lekcjach bibliotecznych, gra\u0107 w \u201eplansz\u00f3wki\u201d, korzysta\u0107 z komputer\u00f3w lub wyciszy\u0107 si\u0119 przed kolejnymi zaj\u0119ciami szkolnymi.  Zapraszamy!\" src=\"https:\/\/sp1slupsk.pl\/wp-content\/uploads\/2026\/04\/aefe166b-3c65-454f-bace-ee38cb1488d4-160x120.jpg\" rel=\"https:\/\/sp1slupsk.pl\/wp-content\/uploads\/2026\/04\/aefe166b-3c65-454f-bace-ee38cb1488d4.jpg\" \/>\n\t\t\t\t\t\t\t\t\t\t\t\t\t\t<\/a>\n\t\t\t\t\t\t\t\t\t\t\t\t\t\t\t\t\t\t\t\t\t\t\t\t\t<\/p>\n\t\t\t\t\t\t\t\t\t\t\t\t\t\t\t\t\t\t\t\t\t\t\t<\/div><!-- .gllr_image_block -->\n\t\t\t\t\t\t\t\t\t\t\t\t\t\t\t\t\t\t\t\t\t<div class=\"gllr_image_block\">\n\t\t\t\t\t\t\t\t\t\t\t\t<p style=\"width:180px;height:140px;\">\n\t\t\t\t\t\t\t\t\t\t\t\t\t\t\t\t\t\t\t\t\t\t\t\t\t\t\t<a rel=\"gallery_fancybox_91089\" href=\"https:\/\/sp1slupsk.pl\/wp-content\/uploads\/2026\/04\/IMG_20251209_102421188_HDR-1024x768.jpg\" title=\"W dniu 26.03.2026 r., po raz pierwszy nasza szko\u0142a wzi\u0119\u0142a udzia\u0142 w presti\u017cowym konkursie og\u00f3lnopolskim, a w zasadzie og\u00f3lno\u015bwiatowym (bra\u0142y w nim tak\u017ce udzia\u0142 ch\u0119tni m. in. z Niemiec, W\u0142och, Francji). Z naszej szko\u0142y wystartowa\u0142o 11 os\u00f3b (7 w kategorii \u201ePion\u201d \u2013 klasy 1-3 oraz 5 os\u00f3b w kategorii \u201eGoniec\u201d \u2013 klasy 4-6). Uczniowie mieli do rozwi\u0105zania 30 zada\u0144 o zr\u00f3\u017cnicowanym poziomie trudno\u015bci.  W ca\u0142ej Polsce wystartowa\u0142o po kilka tysi\u0119cy uczni\u00f3w, w ka\u017cdej kategorii wiekowej. W samym wojew\u00f3dztwie pomorskim wzi\u0119\u0142o udzia\u0142 po kilkaset os\u00f3b w kategorii \u201ePion\u201d i tyle samo w grupie \u201eGoniec\u201d.  Nasz szko\u0142a spisa\u0142a si\u0119 bardzo dobrze. Damian Bia\u0142osk\u00f3rski (1a), Ernest Obia\u0142a (1a), Tymon Bylina (3b), Mi\u0142osz Borzyszkowski (3b), Lena Bujak (6a), Kornelia Domaracka (6a), Alina Manziuk (6a) uzyskali \u201ePonadprzeci\u0119tne wyniki\u201d w\u015br\u00f3d wszystkich startuj\u0105cych.  Tr\u00f3jka uczni\u00f3w zaj\u0119\u0142a wysokie miejsca w wojew\u00f3dztwie i uzyska\u0142a tytu\u0142 \u201eLaureata\u201d. Tatiana Ziemienowicz (6a) \u2013 28 miejsce , Natasza Ziemienowicz \u2013 34 lokata i Wojciech Grabarczyk 40 pozycja.  Najlepszym z naszej szko\u0142y okaza\u0142 si\u0119 Marek Radawiec (3a), kt\u00f3ry r\u00f3wnie\u017c uzyska\u0142 tytu\u0142 \u201eLaureata\u201d, zaj\u0105\u0142 12(!) miejsce w wojew\u00f3dztwie pomorskim, a 166 w ca\u0142ym kraju (na prawie 4000 startuj\u0105cych uczestnik\u00f3w w kategorii \u201ePion\u201d).  Gratulacje dla wszystkich uczni\u00f3w, przypomnijmy, \u017ce tr\u00f3jka dziewcz\u0105t z ww. grona, dopiero od tego roku ucz\u0119szcza na zaj\u0119cia szachowe w bibliotece szkolnej. Zapraszamy na \u201eSpotkania przy szachach\u201d w grupie pocz\u0105tkuj\u0105cej lub zaawansowanej.  Pami\u0119tajmy, \u017ce w naszym \u201eCentrum Wiedzy i Rozrywki\u201d mo\u017cna r\u00f3wnie\u017c wypo\u017cycza\u0107 i czyta\u0107 ksi\u0105\u017cki, bra\u0107 udzia\u0142 w projekcjach filmowych, turniejach, konkursach oraz lekcjach bibliotecznych, gra\u0107 w \u201eplansz\u00f3wki\u201d, korzysta\u0107 z komputer\u00f3w lub wyciszy\u0107 si\u0119 przed kolejnymi zaj\u0119ciami szkolnymi.  Zapraszamy!\">\n\t\t\t\t\t\t\t\t\t\t\t\t\t\t\t<img style=\"width:160px;height:120px; border-width: 10px; border-color:#F1F1F1;border: 10px solid #F1F1F1\" alt=\"\" title=\"W dniu 26.03.2026 r., po raz pierwszy nasza szko\u0142a wzi\u0119\u0142a udzia\u0142 w presti\u017cowym konkursie og\u00f3lnopolskim, a w zasadzie og\u00f3lno\u015bwiatowym (bra\u0142y w nim tak\u017ce udzia\u0142 ch\u0119tni m. in. z Niemiec, W\u0142och, Francji). Z naszej szko\u0142y wystartowa\u0142o 11 os\u00f3b (7 w kategorii \u201ePion\u201d \u2013 klasy 1-3 oraz 5 os\u00f3b w kategorii \u201eGoniec\u201d \u2013 klasy 4-6). Uczniowie mieli do rozwi\u0105zania 30 zada\u0144 o zr\u00f3\u017cnicowanym poziomie trudno\u015bci.  W ca\u0142ej Polsce wystartowa\u0142o po kilka tysi\u0119cy uczni\u00f3w, w ka\u017cdej kategorii wiekowej. W samym wojew\u00f3dztwie pomorskim wzi\u0119\u0142o udzia\u0142 po kilkaset os\u00f3b w kategorii \u201ePion\u201d i tyle samo w grupie \u201eGoniec\u201d.  Nasz szko\u0142a spisa\u0142a si\u0119 bardzo dobrze. Damian Bia\u0142osk\u00f3rski (1a), Ernest Obia\u0142a (1a), Tymon Bylina (3b), Mi\u0142osz Borzyszkowski (3b), Lena Bujak (6a), Kornelia Domaracka (6a), Alina Manziuk (6a) uzyskali \u201ePonadprzeci\u0119tne wyniki\u201d w\u015br\u00f3d wszystkich startuj\u0105cych.  Tr\u00f3jka uczni\u00f3w zaj\u0119\u0142a wysokie miejsca w wojew\u00f3dztwie i uzyska\u0142a tytu\u0142 \u201eLaureata\u201d. Tatiana Ziemienowicz (6a) \u2013 28 miejsce , Natasza Ziemienowicz \u2013 34 lokata i Wojciech Grabarczyk 40 pozycja.  Najlepszym z naszej szko\u0142y okaza\u0142 si\u0119 Marek Radawiec (3a), kt\u00f3ry r\u00f3wnie\u017c uzyska\u0142 tytu\u0142 \u201eLaureata\u201d, zaj\u0105\u0142 12(!) miejsce w wojew\u00f3dztwie pomorskim, a 166 w ca\u0142ym kraju (na prawie 4000 startuj\u0105cych uczestnik\u00f3w w kategorii \u201ePion\u201d).  Gratulacje dla wszystkich uczni\u00f3w, przypomnijmy, \u017ce tr\u00f3jka dziewcz\u0105t z ww. grona, dopiero od tego roku ucz\u0119szcza na zaj\u0119cia szachowe w bibliotece szkolnej. Zapraszamy na \u201eSpotkania przy szachach\u201d w grupie pocz\u0105tkuj\u0105cej lub zaawansowanej.  Pami\u0119tajmy, \u017ce w naszym \u201eCentrum Wiedzy i Rozrywki\u201d mo\u017cna r\u00f3wnie\u017c wypo\u017cycza\u0107 i czyta\u0107 ksi\u0105\u017cki, bra\u0107 udzia\u0142 w projekcjach filmowych, turniejach, konkursach oraz lekcjach bibliotecznych, gra\u0107 w \u201eplansz\u00f3wki\u201d, korzysta\u0107 z komputer\u00f3w lub wyciszy\u0107 si\u0119 przed kolejnymi zaj\u0119ciami szkolnymi.  Zapraszamy!\" src=\"https:\/\/sp1slupsk.pl\/wp-content\/uploads\/2026\/04\/IMG_20251209_102421188_HDR-160x120.jpg\" rel=\"https:\/\/sp1slupsk.pl\/wp-content\/uploads\/2026\/04\/IMG_20251209_102421188_HDR-scaled.jpg\" \/>\n\t\t\t\t\t\t\t\t\t\t\t\t\t\t<\/a>\n\t\t\t\t\t\t\t\t\t\t\t\t\t\t\t\t\t\t\t\t\t\t\t\t\t<\/p>\n\t\t\t\t\t\t\t\t\t\t\t\t\t\t\t\t\t\t\t\t\t\t\t<\/div><!-- .gllr_image_block -->\n\t\t\t\t\t\t\t\t\t\t\t\t\t\t\t\t\t\t\t\t\t<div class=\"gllr_image_block\">\n\t\t\t\t\t\t\t\t\t\t\t\t<p style=\"width:180px;height:140px;\">\n\t\t\t\t\t\t\t\t\t\t\t\t\t\t\t\t\t\t\t\t\t\t\t\t\t\t\t<a rel=\"gallery_fancybox_91089\" href=\"https:\/\/sp1slupsk.pl\/wp-content\/uploads\/2026\/04\/60a52044-2fcb-49c0-b65a-8fd3352f12f6-1024x768.jpg\" title=\"W dniu 26.03.2026 r., po raz pierwszy nasza szko\u0142a wzi\u0119\u0142a udzia\u0142 w presti\u017cowym konkursie og\u00f3lnopolskim, a w zasadzie og\u00f3lno\u015bwiatowym (bra\u0142y w nim tak\u017ce udzia\u0142 ch\u0119tni m. in. z Niemiec, W\u0142och, Francji). Z naszej szko\u0142y wystartowa\u0142o 11 os\u00f3b (7 w kategorii \u201ePion\u201d \u2013 klasy 1-3 oraz 5 os\u00f3b w kategorii \u201eGoniec\u201d \u2013 klasy 4-6). Uczniowie mieli do rozwi\u0105zania 30 zada\u0144 o zr\u00f3\u017cnicowanym poziomie trudno\u015bci.  W ca\u0142ej Polsce wystartowa\u0142o po kilka tysi\u0119cy uczni\u00f3w, w ka\u017cdej kategorii wiekowej. W samym wojew\u00f3dztwie pomorskim wzi\u0119\u0142o udzia\u0142 po kilkaset os\u00f3b w kategorii \u201ePion\u201d i tyle samo w grupie \u201eGoniec\u201d.  Nasz szko\u0142a spisa\u0142a si\u0119 bardzo dobrze. Damian Bia\u0142osk\u00f3rski (1a), Ernest Obia\u0142a (1a), Tymon Bylina (3b), Mi\u0142osz Borzyszkowski (3b), Lena Bujak (6a), Kornelia Domaracka (6a), Alina Manziuk (6a) uzyskali \u201ePonadprzeci\u0119tne wyniki\u201d w\u015br\u00f3d wszystkich startuj\u0105cych.  Tr\u00f3jka uczni\u00f3w zaj\u0119\u0142a wysokie miejsca w wojew\u00f3dztwie i uzyska\u0142a tytu\u0142 \u201eLaureata\u201d. Tatiana Ziemienowicz (6a) \u2013 28 miejsce , Natasza Ziemienowicz \u2013 34 lokata i Wojciech Grabarczyk 40 pozycja.  Najlepszym z naszej szko\u0142y okaza\u0142 si\u0119 Marek Radawiec (3a), kt\u00f3ry r\u00f3wnie\u017c uzyska\u0142 tytu\u0142 \u201eLaureata\u201d, zaj\u0105\u0142 12(!) miejsce w wojew\u00f3dztwie pomorskim, a 166 w ca\u0142ym kraju (na prawie 4000 startuj\u0105cych uczestnik\u00f3w w kategorii \u201ePion\u201d).  Gratulacje dla wszystkich uczni\u00f3w, przypomnijmy, \u017ce tr\u00f3jka dziewcz\u0105t z ww. grona, dopiero od tego roku ucz\u0119szcza na zaj\u0119cia szachowe w bibliotece szkolnej. Zapraszamy na \u201eSpotkania przy szachach\u201d w grupie pocz\u0105tkuj\u0105cej lub zaawansowanej.  Pami\u0119tajmy, \u017ce w naszym \u201eCentrum Wiedzy i Rozrywki\u201d mo\u017cna r\u00f3wnie\u017c wypo\u017cycza\u0107 i czyta\u0107 ksi\u0105\u017cki, bra\u0107 udzia\u0142 w projekcjach filmowych, turniejach, konkursach oraz lekcjach bibliotecznych, gra\u0107 w \u201eplansz\u00f3wki\u201d, korzysta\u0107 z komputer\u00f3w lub wyciszy\u0107 si\u0119 przed kolejnymi zaj\u0119ciami szkolnymi.  Zapraszamy!\">\n\t\t\t\t\t\t\t\t\t\t\t\t\t\t\t<img style=\"width:160px;height:120px; border-width: 10px; border-color:#F1F1F1;border: 10px solid #F1F1F1\" alt=\"\" title=\"W dniu 26.03.2026 r., po raz pierwszy nasza szko\u0142a wzi\u0119\u0142a udzia\u0142 w presti\u017cowym konkursie og\u00f3lnopolskim, a w zasadzie og\u00f3lno\u015bwiatowym (bra\u0142y w nim tak\u017ce udzia\u0142 ch\u0119tni m. in. z Niemiec, W\u0142och, Francji). Z naszej szko\u0142y wystartowa\u0142o 11 os\u00f3b (7 w kategorii \u201ePion\u201d \u2013 klasy 1-3 oraz 5 os\u00f3b w kategorii \u201eGoniec\u201d \u2013 klasy 4-6). Uczniowie mieli do rozwi\u0105zania 30 zada\u0144 o zr\u00f3\u017cnicowanym poziomie trudno\u015bci.  W ca\u0142ej Polsce wystartowa\u0142o po kilka tysi\u0119cy uczni\u00f3w, w ka\u017cdej kategorii wiekowej. W samym wojew\u00f3dztwie pomorskim wzi\u0119\u0142o udzia\u0142 po kilkaset os\u00f3b w kategorii \u201ePion\u201d i tyle samo w grupie \u201eGoniec\u201d.  Nasz szko\u0142a spisa\u0142a si\u0119 bardzo dobrze. Damian Bia\u0142osk\u00f3rski (1a), Ernest Obia\u0142a (1a), Tymon Bylina (3b), Mi\u0142osz Borzyszkowski (3b), Lena Bujak (6a), Kornelia Domaracka (6a), Alina Manziuk (6a) uzyskali \u201ePonadprzeci\u0119tne wyniki\u201d w\u015br\u00f3d wszystkich startuj\u0105cych.  Tr\u00f3jka uczni\u00f3w zaj\u0119\u0142a wysokie miejsca w wojew\u00f3dztwie i uzyska\u0142a tytu\u0142 \u201eLaureata\u201d. Tatiana Ziemienowicz (6a) \u2013 28 miejsce , Natasza Ziemienowicz \u2013 34 lokata i Wojciech Grabarczyk 40 pozycja.  Najlepszym z naszej szko\u0142y okaza\u0142 si\u0119 Marek Radawiec (3a), kt\u00f3ry r\u00f3wnie\u017c uzyska\u0142 tytu\u0142 \u201eLaureata\u201d, zaj\u0105\u0142 12(!) miejsce w wojew\u00f3dztwie pomorskim, a 166 w ca\u0142ym kraju (na prawie 4000 startuj\u0105cych uczestnik\u00f3w w kategorii \u201ePion\u201d).  Gratulacje dla wszystkich uczni\u00f3w, przypomnijmy, \u017ce tr\u00f3jka dziewcz\u0105t z ww. grona, dopiero od tego roku ucz\u0119szcza na zaj\u0119cia szachowe w bibliotece szkolnej. Zapraszamy na \u201eSpotkania przy szachach\u201d w grupie pocz\u0105tkuj\u0105cej lub zaawansowanej.  Pami\u0119tajmy, \u017ce w naszym \u201eCentrum Wiedzy i Rozrywki\u201d mo\u017cna r\u00f3wnie\u017c wypo\u017cycza\u0107 i czyta\u0107 ksi\u0105\u017cki, bra\u0107 udzia\u0142 w projekcjach filmowych, turniejach, konkursach oraz lekcjach bibliotecznych, gra\u0107 w \u201eplansz\u00f3wki\u201d, korzysta\u0107 z komputer\u00f3w lub wyciszy\u0107 si\u0119 przed kolejnymi zaj\u0119ciami szkolnymi.  Zapraszamy!\" src=\"https:\/\/sp1slupsk.pl\/wp-content\/uploads\/2026\/04\/60a52044-2fcb-49c0-b65a-8fd3352f12f6-160x120.jpg\" rel=\"https:\/\/sp1slupsk.pl\/wp-content\/uploads\/2026\/04\/60a52044-2fcb-49c0-b65a-8fd3352f12f6.jpg\" \/>\n\t\t\t\t\t\t\t\t\t\t\t\t\t\t<\/a>\n\t\t\t\t\t\t\t\t\t\t\t\t\t\t\t\t\t\t\t\t\t\t\t\t\t<\/p>\n\t\t\t\t\t\t\t\t\t\t\t\t\t\t\t\t\t\t\t\t\t\t\t<\/div><!-- .gllr_image_block -->\n\t\t\t\t\t\t\t\t\t\t\t\t\t\t\t\t\t\t\t\t\t<\/div><!-- .gllr_image_row -->\n\t\t\t\t\t\t\t\t\t\t\t\t\t\t\t\t\t\t\t\t\t<div class=\"gllr_image_row\">\n\t\t\t\t\t\t\t\t\t\t\t\t\t\t\t\t\t\t\t\t\t<div class=\"gllr_image_block\">\n\t\t\t\t\t\t\t\t\t\t\t\t<p style=\"width:180px;height:140px;\">\n\t\t\t\t\t\t\t\t\t\t\t\t\t\t\t\t\t\t\t\t\t\t\t\t\t\t\t<a rel=\"gallery_fancybox_91089\" href=\"https:\/\/sp1slupsk.pl\/wp-content\/uploads\/2026\/04\/aad3f499-c521-4142-b5ab-0d1af78951c1-1024x768.jpg\" title=\"W dniu 26.03.2026 r., po raz pierwszy nasza szko\u0142a wzi\u0119\u0142a udzia\u0142 w presti\u017cowym konkursie og\u00f3lnopolskim, a w zasadzie og\u00f3lno\u015bwiatowym (bra\u0142y w nim tak\u017ce udzia\u0142 ch\u0119tni m. in. z Niemiec, W\u0142och, Francji). Z naszej szko\u0142y wystartowa\u0142o 11 os\u00f3b (7 w kategorii \u201ePion\u201d \u2013 klasy 1-3 oraz 5 os\u00f3b w kategorii \u201eGoniec\u201d \u2013 klasy 4-6). Uczniowie mieli do rozwi\u0105zania 30 zada\u0144 o zr\u00f3\u017cnicowanym poziomie trudno\u015bci.  W ca\u0142ej Polsce wystartowa\u0142o po kilka tysi\u0119cy uczni\u00f3w, w ka\u017cdej kategorii wiekowej. W samym wojew\u00f3dztwie pomorskim wzi\u0119\u0142o udzia\u0142 po kilkaset os\u00f3b w kategorii \u201ePion\u201d i tyle samo w grupie \u201eGoniec\u201d.  Nasz szko\u0142a spisa\u0142a si\u0119 bardzo dobrze. Damian Bia\u0142osk\u00f3rski (1a), Ernest Obia\u0142a (1a), Tymon Bylina (3b), Mi\u0142osz Borzyszkowski (3b), Lena Bujak (6a), Kornelia Domaracka (6a), Alina Manziuk (6a) uzyskali \u201ePonadprzeci\u0119tne wyniki\u201d w\u015br\u00f3d wszystkich startuj\u0105cych.  Tr\u00f3jka uczni\u00f3w zaj\u0119\u0142a wysokie miejsca w wojew\u00f3dztwie i uzyska\u0142a tytu\u0142 \u201eLaureata\u201d. Tatiana Ziemienowicz (6a) \u2013 28 miejsce , Natasza Ziemienowicz \u2013 34 lokata i Wojciech Grabarczyk 40 pozycja.  Najlepszym z naszej szko\u0142y okaza\u0142 si\u0119 Marek Radawiec (3a), kt\u00f3ry r\u00f3wnie\u017c uzyska\u0142 tytu\u0142 \u201eLaureata\u201d, zaj\u0105\u0142 12(!) miejsce w wojew\u00f3dztwie pomorskim, a 166 w ca\u0142ym kraju (na prawie 4000 startuj\u0105cych uczestnik\u00f3w w kategorii \u201ePion\u201d).  Gratulacje dla wszystkich uczni\u00f3w, przypomnijmy, \u017ce tr\u00f3jka dziewcz\u0105t z ww. grona, dopiero od tego roku ucz\u0119szcza na zaj\u0119cia szachowe w bibliotece szkolnej. Zapraszamy na \u201eSpotkania przy szachach\u201d w grupie pocz\u0105tkuj\u0105cej lub zaawansowanej.  Pami\u0119tajmy, \u017ce w naszym \u201eCentrum Wiedzy i Rozrywki\u201d mo\u017cna r\u00f3wnie\u017c wypo\u017cycza\u0107 i czyta\u0107 ksi\u0105\u017cki, bra\u0107 udzia\u0142 w projekcjach filmowych, turniejach, konkursach oraz lekcjach bibliotecznych, gra\u0107 w \u201eplansz\u00f3wki\u201d, korzysta\u0107 z komputer\u00f3w lub wyciszy\u0107 si\u0119 przed kolejnymi zaj\u0119ciami szkolnymi.  Zapraszamy!\">\n\t\t\t\t\t\t\t\t\t\t\t\t\t\t\t<img style=\"width:160px;height:120px; border-width: 10px; border-color:#F1F1F1;border: 10px solid #F1F1F1\" alt=\"\" title=\"W dniu 26.03.2026 r., po raz pierwszy nasza szko\u0142a wzi\u0119\u0142a udzia\u0142 w presti\u017cowym konkursie og\u00f3lnopolskim, a w zasadzie og\u00f3lno\u015bwiatowym (bra\u0142y w nim tak\u017ce udzia\u0142 ch\u0119tni m. in. z Niemiec, W\u0142och, Francji). Z naszej szko\u0142y wystartowa\u0142o 11 os\u00f3b (7 w kategorii \u201ePion\u201d \u2013 klasy 1-3 oraz 5 os\u00f3b w kategorii \u201eGoniec\u201d \u2013 klasy 4-6). Uczniowie mieli do rozwi\u0105zania 30 zada\u0144 o zr\u00f3\u017cnicowanym poziomie trudno\u015bci.  W ca\u0142ej Polsce wystartowa\u0142o po kilka tysi\u0119cy uczni\u00f3w, w ka\u017cdej kategorii wiekowej. W samym wojew\u00f3dztwie pomorskim wzi\u0119\u0142o udzia\u0142 po kilkaset os\u00f3b w kategorii \u201ePion\u201d i tyle samo w grupie \u201eGoniec\u201d.  Nasz szko\u0142a spisa\u0142a si\u0119 bardzo dobrze. Damian Bia\u0142osk\u00f3rski (1a), Ernest Obia\u0142a (1a), Tymon Bylina (3b), Mi\u0142osz Borzyszkowski (3b), Lena Bujak (6a), Kornelia Domaracka (6a), Alina Manziuk (6a) uzyskali \u201ePonadprzeci\u0119tne wyniki\u201d w\u015br\u00f3d wszystkich startuj\u0105cych.  Tr\u00f3jka uczni\u00f3w zaj\u0119\u0142a wysokie miejsca w wojew\u00f3dztwie i uzyska\u0142a tytu\u0142 \u201eLaureata\u201d. Tatiana Ziemienowicz (6a) \u2013 28 miejsce , Natasza Ziemienowicz \u2013 34 lokata i Wojciech Grabarczyk 40 pozycja.  Najlepszym z naszej szko\u0142y okaza\u0142 si\u0119 Marek Radawiec (3a), kt\u00f3ry r\u00f3wnie\u017c uzyska\u0142 tytu\u0142 \u201eLaureata\u201d, zaj\u0105\u0142 12(!) miejsce w wojew\u00f3dztwie pomorskim, a 166 w ca\u0142ym kraju (na prawie 4000 startuj\u0105cych uczestnik\u00f3w w kategorii \u201ePion\u201d).  Gratulacje dla wszystkich uczni\u00f3w, przypomnijmy, \u017ce tr\u00f3jka dziewcz\u0105t z ww. grona, dopiero od tego roku ucz\u0119szcza na zaj\u0119cia szachowe w bibliotece szkolnej. Zapraszamy na \u201eSpotkania przy szachach\u201d w grupie pocz\u0105tkuj\u0105cej lub zaawansowanej.  Pami\u0119tajmy, \u017ce w naszym \u201eCentrum Wiedzy i Rozrywki\u201d mo\u017cna r\u00f3wnie\u017c wypo\u017cycza\u0107 i czyta\u0107 ksi\u0105\u017cki, bra\u0107 udzia\u0142 w projekcjach filmowych, turniejach, konkursach oraz lekcjach bibliotecznych, gra\u0107 w \u201eplansz\u00f3wki\u201d, korzysta\u0107 z komputer\u00f3w lub wyciszy\u0107 si\u0119 przed kolejnymi zaj\u0119ciami szkolnymi.  Zapraszamy!\" src=\"https:\/\/sp1slupsk.pl\/wp-content\/uploads\/2026\/04\/aad3f499-c521-4142-b5ab-0d1af78951c1-160x120.jpg\" rel=\"https:\/\/sp1slupsk.pl\/wp-content\/uploads\/2026\/04\/aad3f499-c521-4142-b5ab-0d1af78951c1.jpg\" \/>\n\t\t\t\t\t\t\t\t\t\t\t\t\t\t<\/a>\n\t\t\t\t\t\t\t\t\t\t\t\t\t\t\t\t\t\t\t\t\t\t\t\t\t<\/p>\n\t\t\t\t\t\t\t\t\t\t\t\t\t\t\t\t\t\t\t\t\t\t\t<\/div><!-- .gllr_image_block -->\n\t\t\t\t\t\t\t\t\t\t\t\t\t\t\t\t\t\t\t\t\t<div class=\"gllr_image_block\">\n\t\t\t\t\t\t\t\t\t\t\t\t<p style=\"width:180px;height:140px;\">\n\t\t\t\t\t\t\t\t\t\t\t\t\t\t\t\t\t\t\t\t\t\t\t\t\t\t\t<a rel=\"gallery_fancybox_91089\" href=\"https:\/\/sp1slupsk.pl\/wp-content\/uploads\/2026\/04\/IMG_20251103_113849649_HDR-1024x768.jpg\" title=\"W dniu 26.03.2026 r., po raz pierwszy nasza szko\u0142a wzi\u0119\u0142a udzia\u0142 w presti\u017cowym konkursie og\u00f3lnopolskim, a w zasadzie og\u00f3lno\u015bwiatowym (bra\u0142y w nim tak\u017ce udzia\u0142 ch\u0119tni m. in. z Niemiec, W\u0142och, Francji). Z naszej szko\u0142y wystartowa\u0142o 11 os\u00f3b (7 w kategorii \u201ePion\u201d \u2013 klasy 1-3 oraz 5 os\u00f3b w kategorii \u201eGoniec\u201d \u2013 klasy 4-6). Uczniowie mieli do rozwi\u0105zania 30 zada\u0144 o zr\u00f3\u017cnicowanym poziomie trudno\u015bci.  W ca\u0142ej Polsce wystartowa\u0142o po kilka tysi\u0119cy uczni\u00f3w, w ka\u017cdej kategorii wiekowej. W samym wojew\u00f3dztwie pomorskim wzi\u0119\u0142o udzia\u0142 po kilkaset os\u00f3b w kategorii \u201ePion\u201d i tyle samo w grupie \u201eGoniec\u201d.  Nasz szko\u0142a spisa\u0142a si\u0119 bardzo dobrze. Damian Bia\u0142osk\u00f3rski (1a), Ernest Obia\u0142a (1a), Tymon Bylina (3b), Mi\u0142osz Borzyszkowski (3b), Lena Bujak (6a), Kornelia Domaracka (6a), Alina Manziuk (6a) uzyskali \u201ePonadprzeci\u0119tne wyniki\u201d w\u015br\u00f3d wszystkich startuj\u0105cych.  Tr\u00f3jka uczni\u00f3w zaj\u0119\u0142a wysokie miejsca w wojew\u00f3dztwie i uzyska\u0142a tytu\u0142 \u201eLaureata\u201d. Tatiana Ziemienowicz (6a) \u2013 28 miejsce , Natasza Ziemienowicz \u2013 34 lokata i Wojciech Grabarczyk 40 pozycja.  Najlepszym z naszej szko\u0142y okaza\u0142 si\u0119 Marek Radawiec (3a), kt\u00f3ry r\u00f3wnie\u017c uzyska\u0142 tytu\u0142 \u201eLaureata\u201d, zaj\u0105\u0142 12(!) miejsce w wojew\u00f3dztwie pomorskim, a 166 w ca\u0142ym kraju (na prawie 4000 startuj\u0105cych uczestnik\u00f3w w kategorii \u201ePion\u201d).  Gratulacje dla wszystkich uczni\u00f3w, przypomnijmy, \u017ce tr\u00f3jka dziewcz\u0105t z ww. grona, dopiero od tego roku ucz\u0119szcza na zaj\u0119cia szachowe w bibliotece szkolnej. Zapraszamy na \u201eSpotkania przy szachach\u201d w grupie pocz\u0105tkuj\u0105cej lub zaawansowanej.  Pami\u0119tajmy, \u017ce w naszym \u201eCentrum Wiedzy i Rozrywki\u201d mo\u017cna r\u00f3wnie\u017c wypo\u017cycza\u0107 i czyta\u0107 ksi\u0105\u017cki, bra\u0107 udzia\u0142 w projekcjach filmowych, turniejach, konkursach oraz lekcjach bibliotecznych, gra\u0107 w \u201eplansz\u00f3wki\u201d, korzysta\u0107 z komputer\u00f3w lub wyciszy\u0107 si\u0119 przed kolejnymi zaj\u0119ciami szkolnymi.  Zapraszamy!\">\n\t\t\t\t\t\t\t\t\t\t\t\t\t\t\t<img style=\"width:160px;height:120px; border-width: 10px; border-color:#F1F1F1;border: 10px solid #F1F1F1\" alt=\"\" title=\"W dniu 26.03.2026 r., po raz pierwszy nasza szko\u0142a wzi\u0119\u0142a udzia\u0142 w presti\u017cowym konkursie og\u00f3lnopolskim, a w zasadzie og\u00f3lno\u015bwiatowym (bra\u0142y w nim tak\u017ce udzia\u0142 ch\u0119tni m. in. z Niemiec, W\u0142och, Francji). Z naszej szko\u0142y wystartowa\u0142o 11 os\u00f3b (7 w kategorii \u201ePion\u201d \u2013 klasy 1-3 oraz 5 os\u00f3b w kategorii \u201eGoniec\u201d \u2013 klasy 4-6). Uczniowie mieli do rozwi\u0105zania 30 zada\u0144 o zr\u00f3\u017cnicowanym poziomie trudno\u015bci.  W ca\u0142ej Polsce wystartowa\u0142o po kilka tysi\u0119cy uczni\u00f3w, w ka\u017cdej kategorii wiekowej. W samym wojew\u00f3dztwie pomorskim wzi\u0119\u0142o udzia\u0142 po kilkaset os\u00f3b w kategorii \u201ePion\u201d i tyle samo w grupie \u201eGoniec\u201d.  Nasz szko\u0142a spisa\u0142a si\u0119 bardzo dobrze. Damian Bia\u0142osk\u00f3rski (1a), Ernest Obia\u0142a (1a), Tymon Bylina (3b), Mi\u0142osz Borzyszkowski (3b), Lena Bujak (6a), Kornelia Domaracka (6a), Alina Manziuk (6a) uzyskali \u201ePonadprzeci\u0119tne wyniki\u201d w\u015br\u00f3d wszystkich startuj\u0105cych.  Tr\u00f3jka uczni\u00f3w zaj\u0119\u0142a wysokie miejsca w wojew\u00f3dztwie i uzyska\u0142a tytu\u0142 \u201eLaureata\u201d. Tatiana Ziemienowicz (6a) \u2013 28 miejsce , Natasza Ziemienowicz \u2013 34 lokata i Wojciech Grabarczyk 40 pozycja.  Najlepszym z naszej szko\u0142y okaza\u0142 si\u0119 Marek Radawiec (3a), kt\u00f3ry r\u00f3wnie\u017c uzyska\u0142 tytu\u0142 \u201eLaureata\u201d, zaj\u0105\u0142 12(!) miejsce w wojew\u00f3dztwie pomorskim, a 166 w ca\u0142ym kraju (na prawie 4000 startuj\u0105cych uczestnik\u00f3w w kategorii \u201ePion\u201d).  Gratulacje dla wszystkich uczni\u00f3w, przypomnijmy, \u017ce tr\u00f3jka dziewcz\u0105t z ww. grona, dopiero od tego roku ucz\u0119szcza na zaj\u0119cia szachowe w bibliotece szkolnej. Zapraszamy na \u201eSpotkania przy szachach\u201d w grupie pocz\u0105tkuj\u0105cej lub zaawansowanej.  Pami\u0119tajmy, \u017ce w naszym \u201eCentrum Wiedzy i Rozrywki\u201d mo\u017cna r\u00f3wnie\u017c wypo\u017cycza\u0107 i czyta\u0107 ksi\u0105\u017cki, bra\u0107 udzia\u0142 w projekcjach filmowych, turniejach, konkursach oraz lekcjach bibliotecznych, gra\u0107 w \u201eplansz\u00f3wki\u201d, korzysta\u0107 z komputer\u00f3w lub wyciszy\u0107 si\u0119 przed kolejnymi zaj\u0119ciami szkolnymi.  Zapraszamy!\" src=\"https:\/\/sp1slupsk.pl\/wp-content\/uploads\/2026\/04\/IMG_20251103_113849649_HDR-160x120.jpg\" rel=\"https:\/\/sp1slupsk.pl\/wp-content\/uploads\/2026\/04\/IMG_20251103_113849649_HDR-scaled.jpg\" \/>\n\t\t\t\t\t\t\t\t\t\t\t\t\t\t<\/a>\n\t\t\t\t\t\t\t\t\t\t\t\t\t\t\t\t\t\t\t\t\t\t\t\t\t<\/p>\n\t\t\t\t\t\t\t\t\t\t\t\t\t\t\t\t\t\t\t\t\t\t\t<\/div><!-- .gllr_image_block -->\n\t\t\t\t\t\t\t\t\t\t\t\t\t\t\t\t\t\t\t\t\t<div class=\"gllr_image_block\">\n\t\t\t\t\t\t\t\t\t\t\t\t<p style=\"width:180px;height:140px;\">\n\t\t\t\t\t\t\t\t\t\t\t\t\t\t\t\t\t\t\t\t\t\t\t\t\t\t\t<a rel=\"gallery_fancybox_91089\" href=\"https:\/\/sp1slupsk.pl\/wp-content\/uploads\/2026\/04\/6f3db779-be32-4db0-800b-6eb615dc1fee-1024x768.jpg\" title=\"W dniu 26.03.2026 r., po raz pierwszy nasza szko\u0142a wzi\u0119\u0142a udzia\u0142 w presti\u017cowym konkursie og\u00f3lnopolskim, a w zasadzie og\u00f3lno\u015bwiatowym (bra\u0142y w nim tak\u017ce udzia\u0142 ch\u0119tni m. in. z Niemiec, W\u0142och, Francji). Z naszej szko\u0142y wystartowa\u0142o 11 os\u00f3b (7 w kategorii \u201ePion\u201d \u2013 klasy 1-3 oraz 5 os\u00f3b w kategorii \u201eGoniec\u201d \u2013 klasy 4-6). Uczniowie mieli do rozwi\u0105zania 30 zada\u0144 o zr\u00f3\u017cnicowanym poziomie trudno\u015bci.  W ca\u0142ej Polsce wystartowa\u0142o po kilka tysi\u0119cy uczni\u00f3w, w ka\u017cdej kategorii wiekowej. W samym wojew\u00f3dztwie pomorskim wzi\u0119\u0142o udzia\u0142 po kilkaset os\u00f3b w kategorii \u201ePion\u201d i tyle samo w grupie \u201eGoniec\u201d.  Nasz szko\u0142a spisa\u0142a si\u0119 bardzo dobrze. Damian Bia\u0142osk\u00f3rski (1a), Ernest Obia\u0142a (1a), Tymon Bylina (3b), Mi\u0142osz Borzyszkowski (3b), Lena Bujak (6a), Kornelia Domaracka (6a), Alina Manziuk (6a) uzyskali \u201ePonadprzeci\u0119tne wyniki\u201d w\u015br\u00f3d wszystkich startuj\u0105cych.  Tr\u00f3jka uczni\u00f3w zaj\u0119\u0142a wysokie miejsca w wojew\u00f3dztwie i uzyska\u0142a tytu\u0142 \u201eLaureata\u201d. Tatiana Ziemienowicz (6a) \u2013 28 miejsce , Natasza Ziemienowicz \u2013 34 lokata i Wojciech Grabarczyk 40 pozycja.  Najlepszym z naszej szko\u0142y okaza\u0142 si\u0119 Marek Radawiec (3a), kt\u00f3ry r\u00f3wnie\u017c uzyska\u0142 tytu\u0142 \u201eLaureata\u201d, zaj\u0105\u0142 12(!) miejsce w wojew\u00f3dztwie pomorskim, a 166 w ca\u0142ym kraju (na prawie 4000 startuj\u0105cych uczestnik\u00f3w w kategorii \u201ePion\u201d).  Gratulacje dla wszystkich uczni\u00f3w, przypomnijmy, \u017ce tr\u00f3jka dziewcz\u0105t z ww. grona, dopiero od tego roku ucz\u0119szcza na zaj\u0119cia szachowe w bibliotece szkolnej. Zapraszamy na \u201eSpotkania przy szachach\u201d w grupie pocz\u0105tkuj\u0105cej lub zaawansowanej.  Pami\u0119tajmy, \u017ce w naszym \u201eCentrum Wiedzy i Rozrywki\u201d mo\u017cna r\u00f3wnie\u017c wypo\u017cycza\u0107 i czyta\u0107 ksi\u0105\u017cki, bra\u0107 udzia\u0142 w projekcjach filmowych, turniejach, konkursach oraz lekcjach bibliotecznych, gra\u0107 w \u201eplansz\u00f3wki\u201d, korzysta\u0107 z komputer\u00f3w lub wyciszy\u0107 si\u0119 przed kolejnymi zaj\u0119ciami szkolnymi.  Zapraszamy!\">\n\t\t\t\t\t\t\t\t\t\t\t\t\t\t\t<img style=\"width:160px;height:120px; border-width: 10px; border-color:#F1F1F1;border: 10px solid #F1F1F1\" alt=\"\" title=\"W dniu 26.03.2026 r., po raz pierwszy nasza szko\u0142a wzi\u0119\u0142a udzia\u0142 w presti\u017cowym konkursie og\u00f3lnopolskim, a w zasadzie og\u00f3lno\u015bwiatowym (bra\u0142y w nim tak\u017ce udzia\u0142 ch\u0119tni m. in. z Niemiec, W\u0142och, Francji). Z naszej szko\u0142y wystartowa\u0142o 11 os\u00f3b (7 w kategorii \u201ePion\u201d \u2013 klasy 1-3 oraz 5 os\u00f3b w kategorii \u201eGoniec\u201d \u2013 klasy 4-6). Uczniowie mieli do rozwi\u0105zania 30 zada\u0144 o zr\u00f3\u017cnicowanym poziomie trudno\u015bci.  W ca\u0142ej Polsce wystartowa\u0142o po kilka tysi\u0119cy uczni\u00f3w, w ka\u017cdej kategorii wiekowej. W samym wojew\u00f3dztwie pomorskim wzi\u0119\u0142o udzia\u0142 po kilkaset os\u00f3b w kategorii \u201ePion\u201d i tyle samo w grupie \u201eGoniec\u201d.  Nasz szko\u0142a spisa\u0142a si\u0119 bardzo dobrze. Damian Bia\u0142osk\u00f3rski (1a), Ernest Obia\u0142a (1a), Tymon Bylina (3b), Mi\u0142osz Borzyszkowski (3b), Lena Bujak (6a), Kornelia Domaracka (6a), Alina Manziuk (6a) uzyskali \u201ePonadprzeci\u0119tne wyniki\u201d w\u015br\u00f3d wszystkich startuj\u0105cych.  Tr\u00f3jka uczni\u00f3w zaj\u0119\u0142a wysokie miejsca w wojew\u00f3dztwie i uzyska\u0142a tytu\u0142 \u201eLaureata\u201d. Tatiana Ziemienowicz (6a) \u2013 28 miejsce , Natasza Ziemienowicz \u2013 34 lokata i Wojciech Grabarczyk 40 pozycja.  Najlepszym z naszej szko\u0142y okaza\u0142 si\u0119 Marek Radawiec (3a), kt\u00f3ry r\u00f3wnie\u017c uzyska\u0142 tytu\u0142 \u201eLaureata\u201d, zaj\u0105\u0142 12(!) miejsce w wojew\u00f3dztwie pomorskim, a 166 w ca\u0142ym kraju (na prawie 4000 startuj\u0105cych uczestnik\u00f3w w kategorii \u201ePion\u201d).  Gratulacje dla wszystkich uczni\u00f3w, przypomnijmy, \u017ce tr\u00f3jka dziewcz\u0105t z ww. grona, dopiero od tego roku ucz\u0119szcza na zaj\u0119cia szachowe w bibliotece szkolnej. Zapraszamy na \u201eSpotkania przy szachach\u201d w grupie pocz\u0105tkuj\u0105cej lub zaawansowanej.  Pami\u0119tajmy, \u017ce w naszym \u201eCentrum Wiedzy i Rozrywki\u201d mo\u017cna r\u00f3wnie\u017c wypo\u017cycza\u0107 i czyta\u0107 ksi\u0105\u017cki, bra\u0107 udzia\u0142 w projekcjach filmowych, turniejach, konkursach oraz lekcjach bibliotecznych, gra\u0107 w \u201eplansz\u00f3wki\u201d, korzysta\u0107 z komputer\u00f3w lub wyciszy\u0107 si\u0119 przed kolejnymi zaj\u0119ciami szkolnymi.  Zapraszamy!\" src=\"https:\/\/sp1slupsk.pl\/wp-content\/uploads\/2026\/04\/6f3db779-be32-4db0-800b-6eb615dc1fee-160x120.jpg\" rel=\"https:\/\/sp1slupsk.pl\/wp-content\/uploads\/2026\/04\/6f3db779-be32-4db0-800b-6eb615dc1fee.jpg\" \/>\n\t\t\t\t\t\t\t\t\t\t\t\t\t\t<\/a>\n\t\t\t\t\t\t\t\t\t\t\t\t\t\t\t\t\t\t\t\t\t\t\t\t\t<\/p>\n\t\t\t\t\t\t\t\t\t\t\t\t\t\t\t\t\t\t\t\t\t\t\t<\/div><!-- .gllr_image_block -->\n\t\t\t\t\t\t\t\t\t\t\t\t\t\t\t\t\t\t\t\t\t<\/div><!-- .gllr_image_row -->\n\t\t\t\t\t\t\t\t\t\t\t\t\t\t\t\t\t\t\t\t\t<div class=\"gllr_image_row\">\n\t\t\t\t\t\t\t\t\t\t\t\t\t\t\t\t\t\t\t\t\t<div class=\"gllr_image_block\">\n\t\t\t\t\t\t\t\t\t\t\t\t<p style=\"width:180px;height:140px;\">\n\t\t\t\t\t\t\t\t\t\t\t\t\t\t\t\t\t\t\t\t\t\t\t\t\t\t\t<a rel=\"gallery_fancybox_91089\" href=\"https:\/\/sp1slupsk.pl\/wp-content\/uploads\/2026\/04\/d8b2c183-52d9-47b3-86d9-150887b4d77b-1024x768.jpg\" title=\"W dniu 26.03.2026 r., po raz pierwszy nasza szko\u0142a wzi\u0119\u0142a udzia\u0142 w presti\u017cowym konkursie og\u00f3lnopolskim, a w zasadzie og\u00f3lno\u015bwiatowym (bra\u0142y w nim tak\u017ce udzia\u0142 ch\u0119tni m. in. z Niemiec, W\u0142och, Francji). Z naszej szko\u0142y wystartowa\u0142o 11 os\u00f3b (7 w kategorii \u201ePion\u201d \u2013 klasy 1-3 oraz 5 os\u00f3b w kategorii \u201eGoniec\u201d \u2013 klasy 4-6). Uczniowie mieli do rozwi\u0105zania 30 zada\u0144 o zr\u00f3\u017cnicowanym poziomie trudno\u015bci.  W ca\u0142ej Polsce wystartowa\u0142o po kilka tysi\u0119cy uczni\u00f3w, w ka\u017cdej kategorii wiekowej. W samym wojew\u00f3dztwie pomorskim wzi\u0119\u0142o udzia\u0142 po kilkaset os\u00f3b w kategorii \u201ePion\u201d i tyle samo w grupie \u201eGoniec\u201d.  Nasz szko\u0142a spisa\u0142a si\u0119 bardzo dobrze. Damian Bia\u0142osk\u00f3rski (1a), Ernest Obia\u0142a (1a), Tymon Bylina (3b), Mi\u0142osz Borzyszkowski (3b), Lena Bujak (6a), Kornelia Domaracka (6a), Alina Manziuk (6a) uzyskali \u201ePonadprzeci\u0119tne wyniki\u201d w\u015br\u00f3d wszystkich startuj\u0105cych.  Tr\u00f3jka uczni\u00f3w zaj\u0119\u0142a wysokie miejsca w wojew\u00f3dztwie i uzyska\u0142a tytu\u0142 \u201eLaureata\u201d. Tatiana Ziemienowicz (6a) \u2013 28 miejsce , Natasza Ziemienowicz \u2013 34 lokata i Wojciech Grabarczyk 40 pozycja.  Najlepszym z naszej szko\u0142y okaza\u0142 si\u0119 Marek Radawiec (3a), kt\u00f3ry r\u00f3wnie\u017c uzyska\u0142 tytu\u0142 \u201eLaureata\u201d, zaj\u0105\u0142 12(!) miejsce w wojew\u00f3dztwie pomorskim, a 166 w ca\u0142ym kraju (na prawie 4000 startuj\u0105cych uczestnik\u00f3w w kategorii \u201ePion\u201d).  Gratulacje dla wszystkich uczni\u00f3w, przypomnijmy, \u017ce tr\u00f3jka dziewcz\u0105t z ww. grona, dopiero od tego roku ucz\u0119szcza na zaj\u0119cia szachowe w bibliotece szkolnej. Zapraszamy na \u201eSpotkania przy szachach\u201d w grupie pocz\u0105tkuj\u0105cej lub zaawansowanej.  Pami\u0119tajmy, \u017ce w naszym \u201eCentrum Wiedzy i Rozrywki\u201d mo\u017cna r\u00f3wnie\u017c wypo\u017cycza\u0107 i czyta\u0107 ksi\u0105\u017cki, bra\u0107 udzia\u0142 w projekcjach filmowych, turniejach, konkursach oraz lekcjach bibliotecznych, gra\u0107 w \u201eplansz\u00f3wki\u201d, korzysta\u0107 z komputer\u00f3w lub wyciszy\u0107 si\u0119 przed kolejnymi zaj\u0119ciami szkolnymi.  Zapraszamy!\">\n\t\t\t\t\t\t\t\t\t\t\t\t\t\t\t<img style=\"width:160px;height:120px; border-width: 10px; border-color:#F1F1F1;border: 10px solid #F1F1F1\" alt=\"\" title=\"W dniu 26.03.2026 r., po raz pierwszy nasza szko\u0142a wzi\u0119\u0142a udzia\u0142 w presti\u017cowym konkursie og\u00f3lnopolskim, a w zasadzie og\u00f3lno\u015bwiatowym (bra\u0142y w nim tak\u017ce udzia\u0142 ch\u0119tni m. in. z Niemiec, W\u0142och, Francji). Z naszej szko\u0142y wystartowa\u0142o 11 os\u00f3b (7 w kategorii \u201ePion\u201d \u2013 klasy 1-3 oraz 5 os\u00f3b w kategorii \u201eGoniec\u201d \u2013 klasy 4-6). Uczniowie mieli do rozwi\u0105zania 30 zada\u0144 o zr\u00f3\u017cnicowanym poziomie trudno\u015bci.  W ca\u0142ej Polsce wystartowa\u0142o po kilka tysi\u0119cy uczni\u00f3w, w ka\u017cdej kategorii wiekowej. W samym wojew\u00f3dztwie pomorskim wzi\u0119\u0142o udzia\u0142 po kilkaset os\u00f3b w kategorii \u201ePion\u201d i tyle samo w grupie \u201eGoniec\u201d.  Nasz szko\u0142a spisa\u0142a si\u0119 bardzo dobrze. Damian Bia\u0142osk\u00f3rski (1a), Ernest Obia\u0142a (1a), Tymon Bylina (3b), Mi\u0142osz Borzyszkowski (3b), Lena Bujak (6a), Kornelia Domaracka (6a), Alina Manziuk (6a) uzyskali \u201ePonadprzeci\u0119tne wyniki\u201d w\u015br\u00f3d wszystkich startuj\u0105cych.  Tr\u00f3jka uczni\u00f3w zaj\u0119\u0142a wysokie miejsca w wojew\u00f3dztwie i uzyska\u0142a tytu\u0142 \u201eLaureata\u201d. Tatiana Ziemienowicz (6a) \u2013 28 miejsce , Natasza Ziemienowicz \u2013 34 lokata i Wojciech Grabarczyk 40 pozycja.  Najlepszym z naszej szko\u0142y okaza\u0142 si\u0119 Marek Radawiec (3a), kt\u00f3ry r\u00f3wnie\u017c uzyska\u0142 tytu\u0142 \u201eLaureata\u201d, zaj\u0105\u0142 12(!) miejsce w wojew\u00f3dztwie pomorskim, a 166 w ca\u0142ym kraju (na prawie 4000 startuj\u0105cych uczestnik\u00f3w w kategorii \u201ePion\u201d).  Gratulacje dla wszystkich uczni\u00f3w, przypomnijmy, \u017ce tr\u00f3jka dziewcz\u0105t z ww. grona, dopiero od tego roku ucz\u0119szcza na zaj\u0119cia szachowe w bibliotece szkolnej. Zapraszamy na \u201eSpotkania przy szachach\u201d w grupie pocz\u0105tkuj\u0105cej lub zaawansowanej.  Pami\u0119tajmy, \u017ce w naszym \u201eCentrum Wiedzy i Rozrywki\u201d mo\u017cna r\u00f3wnie\u017c wypo\u017cycza\u0107 i czyta\u0107 ksi\u0105\u017cki, bra\u0107 udzia\u0142 w projekcjach filmowych, turniejach, konkursach oraz lekcjach bibliotecznych, gra\u0107 w \u201eplansz\u00f3wki\u201d, korzysta\u0107 z komputer\u00f3w lub wyciszy\u0107 si\u0119 przed kolejnymi zaj\u0119ciami szkolnymi.  Zapraszamy!\" src=\"https:\/\/sp1slupsk.pl\/wp-content\/uploads\/2026\/04\/d8b2c183-52d9-47b3-86d9-150887b4d77b-160x120.jpg\" rel=\"https:\/\/sp1slupsk.pl\/wp-content\/uploads\/2026\/04\/d8b2c183-52d9-47b3-86d9-150887b4d77b.jpg\" \/>\n\t\t\t\t\t\t\t\t\t\t\t\t\t\t<\/a>\n\t\t\t\t\t\t\t\t\t\t\t\t\t\t\t\t\t\t\t\t\t\t\t\t\t<\/p>\n\t\t\t\t\t\t\t\t\t\t\t\t\t\t\t\t\t\t\t\t\t\t\t<\/div><!-- .gllr_image_block -->\n\t\t\t\t\t\t\t\t\t\t\t\t\t\t\t\t\t\t\t\t\t<div class=\"gllr_image_block\">\n\t\t\t\t\t\t\t\t\t\t\t\t<p style=\"width:180px;height:140px;\">\n\t\t\t\t\t\t\t\t\t\t\t\t\t\t\t\t\t\t\t\t\t\t\t\t\t\t\t<a rel=\"gallery_fancybox_91089\" href=\"https:\/\/sp1slupsk.pl\/wp-content\/uploads\/2026\/04\/IMG_20251106_135318128_HDR-1024x768.jpg\" title=\"W dniu 26.03.2026 r., po raz pierwszy nasza szko\u0142a wzi\u0119\u0142a udzia\u0142 w presti\u017cowym konkursie og\u00f3lnopolskim, a w zasadzie og\u00f3lno\u015bwiatowym (bra\u0142y w nim tak\u017ce udzia\u0142 ch\u0119tni m. in. z Niemiec, W\u0142och, Francji). Z naszej szko\u0142y wystartowa\u0142o 11 os\u00f3b (7 w kategorii \u201ePion\u201d \u2013 klasy 1-3 oraz 5 os\u00f3b w kategorii \u201eGoniec\u201d \u2013 klasy 4-6). Uczniowie mieli do rozwi\u0105zania 30 zada\u0144 o zr\u00f3\u017cnicowanym poziomie trudno\u015bci.  W ca\u0142ej Polsce wystartowa\u0142o po kilka tysi\u0119cy uczni\u00f3w, w ka\u017cdej kategorii wiekowej. W samym wojew\u00f3dztwie pomorskim wzi\u0119\u0142o udzia\u0142 po kilkaset os\u00f3b w kategorii \u201ePion\u201d i tyle samo w grupie \u201eGoniec\u201d.  Nasz szko\u0142a spisa\u0142a si\u0119 bardzo dobrze. Damian Bia\u0142osk\u00f3rski (1a), Ernest Obia\u0142a (1a), Tymon Bylina (3b), Mi\u0142osz Borzyszkowski (3b), Lena Bujak (6a), Kornelia Domaracka (6a), Alina Manziuk (6a) uzyskali \u201ePonadprzeci\u0119tne wyniki\u201d w\u015br\u00f3d wszystkich startuj\u0105cych.  Tr\u00f3jka uczni\u00f3w zaj\u0119\u0142a wysokie miejsca w wojew\u00f3dztwie i uzyska\u0142a tytu\u0142 \u201eLaureata\u201d. Tatiana Ziemienowicz (6a) \u2013 28 miejsce , Natasza Ziemienowicz \u2013 34 lokata i Wojciech Grabarczyk 40 pozycja.  Najlepszym z naszej szko\u0142y okaza\u0142 si\u0119 Marek Radawiec (3a), kt\u00f3ry r\u00f3wnie\u017c uzyska\u0142 tytu\u0142 \u201eLaureata\u201d, zaj\u0105\u0142 12(!) miejsce w wojew\u00f3dztwie pomorskim, a 166 w ca\u0142ym kraju (na prawie 4000 startuj\u0105cych uczestnik\u00f3w w kategorii \u201ePion\u201d).  Gratulacje dla wszystkich uczni\u00f3w, przypomnijmy, \u017ce tr\u00f3jka dziewcz\u0105t z ww. grona, dopiero od tego roku ucz\u0119szcza na zaj\u0119cia szachowe w bibliotece szkolnej. Zapraszamy na \u201eSpotkania przy szachach\u201d w grupie pocz\u0105tkuj\u0105cej lub zaawansowanej.  Pami\u0119tajmy, \u017ce w naszym \u201eCentrum Wiedzy i Rozrywki\u201d mo\u017cna r\u00f3wnie\u017c wypo\u017cycza\u0107 i czyta\u0107 ksi\u0105\u017cki, bra\u0107 udzia\u0142 w projekcjach filmowych, turniejach, konkursach oraz lekcjach bibliotecznych, gra\u0107 w \u201eplansz\u00f3wki\u201d, korzysta\u0107 z komputer\u00f3w lub wyciszy\u0107 si\u0119 przed kolejnymi zaj\u0119ciami szkolnymi.  Zapraszamy!\">\n\t\t\t\t\t\t\t\t\t\t\t\t\t\t\t<img style=\"width:160px;height:120px; border-width: 10px; border-color:#F1F1F1;border: 10px solid #F1F1F1\" alt=\"\" title=\"W dniu 26.03.2026 r., po raz pierwszy nasza szko\u0142a wzi\u0119\u0142a udzia\u0142 w presti\u017cowym konkursie og\u00f3lnopolskim, a w zasadzie og\u00f3lno\u015bwiatowym (bra\u0142y w nim tak\u017ce udzia\u0142 ch\u0119tni m. in. z Niemiec, W\u0142och, Francji). Z naszej szko\u0142y wystartowa\u0142o 11 os\u00f3b (7 w kategorii \u201ePion\u201d \u2013 klasy 1-3 oraz 5 os\u00f3b w kategorii \u201eGoniec\u201d \u2013 klasy 4-6). Uczniowie mieli do rozwi\u0105zania 30 zada\u0144 o zr\u00f3\u017cnicowanym poziomie trudno\u015bci.  W ca\u0142ej Polsce wystartowa\u0142o po kilka tysi\u0119cy uczni\u00f3w, w ka\u017cdej kategorii wiekowej. W samym wojew\u00f3dztwie pomorskim wzi\u0119\u0142o udzia\u0142 po kilkaset os\u00f3b w kategorii \u201ePion\u201d i tyle samo w grupie \u201eGoniec\u201d.  Nasz szko\u0142a spisa\u0142a si\u0119 bardzo dobrze. Damian Bia\u0142osk\u00f3rski (1a), Ernest Obia\u0142a (1a), Tymon Bylina (3b), Mi\u0142osz Borzyszkowski (3b), Lena Bujak (6a), Kornelia Domaracka (6a), Alina Manziuk (6a) uzyskali \u201ePonadprzeci\u0119tne wyniki\u201d w\u015br\u00f3d wszystkich startuj\u0105cych.  Tr\u00f3jka uczni\u00f3w zaj\u0119\u0142a wysokie miejsca w wojew\u00f3dztwie i uzyska\u0142a tytu\u0142 \u201eLaureata\u201d. Tatiana Ziemienowicz (6a) \u2013 28 miejsce , Natasza Ziemienowicz \u2013 34 lokata i Wojciech Grabarczyk 40 pozycja.  Najlepszym z naszej szko\u0142y okaza\u0142 si\u0119 Marek Radawiec (3a), kt\u00f3ry r\u00f3wnie\u017c uzyska\u0142 tytu\u0142 \u201eLaureata\u201d, zaj\u0105\u0142 12(!) miejsce w wojew\u00f3dztwie pomorskim, a 166 w ca\u0142ym kraju (na prawie 4000 startuj\u0105cych uczestnik\u00f3w w kategorii \u201ePion\u201d).  Gratulacje dla wszystkich uczni\u00f3w, przypomnijmy, \u017ce tr\u00f3jka dziewcz\u0105t z ww. grona, dopiero od tego roku ucz\u0119szcza na zaj\u0119cia szachowe w bibliotece szkolnej. Zapraszamy na \u201eSpotkania przy szachach\u201d w grupie pocz\u0105tkuj\u0105cej lub zaawansowanej.  Pami\u0119tajmy, \u017ce w naszym \u201eCentrum Wiedzy i Rozrywki\u201d mo\u017cna r\u00f3wnie\u017c wypo\u017cycza\u0107 i czyta\u0107 ksi\u0105\u017cki, bra\u0107 udzia\u0142 w projekcjach filmowych, turniejach, konkursach oraz lekcjach bibliotecznych, gra\u0107 w \u201eplansz\u00f3wki\u201d, korzysta\u0107 z komputer\u00f3w lub wyciszy\u0107 si\u0119 przed kolejnymi zaj\u0119ciami szkolnymi.  Zapraszamy!\" src=\"https:\/\/sp1slupsk.pl\/wp-content\/uploads\/2026\/04\/IMG_20251106_135318128_HDR-160x120.jpg\" rel=\"https:\/\/sp1slupsk.pl\/wp-content\/uploads\/2026\/04\/IMG_20251106_135318128_HDR-scaled.jpg\" \/>\n\t\t\t\t\t\t\t\t\t\t\t\t\t\t<\/a>\n\t\t\t\t\t\t\t\t\t\t\t\t\t\t\t\t\t\t\t\t\t\t\t\t\t<\/p>\n\t\t\t\t\t\t\t\t\t\t\t\t\t\t\t\t\t\t\t\t\t\t\t<\/div><!-- .gllr_image_block -->\n\t\t\t\t\t\t\t\t\t\t\t\t\t\t\t\t\t\t\t\t\t<div class=\"gllr_image_block\">\n\t\t\t\t\t\t\t\t\t\t\t\t<p style=\"width:180px;height:140px;\">\n\t\t\t\t\t\t\t\t\t\t\t\t\t\t\t\t\t\t\t\t\t\t\t\t\t\t\t<a rel=\"gallery_fancybox_91089\" href=\"https:\/\/sp1slupsk.pl\/wp-content\/uploads\/2026\/04\/00cf012a-0f8d-4b3d-8eb7-588a8e3fed18-1024x768.jpg\" title=\"W dniu 26.03.2026 r., po raz pierwszy nasza szko\u0142a wzi\u0119\u0142a udzia\u0142 w presti\u017cowym konkursie og\u00f3lnopolskim, a w zasadzie og\u00f3lno\u015bwiatowym (bra\u0142y w nim tak\u017ce udzia\u0142 ch\u0119tni m. in. z Niemiec, W\u0142och, Francji). Z naszej szko\u0142y wystartowa\u0142o 11 os\u00f3b (7 w kategorii \u201ePion\u201d \u2013 klasy 1-3 oraz 5 os\u00f3b w kategorii \u201eGoniec\u201d \u2013 klasy 4-6). Uczniowie mieli do rozwi\u0105zania 30 zada\u0144 o zr\u00f3\u017cnicowanym poziomie trudno\u015bci.  W ca\u0142ej Polsce wystartowa\u0142o po kilka tysi\u0119cy uczni\u00f3w, w ka\u017cdej kategorii wiekowej. W samym wojew\u00f3dztwie pomorskim wzi\u0119\u0142o udzia\u0142 po kilkaset os\u00f3b w kategorii \u201ePion\u201d i tyle samo w grupie \u201eGoniec\u201d.  Nasz szko\u0142a spisa\u0142a si\u0119 bardzo dobrze. Damian Bia\u0142osk\u00f3rski (1a), Ernest Obia\u0142a (1a), Tymon Bylina (3b), Mi\u0142osz Borzyszkowski (3b), Lena Bujak (6a), Kornelia Domaracka (6a), Alina Manziuk (6a) uzyskali \u201ePonadprzeci\u0119tne wyniki\u201d w\u015br\u00f3d wszystkich startuj\u0105cych.  Tr\u00f3jka uczni\u00f3w zaj\u0119\u0142a wysokie miejsca w wojew\u00f3dztwie i uzyska\u0142a tytu\u0142 \u201eLaureata\u201d. Tatiana Ziemienowicz (6a) \u2013 28 miejsce , Natasza Ziemienowicz \u2013 34 lokata i Wojciech Grabarczyk 40 pozycja.  Najlepszym z naszej szko\u0142y okaza\u0142 si\u0119 Marek Radawiec (3a), kt\u00f3ry r\u00f3wnie\u017c uzyska\u0142 tytu\u0142 \u201eLaureata\u201d, zaj\u0105\u0142 12(!) miejsce w wojew\u00f3dztwie pomorskim, a 166 w ca\u0142ym kraju (na prawie 4000 startuj\u0105cych uczestnik\u00f3w w kategorii \u201ePion\u201d).  Gratulacje dla wszystkich uczni\u00f3w, przypomnijmy, \u017ce tr\u00f3jka dziewcz\u0105t z ww. grona, dopiero od tego roku ucz\u0119szcza na zaj\u0119cia szachowe w bibliotece szkolnej. Zapraszamy na \u201eSpotkania przy szachach\u201d w grupie pocz\u0105tkuj\u0105cej lub zaawansowanej.  Pami\u0119tajmy, \u017ce w naszym \u201eCentrum Wiedzy i Rozrywki\u201d mo\u017cna r\u00f3wnie\u017c wypo\u017cycza\u0107 i czyta\u0107 ksi\u0105\u017cki, bra\u0107 udzia\u0142 w projekcjach filmowych, turniejach, konkursach oraz lekcjach bibliotecznych, gra\u0107 w \u201eplansz\u00f3wki\u201d, korzysta\u0107 z komputer\u00f3w lub wyciszy\u0107 si\u0119 przed kolejnymi zaj\u0119ciami szkolnymi.  Zapraszamy!\">\n\t\t\t\t\t\t\t\t\t\t\t\t\t\t\t<img style=\"width:160px;height:120px; border-width: 10px; border-color:#F1F1F1;border: 10px solid #F1F1F1\" alt=\"\" title=\"W dniu 26.03.2026 r., po raz pierwszy nasza szko\u0142a wzi\u0119\u0142a udzia\u0142 w presti\u017cowym konkursie og\u00f3lnopolskim, a w zasadzie og\u00f3lno\u015bwiatowym (bra\u0142y w nim tak\u017ce udzia\u0142 ch\u0119tni m. in. z Niemiec, W\u0142och, Francji). Z naszej szko\u0142y wystartowa\u0142o 11 os\u00f3b (7 w kategorii \u201ePion\u201d \u2013 klasy 1-3 oraz 5 os\u00f3b w kategorii \u201eGoniec\u201d \u2013 klasy 4-6). Uczniowie mieli do rozwi\u0105zania 30 zada\u0144 o zr\u00f3\u017cnicowanym poziomie trudno\u015bci.  W ca\u0142ej Polsce wystartowa\u0142o po kilka tysi\u0119cy uczni\u00f3w, w ka\u017cdej kategorii wiekowej. W samym wojew\u00f3dztwie pomorskim wzi\u0119\u0142o udzia\u0142 po kilkaset os\u00f3b w kategorii \u201ePion\u201d i tyle samo w grupie \u201eGoniec\u201d.  Nasz szko\u0142a spisa\u0142a si\u0119 bardzo dobrze. Damian Bia\u0142osk\u00f3rski (1a), Ernest Obia\u0142a (1a), Tymon Bylina (3b), Mi\u0142osz Borzyszkowski (3b), Lena Bujak (6a), Kornelia Domaracka (6a), Alina Manziuk (6a) uzyskali \u201ePonadprzeci\u0119tne wyniki\u201d w\u015br\u00f3d wszystkich startuj\u0105cych.  Tr\u00f3jka uczni\u00f3w zaj\u0119\u0142a wysokie miejsca w wojew\u00f3dztwie i uzyska\u0142a tytu\u0142 \u201eLaureata\u201d. Tatiana Ziemienowicz (6a) \u2013 28 miejsce , Natasza Ziemienowicz \u2013 34 lokata i Wojciech Grabarczyk 40 pozycja.  Najlepszym z naszej szko\u0142y okaza\u0142 si\u0119 Marek Radawiec (3a), kt\u00f3ry r\u00f3wnie\u017c uzyska\u0142 tytu\u0142 \u201eLaureata\u201d, zaj\u0105\u0142 12(!) miejsce w wojew\u00f3dztwie pomorskim, a 166 w ca\u0142ym kraju (na prawie 4000 startuj\u0105cych uczestnik\u00f3w w kategorii \u201ePion\u201d).  Gratulacje dla wszystkich uczni\u00f3w, przypomnijmy, \u017ce tr\u00f3jka dziewcz\u0105t z ww. grona, dopiero od tego roku ucz\u0119szcza na zaj\u0119cia szachowe w bibliotece szkolnej. Zapraszamy na \u201eSpotkania przy szachach\u201d w grupie pocz\u0105tkuj\u0105cej lub zaawansowanej.  Pami\u0119tajmy, \u017ce w naszym \u201eCentrum Wiedzy i Rozrywki\u201d mo\u017cna r\u00f3wnie\u017c wypo\u017cycza\u0107 i czyta\u0107 ksi\u0105\u017cki, bra\u0107 udzia\u0142 w projekcjach filmowych, turniejach, konkursach oraz lekcjach bibliotecznych, gra\u0107 w \u201eplansz\u00f3wki\u201d, korzysta\u0107 z komputer\u00f3w lub wyciszy\u0107 si\u0119 przed kolejnymi zaj\u0119ciami szkolnymi.  Zapraszamy!\" src=\"https:\/\/sp1slupsk.pl\/wp-content\/uploads\/2026\/04\/00cf012a-0f8d-4b3d-8eb7-588a8e3fed18-160x120.jpg\" rel=\"https:\/\/sp1slupsk.pl\/wp-content\/uploads\/2026\/04\/00cf012a-0f8d-4b3d-8eb7-588a8e3fed18.jpg\" \/>\n\t\t\t\t\t\t\t\t\t\t\t\t\t\t<\/a>\n\t\t\t\t\t\t\t\t\t\t\t\t\t\t\t\t\t\t\t\t\t\t\t\t\t<\/p>\n\t\t\t\t\t\t\t\t\t\t\t\t\t\t\t\t\t\t\t\t\t\t\t<\/div><!-- .gllr_image_block -->\n\t\t\t\t\t\t\t\t\t\t\t\t\t\t\t\t\t\t\t\t\t<\/div><!-- .gllr_image_row -->\n\t\t\t\t\t\t\t\t\t\t\t\t\t\t\t\t\t\t<\/div><!-- .gallery.clearfix -->\n\t\t\t\t\t\t\t\t\t\t\t\t\t<\/div><!-- .gallery_box_single -->\n\t\t\t\t\t\t<div class=\"gllr_clear\"><\/div>\n\t\t\t\t\t\t\t\t\t<script type=\"text\/javascript\">\n\t\t\t\t\t(function($) {\n\t\t\t\t\t\t$(document).ready( function() {\n\t\t\t\t\t\t\t$( \"a[rel=gallery_fancybox_91089]\" ).fancybox( {\n\t\t\t\t\t\t\t\t'transitionIn'\t\t:\t'elastic',\n\t\t\t\t\t\t\t\t'transitionOut'\t\t:\t'elastic',\n\t\t\t\t\t\t\t\t'titlePosition' \t:\t'inside',\n\t\t\t\t\t\t\t\t'speedIn'\t\t\t:\t500, \n\t\t\t\t\t\t\t\t'speedOut'\t\t\t:\t300,\n\t\t\t\t\t\t\t\t'titleFormat'\t\t:\tfunction( title, currentArray, currentIndex, currentOpts ) {\n\t\t\t\t\t\t\t\t\treturn '<div id=\"fancybox-title-inside\">' + ( title.length ? '<span id=\"bws_gallery_image_title\">' + title + '<\/span><br \/>' : '' ) + '<span id=\"bws_gallery_image_counter\">Image ' + ( currentIndex + 1 ) + ' \/ ' + currentArray.length + '<\/span><\/div>';\n\t\t\t\t\t\t\t\t}\t\t\t\t\t\t\t});\n\t\t\t\t\t\t});\n\t\t\t\t\t})(jQuery);\n\t\t\t\t<\/script>\n\t\t\t\n\n\n\n<hr class=\"wp-block-separator\"\/>\n\n\n\n<p class=\"has-text-align-center\"><strong>Konkurs biblioteczny \u201eZ\u0142am g\u0142ow\u0119\u201d<\/strong><\/p>\n\n\n\n<p>Luty 2026 to zmagania w konkursie \u201eZ\u0142am g\u0142ow\u0119\u201d, w bibliotece szkolnej. Najpierw ch\u0119tny ucze\u0144 wypo\u017cycza\u0142 ksi\u0105\u017ck\u0119, a nast\u0119pnie zgadywa\u0142 ile cukierk\u00f3w z sokiem owocowym znajduje si\u0119 w s\u0142oiku (bez odkr\u0119cania nakr\u0119tki).<\/p>\n\n\n\n<p>Kluczowe by\u0142y dwa wymagania: trafienie w liczb\u0119 lub udzielenie odpowiedzi jak najbli\u017cszej w\u0142a\u015bciwej warto\u015bci oraz prawid\u0142owe odpowiedzi na dwa pytania dotycz\u0105ce tre\u015bci wypo\u017cyczonej ksi\u0105\u017cki.<\/p>\n\n\n\n<p>W roku szkolnym 2025\/26, w konkursie zwyci\u0119\u017cy\u0142a Natasza Ziemienowicz z klasy 6a i jako nagrod\u0119 otrzyma\u0142a ca\u0142y s\u0142\u00f3j z zawarto\u015bci\u0105. Gratulacje dla wszystkich, kt\u00f3rzy wypo\u017cyczyli ksi\u0105\u017cki i u\u017cywaj\u0105c r\u00f3\u017cnych metod, starali si\u0119 rozwi\u0105za\u0107 zagadk\u0119.<\/p>\n\n\n\n\t\t\t\t\t\t<div class=\"gallery_box_single\">\n\t\t\t\t\t\t\t\t\t\t\t\t\t\t\t<div class=\"gallery clearfix\">\n\t\t\t\t\t\t\t\t\t\t\t\t\t\t\t\t\t\t\t\t<div class=\"gllr_image_row\">\n\t\t\t\t\t\t\t\t\t\t\t\t\t\t\t\t\t\t\t\t\t<div class=\"gllr_image_block\">\n\t\t\t\t\t\t\t\t\t\t\t\t<p style=\"width:180px;height:140px;\">\n\t\t\t\t\t\t\t\t\t\t\t\t\t\t\t\t\t\t\t\t\t\t\t\t\t\t\t<a rel=\"gallery_fancybox_90895\" href=\"https:\/\/sp1slupsk.pl\/wp-content\/uploads\/2026\/03\/95d16bf1-3a05-40fa-9c32-12d60957b60a-1024x768.jpg\" title=\"Luty 2026 to zmagania w konkursie \u201eZ\u0142am g\u0142ow\u0119\u201d, w bibliotece szkolnej. Najpierw ch\u0119tny ucze\u0144 wypo\u017cycza\u0142 ksi\u0105\u017ck\u0119, a nast\u0119pnie zgadywa\u0142 ile cukierk\u00f3w z sokiem owocowym znajduje si\u0119 w s\u0142oiku (bez odkr\u0119cania nakr\u0119tki).  Kluczowe by\u0142y dwa wymagania: trafienie w liczb\u0119 lub udzielenie odpowiedzi jak najbli\u017cszej w\u0142a\u015bciwej warto\u015bci oraz prawid\u0142owe odpowiedzi na dwa pytania dotycz\u0105ce tre\u015bci wypo\u017cyczonej ksi\u0105\u017cki.  W roku szkolnym 2025\/26, w konkursie zwyci\u0119\u017cy\u0142a Natasza Ziemienowicz z klasy 6a i jako nagrod\u0119 otrzyma\u0142a ca\u0142y s\u0142\u00f3j z zawarto\u015bci\u0105. Gratulacje dla wszystkich, kt\u00f3rzy wypo\u017cyczyli ksi\u0105\u017cki i u\u017cywaj\u0105c r\u00f3\u017cnych metod, starali si\u0119 rozwi\u0105za\u0107 zagadk\u0119.\">\n\t\t\t\t\t\t\t\t\t\t\t\t\t\t\t<img style=\"width:160px;height:120px; border-width: 10px; border-color:#F1F1F1;border: 10px solid #F1F1F1\" alt=\"\" title=\"Luty 2026 to zmagania w konkursie \u201eZ\u0142am g\u0142ow\u0119\u201d, w bibliotece szkolnej. Najpierw ch\u0119tny ucze\u0144 wypo\u017cycza\u0142 ksi\u0105\u017ck\u0119, a nast\u0119pnie zgadywa\u0142 ile cukierk\u00f3w z sokiem owocowym znajduje si\u0119 w s\u0142oiku (bez odkr\u0119cania nakr\u0119tki).  Kluczowe by\u0142y dwa wymagania: trafienie w liczb\u0119 lub udzielenie odpowiedzi jak najbli\u017cszej w\u0142a\u015bciwej warto\u015bci oraz prawid\u0142owe odpowiedzi na dwa pytania dotycz\u0105ce tre\u015bci wypo\u017cyczonej ksi\u0105\u017cki.  W roku szkolnym 2025\/26, w konkursie zwyci\u0119\u017cy\u0142a Natasza Ziemienowicz z klasy 6a i jako nagrod\u0119 otrzyma\u0142a ca\u0142y s\u0142\u00f3j z zawarto\u015bci\u0105. Gratulacje dla wszystkich, kt\u00f3rzy wypo\u017cyczyli ksi\u0105\u017cki i u\u017cywaj\u0105c r\u00f3\u017cnych metod, starali si\u0119 rozwi\u0105za\u0107 zagadk\u0119.\" src=\"https:\/\/sp1slupsk.pl\/wp-content\/uploads\/2026\/03\/95d16bf1-3a05-40fa-9c32-12d60957b60a-160x120.jpg\" rel=\"https:\/\/sp1slupsk.pl\/wp-content\/uploads\/2026\/03\/95d16bf1-3a05-40fa-9c32-12d60957b60a.jpg\" \/>\n\t\t\t\t\t\t\t\t\t\t\t\t\t\t<\/a>\n\t\t\t\t\t\t\t\t\t\t\t\t\t\t\t\t\t\t\t\t\t\t\t\t\t<\/p>\n\t\t\t\t\t\t\t\t\t\t\t\t\t\t\t\t\t\t\t\t\t\t\t<\/div><!-- .gllr_image_block -->\n\t\t\t\t\t\t\t\t\t\t\t\t\t\t\t\t\t\t\t\t\t<div class=\"gllr_image_block\">\n\t\t\t\t\t\t\t\t\t\t\t\t<p style=\"width:180px;height:140px;\">\n\t\t\t\t\t\t\t\t\t\t\t\t\t\t\t\t\t\t\t\t\t\t\t\t\t\t\t<a rel=\"gallery_fancybox_90895\" href=\"https:\/\/sp1slupsk.pl\/wp-content\/uploads\/2026\/03\/8f360ffa-4b12-470b-9acd-a893e409ad32-768x1024.jpg\" title=\"Luty 2026 to zmagania w konkursie \u201eZ\u0142am g\u0142ow\u0119\u201d, w bibliotece szkolnej. Najpierw ch\u0119tny ucze\u0144 wypo\u017cycza\u0142 ksi\u0105\u017ck\u0119, a nast\u0119pnie zgadywa\u0142 ile cukierk\u00f3w z sokiem owocowym znajduje si\u0119 w s\u0142oiku (bez odkr\u0119cania nakr\u0119tki).  Kluczowe by\u0142y dwa wymagania: trafienie w liczb\u0119 lub udzielenie odpowiedzi jak najbli\u017cszej w\u0142a\u015bciwej warto\u015bci oraz prawid\u0142owe odpowiedzi na dwa pytania dotycz\u0105ce tre\u015bci wypo\u017cyczonej ksi\u0105\u017cki.  W roku szkolnym 2025\/26, w konkursie zwyci\u0119\u017cy\u0142a Natasza Ziemienowicz z klasy 6a i jako nagrod\u0119 otrzyma\u0142a ca\u0142y s\u0142\u00f3j z zawarto\u015bci\u0105. Gratulacje dla wszystkich, kt\u00f3rzy wypo\u017cyczyli ksi\u0105\u017cki i u\u017cywaj\u0105c r\u00f3\u017cnych metod, starali si\u0119 rozwi\u0105za\u0107 zagadk\u0119.\">\n\t\t\t\t\t\t\t\t\t\t\t\t\t\t\t<img style=\"width:160px;height:120px; border-width: 10px; border-color:#F1F1F1;border: 10px solid #F1F1F1\" alt=\"\" title=\"Luty 2026 to zmagania w konkursie \u201eZ\u0142am g\u0142ow\u0119\u201d, w bibliotece szkolnej. Najpierw ch\u0119tny ucze\u0144 wypo\u017cycza\u0142 ksi\u0105\u017ck\u0119, a nast\u0119pnie zgadywa\u0142 ile cukierk\u00f3w z sokiem owocowym znajduje si\u0119 w s\u0142oiku (bez odkr\u0119cania nakr\u0119tki).  Kluczowe by\u0142y dwa wymagania: trafienie w liczb\u0119 lub udzielenie odpowiedzi jak najbli\u017cszej w\u0142a\u015bciwej warto\u015bci oraz prawid\u0142owe odpowiedzi na dwa pytania dotycz\u0105ce tre\u015bci wypo\u017cyczonej ksi\u0105\u017cki.  W roku szkolnym 2025\/26, w konkursie zwyci\u0119\u017cy\u0142a Natasza Ziemienowicz z klasy 6a i jako nagrod\u0119 otrzyma\u0142a ca\u0142y s\u0142\u00f3j z zawarto\u015bci\u0105. Gratulacje dla wszystkich, kt\u00f3rzy wypo\u017cyczyli ksi\u0105\u017cki i u\u017cywaj\u0105c r\u00f3\u017cnych metod, starali si\u0119 rozwi\u0105za\u0107 zagadk\u0119.\" src=\"https:\/\/sp1slupsk.pl\/wp-content\/uploads\/2026\/03\/8f360ffa-4b12-470b-9acd-a893e409ad32-160x120.jpg\" rel=\"https:\/\/sp1slupsk.pl\/wp-content\/uploads\/2026\/03\/8f360ffa-4b12-470b-9acd-a893e409ad32.jpg\" \/>\n\t\t\t\t\t\t\t\t\t\t\t\t\t\t<\/a>\n\t\t\t\t\t\t\t\t\t\t\t\t\t\t\t\t\t\t\t\t\t\t\t\t\t<\/p>\n\t\t\t\t\t\t\t\t\t\t\t\t\t\t\t\t\t\t\t\t\t\t\t<\/div><!-- .gllr_image_block -->\n\t\t\t\t\t\t\t\t\t\t\t\t\t\t\t\t\t\t\t\t\t<div class=\"gllr_image_block\">\n\t\t\t\t\t\t\t\t\t\t\t\t<p style=\"width:180px;height:140px;\">\n\t\t\t\t\t\t\t\t\t\t\t\t\t\t\t\t\t\t\t\t\t\t\t\t\t\t\t<a rel=\"gallery_fancybox_90895\" href=\"https:\/\/sp1slupsk.pl\/wp-content\/uploads\/2026\/03\/9345f914-35e0-408b-8b9f-e90ed6c936d4-1024x768.jpg\" title=\"Luty 2026 to zmagania w konkursie \u201eZ\u0142am g\u0142ow\u0119\u201d, w bibliotece szkolnej. Najpierw ch\u0119tny ucze\u0144 wypo\u017cycza\u0142 ksi\u0105\u017ck\u0119, a nast\u0119pnie zgadywa\u0142 ile cukierk\u00f3w z sokiem owocowym znajduje si\u0119 w s\u0142oiku (bez odkr\u0119cania nakr\u0119tki).  Kluczowe by\u0142y dwa wymagania: trafienie w liczb\u0119 lub udzielenie odpowiedzi jak najbli\u017cszej w\u0142a\u015bciwej warto\u015bci oraz prawid\u0142owe odpowiedzi na dwa pytania dotycz\u0105ce tre\u015bci wypo\u017cyczonej ksi\u0105\u017cki.  W roku szkolnym 2025\/26, w konkursie zwyci\u0119\u017cy\u0142a Natasza Ziemienowicz z klasy 6a i jako nagrod\u0119 otrzyma\u0142a ca\u0142y s\u0142\u00f3j z zawarto\u015bci\u0105. Gratulacje dla wszystkich, kt\u00f3rzy wypo\u017cyczyli ksi\u0105\u017cki i u\u017cywaj\u0105c r\u00f3\u017cnych metod, starali si\u0119 rozwi\u0105za\u0107 zagadk\u0119.\">\n\t\t\t\t\t\t\t\t\t\t\t\t\t\t\t<img style=\"width:160px;height:120px; border-width: 10px; border-color:#F1F1F1;border: 10px solid #F1F1F1\" alt=\"\" title=\"Luty 2026 to zmagania w konkursie \u201eZ\u0142am g\u0142ow\u0119\u201d, w bibliotece szkolnej. Najpierw ch\u0119tny ucze\u0144 wypo\u017cycza\u0142 ksi\u0105\u017ck\u0119, a nast\u0119pnie zgadywa\u0142 ile cukierk\u00f3w z sokiem owocowym znajduje si\u0119 w s\u0142oiku (bez odkr\u0119cania nakr\u0119tki).  Kluczowe by\u0142y dwa wymagania: trafienie w liczb\u0119 lub udzielenie odpowiedzi jak najbli\u017cszej w\u0142a\u015bciwej warto\u015bci oraz prawid\u0142owe odpowiedzi na dwa pytania dotycz\u0105ce tre\u015bci wypo\u017cyczonej ksi\u0105\u017cki.  W roku szkolnym 2025\/26, w konkursie zwyci\u0119\u017cy\u0142a Natasza Ziemienowicz z klasy 6a i jako nagrod\u0119 otrzyma\u0142a ca\u0142y s\u0142\u00f3j z zawarto\u015bci\u0105. Gratulacje dla wszystkich, kt\u00f3rzy wypo\u017cyczyli ksi\u0105\u017cki i u\u017cywaj\u0105c r\u00f3\u017cnych metod, starali si\u0119 rozwi\u0105za\u0107 zagadk\u0119.\" src=\"https:\/\/sp1slupsk.pl\/wp-content\/uploads\/2026\/03\/9345f914-35e0-408b-8b9f-e90ed6c936d4-160x120.jpg\" rel=\"https:\/\/sp1slupsk.pl\/wp-content\/uploads\/2026\/03\/9345f914-35e0-408b-8b9f-e90ed6c936d4.jpg\" \/>\n\t\t\t\t\t\t\t\t\t\t\t\t\t\t<\/a>\n\t\t\t\t\t\t\t\t\t\t\t\t\t\t\t\t\t\t\t\t\t\t\t\t\t<\/p>\n\t\t\t\t\t\t\t\t\t\t\t\t\t\t\t\t\t\t\t\t\t\t\t<\/div><!-- .gllr_image_block -->\n\t\t\t\t\t\t\t\t\t\t\t\t\t\t\t\t\t\t\t\t\t<\/div><!-- .gllr_image_row -->\n\t\t\t\t\t\t\t\t\t\t\t\t\t\t\t\t\t\t\t\t\t<div class=\"gllr_image_row\">\n\t\t\t\t\t\t\t\t\t\t\t\t\t\t\t\t\t\t\t\t\t<div class=\"gllr_image_block\">\n\t\t\t\t\t\t\t\t\t\t\t\t<p style=\"width:180px;height:140px;\">\n\t\t\t\t\t\t\t\t\t\t\t\t\t\t\t\t\t\t\t\t\t\t\t\t\t\t\t<a rel=\"gallery_fancybox_90895\" href=\"https:\/\/sp1slupsk.pl\/wp-content\/uploads\/2026\/03\/89f02f9c-ec1c-4c27-b5e9-4da1e0680213-1024x768.jpg\" title=\"Luty 2026 to zmagania w konkursie \u201eZ\u0142am g\u0142ow\u0119\u201d, w bibliotece szkolnej. Najpierw ch\u0119tny ucze\u0144 wypo\u017cycza\u0142 ksi\u0105\u017ck\u0119, a nast\u0119pnie zgadywa\u0142 ile cukierk\u00f3w z sokiem owocowym znajduje si\u0119 w s\u0142oiku (bez odkr\u0119cania nakr\u0119tki).  Kluczowe by\u0142y dwa wymagania: trafienie w liczb\u0119 lub udzielenie odpowiedzi jak najbli\u017cszej w\u0142a\u015bciwej warto\u015bci oraz prawid\u0142owe odpowiedzi na dwa pytania dotycz\u0105ce tre\u015bci wypo\u017cyczonej ksi\u0105\u017cki.  W roku szkolnym 2025\/26, w konkursie zwyci\u0119\u017cy\u0142a Natasza Ziemienowicz z klasy 6a i jako nagrod\u0119 otrzyma\u0142a ca\u0142y s\u0142\u00f3j z zawarto\u015bci\u0105. Gratulacje dla wszystkich, kt\u00f3rzy wypo\u017cyczyli ksi\u0105\u017cki i u\u017cywaj\u0105c r\u00f3\u017cnych metod, starali si\u0119 rozwi\u0105za\u0107 zagadk\u0119.\">\n\t\t\t\t\t\t\t\t\t\t\t\t\t\t\t<img style=\"width:160px;height:120px; border-width: 10px; border-color:#F1F1F1;border: 10px solid #F1F1F1\" alt=\"\" title=\"Luty 2026 to zmagania w konkursie \u201eZ\u0142am g\u0142ow\u0119\u201d, w bibliotece szkolnej. Najpierw ch\u0119tny ucze\u0144 wypo\u017cycza\u0142 ksi\u0105\u017ck\u0119, a nast\u0119pnie zgadywa\u0142 ile cukierk\u00f3w z sokiem owocowym znajduje si\u0119 w s\u0142oiku (bez odkr\u0119cania nakr\u0119tki).  Kluczowe by\u0142y dwa wymagania: trafienie w liczb\u0119 lub udzielenie odpowiedzi jak najbli\u017cszej w\u0142a\u015bciwej warto\u015bci oraz prawid\u0142owe odpowiedzi na dwa pytania dotycz\u0105ce tre\u015bci wypo\u017cyczonej ksi\u0105\u017cki.  W roku szkolnym 2025\/26, w konkursie zwyci\u0119\u017cy\u0142a Natasza Ziemienowicz z klasy 6a i jako nagrod\u0119 otrzyma\u0142a ca\u0142y s\u0142\u00f3j z zawarto\u015bci\u0105. Gratulacje dla wszystkich, kt\u00f3rzy wypo\u017cyczyli ksi\u0105\u017cki i u\u017cywaj\u0105c r\u00f3\u017cnych metod, starali si\u0119 rozwi\u0105za\u0107 zagadk\u0119.\" src=\"https:\/\/sp1slupsk.pl\/wp-content\/uploads\/2026\/03\/89f02f9c-ec1c-4c27-b5e9-4da1e0680213-160x120.jpg\" rel=\"https:\/\/sp1slupsk.pl\/wp-content\/uploads\/2026\/03\/89f02f9c-ec1c-4c27-b5e9-4da1e0680213.jpg\" \/>\n\t\t\t\t\t\t\t\t\t\t\t\t\t\t<\/a>\n\t\t\t\t\t\t\t\t\t\t\t\t\t\t\t\t\t\t\t\t\t\t\t\t\t<\/p>\n\t\t\t\t\t\t\t\t\t\t\t\t\t\t\t\t\t\t\t\t\t\t\t<\/div><!-- .gllr_image_block -->\n\t\t\t\t\t\t\t\t\t\t\t\t\t\t\t\t\t\t\t\t\t<div class=\"gllr_image_block\">\n\t\t\t\t\t\t\t\t\t\t\t\t<p style=\"width:180px;height:140px;\">\n\t\t\t\t\t\t\t\t\t\t\t\t\t\t\t\t\t\t\t\t\t\t\t\t\t\t\t<a rel=\"gallery_fancybox_90895\" href=\"https:\/\/sp1slupsk.pl\/wp-content\/uploads\/2026\/03\/ba26a993-14ff-4272-8665-9d9d65b40dda-1024x768.jpg\" title=\"Luty 2026 to zmagania w konkursie \u201eZ\u0142am g\u0142ow\u0119\u201d, w bibliotece szkolnej. Najpierw ch\u0119tny ucze\u0144 wypo\u017cycza\u0142 ksi\u0105\u017ck\u0119, a nast\u0119pnie zgadywa\u0142 ile cukierk\u00f3w z sokiem owocowym znajduje si\u0119 w s\u0142oiku (bez odkr\u0119cania nakr\u0119tki).  Kluczowe by\u0142y dwa wymagania: trafienie w liczb\u0119 lub udzielenie odpowiedzi jak najbli\u017cszej w\u0142a\u015bciwej warto\u015bci oraz prawid\u0142owe odpowiedzi na dwa pytania dotycz\u0105ce tre\u015bci wypo\u017cyczonej ksi\u0105\u017cki.  W roku szkolnym 2025\/26, w konkursie zwyci\u0119\u017cy\u0142a Natasza Ziemienowicz z klasy 6a i jako nagrod\u0119 otrzyma\u0142a ca\u0142y s\u0142\u00f3j z zawarto\u015bci\u0105. Gratulacje dla wszystkich, kt\u00f3rzy wypo\u017cyczyli ksi\u0105\u017cki i u\u017cywaj\u0105c r\u00f3\u017cnych metod, starali si\u0119 rozwi\u0105za\u0107 zagadk\u0119.\">\n\t\t\t\t\t\t\t\t\t\t\t\t\t\t\t<img style=\"width:160px;height:120px; border-width: 10px; border-color:#F1F1F1;border: 10px solid #F1F1F1\" alt=\"\" title=\"Luty 2026 to zmagania w konkursie \u201eZ\u0142am g\u0142ow\u0119\u201d, w bibliotece szkolnej. Najpierw ch\u0119tny ucze\u0144 wypo\u017cycza\u0142 ksi\u0105\u017ck\u0119, a nast\u0119pnie zgadywa\u0142 ile cukierk\u00f3w z sokiem owocowym znajduje si\u0119 w s\u0142oiku (bez odkr\u0119cania nakr\u0119tki).  Kluczowe by\u0142y dwa wymagania: trafienie w liczb\u0119 lub udzielenie odpowiedzi jak najbli\u017cszej w\u0142a\u015bciwej warto\u015bci oraz prawid\u0142owe odpowiedzi na dwa pytania dotycz\u0105ce tre\u015bci wypo\u017cyczonej ksi\u0105\u017cki.  W roku szkolnym 2025\/26, w konkursie zwyci\u0119\u017cy\u0142a Natasza Ziemienowicz z klasy 6a i jako nagrod\u0119 otrzyma\u0142a ca\u0142y s\u0142\u00f3j z zawarto\u015bci\u0105. Gratulacje dla wszystkich, kt\u00f3rzy wypo\u017cyczyli ksi\u0105\u017cki i u\u017cywaj\u0105c r\u00f3\u017cnych metod, starali si\u0119 rozwi\u0105za\u0107 zagadk\u0119.\" src=\"https:\/\/sp1slupsk.pl\/wp-content\/uploads\/2026\/03\/ba26a993-14ff-4272-8665-9d9d65b40dda-160x120.jpg\" rel=\"https:\/\/sp1slupsk.pl\/wp-content\/uploads\/2026\/03\/ba26a993-14ff-4272-8665-9d9d65b40dda.jpg\" \/>\n\t\t\t\t\t\t\t\t\t\t\t\t\t\t<\/a>\n\t\t\t\t\t\t\t\t\t\t\t\t\t\t\t\t\t\t\t\t\t\t\t\t\t<\/p>\n\t\t\t\t\t\t\t\t\t\t\t\t\t\t\t\t\t\t\t\t\t\t\t<\/div><!-- .gllr_image_block -->\n\t\t\t\t\t\t\t\t\t\t\t\t\t\t\t\t\t\t\t\t\t<div class=\"gllr_image_block\">\n\t\t\t\t\t\t\t\t\t\t\t\t<p style=\"width:180px;height:140px;\">\n\t\t\t\t\t\t\t\t\t\t\t\t\t\t\t\t\t\t\t\t\t\t\t\t\t\t\t<a rel=\"gallery_fancybox_90895\" href=\"https:\/\/sp1slupsk.pl\/wp-content\/uploads\/2026\/03\/c26a1e5f-58d6-4947-892d-61ecf16e5daf-768x1024.jpg\" title=\"Luty 2026 to zmagania w konkursie \u201eZ\u0142am g\u0142ow\u0119\u201d, w bibliotece szkolnej. Najpierw ch\u0119tny ucze\u0144 wypo\u017cycza\u0142 ksi\u0105\u017ck\u0119, a nast\u0119pnie zgadywa\u0142 ile cukierk\u00f3w z sokiem owocowym znajduje si\u0119 w s\u0142oiku (bez odkr\u0119cania nakr\u0119tki).  Kluczowe by\u0142y dwa wymagania: trafienie w liczb\u0119 lub udzielenie odpowiedzi jak najbli\u017cszej w\u0142a\u015bciwej warto\u015bci oraz prawid\u0142owe odpowiedzi na dwa pytania dotycz\u0105ce tre\u015bci wypo\u017cyczonej ksi\u0105\u017cki.  W roku szkolnym 2025\/26, w konkursie zwyci\u0119\u017cy\u0142a Natasza Ziemienowicz z klasy 6a i jako nagrod\u0119 otrzyma\u0142a ca\u0142y s\u0142\u00f3j z zawarto\u015bci\u0105. Gratulacje dla wszystkich, kt\u00f3rzy wypo\u017cyczyli ksi\u0105\u017cki i u\u017cywaj\u0105c r\u00f3\u017cnych metod, starali si\u0119 rozwi\u0105za\u0107 zagadk\u0119.\">\n\t\t\t\t\t\t\t\t\t\t\t\t\t\t\t<img style=\"width:160px;height:120px; border-width: 10px; border-color:#F1F1F1;border: 10px solid #F1F1F1\" alt=\"\" title=\"Luty 2026 to zmagania w konkursie \u201eZ\u0142am g\u0142ow\u0119\u201d, w bibliotece szkolnej. Najpierw ch\u0119tny ucze\u0144 wypo\u017cycza\u0142 ksi\u0105\u017ck\u0119, a nast\u0119pnie zgadywa\u0142 ile cukierk\u00f3w z sokiem owocowym znajduje si\u0119 w s\u0142oiku (bez odkr\u0119cania nakr\u0119tki).  Kluczowe by\u0142y dwa wymagania: trafienie w liczb\u0119 lub udzielenie odpowiedzi jak najbli\u017cszej w\u0142a\u015bciwej warto\u015bci oraz prawid\u0142owe odpowiedzi na dwa pytania dotycz\u0105ce tre\u015bci wypo\u017cyczonej ksi\u0105\u017cki.  W roku szkolnym 2025\/26, w konkursie zwyci\u0119\u017cy\u0142a Natasza Ziemienowicz z klasy 6a i jako nagrod\u0119 otrzyma\u0142a ca\u0142y s\u0142\u00f3j z zawarto\u015bci\u0105. Gratulacje dla wszystkich, kt\u00f3rzy wypo\u017cyczyli ksi\u0105\u017cki i u\u017cywaj\u0105c r\u00f3\u017cnych metod, starali si\u0119 rozwi\u0105za\u0107 zagadk\u0119.\" src=\"https:\/\/sp1slupsk.pl\/wp-content\/uploads\/2026\/03\/c26a1e5f-58d6-4947-892d-61ecf16e5daf-160x120.jpg\" rel=\"https:\/\/sp1slupsk.pl\/wp-content\/uploads\/2026\/03\/c26a1e5f-58d6-4947-892d-61ecf16e5daf.jpg\" \/>\n\t\t\t\t\t\t\t\t\t\t\t\t\t\t<\/a>\n\t\t\t\t\t\t\t\t\t\t\t\t\t\t\t\t\t\t\t\t\t\t\t\t\t<\/p>\n\t\t\t\t\t\t\t\t\t\t\t\t\t\t\t\t\t\t\t\t\t\t\t<\/div><!-- .gllr_image_block -->\n\t\t\t\t\t\t\t\t\t\t\t\t\t\t\t\t\t\t\t\t\t<\/div><!-- .gllr_image_row -->\n\t\t\t\t\t\t\t\t\t\t\t\t\t\t\t\t\t\t\t\t\t<div class=\"gllr_image_row\">\n\t\t\t\t\t\t\t\t\t\t\t\t\t\t\t\t\t\t\t\t\t<div class=\"gllr_image_block\">\n\t\t\t\t\t\t\t\t\t\t\t\t<p style=\"width:180px;height:140px;\">\n\t\t\t\t\t\t\t\t\t\t\t\t\t\t\t\t\t\t\t\t\t\t\t\t\t\t\t<a rel=\"gallery_fancybox_90895\" href=\"https:\/\/sp1slupsk.pl\/wp-content\/uploads\/2026\/03\/f3087376-dde7-4eeb-8e55-2ee6a2af4cd1-1024x768.jpg\" title=\"Luty 2026 to zmagania w konkursie \u201eZ\u0142am g\u0142ow\u0119\u201d, w bibliotece szkolnej. Najpierw ch\u0119tny ucze\u0144 wypo\u017cycza\u0142 ksi\u0105\u017ck\u0119, a nast\u0119pnie zgadywa\u0142 ile cukierk\u00f3w z sokiem owocowym znajduje si\u0119 w s\u0142oiku (bez odkr\u0119cania nakr\u0119tki).  Kluczowe by\u0142y dwa wymagania: trafienie w liczb\u0119 lub udzielenie odpowiedzi jak najbli\u017cszej w\u0142a\u015bciwej warto\u015bci oraz prawid\u0142owe odpowiedzi na dwa pytania dotycz\u0105ce tre\u015bci wypo\u017cyczonej ksi\u0105\u017cki.  W roku szkolnym 2025\/26, w konkursie zwyci\u0119\u017cy\u0142a Natasza Ziemienowicz z klasy 6a i jako nagrod\u0119 otrzyma\u0142a ca\u0142y s\u0142\u00f3j z zawarto\u015bci\u0105. Gratulacje dla wszystkich, kt\u00f3rzy wypo\u017cyczyli ksi\u0105\u017cki i u\u017cywaj\u0105c r\u00f3\u017cnych metod, starali si\u0119 rozwi\u0105za\u0107 zagadk\u0119.\">\n\t\t\t\t\t\t\t\t\t\t\t\t\t\t\t<img style=\"width:160px;height:120px; border-width: 10px; border-color:#F1F1F1;border: 10px solid #F1F1F1\" alt=\"\" title=\"Luty 2026 to zmagania w konkursie \u201eZ\u0142am g\u0142ow\u0119\u201d, w bibliotece szkolnej. Najpierw ch\u0119tny ucze\u0144 wypo\u017cycza\u0142 ksi\u0105\u017ck\u0119, a nast\u0119pnie zgadywa\u0142 ile cukierk\u00f3w z sokiem owocowym znajduje si\u0119 w s\u0142oiku (bez odkr\u0119cania nakr\u0119tki).  Kluczowe by\u0142y dwa wymagania: trafienie w liczb\u0119 lub udzielenie odpowiedzi jak najbli\u017cszej w\u0142a\u015bciwej warto\u015bci oraz prawid\u0142owe odpowiedzi na dwa pytania dotycz\u0105ce tre\u015bci wypo\u017cyczonej ksi\u0105\u017cki.  W roku szkolnym 2025\/26, w konkursie zwyci\u0119\u017cy\u0142a Natasza Ziemienowicz z klasy 6a i jako nagrod\u0119 otrzyma\u0142a ca\u0142y s\u0142\u00f3j z zawarto\u015bci\u0105. Gratulacje dla wszystkich, kt\u00f3rzy wypo\u017cyczyli ksi\u0105\u017cki i u\u017cywaj\u0105c r\u00f3\u017cnych metod, starali si\u0119 rozwi\u0105za\u0107 zagadk\u0119.\" src=\"https:\/\/sp1slupsk.pl\/wp-content\/uploads\/2026\/03\/f3087376-dde7-4eeb-8e55-2ee6a2af4cd1-160x120.jpg\" rel=\"https:\/\/sp1slupsk.pl\/wp-content\/uploads\/2026\/03\/f3087376-dde7-4eeb-8e55-2ee6a2af4cd1.jpg\" \/>\n\t\t\t\t\t\t\t\t\t\t\t\t\t\t<\/a>\n\t\t\t\t\t\t\t\t\t\t\t\t\t\t\t\t\t\t\t\t\t\t\t\t\t<\/p>\n\t\t\t\t\t\t\t\t\t\t\t\t\t\t\t\t\t\t\t\t\t\t\t<\/div><!-- .gllr_image_block -->\n\t\t\t\t\t\t\t\t\t\t\t\t\t\t\t\t\t\t\t\t<\/div><!-- .gllr_image_row -->\n\t\t\t\t\t\t\t\t\t\t\t\t\t\t\t\t\t<\/div><!-- .gallery.clearfix -->\n\t\t\t\t\t\t\t\t\t\t\t\t\t<\/div><!-- .gallery_box_single -->\n\t\t\t\t\t\t<div class=\"gllr_clear\"><\/div>\n\t\t\t\t\t\t\t\t\t<script type=\"text\/javascript\">\n\t\t\t\t\t(function($) {\n\t\t\t\t\t\t$(document).ready( function() {\n\t\t\t\t\t\t\t$( \"a[rel=gallery_fancybox_90895]\" ).fancybox( {\n\t\t\t\t\t\t\t\t'transitionIn'\t\t:\t'elastic',\n\t\t\t\t\t\t\t\t'transitionOut'\t\t:\t'elastic',\n\t\t\t\t\t\t\t\t'titlePosition' \t:\t'inside',\n\t\t\t\t\t\t\t\t'speedIn'\t\t\t:\t500, \n\t\t\t\t\t\t\t\t'speedOut'\t\t\t:\t300,\n\t\t\t\t\t\t\t\t'titleFormat'\t\t:\tfunction( title, currentArray, currentIndex, currentOpts ) {\n\t\t\t\t\t\t\t\t\treturn '<div id=\"fancybox-title-inside\">' + ( title.length ? '<span id=\"bws_gallery_image_title\">' + title + '<\/span><br \/>' : '' ) + '<span id=\"bws_gallery_image_counter\">Image ' + ( currentIndex + 1 ) + ' \/ ' + currentArray.length + '<\/span><\/div>';\n\t\t\t\t\t\t\t\t}\t\t\t\t\t\t\t});\n\t\t\t\t\t\t});\n\t\t\t\t\t})(jQuery);\n\t\t\t\t<\/script>\n\t\t\t\n\n\n\n<hr class=\"wp-block-separator\"\/>\n\n\n\n<p class=\"has-text-align-center\"><strong>Mi\u0119dzyszkolny Miniturniej Szachowy<\/strong><\/p>\n\n\n\n<p>03.03.2026 r. udali\u015bmy si\u0119 do Szko\u0142y Podstawowej nr 9 w S\u0142upsku. W duchu sportowej rywalizacji fair play, uczestniczyli\u015bmy w zawodach szachowych. Zar\u00f3wno nasi reprezentanci, jak i zawodnicy z drugiej szko\u0142y spisali si\u0119 \u015bwietnie i osi\u0105gn\u0119li bardzo dobre wyniki. G\u0142\u00f3wnym celem spotkania by\u0142a jednak popularyzacja szach\u00f3w jako gry kszta\u0142tuj\u0105cej zdolno\u015bci koncentracji i analitycznego my\u015blenia oraz integracja uczni\u00f3w z dw\u00f3ch szk\u00f3\u0142. Turniej by\u0142 wyczerpuj\u0105cy (ka\u017cdy z ka\u017cdym po dwie partie, w dw\u00f3ch kategoriach wiekowych), ale u\u015bmiechy po zawodach \u015bwiadczy\u0142y, \u017ce zadowolenie jest wa\u017cniejsze ni\u017c zm\u0119czenie. Serdecznie dzi\u0119kujemy za zaproszenie, ciep\u0142e przyj\u0119cie i dzie\u0144 pe\u0142en wra\u017ce\u0144. Wyra\u017camy du\u017ce uznanie za wzorow\u0105 organizacj\u0119 wydarzenia. Nasza reprezentacja wyst\u0105pi\u0142a w sk\u0142adzie: Haremza Jakub (2a), Obia\u0142a Ernest (1a), Radawiec Marek (3a), Ziemienowicz Natasza (6a), Ziemienowicz Tatiana (6a) i Piotr \u017burowski (7a). Gratulujemy wszystkim uczestnikom turnieju &#8211; nie tylko zdobytych miejsc i otrzymania wspania\u0142ych nagr\u00f3d. Winszujemy r\u00f3wnie\u017c pi\u0119knych partii, godnego reprezentowania szk\u00f3\u0142 i wspierania siebie nawzajem.<\/p>\n\n\n\n\t\t\t\t\t\t<div class=\"gallery_box_single\">\n\t\t\t\t\t\t\t\t\t\t\t\t\t\t\t<div class=\"gallery clearfix\">\n\t\t\t\t\t\t\t\t\t\t\t\t\t\t\t\t\t\t\t\t<div class=\"gllr_image_row\">\n\t\t\t\t\t\t\t\t\t\t\t\t\t\t\t\t\t\t\t\t\t<div class=\"gllr_image_block\">\n\t\t\t\t\t\t\t\t\t\t\t\t<p style=\"width:180px;height:140px;\">\n\t\t\t\t\t\t\t\t\t\t\t\t\t\t\t\t\t\t\t\t\t\t\t\t\t\t\t<a rel=\"gallery_fancybox_90732\" href=\"https:\/\/sp1slupsk.pl\/wp-content\/uploads\/2026\/03\/c0435e52-f278-4e0a-b6a1-114a6100f2bb-1024x768.jpg\" title=\"03.03.2026 r. udali\u015bmy si\u0119 do Szko\u0142y Podstawowej nr 9 w S\u0142upsku. W duchu sportowej rywalizacji fair play, uczestniczyli\u015bmy w zawodach szachowych. Zar\u00f3wno nasi reprezentanci, jak i zawodnicy z drugiej szko\u0142y spisali si\u0119 \u015bwietnie i osi\u0105gn\u0119li bardzo dobre wyniki. G\u0142\u00f3wnym celem spotkania by\u0142a jednak popularyzacja szach\u00f3w jako gry kszta\u0142tuj\u0105cej zdolno\u015bci koncentracji i analitycznego my\u015blenia oraz integracja uczni\u00f3w z dw\u00f3ch szk\u00f3\u0142. Turniej by\u0142 wyczerpuj\u0105cy (ka\u017cdy z ka\u017cdym po dwie partie, w dw\u00f3ch kategoriach wiekowych), ale u\u015bmiechy po zawodach \u015bwiadczy\u0142y, \u017ce zadowolenie jest wa\u017cniejsze ni\u017c zm\u0119czenie. Serdecznie dzi\u0119kujemy za zaproszenie, ciep\u0142e przyj\u0119cie i dzie\u0144 pe\u0142en wra\u017ce\u0144. Wyra\u017camy du\u017ce uznanie za wzorow\u0105 organizacj\u0119 wydarzenia. Nasza reprezentacja wyst\u0105pi\u0142a w sk\u0142adzie: Haremza Jakub (2a), Obia\u0142a Ernest (1a), Radawiec Marek (3a), Ziemienowicz Natasza (6a), Ziemienowicz Tatiana (6a) i Piotr \u017burowski (7a). Gratulujemy wszystkim uczestnikom turnieju - nie tylko zdobytych miejsc i otrzymania wspania\u0142ych nagr\u00f3d. Winszujemy r\u00f3wnie\u017c pi\u0119knych partii, godnego reprezentowania szk\u00f3\u0142 i wspierania siebie nawzajem.\">\n\t\t\t\t\t\t\t\t\t\t\t\t\t\t\t<img style=\"width:160px;height:120px; border-width: 10px; border-color:#F1F1F1;border: 10px solid #F1F1F1\" alt=\"\" title=\"03.03.2026 r. udali\u015bmy si\u0119 do Szko\u0142y Podstawowej nr 9 w S\u0142upsku. W duchu sportowej rywalizacji fair play, uczestniczyli\u015bmy w zawodach szachowych. Zar\u00f3wno nasi reprezentanci, jak i zawodnicy z drugiej szko\u0142y spisali si\u0119 \u015bwietnie i osi\u0105gn\u0119li bardzo dobre wyniki. G\u0142\u00f3wnym celem spotkania by\u0142a jednak popularyzacja szach\u00f3w jako gry kszta\u0142tuj\u0105cej zdolno\u015bci koncentracji i analitycznego my\u015blenia oraz integracja uczni\u00f3w z dw\u00f3ch szk\u00f3\u0142. Turniej by\u0142 wyczerpuj\u0105cy (ka\u017cdy z ka\u017cdym po dwie partie, w dw\u00f3ch kategoriach wiekowych), ale u\u015bmiechy po zawodach \u015bwiadczy\u0142y, \u017ce zadowolenie jest wa\u017cniejsze ni\u017c zm\u0119czenie. Serdecznie dzi\u0119kujemy za zaproszenie, ciep\u0142e przyj\u0119cie i dzie\u0144 pe\u0142en wra\u017ce\u0144. Wyra\u017camy du\u017ce uznanie za wzorow\u0105 organizacj\u0119 wydarzenia. Nasza reprezentacja wyst\u0105pi\u0142a w sk\u0142adzie: Haremza Jakub (2a), Obia\u0142a Ernest (1a), Radawiec Marek (3a), Ziemienowicz Natasza (6a), Ziemienowicz Tatiana (6a) i Piotr \u017burowski (7a). Gratulujemy wszystkim uczestnikom turnieju - nie tylko zdobytych miejsc i otrzymania wspania\u0142ych nagr\u00f3d. Winszujemy r\u00f3wnie\u017c pi\u0119knych partii, godnego reprezentowania szk\u00f3\u0142 i wspierania siebie nawzajem.\" src=\"https:\/\/sp1slupsk.pl\/wp-content\/uploads\/2026\/03\/c0435e52-f278-4e0a-b6a1-114a6100f2bb-160x120.jpg\" rel=\"https:\/\/sp1slupsk.pl\/wp-content\/uploads\/2026\/03\/c0435e52-f278-4e0a-b6a1-114a6100f2bb.jpg\" \/>\n\t\t\t\t\t\t\t\t\t\t\t\t\t\t<\/a>\n\t\t\t\t\t\t\t\t\t\t\t\t\t\t\t\t\t\t\t\t\t\t\t\t\t<\/p>\n\t\t\t\t\t\t\t\t\t\t\t\t\t\t\t\t\t\t\t\t\t\t\t<\/div><!-- .gllr_image_block -->\n\t\t\t\t\t\t\t\t\t\t\t\t\t\t\t\t\t\t\t\t\t<div class=\"gllr_image_block\">\n\t\t\t\t\t\t\t\t\t\t\t\t<p style=\"width:180px;height:140px;\">\n\t\t\t\t\t\t\t\t\t\t\t\t\t\t\t\t\t\t\t\t\t\t\t\t\t\t\t<a rel=\"gallery_fancybox_90732\" href=\"https:\/\/sp1slupsk.pl\/wp-content\/uploads\/2026\/03\/647207785_1340253797911077_909681327160042769_n-1024x768.jpg\" title=\"03.03.2026 r. udali\u015bmy si\u0119 do Szko\u0142y Podstawowej nr 9 w S\u0142upsku. W duchu sportowej rywalizacji fair play, uczestniczyli\u015bmy w zawodach szachowych. Zar\u00f3wno nasi reprezentanci, jak i zawodnicy z drugiej szko\u0142y spisali si\u0119 \u015bwietnie i osi\u0105gn\u0119li bardzo dobre wyniki. G\u0142\u00f3wnym celem spotkania by\u0142a jednak popularyzacja szach\u00f3w jako gry kszta\u0142tuj\u0105cej zdolno\u015bci koncentracji i analitycznego my\u015blenia oraz integracja uczni\u00f3w z dw\u00f3ch szk\u00f3\u0142. Turniej by\u0142 wyczerpuj\u0105cy (ka\u017cdy z ka\u017cdym po dwie partie, w dw\u00f3ch kategoriach wiekowych), ale u\u015bmiechy po zawodach \u015bwiadczy\u0142y, \u017ce zadowolenie jest wa\u017cniejsze ni\u017c zm\u0119czenie. Serdecznie dzi\u0119kujemy za zaproszenie, ciep\u0142e przyj\u0119cie i dzie\u0144 pe\u0142en wra\u017ce\u0144. Wyra\u017camy du\u017ce uznanie za wzorow\u0105 organizacj\u0119 wydarzenia. Nasza reprezentacja wyst\u0105pi\u0142a w sk\u0142adzie: Haremza Jakub (2a), Obia\u0142a Ernest (1a), Radawiec Marek (3a), Ziemienowicz Natasza (6a), Ziemienowicz Tatiana (6a) i Piotr \u017burowski (7a). Gratulujemy wszystkim uczestnikom turnieju - nie tylko zdobytych miejsc i otrzymania wspania\u0142ych nagr\u00f3d. Winszujemy r\u00f3wnie\u017c pi\u0119knych partii, godnego reprezentowania szk\u00f3\u0142 i wspierania siebie nawzajem.\">\n\t\t\t\t\t\t\t\t\t\t\t\t\t\t\t<img style=\"width:160px;height:120px; border-width: 10px; border-color:#F1F1F1;border: 10px solid #F1F1F1\" alt=\"\" title=\"03.03.2026 r. udali\u015bmy si\u0119 do Szko\u0142y Podstawowej nr 9 w S\u0142upsku. W duchu sportowej rywalizacji fair play, uczestniczyli\u015bmy w zawodach szachowych. Zar\u00f3wno nasi reprezentanci, jak i zawodnicy z drugiej szko\u0142y spisali si\u0119 \u015bwietnie i osi\u0105gn\u0119li bardzo dobre wyniki. G\u0142\u00f3wnym celem spotkania by\u0142a jednak popularyzacja szach\u00f3w jako gry kszta\u0142tuj\u0105cej zdolno\u015bci koncentracji i analitycznego my\u015blenia oraz integracja uczni\u00f3w z dw\u00f3ch szk\u00f3\u0142. Turniej by\u0142 wyczerpuj\u0105cy (ka\u017cdy z ka\u017cdym po dwie partie, w dw\u00f3ch kategoriach wiekowych), ale u\u015bmiechy po zawodach \u015bwiadczy\u0142y, \u017ce zadowolenie jest wa\u017cniejsze ni\u017c zm\u0119czenie. Serdecznie dzi\u0119kujemy za zaproszenie, ciep\u0142e przyj\u0119cie i dzie\u0144 pe\u0142en wra\u017ce\u0144. Wyra\u017camy du\u017ce uznanie za wzorow\u0105 organizacj\u0119 wydarzenia. Nasza reprezentacja wyst\u0105pi\u0142a w sk\u0142adzie: Haremza Jakub (2a), Obia\u0142a Ernest (1a), Radawiec Marek (3a), Ziemienowicz Natasza (6a), Ziemienowicz Tatiana (6a) i Piotr \u017burowski (7a). Gratulujemy wszystkim uczestnikom turnieju - nie tylko zdobytych miejsc i otrzymania wspania\u0142ych nagr\u00f3d. Winszujemy r\u00f3wnie\u017c pi\u0119knych partii, godnego reprezentowania szk\u00f3\u0142 i wspierania siebie nawzajem.\" src=\"https:\/\/sp1slupsk.pl\/wp-content\/uploads\/2026\/03\/647207785_1340253797911077_909681327160042769_n-160x120.jpg\" rel=\"https:\/\/sp1slupsk.pl\/wp-content\/uploads\/2026\/03\/647207785_1340253797911077_909681327160042769_n.jpg\" \/>\n\t\t\t\t\t\t\t\t\t\t\t\t\t\t<\/a>\n\t\t\t\t\t\t\t\t\t\t\t\t\t\t\t\t\t\t\t\t\t\t\t\t\t<\/p>\n\t\t\t\t\t\t\t\t\t\t\t\t\t\t\t\t\t\t\t\t\t\t\t<\/div><!-- .gllr_image_block -->\n\t\t\t\t\t\t\t\t\t\t\t\t\t\t\t\t\t\t\t\t\t<div class=\"gllr_image_block\">\n\t\t\t\t\t\t\t\t\t\t\t\t<p style=\"width:180px;height:140px;\">\n\t\t\t\t\t\t\t\t\t\t\t\t\t\t\t\t\t\t\t\t\t\t\t\t\t\t\t<a rel=\"gallery_fancybox_90732\" href=\"https:\/\/sp1slupsk.pl\/wp-content\/uploads\/2026\/03\/837465ca-6485-4b33-bc69-2c2ed09e8801-768x1024.jpg\" title=\"03.03.2026 r. udali\u015bmy si\u0119 do Szko\u0142y Podstawowej nr 9 w S\u0142upsku. W duchu sportowej rywalizacji fair play, uczestniczyli\u015bmy w zawodach szachowych. Zar\u00f3wno nasi reprezentanci, jak i zawodnicy z drugiej szko\u0142y spisali si\u0119 \u015bwietnie i osi\u0105gn\u0119li bardzo dobre wyniki. G\u0142\u00f3wnym celem spotkania by\u0142a jednak popularyzacja szach\u00f3w jako gry kszta\u0142tuj\u0105cej zdolno\u015bci koncentracji i analitycznego my\u015blenia oraz integracja uczni\u00f3w z dw\u00f3ch szk\u00f3\u0142. Turniej by\u0142 wyczerpuj\u0105cy (ka\u017cdy z ka\u017cdym po dwie partie, w dw\u00f3ch kategoriach wiekowych), ale u\u015bmiechy po zawodach \u015bwiadczy\u0142y, \u017ce zadowolenie jest wa\u017cniejsze ni\u017c zm\u0119czenie. Serdecznie dzi\u0119kujemy za zaproszenie, ciep\u0142e przyj\u0119cie i dzie\u0144 pe\u0142en wra\u017ce\u0144. Wyra\u017camy du\u017ce uznanie za wzorow\u0105 organizacj\u0119 wydarzenia. Nasza reprezentacja wyst\u0105pi\u0142a w sk\u0142adzie: Haremza Jakub (2a), Obia\u0142a Ernest (1a), Radawiec Marek (3a), Ziemienowicz Natasza (6a), Ziemienowicz Tatiana (6a) i Piotr \u017burowski (7a). Gratulujemy wszystkim uczestnikom turnieju - nie tylko zdobytych miejsc i otrzymania wspania\u0142ych nagr\u00f3d. Winszujemy r\u00f3wnie\u017c pi\u0119knych partii, godnego reprezentowania szk\u00f3\u0142 i wspierania siebie nawzajem.\">\n\t\t\t\t\t\t\t\t\t\t\t\t\t\t\t<img style=\"width:160px;height:120px; border-width: 10px; border-color:#F1F1F1;border: 10px solid #F1F1F1\" alt=\"\" title=\"03.03.2026 r. udali\u015bmy si\u0119 do Szko\u0142y Podstawowej nr 9 w S\u0142upsku. W duchu sportowej rywalizacji fair play, uczestniczyli\u015bmy w zawodach szachowych. Zar\u00f3wno nasi reprezentanci, jak i zawodnicy z drugiej szko\u0142y spisali si\u0119 \u015bwietnie i osi\u0105gn\u0119li bardzo dobre wyniki. G\u0142\u00f3wnym celem spotkania by\u0142a jednak popularyzacja szach\u00f3w jako gry kszta\u0142tuj\u0105cej zdolno\u015bci koncentracji i analitycznego my\u015blenia oraz integracja uczni\u00f3w z dw\u00f3ch szk\u00f3\u0142. Turniej by\u0142 wyczerpuj\u0105cy (ka\u017cdy z ka\u017cdym po dwie partie, w dw\u00f3ch kategoriach wiekowych), ale u\u015bmiechy po zawodach \u015bwiadczy\u0142y, \u017ce zadowolenie jest wa\u017cniejsze ni\u017c zm\u0119czenie. Serdecznie dzi\u0119kujemy za zaproszenie, ciep\u0142e przyj\u0119cie i dzie\u0144 pe\u0142en wra\u017ce\u0144. Wyra\u017camy du\u017ce uznanie za wzorow\u0105 organizacj\u0119 wydarzenia. Nasza reprezentacja wyst\u0105pi\u0142a w sk\u0142adzie: Haremza Jakub (2a), Obia\u0142a Ernest (1a), Radawiec Marek (3a), Ziemienowicz Natasza (6a), Ziemienowicz Tatiana (6a) i Piotr \u017burowski (7a). Gratulujemy wszystkim uczestnikom turnieju - nie tylko zdobytych miejsc i otrzymania wspania\u0142ych nagr\u00f3d. Winszujemy r\u00f3wnie\u017c pi\u0119knych partii, godnego reprezentowania szk\u00f3\u0142 i wspierania siebie nawzajem.\" src=\"https:\/\/sp1slupsk.pl\/wp-content\/uploads\/2026\/03\/837465ca-6485-4b33-bc69-2c2ed09e8801-160x120.jpg\" rel=\"https:\/\/sp1slupsk.pl\/wp-content\/uploads\/2026\/03\/837465ca-6485-4b33-bc69-2c2ed09e8801.jpg\" \/>\n\t\t\t\t\t\t\t\t\t\t\t\t\t\t<\/a>\n\t\t\t\t\t\t\t\t\t\t\t\t\t\t\t\t\t\t\t\t\t\t\t\t\t<\/p>\n\t\t\t\t\t\t\t\t\t\t\t\t\t\t\t\t\t\t\t\t\t\t\t<\/div><!-- .gllr_image_block -->\n\t\t\t\t\t\t\t\t\t\t\t\t\t\t\t\t\t\t\t\t\t<\/div><!-- .gllr_image_row -->\n\t\t\t\t\t\t\t\t\t\t\t\t\t\t\t\t\t\t\t\t\t<div class=\"gllr_image_row\">\n\t\t\t\t\t\t\t\t\t\t\t\t\t\t\t\t\t\t\t\t\t<div class=\"gllr_image_block\">\n\t\t\t\t\t\t\t\t\t\t\t\t<p style=\"width:180px;height:140px;\">\n\t\t\t\t\t\t\t\t\t\t\t\t\t\t\t\t\t\t\t\t\t\t\t\t\t\t\t<a rel=\"gallery_fancybox_90732\" href=\"https:\/\/sp1slupsk.pl\/wp-content\/uploads\/2026\/03\/645479537_1340253727911084_5458596877154974510_n-1024x768.jpg\" title=\"03.03.2026 r. udali\u015bmy si\u0119 do Szko\u0142y Podstawowej nr 9 w S\u0142upsku. W duchu sportowej rywalizacji fair play, uczestniczyli\u015bmy w zawodach szachowych. Zar\u00f3wno nasi reprezentanci, jak i zawodnicy z drugiej szko\u0142y spisali si\u0119 \u015bwietnie i osi\u0105gn\u0119li bardzo dobre wyniki. G\u0142\u00f3wnym celem spotkania by\u0142a jednak popularyzacja szach\u00f3w jako gry kszta\u0142tuj\u0105cej zdolno\u015bci koncentracji i analitycznego my\u015blenia oraz integracja uczni\u00f3w z dw\u00f3ch szk\u00f3\u0142. Turniej by\u0142 wyczerpuj\u0105cy (ka\u017cdy z ka\u017cdym po dwie partie, w dw\u00f3ch kategoriach wiekowych), ale u\u015bmiechy po zawodach \u015bwiadczy\u0142y, \u017ce zadowolenie jest wa\u017cniejsze ni\u017c zm\u0119czenie. Serdecznie dzi\u0119kujemy za zaproszenie, ciep\u0142e przyj\u0119cie i dzie\u0144 pe\u0142en wra\u017ce\u0144. Wyra\u017camy du\u017ce uznanie za wzorow\u0105 organizacj\u0119 wydarzenia. Nasza reprezentacja wyst\u0105pi\u0142a w sk\u0142adzie: Haremza Jakub (2a), Obia\u0142a Ernest (1a), Radawiec Marek (3a), Ziemienowicz Natasza (6a), Ziemienowicz Tatiana (6a) i Piotr \u017burowski (7a). Gratulujemy wszystkim uczestnikom turnieju - nie tylko zdobytych miejsc i otrzymania wspania\u0142ych nagr\u00f3d. Winszujemy r\u00f3wnie\u017c pi\u0119knych partii, godnego reprezentowania szk\u00f3\u0142 i wspierania siebie nawzajem.\">\n\t\t\t\t\t\t\t\t\t\t\t\t\t\t\t<img style=\"width:160px;height:120px; border-width: 10px; border-color:#F1F1F1;border: 10px solid #F1F1F1\" alt=\"\" title=\"03.03.2026 r. udali\u015bmy si\u0119 do Szko\u0142y Podstawowej nr 9 w S\u0142upsku. W duchu sportowej rywalizacji fair play, uczestniczyli\u015bmy w zawodach szachowych. Zar\u00f3wno nasi reprezentanci, jak i zawodnicy z drugiej szko\u0142y spisali si\u0119 \u015bwietnie i osi\u0105gn\u0119li bardzo dobre wyniki. G\u0142\u00f3wnym celem spotkania by\u0142a jednak popularyzacja szach\u00f3w jako gry kszta\u0142tuj\u0105cej zdolno\u015bci koncentracji i analitycznego my\u015blenia oraz integracja uczni\u00f3w z dw\u00f3ch szk\u00f3\u0142. Turniej by\u0142 wyczerpuj\u0105cy (ka\u017cdy z ka\u017cdym po dwie partie, w dw\u00f3ch kategoriach wiekowych), ale u\u015bmiechy po zawodach \u015bwiadczy\u0142y, \u017ce zadowolenie jest wa\u017cniejsze ni\u017c zm\u0119czenie. Serdecznie dzi\u0119kujemy za zaproszenie, ciep\u0142e przyj\u0119cie i dzie\u0144 pe\u0142en wra\u017ce\u0144. Wyra\u017camy du\u017ce uznanie za wzorow\u0105 organizacj\u0119 wydarzenia. Nasza reprezentacja wyst\u0105pi\u0142a w sk\u0142adzie: Haremza Jakub (2a), Obia\u0142a Ernest (1a), Radawiec Marek (3a), Ziemienowicz Natasza (6a), Ziemienowicz Tatiana (6a) i Piotr \u017burowski (7a). Gratulujemy wszystkim uczestnikom turnieju - nie tylko zdobytych miejsc i otrzymania wspania\u0142ych nagr\u00f3d. Winszujemy r\u00f3wnie\u017c pi\u0119knych partii, godnego reprezentowania szk\u00f3\u0142 i wspierania siebie nawzajem.\" src=\"https:\/\/sp1slupsk.pl\/wp-content\/uploads\/2026\/03\/645479537_1340253727911084_5458596877154974510_n-160x120.jpg\" rel=\"https:\/\/sp1slupsk.pl\/wp-content\/uploads\/2026\/03\/645479537_1340253727911084_5458596877154974510_n.jpg\" \/>\n\t\t\t\t\t\t\t\t\t\t\t\t\t\t<\/a>\n\t\t\t\t\t\t\t\t\t\t\t\t\t\t\t\t\t\t\t\t\t\t\t\t\t<\/p>\n\t\t\t\t\t\t\t\t\t\t\t\t\t\t\t\t\t\t\t\t\t\t\t<\/div><!-- .gllr_image_block -->\n\t\t\t\t\t\t\t\t\t\t\t\t\t\t\t\t\t\t\t\t\t<div class=\"gllr_image_block\">\n\t\t\t\t\t\t\t\t\t\t\t\t<p style=\"width:180px;height:140px;\">\n\t\t\t\t\t\t\t\t\t\t\t\t\t\t\t\t\t\t\t\t\t\t\t\t\t\t\t<a rel=\"gallery_fancybox_90732\" href=\"https:\/\/sp1slupsk.pl\/wp-content\/uploads\/2026\/03\/645509252_1340254354577688_850767248721786937_n-1024x768.jpg\" title=\"03.03.2026 r. udali\u015bmy si\u0119 do Szko\u0142y Podstawowej nr 9 w S\u0142upsku. W duchu sportowej rywalizacji fair play, uczestniczyli\u015bmy w zawodach szachowych. Zar\u00f3wno nasi reprezentanci, jak i zawodnicy z drugiej szko\u0142y spisali si\u0119 \u015bwietnie i osi\u0105gn\u0119li bardzo dobre wyniki. G\u0142\u00f3wnym celem spotkania by\u0142a jednak popularyzacja szach\u00f3w jako gry kszta\u0142tuj\u0105cej zdolno\u015bci koncentracji i analitycznego my\u015blenia oraz integracja uczni\u00f3w z dw\u00f3ch szk\u00f3\u0142. Turniej by\u0142 wyczerpuj\u0105cy (ka\u017cdy z ka\u017cdym po dwie partie, w dw\u00f3ch kategoriach wiekowych), ale u\u015bmiechy po zawodach \u015bwiadczy\u0142y, \u017ce zadowolenie jest wa\u017cniejsze ni\u017c zm\u0119czenie. Serdecznie dzi\u0119kujemy za zaproszenie, ciep\u0142e przyj\u0119cie i dzie\u0144 pe\u0142en wra\u017ce\u0144. Wyra\u017camy du\u017ce uznanie za wzorow\u0105 organizacj\u0119 wydarzenia. Nasza reprezentacja wyst\u0105pi\u0142a w sk\u0142adzie: Haremza Jakub (2a), Obia\u0142a Ernest (1a), Radawiec Marek (3a), Ziemienowicz Natasza (6a), Ziemienowicz Tatiana (6a) i Piotr \u017burowski (7a). Gratulujemy wszystkim uczestnikom turnieju - nie tylko zdobytych miejsc i otrzymania wspania\u0142ych nagr\u00f3d. Winszujemy r\u00f3wnie\u017c pi\u0119knych partii, godnego reprezentowania szk\u00f3\u0142 i wspierania siebie nawzajem.\">\n\t\t\t\t\t\t\t\t\t\t\t\t\t\t\t<img style=\"width:160px;height:120px; border-width: 10px; border-color:#F1F1F1;border: 10px solid #F1F1F1\" alt=\"\" title=\"03.03.2026 r. udali\u015bmy si\u0119 do Szko\u0142y Podstawowej nr 9 w S\u0142upsku. W duchu sportowej rywalizacji fair play, uczestniczyli\u015bmy w zawodach szachowych. Zar\u00f3wno nasi reprezentanci, jak i zawodnicy z drugiej szko\u0142y spisali si\u0119 \u015bwietnie i osi\u0105gn\u0119li bardzo dobre wyniki. G\u0142\u00f3wnym celem spotkania by\u0142a jednak popularyzacja szach\u00f3w jako gry kszta\u0142tuj\u0105cej zdolno\u015bci koncentracji i analitycznego my\u015blenia oraz integracja uczni\u00f3w z dw\u00f3ch szk\u00f3\u0142. Turniej by\u0142 wyczerpuj\u0105cy (ka\u017cdy z ka\u017cdym po dwie partie, w dw\u00f3ch kategoriach wiekowych), ale u\u015bmiechy po zawodach \u015bwiadczy\u0142y, \u017ce zadowolenie jest wa\u017cniejsze ni\u017c zm\u0119czenie. Serdecznie dzi\u0119kujemy za zaproszenie, ciep\u0142e przyj\u0119cie i dzie\u0144 pe\u0142en wra\u017ce\u0144. Wyra\u017camy du\u017ce uznanie za wzorow\u0105 organizacj\u0119 wydarzenia. Nasza reprezentacja wyst\u0105pi\u0142a w sk\u0142adzie: Haremza Jakub (2a), Obia\u0142a Ernest (1a), Radawiec Marek (3a), Ziemienowicz Natasza (6a), Ziemienowicz Tatiana (6a) i Piotr \u017burowski (7a). Gratulujemy wszystkim uczestnikom turnieju - nie tylko zdobytych miejsc i otrzymania wspania\u0142ych nagr\u00f3d. Winszujemy r\u00f3wnie\u017c pi\u0119knych partii, godnego reprezentowania szk\u00f3\u0142 i wspierania siebie nawzajem.\" src=\"https:\/\/sp1slupsk.pl\/wp-content\/uploads\/2026\/03\/645509252_1340254354577688_850767248721786937_n-160x120.jpg\" rel=\"https:\/\/sp1slupsk.pl\/wp-content\/uploads\/2026\/03\/645509252_1340254354577688_850767248721786937_n.jpg\" \/>\n\t\t\t\t\t\t\t\t\t\t\t\t\t\t<\/a>\n\t\t\t\t\t\t\t\t\t\t\t\t\t\t\t\t\t\t\t\t\t\t\t\t\t<\/p>\n\t\t\t\t\t\t\t\t\t\t\t\t\t\t\t\t\t\t\t\t\t\t\t<\/div><!-- .gllr_image_block -->\n\t\t\t\t\t\t\t\t\t\t\t\t\t\t\t\t\t\t\t\t\t<div class=\"gllr_image_block\">\n\t\t\t\t\t\t\t\t\t\t\t\t<p style=\"width:180px;height:140px;\">\n\t\t\t\t\t\t\t\t\t\t\t\t\t\t\t\t\t\t\t\t\t\t\t\t\t\t\t<a rel=\"gallery_fancybox_90732\" href=\"https:\/\/sp1slupsk.pl\/wp-content\/uploads\/2026\/03\/645377366_1340253694577754_1336507537088428545_n-1024x768.jpg\" title=\"03.03.2026 r. udali\u015bmy si\u0119 do Szko\u0142y Podstawowej nr 9 w S\u0142upsku. W duchu sportowej rywalizacji fair play, uczestniczyli\u015bmy w zawodach szachowych. Zar\u00f3wno nasi reprezentanci, jak i zawodnicy z drugiej szko\u0142y spisali si\u0119 \u015bwietnie i osi\u0105gn\u0119li bardzo dobre wyniki. G\u0142\u00f3wnym celem spotkania by\u0142a jednak popularyzacja szach\u00f3w jako gry kszta\u0142tuj\u0105cej zdolno\u015bci koncentracji i analitycznego my\u015blenia oraz integracja uczni\u00f3w z dw\u00f3ch szk\u00f3\u0142. Turniej by\u0142 wyczerpuj\u0105cy (ka\u017cdy z ka\u017cdym po dwie partie, w dw\u00f3ch kategoriach wiekowych), ale u\u015bmiechy po zawodach \u015bwiadczy\u0142y, \u017ce zadowolenie jest wa\u017cniejsze ni\u017c zm\u0119czenie. Serdecznie dzi\u0119kujemy za zaproszenie, ciep\u0142e przyj\u0119cie i dzie\u0144 pe\u0142en wra\u017ce\u0144. Wyra\u017camy du\u017ce uznanie za wzorow\u0105 organizacj\u0119 wydarzenia. Nasza reprezentacja wyst\u0105pi\u0142a w sk\u0142adzie: Haremza Jakub (2a), Obia\u0142a Ernest (1a), Radawiec Marek (3a), Ziemienowicz Natasza (6a), Ziemienowicz Tatiana (6a) i Piotr \u017burowski (7a). Gratulujemy wszystkim uczestnikom turnieju - nie tylko zdobytych miejsc i otrzymania wspania\u0142ych nagr\u00f3d. Winszujemy r\u00f3wnie\u017c pi\u0119knych partii, godnego reprezentowania szk\u00f3\u0142 i wspierania siebie nawzajem.\">\n\t\t\t\t\t\t\t\t\t\t\t\t\t\t\t<img style=\"width:160px;height:120px; border-width: 10px; border-color:#F1F1F1;border: 10px solid #F1F1F1\" alt=\"\" title=\"03.03.2026 r. udali\u015bmy si\u0119 do Szko\u0142y Podstawowej nr 9 w S\u0142upsku. W duchu sportowej rywalizacji fair play, uczestniczyli\u015bmy w zawodach szachowych. Zar\u00f3wno nasi reprezentanci, jak i zawodnicy z drugiej szko\u0142y spisali si\u0119 \u015bwietnie i osi\u0105gn\u0119li bardzo dobre wyniki. G\u0142\u00f3wnym celem spotkania by\u0142a jednak popularyzacja szach\u00f3w jako gry kszta\u0142tuj\u0105cej zdolno\u015bci koncentracji i analitycznego my\u015blenia oraz integracja uczni\u00f3w z dw\u00f3ch szk\u00f3\u0142. Turniej by\u0142 wyczerpuj\u0105cy (ka\u017cdy z ka\u017cdym po dwie partie, w dw\u00f3ch kategoriach wiekowych), ale u\u015bmiechy po zawodach \u015bwiadczy\u0142y, \u017ce zadowolenie jest wa\u017cniejsze ni\u017c zm\u0119czenie. Serdecznie dzi\u0119kujemy za zaproszenie, ciep\u0142e przyj\u0119cie i dzie\u0144 pe\u0142en wra\u017ce\u0144. Wyra\u017camy du\u017ce uznanie za wzorow\u0105 organizacj\u0119 wydarzenia. Nasza reprezentacja wyst\u0105pi\u0142a w sk\u0142adzie: Haremza Jakub (2a), Obia\u0142a Ernest (1a), Radawiec Marek (3a), Ziemienowicz Natasza (6a), Ziemienowicz Tatiana (6a) i Piotr \u017burowski (7a). Gratulujemy wszystkim uczestnikom turnieju - nie tylko zdobytych miejsc i otrzymania wspania\u0142ych nagr\u00f3d. Winszujemy r\u00f3wnie\u017c pi\u0119knych partii, godnego reprezentowania szk\u00f3\u0142 i wspierania siebie nawzajem.\" src=\"https:\/\/sp1slupsk.pl\/wp-content\/uploads\/2026\/03\/645377366_1340253694577754_1336507537088428545_n-160x120.jpg\" rel=\"https:\/\/sp1slupsk.pl\/wp-content\/uploads\/2026\/03\/645377366_1340253694577754_1336507537088428545_n.jpg\" \/>\n\t\t\t\t\t\t\t\t\t\t\t\t\t\t<\/a>\n\t\t\t\t\t\t\t\t\t\t\t\t\t\t\t\t\t\t\t\t\t\t\t\t\t<\/p>\n\t\t\t\t\t\t\t\t\t\t\t\t\t\t\t\t\t\t\t\t\t\t\t<\/div><!-- .gllr_image_block -->\n\t\t\t\t\t\t\t\t\t\t\t\t\t\t\t\t\t\t\t\t\t<\/div><!-- .gllr_image_row -->\n\t\t\t\t\t\t\t\t\t\t\t\t\t\t\t\t\t\t\t\t\t<div class=\"gllr_image_row\">\n\t\t\t\t\t\t\t\t\t\t\t\t\t\t\t\t\t\t\t\t\t<div class=\"gllr_image_block\">\n\t\t\t\t\t\t\t\t\t\t\t\t<p style=\"width:180px;height:140px;\">\n\t\t\t\t\t\t\t\t\t\t\t\t\t\t\t\t\t\t\t\t\t\t\t\t\t\t\t<a rel=\"gallery_fancybox_90732\" href=\"https:\/\/sp1slupsk.pl\/wp-content\/uploads\/2026\/03\/b59a9a24-3028-4b04-b1d7-885c764615a9-768x1024.jpg\" title=\"03.03.2026 r. udali\u015bmy si\u0119 do Szko\u0142y Podstawowej nr 9 w S\u0142upsku. W duchu sportowej rywalizacji fair play, uczestniczyli\u015bmy w zawodach szachowych. Zar\u00f3wno nasi reprezentanci, jak i zawodnicy z drugiej szko\u0142y spisali si\u0119 \u015bwietnie i osi\u0105gn\u0119li bardzo dobre wyniki. G\u0142\u00f3wnym celem spotkania by\u0142a jednak popularyzacja szach\u00f3w jako gry kszta\u0142tuj\u0105cej zdolno\u015bci koncentracji i analitycznego my\u015blenia oraz integracja uczni\u00f3w z dw\u00f3ch szk\u00f3\u0142. Turniej by\u0142 wyczerpuj\u0105cy (ka\u017cdy z ka\u017cdym po dwie partie, w dw\u00f3ch kategoriach wiekowych), ale u\u015bmiechy po zawodach \u015bwiadczy\u0142y, \u017ce zadowolenie jest wa\u017cniejsze ni\u017c zm\u0119czenie. Serdecznie dzi\u0119kujemy za zaproszenie, ciep\u0142e przyj\u0119cie i dzie\u0144 pe\u0142en wra\u017ce\u0144. Wyra\u017camy du\u017ce uznanie za wzorow\u0105 organizacj\u0119 wydarzenia. Nasza reprezentacja wyst\u0105pi\u0142a w sk\u0142adzie: Haremza Jakub (2a), Obia\u0142a Ernest (1a), Radawiec Marek (3a), Ziemienowicz Natasza (6a), Ziemienowicz Tatiana (6a) i Piotr \u017burowski (7a). Gratulujemy wszystkim uczestnikom turnieju - nie tylko zdobytych miejsc i otrzymania wspania\u0142ych nagr\u00f3d. Winszujemy r\u00f3wnie\u017c pi\u0119knych partii, godnego reprezentowania szk\u00f3\u0142 i wspierania siebie nawzajem.\">\n\t\t\t\t\t\t\t\t\t\t\t\t\t\t\t<img style=\"width:160px;height:120px; border-width: 10px; border-color:#F1F1F1;border: 10px solid #F1F1F1\" alt=\"\" title=\"03.03.2026 r. udali\u015bmy si\u0119 do Szko\u0142y Podstawowej nr 9 w S\u0142upsku. W duchu sportowej rywalizacji fair play, uczestniczyli\u015bmy w zawodach szachowych. Zar\u00f3wno nasi reprezentanci, jak i zawodnicy z drugiej szko\u0142y spisali si\u0119 \u015bwietnie i osi\u0105gn\u0119li bardzo dobre wyniki. G\u0142\u00f3wnym celem spotkania by\u0142a jednak popularyzacja szach\u00f3w jako gry kszta\u0142tuj\u0105cej zdolno\u015bci koncentracji i analitycznego my\u015blenia oraz integracja uczni\u00f3w z dw\u00f3ch szk\u00f3\u0142. Turniej by\u0142 wyczerpuj\u0105cy (ka\u017cdy z ka\u017cdym po dwie partie, w dw\u00f3ch kategoriach wiekowych), ale u\u015bmiechy po zawodach \u015bwiadczy\u0142y, \u017ce zadowolenie jest wa\u017cniejsze ni\u017c zm\u0119czenie. Serdecznie dzi\u0119kujemy za zaproszenie, ciep\u0142e przyj\u0119cie i dzie\u0144 pe\u0142en wra\u017ce\u0144. Wyra\u017camy du\u017ce uznanie za wzorow\u0105 organizacj\u0119 wydarzenia. Nasza reprezentacja wyst\u0105pi\u0142a w sk\u0142adzie: Haremza Jakub (2a), Obia\u0142a Ernest (1a), Radawiec Marek (3a), Ziemienowicz Natasza (6a), Ziemienowicz Tatiana (6a) i Piotr \u017burowski (7a). Gratulujemy wszystkim uczestnikom turnieju - nie tylko zdobytych miejsc i otrzymania wspania\u0142ych nagr\u00f3d. Winszujemy r\u00f3wnie\u017c pi\u0119knych partii, godnego reprezentowania szk\u00f3\u0142 i wspierania siebie nawzajem.\" src=\"https:\/\/sp1slupsk.pl\/wp-content\/uploads\/2026\/03\/b59a9a24-3028-4b04-b1d7-885c764615a9-160x120.jpg\" rel=\"https:\/\/sp1slupsk.pl\/wp-content\/uploads\/2026\/03\/b59a9a24-3028-4b04-b1d7-885c764615a9.jpg\" \/>\n\t\t\t\t\t\t\t\t\t\t\t\t\t\t<\/a>\n\t\t\t\t\t\t\t\t\t\t\t\t\t\t\t\t\t\t\t\t\t\t\t\t\t<\/p>\n\t\t\t\t\t\t\t\t\t\t\t\t\t\t\t\t\t\t\t\t\t\t\t<\/div><!-- .gllr_image_block -->\n\t\t\t\t\t\t\t\t\t\t\t\t\t\t\t\t\t\t\t\t\t<div class=\"gllr_image_block\">\n\t\t\t\t\t\t\t\t\t\t\t\t<p style=\"width:180px;height:140px;\">\n\t\t\t\t\t\t\t\t\t\t\t\t\t\t\t\t\t\t\t\t\t\t\t\t\t\t\t<a rel=\"gallery_fancybox_90732\" href=\"https:\/\/sp1slupsk.pl\/wp-content\/uploads\/2026\/03\/05c82a4f-8a49-4d7d-8cb3-8e50488d0908-1024x768.jpg\" title=\"03.03.2026 r. udali\u015bmy si\u0119 do Szko\u0142y Podstawowej nr 9 w S\u0142upsku. W duchu sportowej rywalizacji fair play, uczestniczyli\u015bmy w zawodach szachowych. Zar\u00f3wno nasi reprezentanci, jak i zawodnicy z drugiej szko\u0142y spisali si\u0119 \u015bwietnie i osi\u0105gn\u0119li bardzo dobre wyniki. G\u0142\u00f3wnym celem spotkania by\u0142a jednak popularyzacja szach\u00f3w jako gry kszta\u0142tuj\u0105cej zdolno\u015bci koncentracji i analitycznego my\u015blenia oraz integracja uczni\u00f3w z dw\u00f3ch szk\u00f3\u0142. Turniej by\u0142 wyczerpuj\u0105cy (ka\u017cdy z ka\u017cdym po dwie partie, w dw\u00f3ch kategoriach wiekowych), ale u\u015bmiechy po zawodach \u015bwiadczy\u0142y, \u017ce zadowolenie jest wa\u017cniejsze ni\u017c zm\u0119czenie. Serdecznie dzi\u0119kujemy za zaproszenie, ciep\u0142e przyj\u0119cie i dzie\u0144 pe\u0142en wra\u017ce\u0144. Wyra\u017camy du\u017ce uznanie za wzorow\u0105 organizacj\u0119 wydarzenia. Nasza reprezentacja wyst\u0105pi\u0142a w sk\u0142adzie: Haremza Jakub (2a), Obia\u0142a Ernest (1a), Radawiec Marek (3a), Ziemienowicz Natasza (6a), Ziemienowicz Tatiana (6a) i Piotr \u017burowski (7a). Gratulujemy wszystkim uczestnikom turnieju - nie tylko zdobytych miejsc i otrzymania wspania\u0142ych nagr\u00f3d. Winszujemy r\u00f3wnie\u017c pi\u0119knych partii, godnego reprezentowania szk\u00f3\u0142 i wspierania siebie nawzajem.\">\n\t\t\t\t\t\t\t\t\t\t\t\t\t\t\t<img style=\"width:160px;height:120px; border-width: 10px; border-color:#F1F1F1;border: 10px solid #F1F1F1\" alt=\"\" title=\"03.03.2026 r. udali\u015bmy si\u0119 do Szko\u0142y Podstawowej nr 9 w S\u0142upsku. W duchu sportowej rywalizacji fair play, uczestniczyli\u015bmy w zawodach szachowych. Zar\u00f3wno nasi reprezentanci, jak i zawodnicy z drugiej szko\u0142y spisali si\u0119 \u015bwietnie i osi\u0105gn\u0119li bardzo dobre wyniki. G\u0142\u00f3wnym celem spotkania by\u0142a jednak popularyzacja szach\u00f3w jako gry kszta\u0142tuj\u0105cej zdolno\u015bci koncentracji i analitycznego my\u015blenia oraz integracja uczni\u00f3w z dw\u00f3ch szk\u00f3\u0142. Turniej by\u0142 wyczerpuj\u0105cy (ka\u017cdy z ka\u017cdym po dwie partie, w dw\u00f3ch kategoriach wiekowych), ale u\u015bmiechy po zawodach \u015bwiadczy\u0142y, \u017ce zadowolenie jest wa\u017cniejsze ni\u017c zm\u0119czenie. Serdecznie dzi\u0119kujemy za zaproszenie, ciep\u0142e przyj\u0119cie i dzie\u0144 pe\u0142en wra\u017ce\u0144. Wyra\u017camy du\u017ce uznanie za wzorow\u0105 organizacj\u0119 wydarzenia. Nasza reprezentacja wyst\u0105pi\u0142a w sk\u0142adzie: Haremza Jakub (2a), Obia\u0142a Ernest (1a), Radawiec Marek (3a), Ziemienowicz Natasza (6a), Ziemienowicz Tatiana (6a) i Piotr \u017burowski (7a). Gratulujemy wszystkim uczestnikom turnieju - nie tylko zdobytych miejsc i otrzymania wspania\u0142ych nagr\u00f3d. Winszujemy r\u00f3wnie\u017c pi\u0119knych partii, godnego reprezentowania szk\u00f3\u0142 i wspierania siebie nawzajem.\" src=\"https:\/\/sp1slupsk.pl\/wp-content\/uploads\/2026\/03\/05c82a4f-8a49-4d7d-8cb3-8e50488d0908-160x120.jpg\" rel=\"https:\/\/sp1slupsk.pl\/wp-content\/uploads\/2026\/03\/05c82a4f-8a49-4d7d-8cb3-8e50488d0908.jpg\" \/>\n\t\t\t\t\t\t\t\t\t\t\t\t\t\t<\/a>\n\t\t\t\t\t\t\t\t\t\t\t\t\t\t\t\t\t\t\t\t\t\t\t\t\t<\/p>\n\t\t\t\t\t\t\t\t\t\t\t\t\t\t\t\t\t\t\t\t\t\t\t<\/div><!-- .gllr_image_block -->\n\t\t\t\t\t\t\t\t\t\t\t\t\t\t\t\t\t\t\t\t\t<div class=\"gllr_image_block\">\n\t\t\t\t\t\t\t\t\t\t\t\t<p style=\"width:180px;height:140px;\">\n\t\t\t\t\t\t\t\t\t\t\t\t\t\t\t\t\t\t\t\t\t\t\t\t\t\t\t<a rel=\"gallery_fancybox_90732\" href=\"https:\/\/sp1slupsk.pl\/wp-content\/uploads\/2026\/03\/69d8feba-365a-43b8-82b9-8834d16f3cf6-1024x768.jpg\" title=\"03.03.2026 r. udali\u015bmy si\u0119 do Szko\u0142y Podstawowej nr 9 w S\u0142upsku. W duchu sportowej rywalizacji fair play, uczestniczyli\u015bmy w zawodach szachowych. Zar\u00f3wno nasi reprezentanci, jak i zawodnicy z drugiej szko\u0142y spisali si\u0119 \u015bwietnie i osi\u0105gn\u0119li bardzo dobre wyniki. G\u0142\u00f3wnym celem spotkania by\u0142a jednak popularyzacja szach\u00f3w jako gry kszta\u0142tuj\u0105cej zdolno\u015bci koncentracji i analitycznego my\u015blenia oraz integracja uczni\u00f3w z dw\u00f3ch szk\u00f3\u0142. Turniej by\u0142 wyczerpuj\u0105cy (ka\u017cdy z ka\u017cdym po dwie partie, w dw\u00f3ch kategoriach wiekowych), ale u\u015bmiechy po zawodach \u015bwiadczy\u0142y, \u017ce zadowolenie jest wa\u017cniejsze ni\u017c zm\u0119czenie. Serdecznie dzi\u0119kujemy za zaproszenie, ciep\u0142e przyj\u0119cie i dzie\u0144 pe\u0142en wra\u017ce\u0144. Wyra\u017camy du\u017ce uznanie za wzorow\u0105 organizacj\u0119 wydarzenia. Nasza reprezentacja wyst\u0105pi\u0142a w sk\u0142adzie: Haremza Jakub (2a), Obia\u0142a Ernest (1a), Radawiec Marek (3a), Ziemienowicz Natasza (6a), Ziemienowicz Tatiana (6a) i Piotr \u017burowski (7a). Gratulujemy wszystkim uczestnikom turnieju - nie tylko zdobytych miejsc i otrzymania wspania\u0142ych nagr\u00f3d. Winszujemy r\u00f3wnie\u017c pi\u0119knych partii, godnego reprezentowania szk\u00f3\u0142 i wspierania siebie nawzajem.\">\n\t\t\t\t\t\t\t\t\t\t\t\t\t\t\t<img style=\"width:160px;height:120px; border-width: 10px; border-color:#F1F1F1;border: 10px solid #F1F1F1\" alt=\"\" title=\"03.03.2026 r. udali\u015bmy si\u0119 do Szko\u0142y Podstawowej nr 9 w S\u0142upsku. W duchu sportowej rywalizacji fair play, uczestniczyli\u015bmy w zawodach szachowych. Zar\u00f3wno nasi reprezentanci, jak i zawodnicy z drugiej szko\u0142y spisali si\u0119 \u015bwietnie i osi\u0105gn\u0119li bardzo dobre wyniki. G\u0142\u00f3wnym celem spotkania by\u0142a jednak popularyzacja szach\u00f3w jako gry kszta\u0142tuj\u0105cej zdolno\u015bci koncentracji i analitycznego my\u015blenia oraz integracja uczni\u00f3w z dw\u00f3ch szk\u00f3\u0142. Turniej by\u0142 wyczerpuj\u0105cy (ka\u017cdy z ka\u017cdym po dwie partie, w dw\u00f3ch kategoriach wiekowych), ale u\u015bmiechy po zawodach \u015bwiadczy\u0142y, \u017ce zadowolenie jest wa\u017cniejsze ni\u017c zm\u0119czenie. Serdecznie dzi\u0119kujemy za zaproszenie, ciep\u0142e przyj\u0119cie i dzie\u0144 pe\u0142en wra\u017ce\u0144. Wyra\u017camy du\u017ce uznanie za wzorow\u0105 organizacj\u0119 wydarzenia. Nasza reprezentacja wyst\u0105pi\u0142a w sk\u0142adzie: Haremza Jakub (2a), Obia\u0142a Ernest (1a), Radawiec Marek (3a), Ziemienowicz Natasza (6a), Ziemienowicz Tatiana (6a) i Piotr \u017burowski (7a). Gratulujemy wszystkim uczestnikom turnieju - nie tylko zdobytych miejsc i otrzymania wspania\u0142ych nagr\u00f3d. Winszujemy r\u00f3wnie\u017c pi\u0119knych partii, godnego reprezentowania szk\u00f3\u0142 i wspierania siebie nawzajem.\" src=\"https:\/\/sp1slupsk.pl\/wp-content\/uploads\/2026\/03\/69d8feba-365a-43b8-82b9-8834d16f3cf6-160x120.jpg\" rel=\"https:\/\/sp1slupsk.pl\/wp-content\/uploads\/2026\/03\/69d8feba-365a-43b8-82b9-8834d16f3cf6.jpg\" \/>\n\t\t\t\t\t\t\t\t\t\t\t\t\t\t<\/a>\n\t\t\t\t\t\t\t\t\t\t\t\t\t\t\t\t\t\t\t\t\t\t\t\t\t<\/p>\n\t\t\t\t\t\t\t\t\t\t\t\t\t\t\t\t\t\t\t\t\t\t\t<\/div><!-- .gllr_image_block -->\n\t\t\t\t\t\t\t\t\t\t\t\t\t\t\t\t\t\t\t\t\t<\/div><!-- .gllr_image_row -->\n\t\t\t\t\t\t\t\t\t\t\t\t\t\t\t\t\t\t<\/div><!-- .gallery.clearfix -->\n\t\t\t\t\t\t\t\t\t\t\t\t\t<\/div><!-- .gallery_box_single -->\n\t\t\t\t\t\t<div class=\"gllr_clear\"><\/div>\n\t\t\t\t\t\t\t\t\t<script type=\"text\/javascript\">\n\t\t\t\t\t(function($) {\n\t\t\t\t\t\t$(document).ready( function() {\n\t\t\t\t\t\t\t$( \"a[rel=gallery_fancybox_90732]\" ).fancybox( {\n\t\t\t\t\t\t\t\t'transitionIn'\t\t:\t'elastic',\n\t\t\t\t\t\t\t\t'transitionOut'\t\t:\t'elastic',\n\t\t\t\t\t\t\t\t'titlePosition' \t:\t'inside',\n\t\t\t\t\t\t\t\t'speedIn'\t\t\t:\t500, \n\t\t\t\t\t\t\t\t'speedOut'\t\t\t:\t300,\n\t\t\t\t\t\t\t\t'titleFormat'\t\t:\tfunction( title, currentArray, currentIndex, currentOpts ) {\n\t\t\t\t\t\t\t\t\treturn '<div id=\"fancybox-title-inside\">' + ( title.length ? '<span id=\"bws_gallery_image_title\">' + title + '<\/span><br \/>' : '' ) + '<span id=\"bws_gallery_image_counter\">Image ' + ( currentIndex + 1 ) + ' \/ ' + currentArray.length + '<\/span><\/div>';\n\t\t\t\t\t\t\t\t}\t\t\t\t\t\t\t});\n\t\t\t\t\t\t});\n\t\t\t\t\t})(jQuery);\n\t\t\t\t<\/script>\n\t\t\t\n\n\n\n<hr class=\"wp-block-separator\"\/>\n\n\n\n<p class=\"has-text-align-center\"><strong>IV edycja Ligi Szachowej \u201eJedynki\u201d zako\u0144czona!<\/strong><\/p>\n\n\n\n<p>Po dw\u00f3ch miesi\u0105cach intensywnych zmaga\u0144, rozegraniu bardzo du\u017cej ilo\u015bci partii na przerwach oraz zaj\u0119ciach szachowych \u2013 mamy podium w dw\u00f3ch kategoriach wiekowych: klasy I-III oraz IV-VIII. Pani dyrektor Ewa Chochu\u0142, podczas spotkania w miejscu rozgrywek \u2013 bibliotece szkolnej, podsumowa\u0142a zawody oraz rozda\u0142a najlepszym graczom dyplomy i nagrody: karty podarunkowe do sklepu EMPIK ufundowane przez Rad\u0119 Rodzic\u00f3w, a tak\u017ce ksi\u0105\u017cki.<\/p>\n\n\n\n<p>W grupie m\u0142odszej mistrzem zosta\u0142 Marek Radawiec z klasy 3a, kt\u00f3ry nie przegra\u0142 w turnieju \u017cadnej partii. Warto doda\u0107, \u017ce ucze\u0144 zosta\u0142 r\u00f3wnie\u017c najlepszym zawodnikiem podczas rozgrywek w M\u0142odzie\u017cowym Domu Kultury w S\u0142upsku, w czasie ferii zimowych. II miejsce w naszej lidze wywalczy\u0142 Ernest Obia\u0142a (1a), a III Jakub Haremza (2a).<\/p>\n\n\n\n<p>W grupie starszej mistrzem w roku szkolnym 2025\/2026 zosta\u0142 Piotr \u017burowski z klasy7a. II miejsce zdoby\u0142a Natasza Ziemienowicz (6a), a III lokat\u0119 po dogrywce wywalczy\u0142 Wiktor Kowalski (7b).<\/p>\n\n\n\n<p>Gratulacje dla wszystkich zawodnik\u00f3w, kt\u00f3rzy zdecydowali si\u0119 wystartowa\u0107 w tegorocznej edycji naszych rozgrywek i dzielnie walczyli o jak najwy\u017csze lokaty w rankingu Ligi Szachowej \u201eJedynki\u201d. Specjalne brawa nale\u017c\u0105 si\u0119 uczniom klas pierwszych, kt\u00f3rzy zdecydowali si\u0119 zapisa\u0107 i bez kompleks\u00f3w dobrze grali z bardziej do\u015bwiadczonymi szachistami.<\/p>\n\n\n\n\t\t\t\t\t\t<div class=\"gallery_box_single\">\n\t\t\t\t\t\t\t\t\t\t\t\t\t\t\t<div class=\"gallery clearfix\">\n\t\t\t\t\t\t\t\t\t\t\t\t\t\t\t\t\t\t\t\t<div class=\"gllr_image_row\">\n\t\t\t\t\t\t\t\t\t\t\t\t\t\t\t\t\t\t\t\t\t<div class=\"gllr_image_block\">\n\t\t\t\t\t\t\t\t\t\t\t\t<p style=\"width:180px;height:140px;\">\n\t\t\t\t\t\t\t\t\t\t\t\t\t\t\t\t\t\t\t\t\t\t\t\t\t\t\t<a rel=\"gallery_fancybox_90600\" href=\"https:\/\/sp1slupsk.pl\/wp-content\/uploads\/2026\/02\/IMG_20260204_115649608_HDR-1024x768.jpg\" title=\"Po dw\u00f3ch miesi\u0105cach intensywnych zmaga\u0144, rozegraniu bardzo du\u017cej ilo\u015bci partii na przerwach oraz zaj\u0119ciach szachowych \u2013 mamy podium w dw\u00f3ch kategoriach wiekowych: klasy I-III oraz IV-VIII. Pani dyrektor Ewa Chochu\u0142, podczas spotkania w miejscu rozgrywek \u2013 bibliotece szkolnej, podsumowa\u0142a zawody oraz rozda\u0142a najlepszym graczom dyplomy i nagrody: karty podarunkowe do sklepu EMPIK ufundowane przez Rad\u0119 Rodzic\u00f3w, a tak\u017ce ksi\u0105\u017cki.  W grupie m\u0142odszej mistrzem zosta\u0142 Marek Radawiec z klasy 3a, kt\u00f3ry nie przegra\u0142 w turnieju \u017cadnej partii. Warto doda\u0107, \u017ce ucze\u0144 zosta\u0142 r\u00f3wnie\u017c najlepszym zawodnikiem podczas rozgrywek w M\u0142odzie\u017cowym Domu Kultury w S\u0142upsku, w czasie ferii zimowych. II miejsce w naszej lidze wywalczy\u0142 Ernest Obia\u0142a (1a), a III Jakub Haremza (2a).  W grupie starszej mistrzem w roku szkolnym 2025\/2026 zosta\u0142 Piotr \u017burowski z klasy7a. II miejsce zdoby\u0142a Natasza Ziemienowicz (6a), a III lokat\u0119 po dogrywce wywalczy\u0142 Wiktor Kowalski (7b).  Gratulacje dla wszystkich zawodnik\u00f3w, kt\u00f3rzy zdecydowali si\u0119 wystartowa\u0107 w tegorocznej edycji naszych rozgrywek i dzielnie walczyli o jak najwy\u017csze lokaty w rankingu Ligi Szachowej \u201eJedynki\u201d. Specjalne brawa nale\u017c\u0105 si\u0119 uczniom klas pierwszych, kt\u00f3rzy zdecydowali si\u0119 zapisa\u0107 i bez kompleks\u00f3w dobrze grali z bardziej do\u015bwiadczonymi szachistami.\">\n\t\t\t\t\t\t\t\t\t\t\t\t\t\t\t<img style=\"width:160px;height:120px; border-width: 10px; border-color:#F1F1F1;border: 10px solid #F1F1F1\" alt=\"\" title=\"Po dw\u00f3ch miesi\u0105cach intensywnych zmaga\u0144, rozegraniu bardzo du\u017cej ilo\u015bci partii na przerwach oraz zaj\u0119ciach szachowych \u2013 mamy podium w dw\u00f3ch kategoriach wiekowych: klasy I-III oraz IV-VIII. Pani dyrektor Ewa Chochu\u0142, podczas spotkania w miejscu rozgrywek \u2013 bibliotece szkolnej, podsumowa\u0142a zawody oraz rozda\u0142a najlepszym graczom dyplomy i nagrody: karty podarunkowe do sklepu EMPIK ufundowane przez Rad\u0119 Rodzic\u00f3w, a tak\u017ce ksi\u0105\u017cki.  W grupie m\u0142odszej mistrzem zosta\u0142 Marek Radawiec z klasy 3a, kt\u00f3ry nie przegra\u0142 w turnieju \u017cadnej partii. Warto doda\u0107, \u017ce ucze\u0144 zosta\u0142 r\u00f3wnie\u017c najlepszym zawodnikiem podczas rozgrywek w M\u0142odzie\u017cowym Domu Kultury w S\u0142upsku, w czasie ferii zimowych. II miejsce w naszej lidze wywalczy\u0142 Ernest Obia\u0142a (1a), a III Jakub Haremza (2a).  W grupie starszej mistrzem w roku szkolnym 2025\/2026 zosta\u0142 Piotr \u017burowski z klasy7a. II miejsce zdoby\u0142a Natasza Ziemienowicz (6a), a III lokat\u0119 po dogrywce wywalczy\u0142 Wiktor Kowalski (7b).  Gratulacje dla wszystkich zawodnik\u00f3w, kt\u00f3rzy zdecydowali si\u0119 wystartowa\u0107 w tegorocznej edycji naszych rozgrywek i dzielnie walczyli o jak najwy\u017csze lokaty w rankingu Ligi Szachowej \u201eJedynki\u201d. Specjalne brawa nale\u017c\u0105 si\u0119 uczniom klas pierwszych, kt\u00f3rzy zdecydowali si\u0119 zapisa\u0107 i bez kompleks\u00f3w dobrze grali z bardziej do\u015bwiadczonymi szachistami.\" src=\"https:\/\/sp1slupsk.pl\/wp-content\/uploads\/2026\/02\/IMG_20260204_115649608_HDR-160x120.jpg\" rel=\"https:\/\/sp1slupsk.pl\/wp-content\/uploads\/2026\/02\/IMG_20260204_115649608_HDR-scaled.jpg\" \/>\n\t\t\t\t\t\t\t\t\t\t\t\t\t\t<\/a>\n\t\t\t\t\t\t\t\t\t\t\t\t\t\t\t\t\t\t\t\t\t\t\t\t\t<\/p>\n\t\t\t\t\t\t\t\t\t\t\t\t\t\t\t\t\t\t\t\t\t\t\t<\/div><!-- .gllr_image_block -->\n\t\t\t\t\t\t\t\t\t\t\t\t\t\t\t\t\t\t\t\t\t<div class=\"gllr_image_block\">\n\t\t\t\t\t\t\t\t\t\t\t\t<p style=\"width:180px;height:140px;\">\n\t\t\t\t\t\t\t\t\t\t\t\t\t\t\t\t\t\t\t\t\t\t\t\t\t\t\t<a rel=\"gallery_fancybox_90600\" href=\"https:\/\/sp1slupsk.pl\/wp-content\/uploads\/2026\/02\/IMG_20251103_113849649_HDR-1024x768.jpg\" title=\"Po dw\u00f3ch miesi\u0105cach intensywnych zmaga\u0144, rozegraniu bardzo du\u017cej ilo\u015bci partii na przerwach oraz zaj\u0119ciach szachowych \u2013 mamy podium w dw\u00f3ch kategoriach wiekowych: klasy I-III oraz IV-VIII. Pani dyrektor Ewa Chochu\u0142, podczas spotkania w miejscu rozgrywek \u2013 bibliotece szkolnej, podsumowa\u0142a zawody oraz rozda\u0142a najlepszym graczom dyplomy i nagrody: karty podarunkowe do sklepu EMPIK ufundowane przez Rad\u0119 Rodzic\u00f3w, a tak\u017ce ksi\u0105\u017cki.  W grupie m\u0142odszej mistrzem zosta\u0142 Marek Radawiec z klasy 3a, kt\u00f3ry nie przegra\u0142 w turnieju \u017cadnej partii. Warto doda\u0107, \u017ce ucze\u0144 zosta\u0142 r\u00f3wnie\u017c najlepszym zawodnikiem podczas rozgrywek w M\u0142odzie\u017cowym Domu Kultury w S\u0142upsku, w czasie ferii zimowych. II miejsce w naszej lidze wywalczy\u0142 Ernest Obia\u0142a (1a), a III Jakub Haremza (2a).  W grupie starszej mistrzem w roku szkolnym 2025\/2026 zosta\u0142 Piotr \u017burowski z klasy7a. II miejsce zdoby\u0142a Natasza Ziemienowicz (6a), a III lokat\u0119 po dogrywce wywalczy\u0142 Wiktor Kowalski (7b).  Gratulacje dla wszystkich zawodnik\u00f3w, kt\u00f3rzy zdecydowali si\u0119 wystartowa\u0107 w tegorocznej edycji naszych rozgrywek i dzielnie walczyli o jak najwy\u017csze lokaty w rankingu Ligi Szachowej \u201eJedynki\u201d. Specjalne brawa nale\u017c\u0105 si\u0119 uczniom klas pierwszych, kt\u00f3rzy zdecydowali si\u0119 zapisa\u0107 i bez kompleks\u00f3w dobrze grali z bardziej do\u015bwiadczonymi szachistami.\">\n\t\t\t\t\t\t\t\t\t\t\t\t\t\t\t<img style=\"width:160px;height:120px; border-width: 10px; border-color:#F1F1F1;border: 10px solid #F1F1F1\" alt=\"\" title=\"Po dw\u00f3ch miesi\u0105cach intensywnych zmaga\u0144, rozegraniu bardzo du\u017cej ilo\u015bci partii na przerwach oraz zaj\u0119ciach szachowych \u2013 mamy podium w dw\u00f3ch kategoriach wiekowych: klasy I-III oraz IV-VIII. Pani dyrektor Ewa Chochu\u0142, podczas spotkania w miejscu rozgrywek \u2013 bibliotece szkolnej, podsumowa\u0142a zawody oraz rozda\u0142a najlepszym graczom dyplomy i nagrody: karty podarunkowe do sklepu EMPIK ufundowane przez Rad\u0119 Rodzic\u00f3w, a tak\u017ce ksi\u0105\u017cki.  W grupie m\u0142odszej mistrzem zosta\u0142 Marek Radawiec z klasy 3a, kt\u00f3ry nie przegra\u0142 w turnieju \u017cadnej partii. Warto doda\u0107, \u017ce ucze\u0144 zosta\u0142 r\u00f3wnie\u017c najlepszym zawodnikiem podczas rozgrywek w M\u0142odzie\u017cowym Domu Kultury w S\u0142upsku, w czasie ferii zimowych. II miejsce w naszej lidze wywalczy\u0142 Ernest Obia\u0142a (1a), a III Jakub Haremza (2a).  W grupie starszej mistrzem w roku szkolnym 2025\/2026 zosta\u0142 Piotr \u017burowski z klasy7a. II miejsce zdoby\u0142a Natasza Ziemienowicz (6a), a III lokat\u0119 po dogrywce wywalczy\u0142 Wiktor Kowalski (7b).  Gratulacje dla wszystkich zawodnik\u00f3w, kt\u00f3rzy zdecydowali si\u0119 wystartowa\u0107 w tegorocznej edycji naszych rozgrywek i dzielnie walczyli o jak najwy\u017csze lokaty w rankingu Ligi Szachowej \u201eJedynki\u201d. Specjalne brawa nale\u017c\u0105 si\u0119 uczniom klas pierwszych, kt\u00f3rzy zdecydowali si\u0119 zapisa\u0107 i bez kompleks\u00f3w dobrze grali z bardziej do\u015bwiadczonymi szachistami.\" src=\"https:\/\/sp1slupsk.pl\/wp-content\/uploads\/2026\/02\/IMG_20251103_113849649_HDR-160x120.jpg\" rel=\"https:\/\/sp1slupsk.pl\/wp-content\/uploads\/2026\/02\/IMG_20251103_113849649_HDR-scaled.jpg\" \/>\n\t\t\t\t\t\t\t\t\t\t\t\t\t\t<\/a>\n\t\t\t\t\t\t\t\t\t\t\t\t\t\t\t\t\t\t\t\t\t\t\t\t\t<\/p>\n\t\t\t\t\t\t\t\t\t\t\t\t\t\t\t\t\t\t\t\t\t\t\t<\/div><!-- .gllr_image_block -->\n\t\t\t\t\t\t\t\t\t\t\t\t\t\t\t\t\t\t\t\t\t<div class=\"gllr_image_block\">\n\t\t\t\t\t\t\t\t\t\t\t\t<p style=\"width:180px;height:140px;\">\n\t\t\t\t\t\t\t\t\t\t\t\t\t\t\t\t\t\t\t\t\t\t\t\t\t\t\t<a rel=\"gallery_fancybox_90600\" href=\"https:\/\/sp1slupsk.pl\/wp-content\/uploads\/2026\/02\/IMG_20260204_115833169_HDR-1024x768.jpg\" title=\"Po dw\u00f3ch miesi\u0105cach intensywnych zmaga\u0144, rozegraniu bardzo du\u017cej ilo\u015bci partii na przerwach oraz zaj\u0119ciach szachowych \u2013 mamy podium w dw\u00f3ch kategoriach wiekowych: klasy I-III oraz IV-VIII. Pani dyrektor Ewa Chochu\u0142, podczas spotkania w miejscu rozgrywek \u2013 bibliotece szkolnej, podsumowa\u0142a zawody oraz rozda\u0142a najlepszym graczom dyplomy i nagrody: karty podarunkowe do sklepu EMPIK ufundowane przez Rad\u0119 Rodzic\u00f3w, a tak\u017ce ksi\u0105\u017cki.  W grupie m\u0142odszej mistrzem zosta\u0142 Marek Radawiec z klasy 3a, kt\u00f3ry nie przegra\u0142 w turnieju \u017cadnej partii. Warto doda\u0107, \u017ce ucze\u0144 zosta\u0142 r\u00f3wnie\u017c najlepszym zawodnikiem podczas rozgrywek w M\u0142odzie\u017cowym Domu Kultury w S\u0142upsku, w czasie ferii zimowych. II miejsce w naszej lidze wywalczy\u0142 Ernest Obia\u0142a (1a), a III Jakub Haremza (2a).  W grupie starszej mistrzem w roku szkolnym 2025\/2026 zosta\u0142 Piotr \u017burowski z klasy7a. II miejsce zdoby\u0142a Natasza Ziemienowicz (6a), a III lokat\u0119 po dogrywce wywalczy\u0142 Wiktor Kowalski (7b).  Gratulacje dla wszystkich zawodnik\u00f3w, kt\u00f3rzy zdecydowali si\u0119 wystartowa\u0107 w tegorocznej edycji naszych rozgrywek i dzielnie walczyli o jak najwy\u017csze lokaty w rankingu Ligi Szachowej \u201eJedynki\u201d. Specjalne brawa nale\u017c\u0105 si\u0119 uczniom klas pierwszych, kt\u00f3rzy zdecydowali si\u0119 zapisa\u0107 i bez kompleks\u00f3w dobrze grali z bardziej do\u015bwiadczonymi szachistami.\">\n\t\t\t\t\t\t\t\t\t\t\t\t\t\t\t<img style=\"width:160px;height:120px; border-width: 10px; border-color:#F1F1F1;border: 10px solid #F1F1F1\" alt=\"\" title=\"Po dw\u00f3ch miesi\u0105cach intensywnych zmaga\u0144, rozegraniu bardzo du\u017cej ilo\u015bci partii na przerwach oraz zaj\u0119ciach szachowych \u2013 mamy podium w dw\u00f3ch kategoriach wiekowych: klasy I-III oraz IV-VIII. Pani dyrektor Ewa Chochu\u0142, podczas spotkania w miejscu rozgrywek \u2013 bibliotece szkolnej, podsumowa\u0142a zawody oraz rozda\u0142a najlepszym graczom dyplomy i nagrody: karty podarunkowe do sklepu EMPIK ufundowane przez Rad\u0119 Rodzic\u00f3w, a tak\u017ce ksi\u0105\u017cki.  W grupie m\u0142odszej mistrzem zosta\u0142 Marek Radawiec z klasy 3a, kt\u00f3ry nie przegra\u0142 w turnieju \u017cadnej partii. Warto doda\u0107, \u017ce ucze\u0144 zosta\u0142 r\u00f3wnie\u017c najlepszym zawodnikiem podczas rozgrywek w M\u0142odzie\u017cowym Domu Kultury w S\u0142upsku, w czasie ferii zimowych. II miejsce w naszej lidze wywalczy\u0142 Ernest Obia\u0142a (1a), a III Jakub Haremza (2a).  W grupie starszej mistrzem w roku szkolnym 2025\/2026 zosta\u0142 Piotr \u017burowski z klasy7a. II miejsce zdoby\u0142a Natasza Ziemienowicz (6a), a III lokat\u0119 po dogrywce wywalczy\u0142 Wiktor Kowalski (7b).  Gratulacje dla wszystkich zawodnik\u00f3w, kt\u00f3rzy zdecydowali si\u0119 wystartowa\u0107 w tegorocznej edycji naszych rozgrywek i dzielnie walczyli o jak najwy\u017csze lokaty w rankingu Ligi Szachowej \u201eJedynki\u201d. Specjalne brawa nale\u017c\u0105 si\u0119 uczniom klas pierwszych, kt\u00f3rzy zdecydowali si\u0119 zapisa\u0107 i bez kompleks\u00f3w dobrze grali z bardziej do\u015bwiadczonymi szachistami.\" src=\"https:\/\/sp1slupsk.pl\/wp-content\/uploads\/2026\/02\/IMG_20260204_115833169_HDR-160x120.jpg\" rel=\"https:\/\/sp1slupsk.pl\/wp-content\/uploads\/2026\/02\/IMG_20260204_115833169_HDR-scaled.jpg\" \/>\n\t\t\t\t\t\t\t\t\t\t\t\t\t\t<\/a>\n\t\t\t\t\t\t\t\t\t\t\t\t\t\t\t\t\t\t\t\t\t\t\t\t\t<\/p>\n\t\t\t\t\t\t\t\t\t\t\t\t\t\t\t\t\t\t\t\t\t\t\t<\/div><!-- .gllr_image_block -->\n\t\t\t\t\t\t\t\t\t\t\t\t\t\t\t\t\t\t\t\t\t<\/div><!-- .gllr_image_row -->\n\t\t\t\t\t\t\t\t\t\t\t\t\t\t\t\t\t\t\t\t\t<div class=\"gllr_image_row\">\n\t\t\t\t\t\t\t\t\t\t\t\t\t\t\t\t\t\t\t\t\t<div class=\"gllr_image_block\">\n\t\t\t\t\t\t\t\t\t\t\t\t<p style=\"width:180px;height:140px;\">\n\t\t\t\t\t\t\t\t\t\t\t\t\t\t\t\t\t\t\t\t\t\t\t\t\t\t\t<a rel=\"gallery_fancybox_90600\" href=\"https:\/\/sp1slupsk.pl\/wp-content\/uploads\/2026\/02\/IMG_20251205_113526282_HDR-1024x768.jpg\" title=\"Po dw\u00f3ch miesi\u0105cach intensywnych zmaga\u0144, rozegraniu bardzo du\u017cej ilo\u015bci partii na przerwach oraz zaj\u0119ciach szachowych \u2013 mamy podium w dw\u00f3ch kategoriach wiekowych: klasy I-III oraz IV-VIII. Pani dyrektor Ewa Chochu\u0142, podczas spotkania w miejscu rozgrywek \u2013 bibliotece szkolnej, podsumowa\u0142a zawody oraz rozda\u0142a najlepszym graczom dyplomy i nagrody: karty podarunkowe do sklepu EMPIK ufundowane przez Rad\u0119 Rodzic\u00f3w, a tak\u017ce ksi\u0105\u017cki.  W grupie m\u0142odszej mistrzem zosta\u0142 Marek Radawiec z klasy 3a, kt\u00f3ry nie przegra\u0142 w turnieju \u017cadnej partii. Warto doda\u0107, \u017ce ucze\u0144 zosta\u0142 r\u00f3wnie\u017c najlepszym zawodnikiem podczas rozgrywek w M\u0142odzie\u017cowym Domu Kultury w S\u0142upsku, w czasie ferii zimowych. II miejsce w naszej lidze wywalczy\u0142 Ernest Obia\u0142a (1a), a III Jakub Haremza (2a).  W grupie starszej mistrzem w roku szkolnym 2025\/2026 zosta\u0142 Piotr \u017burowski z klasy7a. II miejsce zdoby\u0142a Natasza Ziemienowicz (6a), a III lokat\u0119 po dogrywce wywalczy\u0142 Wiktor Kowalski (7b).  Gratulacje dla wszystkich zawodnik\u00f3w, kt\u00f3rzy zdecydowali si\u0119 wystartowa\u0107 w tegorocznej edycji naszych rozgrywek i dzielnie walczyli o jak najwy\u017csze lokaty w rankingu Ligi Szachowej \u201eJedynki\u201d. Specjalne brawa nale\u017c\u0105 si\u0119 uczniom klas pierwszych, kt\u00f3rzy zdecydowali si\u0119 zapisa\u0107 i bez kompleks\u00f3w dobrze grali z bardziej do\u015bwiadczonymi szachistami.\">\n\t\t\t\t\t\t\t\t\t\t\t\t\t\t\t<img style=\"width:160px;height:120px; border-width: 10px; border-color:#F1F1F1;border: 10px solid #F1F1F1\" alt=\"\" title=\"Po dw\u00f3ch miesi\u0105cach intensywnych zmaga\u0144, rozegraniu bardzo du\u017cej ilo\u015bci partii na przerwach oraz zaj\u0119ciach szachowych \u2013 mamy podium w dw\u00f3ch kategoriach wiekowych: klasy I-III oraz IV-VIII. Pani dyrektor Ewa Chochu\u0142, podczas spotkania w miejscu rozgrywek \u2013 bibliotece szkolnej, podsumowa\u0142a zawody oraz rozda\u0142a najlepszym graczom dyplomy i nagrody: karty podarunkowe do sklepu EMPIK ufundowane przez Rad\u0119 Rodzic\u00f3w, a tak\u017ce ksi\u0105\u017cki.  W grupie m\u0142odszej mistrzem zosta\u0142 Marek Radawiec z klasy 3a, kt\u00f3ry nie przegra\u0142 w turnieju \u017cadnej partii. Warto doda\u0107, \u017ce ucze\u0144 zosta\u0142 r\u00f3wnie\u017c najlepszym zawodnikiem podczas rozgrywek w M\u0142odzie\u017cowym Domu Kultury w S\u0142upsku, w czasie ferii zimowych. II miejsce w naszej lidze wywalczy\u0142 Ernest Obia\u0142a (1a), a III Jakub Haremza (2a).  W grupie starszej mistrzem w roku szkolnym 2025\/2026 zosta\u0142 Piotr \u017burowski z klasy7a. II miejsce zdoby\u0142a Natasza Ziemienowicz (6a), a III lokat\u0119 po dogrywce wywalczy\u0142 Wiktor Kowalski (7b).  Gratulacje dla wszystkich zawodnik\u00f3w, kt\u00f3rzy zdecydowali si\u0119 wystartowa\u0107 w tegorocznej edycji naszych rozgrywek i dzielnie walczyli o jak najwy\u017csze lokaty w rankingu Ligi Szachowej \u201eJedynki\u201d. Specjalne brawa nale\u017c\u0105 si\u0119 uczniom klas pierwszych, kt\u00f3rzy zdecydowali si\u0119 zapisa\u0107 i bez kompleks\u00f3w dobrze grali z bardziej do\u015bwiadczonymi szachistami.\" src=\"https:\/\/sp1slupsk.pl\/wp-content\/uploads\/2026\/02\/IMG_20251205_113526282_HDR-160x120.jpg\" rel=\"https:\/\/sp1slupsk.pl\/wp-content\/uploads\/2026\/02\/IMG_20251205_113526282_HDR-scaled.jpg\" \/>\n\t\t\t\t\t\t\t\t\t\t\t\t\t\t<\/a>\n\t\t\t\t\t\t\t\t\t\t\t\t\t\t\t\t\t\t\t\t\t\t\t\t\t<\/p>\n\t\t\t\t\t\t\t\t\t\t\t\t\t\t\t\t\t\t\t\t\t\t\t<\/div><!-- .gllr_image_block -->\n\t\t\t\t\t\t\t\t\t\t\t\t\t\t\t\t\t\t\t\t\t<div class=\"gllr_image_block\">\n\t\t\t\t\t\t\t\t\t\t\t\t<p style=\"width:180px;height:140px;\">\n\t\t\t\t\t\t\t\t\t\t\t\t\t\t\t\t\t\t\t\t\t\t\t\t\t\t\t<a rel=\"gallery_fancybox_90600\" href=\"https:\/\/sp1slupsk.pl\/wp-content\/uploads\/2026\/02\/IMG_20260204_115913713_HDR-1024x768.jpg\" title=\"Po dw\u00f3ch miesi\u0105cach intensywnych zmaga\u0144, rozegraniu bardzo du\u017cej ilo\u015bci partii na przerwach oraz zaj\u0119ciach szachowych \u2013 mamy podium w dw\u00f3ch kategoriach wiekowych: klasy I-III oraz IV-VIII. Pani dyrektor Ewa Chochu\u0142, podczas spotkania w miejscu rozgrywek \u2013 bibliotece szkolnej, podsumowa\u0142a zawody oraz rozda\u0142a najlepszym graczom dyplomy i nagrody: karty podarunkowe do sklepu EMPIK ufundowane przez Rad\u0119 Rodzic\u00f3w, a tak\u017ce ksi\u0105\u017cki.  W grupie m\u0142odszej mistrzem zosta\u0142 Marek Radawiec z klasy 3a, kt\u00f3ry nie przegra\u0142 w turnieju \u017cadnej partii. Warto doda\u0107, \u017ce ucze\u0144 zosta\u0142 r\u00f3wnie\u017c najlepszym zawodnikiem podczas rozgrywek w M\u0142odzie\u017cowym Domu Kultury w S\u0142upsku, w czasie ferii zimowych. II miejsce w naszej lidze wywalczy\u0142 Ernest Obia\u0142a (1a), a III Jakub Haremza (2a).  W grupie starszej mistrzem w roku szkolnym 2025\/2026 zosta\u0142 Piotr \u017burowski z klasy7a. II miejsce zdoby\u0142a Natasza Ziemienowicz (6a), a III lokat\u0119 po dogrywce wywalczy\u0142 Wiktor Kowalski (7b).  Gratulacje dla wszystkich zawodnik\u00f3w, kt\u00f3rzy zdecydowali si\u0119 wystartowa\u0107 w tegorocznej edycji naszych rozgrywek i dzielnie walczyli o jak najwy\u017csze lokaty w rankingu Ligi Szachowej \u201eJedynki\u201d. Specjalne brawa nale\u017c\u0105 si\u0119 uczniom klas pierwszych, kt\u00f3rzy zdecydowali si\u0119 zapisa\u0107 i bez kompleks\u00f3w dobrze grali z bardziej do\u015bwiadczonymi szachistami.\">\n\t\t\t\t\t\t\t\t\t\t\t\t\t\t\t<img style=\"width:160px;height:120px; border-width: 10px; border-color:#F1F1F1;border: 10px solid #F1F1F1\" alt=\"\" title=\"Po dw\u00f3ch miesi\u0105cach intensywnych zmaga\u0144, rozegraniu bardzo du\u017cej ilo\u015bci partii na przerwach oraz zaj\u0119ciach szachowych \u2013 mamy podium w dw\u00f3ch kategoriach wiekowych: klasy I-III oraz IV-VIII. Pani dyrektor Ewa Chochu\u0142, podczas spotkania w miejscu rozgrywek \u2013 bibliotece szkolnej, podsumowa\u0142a zawody oraz rozda\u0142a najlepszym graczom dyplomy i nagrody: karty podarunkowe do sklepu EMPIK ufundowane przez Rad\u0119 Rodzic\u00f3w, a tak\u017ce ksi\u0105\u017cki.  W grupie m\u0142odszej mistrzem zosta\u0142 Marek Radawiec z klasy 3a, kt\u00f3ry nie przegra\u0142 w turnieju \u017cadnej partii. Warto doda\u0107, \u017ce ucze\u0144 zosta\u0142 r\u00f3wnie\u017c najlepszym zawodnikiem podczas rozgrywek w M\u0142odzie\u017cowym Domu Kultury w S\u0142upsku, w czasie ferii zimowych. II miejsce w naszej lidze wywalczy\u0142 Ernest Obia\u0142a (1a), a III Jakub Haremza (2a).  W grupie starszej mistrzem w roku szkolnym 2025\/2026 zosta\u0142 Piotr \u017burowski z klasy7a. II miejsce zdoby\u0142a Natasza Ziemienowicz (6a), a III lokat\u0119 po dogrywce wywalczy\u0142 Wiktor Kowalski (7b).  Gratulacje dla wszystkich zawodnik\u00f3w, kt\u00f3rzy zdecydowali si\u0119 wystartowa\u0107 w tegorocznej edycji naszych rozgrywek i dzielnie walczyli o jak najwy\u017csze lokaty w rankingu Ligi Szachowej \u201eJedynki\u201d. Specjalne brawa nale\u017c\u0105 si\u0119 uczniom klas pierwszych, kt\u00f3rzy zdecydowali si\u0119 zapisa\u0107 i bez kompleks\u00f3w dobrze grali z bardziej do\u015bwiadczonymi szachistami.\" src=\"https:\/\/sp1slupsk.pl\/wp-content\/uploads\/2026\/02\/IMG_20260204_115913713_HDR-160x120.jpg\" rel=\"https:\/\/sp1slupsk.pl\/wp-content\/uploads\/2026\/02\/IMG_20260204_115913713_HDR-scaled.jpg\" \/>\n\t\t\t\t\t\t\t\t\t\t\t\t\t\t<\/a>\n\t\t\t\t\t\t\t\t\t\t\t\t\t\t\t\t\t\t\t\t\t\t\t\t\t<\/p>\n\t\t\t\t\t\t\t\t\t\t\t\t\t\t\t\t\t\t\t\t\t\t\t<\/div><!-- .gllr_image_block -->\n\t\t\t\t\t\t\t\t\t\t\t\t\t\t\t\t\t\t\t\t\t<div class=\"gllr_image_block\">\n\t\t\t\t\t\t\t\t\t\t\t\t<p style=\"width:180px;height:140px;\">\n\t\t\t\t\t\t\t\t\t\t\t\t\t\t\t\t\t\t\t\t\t\t\t\t\t\t\t<a rel=\"gallery_fancybox_90600\" href=\"https:\/\/sp1slupsk.pl\/wp-content\/uploads\/2026\/02\/IMG_20260204_120714843_HDR-768x1024.jpg\" title=\"Po dw\u00f3ch miesi\u0105cach intensywnych zmaga\u0144, rozegraniu bardzo du\u017cej ilo\u015bci partii na przerwach oraz zaj\u0119ciach szachowych \u2013 mamy podium w dw\u00f3ch kategoriach wiekowych: klasy I-III oraz IV-VIII. Pani dyrektor Ewa Chochu\u0142, podczas spotkania w miejscu rozgrywek \u2013 bibliotece szkolnej, podsumowa\u0142a zawody oraz rozda\u0142a najlepszym graczom dyplomy i nagrody: karty podarunkowe do sklepu EMPIK ufundowane przez Rad\u0119 Rodzic\u00f3w, a tak\u017ce ksi\u0105\u017cki.  W grupie m\u0142odszej mistrzem zosta\u0142 Marek Radawiec z klasy 3a, kt\u00f3ry nie przegra\u0142 w turnieju \u017cadnej partii. Warto doda\u0107, \u017ce ucze\u0144 zosta\u0142 r\u00f3wnie\u017c najlepszym zawodnikiem podczas rozgrywek w M\u0142odzie\u017cowym Domu Kultury w S\u0142upsku, w czasie ferii zimowych. II miejsce w naszej lidze wywalczy\u0142 Ernest Obia\u0142a (1a), a III Jakub Haremza (2a).  W grupie starszej mistrzem w roku szkolnym 2025\/2026 zosta\u0142 Piotr \u017burowski z klasy7a. II miejsce zdoby\u0142a Natasza Ziemienowicz (6a), a III lokat\u0119 po dogrywce wywalczy\u0142 Wiktor Kowalski (7b).  Gratulacje dla wszystkich zawodnik\u00f3w, kt\u00f3rzy zdecydowali si\u0119 wystartowa\u0107 w tegorocznej edycji naszych rozgrywek i dzielnie walczyli o jak najwy\u017csze lokaty w rankingu Ligi Szachowej \u201eJedynki\u201d. Specjalne brawa nale\u017c\u0105 si\u0119 uczniom klas pierwszych, kt\u00f3rzy zdecydowali si\u0119 zapisa\u0107 i bez kompleks\u00f3w dobrze grali z bardziej do\u015bwiadczonymi szachistami.\">\n\t\t\t\t\t\t\t\t\t\t\t\t\t\t\t<img style=\"width:160px;height:120px; border-width: 10px; border-color:#F1F1F1;border: 10px solid #F1F1F1\" alt=\"\" title=\"Po dw\u00f3ch miesi\u0105cach intensywnych zmaga\u0144, rozegraniu bardzo du\u017cej ilo\u015bci partii na przerwach oraz zaj\u0119ciach szachowych \u2013 mamy podium w dw\u00f3ch kategoriach wiekowych: klasy I-III oraz IV-VIII. Pani dyrektor Ewa Chochu\u0142, podczas spotkania w miejscu rozgrywek \u2013 bibliotece szkolnej, podsumowa\u0142a zawody oraz rozda\u0142a najlepszym graczom dyplomy i nagrody: karty podarunkowe do sklepu EMPIK ufundowane przez Rad\u0119 Rodzic\u00f3w, a tak\u017ce ksi\u0105\u017cki.  W grupie m\u0142odszej mistrzem zosta\u0142 Marek Radawiec z klasy 3a, kt\u00f3ry nie przegra\u0142 w turnieju \u017cadnej partii. Warto doda\u0107, \u017ce ucze\u0144 zosta\u0142 r\u00f3wnie\u017c najlepszym zawodnikiem podczas rozgrywek w M\u0142odzie\u017cowym Domu Kultury w S\u0142upsku, w czasie ferii zimowych. II miejsce w naszej lidze wywalczy\u0142 Ernest Obia\u0142a (1a), a III Jakub Haremza (2a).  W grupie starszej mistrzem w roku szkolnym 2025\/2026 zosta\u0142 Piotr \u017burowski z klasy7a. II miejsce zdoby\u0142a Natasza Ziemienowicz (6a), a III lokat\u0119 po dogrywce wywalczy\u0142 Wiktor Kowalski (7b).  Gratulacje dla wszystkich zawodnik\u00f3w, kt\u00f3rzy zdecydowali si\u0119 wystartowa\u0107 w tegorocznej edycji naszych rozgrywek i dzielnie walczyli o jak najwy\u017csze lokaty w rankingu Ligi Szachowej \u201eJedynki\u201d. Specjalne brawa nale\u017c\u0105 si\u0119 uczniom klas pierwszych, kt\u00f3rzy zdecydowali si\u0119 zapisa\u0107 i bez kompleks\u00f3w dobrze grali z bardziej do\u015bwiadczonymi szachistami.\" src=\"https:\/\/sp1slupsk.pl\/wp-content\/uploads\/2026\/02\/IMG_20260204_120714843_HDR-160x120.jpg\" rel=\"https:\/\/sp1slupsk.pl\/wp-content\/uploads\/2026\/02\/IMG_20260204_120714843_HDR-scaled.jpg\" \/>\n\t\t\t\t\t\t\t\t\t\t\t\t\t\t<\/a>\n\t\t\t\t\t\t\t\t\t\t\t\t\t\t\t\t\t\t\t\t\t\t\t\t\t<\/p>\n\t\t\t\t\t\t\t\t\t\t\t\t\t\t\t\t\t\t\t\t\t\t\t<\/div><!-- .gllr_image_block -->\n\t\t\t\t\t\t\t\t\t\t\t\t\t\t\t\t\t\t\t\t\t<\/div><!-- .gllr_image_row -->\n\t\t\t\t\t\t\t\t\t\t\t\t\t\t\t\t\t\t\t\t\t<div class=\"gllr_image_row\">\n\t\t\t\t\t\t\t\t\t\t\t\t\t\t\t\t\t\t\t\t\t<div class=\"gllr_image_block\">\n\t\t\t\t\t\t\t\t\t\t\t\t<p style=\"width:180px;height:140px;\">\n\t\t\t\t\t\t\t\t\t\t\t\t\t\t\t\t\t\t\t\t\t\t\t\t\t\t\t<a rel=\"gallery_fancybox_90600\" href=\"https:\/\/sp1slupsk.pl\/wp-content\/uploads\/2026\/02\/IMG_20251103_095017544_HDR-1024x768.jpg\" title=\"Po dw\u00f3ch miesi\u0105cach intensywnych zmaga\u0144, rozegraniu bardzo du\u017cej ilo\u015bci partii na przerwach oraz zaj\u0119ciach szachowych \u2013 mamy podium w dw\u00f3ch kategoriach wiekowych: klasy I-III oraz IV-VIII. Pani dyrektor Ewa Chochu\u0142, podczas spotkania w miejscu rozgrywek \u2013 bibliotece szkolnej, podsumowa\u0142a zawody oraz rozda\u0142a najlepszym graczom dyplomy i nagrody: karty podarunkowe do sklepu EMPIK ufundowane przez Rad\u0119 Rodzic\u00f3w, a tak\u017ce ksi\u0105\u017cki.  W grupie m\u0142odszej mistrzem zosta\u0142 Marek Radawiec z klasy 3a, kt\u00f3ry nie przegra\u0142 w turnieju \u017cadnej partii. Warto doda\u0107, \u017ce ucze\u0144 zosta\u0142 r\u00f3wnie\u017c najlepszym zawodnikiem podczas rozgrywek w M\u0142odzie\u017cowym Domu Kultury w S\u0142upsku, w czasie ferii zimowych. II miejsce w naszej lidze wywalczy\u0142 Ernest Obia\u0142a (1a), a III Jakub Haremza (2a).  W grupie starszej mistrzem w roku szkolnym 2025\/2026 zosta\u0142 Piotr \u017burowski z klasy7a. II miejsce zdoby\u0142a Natasza Ziemienowicz (6a), a III lokat\u0119 po dogrywce wywalczy\u0142 Wiktor Kowalski (7b).  Gratulacje dla wszystkich zawodnik\u00f3w, kt\u00f3rzy zdecydowali si\u0119 wystartowa\u0107 w tegorocznej edycji naszych rozgrywek i dzielnie walczyli o jak najwy\u017csze lokaty w rankingu Ligi Szachowej \u201eJedynki\u201d. Specjalne brawa nale\u017c\u0105 si\u0119 uczniom klas pierwszych, kt\u00f3rzy zdecydowali si\u0119 zapisa\u0107 i bez kompleks\u00f3w dobrze grali z bardziej do\u015bwiadczonymi szachistami.\">\n\t\t\t\t\t\t\t\t\t\t\t\t\t\t\t<img style=\"width:160px;height:120px; border-width: 10px; border-color:#F1F1F1;border: 10px solid #F1F1F1\" alt=\"\" title=\"Po dw\u00f3ch miesi\u0105cach intensywnych zmaga\u0144, rozegraniu bardzo du\u017cej ilo\u015bci partii na przerwach oraz zaj\u0119ciach szachowych \u2013 mamy podium w dw\u00f3ch kategoriach wiekowych: klasy I-III oraz IV-VIII. Pani dyrektor Ewa Chochu\u0142, podczas spotkania w miejscu rozgrywek \u2013 bibliotece szkolnej, podsumowa\u0142a zawody oraz rozda\u0142a najlepszym graczom dyplomy i nagrody: karty podarunkowe do sklepu EMPIK ufundowane przez Rad\u0119 Rodzic\u00f3w, a tak\u017ce ksi\u0105\u017cki.  W grupie m\u0142odszej mistrzem zosta\u0142 Marek Radawiec z klasy 3a, kt\u00f3ry nie przegra\u0142 w turnieju \u017cadnej partii. Warto doda\u0107, \u017ce ucze\u0144 zosta\u0142 r\u00f3wnie\u017c najlepszym zawodnikiem podczas rozgrywek w M\u0142odzie\u017cowym Domu Kultury w S\u0142upsku, w czasie ferii zimowych. II miejsce w naszej lidze wywalczy\u0142 Ernest Obia\u0142a (1a), a III Jakub Haremza (2a).  W grupie starszej mistrzem w roku szkolnym 2025\/2026 zosta\u0142 Piotr \u017burowski z klasy7a. II miejsce zdoby\u0142a Natasza Ziemienowicz (6a), a III lokat\u0119 po dogrywce wywalczy\u0142 Wiktor Kowalski (7b).  Gratulacje dla wszystkich zawodnik\u00f3w, kt\u00f3rzy zdecydowali si\u0119 wystartowa\u0107 w tegorocznej edycji naszych rozgrywek i dzielnie walczyli o jak najwy\u017csze lokaty w rankingu Ligi Szachowej \u201eJedynki\u201d. Specjalne brawa nale\u017c\u0105 si\u0119 uczniom klas pierwszych, kt\u00f3rzy zdecydowali si\u0119 zapisa\u0107 i bez kompleks\u00f3w dobrze grali z bardziej do\u015bwiadczonymi szachistami.\" src=\"https:\/\/sp1slupsk.pl\/wp-content\/uploads\/2026\/02\/IMG_20251103_095017544_HDR-160x120.jpg\" rel=\"https:\/\/sp1slupsk.pl\/wp-content\/uploads\/2026\/02\/IMG_20251103_095017544_HDR-scaled.jpg\" \/>\n\t\t\t\t\t\t\t\t\t\t\t\t\t\t<\/a>\n\t\t\t\t\t\t\t\t\t\t\t\t\t\t\t\t\t\t\t\t\t\t\t\t\t<\/p>\n\t\t\t\t\t\t\t\t\t\t\t\t\t\t\t\t\t\t\t\t\t\t\t<\/div><!-- .gllr_image_block -->\n\t\t\t\t\t\t\t\t\t\t\t\t\t\t\t\t\t\t\t\t\t<div class=\"gllr_image_block\">\n\t\t\t\t\t\t\t\t\t\t\t\t<p style=\"width:180px;height:140px;\">\n\t\t\t\t\t\t\t\t\t\t\t\t\t\t\t\t\t\t\t\t\t\t\t\t\t\t\t<a rel=\"gallery_fancybox_90600\" href=\"https:\/\/sp1slupsk.pl\/wp-content\/uploads\/2026\/02\/IMG_20251103_095012970_HDR-768x1024.jpg\" title=\"Po dw\u00f3ch miesi\u0105cach intensywnych zmaga\u0144, rozegraniu bardzo du\u017cej ilo\u015bci partii na przerwach oraz zaj\u0119ciach szachowych \u2013 mamy podium w dw\u00f3ch kategoriach wiekowych: klasy I-III oraz IV-VIII. Pani dyrektor Ewa Chochu\u0142, podczas spotkania w miejscu rozgrywek \u2013 bibliotece szkolnej, podsumowa\u0142a zawody oraz rozda\u0142a najlepszym graczom dyplomy i nagrody: karty podarunkowe do sklepu EMPIK ufundowane przez Rad\u0119 Rodzic\u00f3w, a tak\u017ce ksi\u0105\u017cki.  W grupie m\u0142odszej mistrzem zosta\u0142 Marek Radawiec z klasy 3a, kt\u00f3ry nie przegra\u0142 w turnieju \u017cadnej partii. Warto doda\u0107, \u017ce ucze\u0144 zosta\u0142 r\u00f3wnie\u017c najlepszym zawodnikiem podczas rozgrywek w M\u0142odzie\u017cowym Domu Kultury w S\u0142upsku, w czasie ferii zimowych. II miejsce w naszej lidze wywalczy\u0142 Ernest Obia\u0142a (1a), a III Jakub Haremza (2a).  W grupie starszej mistrzem w roku szkolnym 2025\/2026 zosta\u0142 Piotr \u017burowski z klasy7a. II miejsce zdoby\u0142a Natasza Ziemienowicz (6a), a III lokat\u0119 po dogrywce wywalczy\u0142 Wiktor Kowalski (7b).  Gratulacje dla wszystkich zawodnik\u00f3w, kt\u00f3rzy zdecydowali si\u0119 wystartowa\u0107 w tegorocznej edycji naszych rozgrywek i dzielnie walczyli o jak najwy\u017csze lokaty w rankingu Ligi Szachowej \u201eJedynki\u201d. Specjalne brawa nale\u017c\u0105 si\u0119 uczniom klas pierwszych, kt\u00f3rzy zdecydowali si\u0119 zapisa\u0107 i bez kompleks\u00f3w dobrze grali z bardziej do\u015bwiadczonymi szachistami.\">\n\t\t\t\t\t\t\t\t\t\t\t\t\t\t\t<img style=\"width:160px;height:120px; border-width: 10px; border-color:#F1F1F1;border: 10px solid #F1F1F1\" alt=\"\" title=\"Po dw\u00f3ch miesi\u0105cach intensywnych zmaga\u0144, rozegraniu bardzo du\u017cej ilo\u015bci partii na przerwach oraz zaj\u0119ciach szachowych \u2013 mamy podium w dw\u00f3ch kategoriach wiekowych: klasy I-III oraz IV-VIII. Pani dyrektor Ewa Chochu\u0142, podczas spotkania w miejscu rozgrywek \u2013 bibliotece szkolnej, podsumowa\u0142a zawody oraz rozda\u0142a najlepszym graczom dyplomy i nagrody: karty podarunkowe do sklepu EMPIK ufundowane przez Rad\u0119 Rodzic\u00f3w, a tak\u017ce ksi\u0105\u017cki.  W grupie m\u0142odszej mistrzem zosta\u0142 Marek Radawiec z klasy 3a, kt\u00f3ry nie przegra\u0142 w turnieju \u017cadnej partii. Warto doda\u0107, \u017ce ucze\u0144 zosta\u0142 r\u00f3wnie\u017c najlepszym zawodnikiem podczas rozgrywek w M\u0142odzie\u017cowym Domu Kultury w S\u0142upsku, w czasie ferii zimowych. II miejsce w naszej lidze wywalczy\u0142 Ernest Obia\u0142a (1a), a III Jakub Haremza (2a).  W grupie starszej mistrzem w roku szkolnym 2025\/2026 zosta\u0142 Piotr \u017burowski z klasy7a. II miejsce zdoby\u0142a Natasza Ziemienowicz (6a), a III lokat\u0119 po dogrywce wywalczy\u0142 Wiktor Kowalski (7b).  Gratulacje dla wszystkich zawodnik\u00f3w, kt\u00f3rzy zdecydowali si\u0119 wystartowa\u0107 w tegorocznej edycji naszych rozgrywek i dzielnie walczyli o jak najwy\u017csze lokaty w rankingu Ligi Szachowej \u201eJedynki\u201d. Specjalne brawa nale\u017c\u0105 si\u0119 uczniom klas pierwszych, kt\u00f3rzy zdecydowali si\u0119 zapisa\u0107 i bez kompleks\u00f3w dobrze grali z bardziej do\u015bwiadczonymi szachistami.\" src=\"https:\/\/sp1slupsk.pl\/wp-content\/uploads\/2026\/02\/IMG_20251103_095012970_HDR-160x120.jpg\" rel=\"https:\/\/sp1slupsk.pl\/wp-content\/uploads\/2026\/02\/IMG_20251103_095012970_HDR-scaled.jpg\" \/>\n\t\t\t\t\t\t\t\t\t\t\t\t\t\t<\/a>\n\t\t\t\t\t\t\t\t\t\t\t\t\t\t\t\t\t\t\t\t\t\t\t\t\t<\/p>\n\t\t\t\t\t\t\t\t\t\t\t\t\t\t\t\t\t\t\t\t\t\t\t<\/div><!-- .gllr_image_block -->\n\t\t\t\t\t\t\t\t\t\t\t\t\t\t\t\t\t\t\t\t\t<div class=\"gllr_image_block\">\n\t\t\t\t\t\t\t\t\t\t\t\t<p style=\"width:180px;height:140px;\">\n\t\t\t\t\t\t\t\t\t\t\t\t\t\t\t\t\t\t\t\t\t\t\t\t\t\t\t<a rel=\"gallery_fancybox_90600\" href=\"https:\/\/sp1slupsk.pl\/wp-content\/uploads\/2026\/02\/IMG_20251106_135318128_HDR-1024x768.jpg\" title=\"Po dw\u00f3ch miesi\u0105cach intensywnych zmaga\u0144, rozegraniu bardzo du\u017cej ilo\u015bci partii na przerwach oraz zaj\u0119ciach szachowych \u2013 mamy podium w dw\u00f3ch kategoriach wiekowych: klasy I-III oraz IV-VIII. Pani dyrektor Ewa Chochu\u0142, podczas spotkania w miejscu rozgrywek \u2013 bibliotece szkolnej, podsumowa\u0142a zawody oraz rozda\u0142a najlepszym graczom dyplomy i nagrody: karty podarunkowe do sklepu EMPIK ufundowane przez Rad\u0119 Rodzic\u00f3w, a tak\u017ce ksi\u0105\u017cki.  W grupie m\u0142odszej mistrzem zosta\u0142 Marek Radawiec z klasy 3a, kt\u00f3ry nie przegra\u0142 w turnieju \u017cadnej partii. Warto doda\u0107, \u017ce ucze\u0144 zosta\u0142 r\u00f3wnie\u017c najlepszym zawodnikiem podczas rozgrywek w M\u0142odzie\u017cowym Domu Kultury w S\u0142upsku, w czasie ferii zimowych. II miejsce w naszej lidze wywalczy\u0142 Ernest Obia\u0142a (1a), a III Jakub Haremza (2a).  W grupie starszej mistrzem w roku szkolnym 2025\/2026 zosta\u0142 Piotr \u017burowski z klasy7a. II miejsce zdoby\u0142a Natasza Ziemienowicz (6a), a III lokat\u0119 po dogrywce wywalczy\u0142 Wiktor Kowalski (7b).  Gratulacje dla wszystkich zawodnik\u00f3w, kt\u00f3rzy zdecydowali si\u0119 wystartowa\u0107 w tegorocznej edycji naszych rozgrywek i dzielnie walczyli o jak najwy\u017csze lokaty w rankingu Ligi Szachowej \u201eJedynki\u201d. Specjalne brawa nale\u017c\u0105 si\u0119 uczniom klas pierwszych, kt\u00f3rzy zdecydowali si\u0119 zapisa\u0107 i bez kompleks\u00f3w dobrze grali z bardziej do\u015bwiadczonymi szachistami.\">\n\t\t\t\t\t\t\t\t\t\t\t\t\t\t\t<img style=\"width:160px;height:120px; border-width: 10px; border-color:#F1F1F1;border: 10px solid #F1F1F1\" alt=\"\" title=\"Po dw\u00f3ch miesi\u0105cach intensywnych zmaga\u0144, rozegraniu bardzo du\u017cej ilo\u015bci partii na przerwach oraz zaj\u0119ciach szachowych \u2013 mamy podium w dw\u00f3ch kategoriach wiekowych: klasy I-III oraz IV-VIII. Pani dyrektor Ewa Chochu\u0142, podczas spotkania w miejscu rozgrywek \u2013 bibliotece szkolnej, podsumowa\u0142a zawody oraz rozda\u0142a najlepszym graczom dyplomy i nagrody: karty podarunkowe do sklepu EMPIK ufundowane przez Rad\u0119 Rodzic\u00f3w, a tak\u017ce ksi\u0105\u017cki.  W grupie m\u0142odszej mistrzem zosta\u0142 Marek Radawiec z klasy 3a, kt\u00f3ry nie przegra\u0142 w turnieju \u017cadnej partii. Warto doda\u0107, \u017ce ucze\u0144 zosta\u0142 r\u00f3wnie\u017c najlepszym zawodnikiem podczas rozgrywek w M\u0142odzie\u017cowym Domu Kultury w S\u0142upsku, w czasie ferii zimowych. II miejsce w naszej lidze wywalczy\u0142 Ernest Obia\u0142a (1a), a III Jakub Haremza (2a).  W grupie starszej mistrzem w roku szkolnym 2025\/2026 zosta\u0142 Piotr \u017burowski z klasy7a. II miejsce zdoby\u0142a Natasza Ziemienowicz (6a), a III lokat\u0119 po dogrywce wywalczy\u0142 Wiktor Kowalski (7b).  Gratulacje dla wszystkich zawodnik\u00f3w, kt\u00f3rzy zdecydowali si\u0119 wystartowa\u0107 w tegorocznej edycji naszych rozgrywek i dzielnie walczyli o jak najwy\u017csze lokaty w rankingu Ligi Szachowej \u201eJedynki\u201d. Specjalne brawa nale\u017c\u0105 si\u0119 uczniom klas pierwszych, kt\u00f3rzy zdecydowali si\u0119 zapisa\u0107 i bez kompleks\u00f3w dobrze grali z bardziej do\u015bwiadczonymi szachistami.\" src=\"https:\/\/sp1slupsk.pl\/wp-content\/uploads\/2026\/02\/IMG_20251106_135318128_HDR-160x120.jpg\" rel=\"https:\/\/sp1slupsk.pl\/wp-content\/uploads\/2026\/02\/IMG_20251106_135318128_HDR-scaled.jpg\" \/>\n\t\t\t\t\t\t\t\t\t\t\t\t\t\t<\/a>\n\t\t\t\t\t\t\t\t\t\t\t\t\t\t\t\t\t\t\t\t\t\t\t\t\t<\/p>\n\t\t\t\t\t\t\t\t\t\t\t\t\t\t\t\t\t\t\t\t\t\t\t<\/div><!-- .gllr_image_block -->\n\t\t\t\t\t\t\t\t\t\t\t\t\t\t\t\t\t\t\t\t\t<\/div><!-- .gllr_image_row -->\n\t\t\t\t\t\t\t\t\t\t\t\t\t\t\t\t\t\t<\/div><!-- .gallery.clearfix -->\n\t\t\t\t\t\t\t\t\t\t\t\t\t<\/div><!-- .gallery_box_single -->\n\t\t\t\t\t\t<div class=\"gllr_clear\"><\/div>\n\t\t\t\t\t\t\t\t\t<script type=\"text\/javascript\">\n\t\t\t\t\t(function($) {\n\t\t\t\t\t\t$(document).ready( function() {\n\t\t\t\t\t\t\t$( \"a[rel=gallery_fancybox_90600]\" ).fancybox( {\n\t\t\t\t\t\t\t\t'transitionIn'\t\t:\t'elastic',\n\t\t\t\t\t\t\t\t'transitionOut'\t\t:\t'elastic',\n\t\t\t\t\t\t\t\t'titlePosition' \t:\t'inside',\n\t\t\t\t\t\t\t\t'speedIn'\t\t\t:\t500, \n\t\t\t\t\t\t\t\t'speedOut'\t\t\t:\t300,\n\t\t\t\t\t\t\t\t'titleFormat'\t\t:\tfunction( title, currentArray, currentIndex, currentOpts ) {\n\t\t\t\t\t\t\t\t\treturn '<div id=\"fancybox-title-inside\">' + ( title.length ? '<span id=\"bws_gallery_image_title\">' + title + '<\/span><br \/>' : '' ) + '<span id=\"bws_gallery_image_counter\">Image ' + ( currentIndex + 1 ) + ' \/ ' + currentArray.length + '<\/span><\/div>';\n\t\t\t\t\t\t\t\t}\t\t\t\t\t\t\t});\n\t\t\t\t\t\t});\n\t\t\t\t\t})(jQuery);\n\t\t\t\t<\/script>\n\t\t\t\n\n\n\n<hr class=\"wp-block-separator\"\/>\n\n\n\n<p class=\"has-text-align-center\"><strong>\u201ePasowanie na czytelnik\u00f3w\u201d<\/strong><\/p>\n\n\n\n<p>09.12.2025 r. w naszej bibliotece szkolnej odby\u0142o si\u0119 pasowanie uczni\u00f3w klas pierwszych na czytelnik\u00f3w. Dzieci najpierw pozna\u0142y budow\u0119 ksi\u0105\u017cki i dowiedzia\u0142y si\u0119 co jeszcze mo\u017cna ciekawego robi\u0107 w naszym \u201eCentrum wiedzy i rozrywki\u201d opr\u00f3cz wypo\u017cyczania i czytania. Nast\u0119pnie pozna\u0142y wszystkie zakamarki biblioteki i ju\u017c wiedz\u0105, na kt\u00f3rej p\u00f3\u0142ce znajduj\u0105 si\u0119 odpowiednie dla nich pozycje. Kulminacyjnym momentem spotkania by\u0142o uroczyste pasowanie najgrubsz\u0105 ksi\u0119g\u0105 i wr\u0119czenie ka\u017cdemu uczniowi prezentu \u2013 w tym roku by\u0142a to opowie\u015b\u0107 o wnuczce antykwariusza.<\/p>\n\n\n\n<p>Po zako\u0144czeniu pasowania uczniowie otrzymali mo\u017cliwo\u015b\u0107 wypo\u017cyczenia wybranej przez siebie ksi\u0105\u017cki z biblioteki.<\/p>\n\n\n\n<p>Zapraszamy do wsp\u00f3lnego sp\u0119dzania czasu w tym magicznym miejscu. Opr\u00f3cz wypo\u017cyczania ksi\u0105\u017cek mo\u017cna tu: czyta\u0107, przegl\u0105da\u0107 ciekawe atlasy i encyklopedie, obejrze\u0107 ciekawy film, pogra\u0107 w szachy i inne gry planszowe, skorzysta\u0107 z laptop\u00f3w lub po prostu odpocz\u0105\u0107 w ciszy przed kolejnymi lekcjami.<\/p>\n\n\n\n\t\t\t\t\t\t<div class=\"gallery_box_single\">\n\t\t\t\t\t\t\t\t\t\t\t\t\t\t\t<div class=\"gallery clearfix\">\n\t\t\t\t\t\t\t\t\t\t\t\t\t\t\t\t\t\t\t\t<div class=\"gllr_image_row\">\n\t\t\t\t\t\t\t\t\t\t\t\t\t\t\t\t\t\t\t\t\t<div class=\"gllr_image_block\">\n\t\t\t\t\t\t\t\t\t\t\t\t<p style=\"width:180px;height:140px;\">\n\t\t\t\t\t\t\t\t\t\t\t\t\t\t\t\t\t\t\t\t\t\t\t\t\t\t\t<a rel=\"gallery_fancybox_90306\" href=\"https:\/\/sp1slupsk.pl\/wp-content\/uploads\/2025\/12\/c8eddf60-df57-40f9-a764-da1b7b0ef0b9-768x1024.jpg\" title=\"09.12.2025 r. w naszej bibliotece szkolnej odby\u0142o si\u0119 pasowanie uczni\u00f3w klas pierwszych na czytelnik\u00f3w. Dzieci najpierw pozna\u0142y budow\u0119 ksi\u0105\u017cki i dowiedzia\u0142y si\u0119 co jeszcze mo\u017cna ciekawego robi\u0107 w naszym \u201eCentrum wiedzy i rozrywki\u201d opr\u00f3cz wypo\u017cyczania i czytania. Nast\u0119pnie pozna\u0142y wszystkie zakamarki biblioteki i ju\u017c wiedz\u0105, na kt\u00f3rej p\u00f3\u0142ce znajduj\u0105 si\u0119 odpowiednie dla nich pozycje. Kulminacyjnym momentem spotkania by\u0142o uroczyste pasowanie najgrubsz\u0105 ksi\u0119g\u0105 i wr\u0119czenie ka\u017cdemu uczniowi prezentu \u2013 w tym roku by\u0142a to opowie\u015b\u0107 o wnuczce antykwariusza. Po zako\u0144czeniu pasowania uczniowie otrzymali mo\u017cliwo\u015b\u0107 wypo\u017cyczenia wybranej przez siebie ksi\u0105\u017cki z biblioteki. Zapraszamy do wsp\u00f3lnego sp\u0119dzania czasu w tym magicznym miejscu. Opr\u00f3cz wypo\u017cyczania ksi\u0105\u017cek mo\u017cna tu: czyta\u0107, przegl\u0105da\u0107 ciekawe atlasy i encyklopedie, obejrze\u0107 ciekawy film, pogra\u0107 w szachy i inne gry planszowe, skorzysta\u0107 z laptop\u00f3w lub po prostu odpocz\u0105\u0107 w ciszy przed kolejnymi lekcjami.\">\n\t\t\t\t\t\t\t\t\t\t\t\t\t\t\t<img style=\"width:160px;height:120px; border-width: 10px; border-color:#F1F1F1;border: 10px solid #F1F1F1\" alt=\"\" title=\"09.12.2025 r. w naszej bibliotece szkolnej odby\u0142o si\u0119 pasowanie uczni\u00f3w klas pierwszych na czytelnik\u00f3w. Dzieci najpierw pozna\u0142y budow\u0119 ksi\u0105\u017cki i dowiedzia\u0142y si\u0119 co jeszcze mo\u017cna ciekawego robi\u0107 w naszym \u201eCentrum wiedzy i rozrywki\u201d opr\u00f3cz wypo\u017cyczania i czytania. Nast\u0119pnie pozna\u0142y wszystkie zakamarki biblioteki i ju\u017c wiedz\u0105, na kt\u00f3rej p\u00f3\u0142ce znajduj\u0105 si\u0119 odpowiednie dla nich pozycje. Kulminacyjnym momentem spotkania by\u0142o uroczyste pasowanie najgrubsz\u0105 ksi\u0119g\u0105 i wr\u0119czenie ka\u017cdemu uczniowi prezentu \u2013 w tym roku by\u0142a to opowie\u015b\u0107 o wnuczce antykwariusza. Po zako\u0144czeniu pasowania uczniowie otrzymali mo\u017cliwo\u015b\u0107 wypo\u017cyczenia wybranej przez siebie ksi\u0105\u017cki z biblioteki. Zapraszamy do wsp\u00f3lnego sp\u0119dzania czasu w tym magicznym miejscu. Opr\u00f3cz wypo\u017cyczania ksi\u0105\u017cek mo\u017cna tu: czyta\u0107, przegl\u0105da\u0107 ciekawe atlasy i encyklopedie, obejrze\u0107 ciekawy film, pogra\u0107 w szachy i inne gry planszowe, skorzysta\u0107 z laptop\u00f3w lub po prostu odpocz\u0105\u0107 w ciszy przed kolejnymi lekcjami.\" src=\"https:\/\/sp1slupsk.pl\/wp-content\/uploads\/2025\/12\/c8eddf60-df57-40f9-a764-da1b7b0ef0b9-160x120.jpg\" rel=\"https:\/\/sp1slupsk.pl\/wp-content\/uploads\/2025\/12\/c8eddf60-df57-40f9-a764-da1b7b0ef0b9.jpg\" \/>\n\t\t\t\t\t\t\t\t\t\t\t\t\t\t<\/a>\n\t\t\t\t\t\t\t\t\t\t\t\t\t\t\t\t\t\t\t\t\t\t\t\t\t<\/p>\n\t\t\t\t\t\t\t\t\t\t\t\t\t\t\t\t\t\t\t\t\t\t\t<\/div><!-- .gllr_image_block -->\n\t\t\t\t\t\t\t\t\t\t\t\t\t\t\t\t\t\t\t\t\t<div class=\"gllr_image_block\">\n\t\t\t\t\t\t\t\t\t\t\t\t<p style=\"width:180px;height:140px;\">\n\t\t\t\t\t\t\t\t\t\t\t\t\t\t\t\t\t\t\t\t\t\t\t\t\t\t\t<a rel=\"gallery_fancybox_90306\" href=\"https:\/\/sp1slupsk.pl\/wp-content\/uploads\/2025\/12\/pobrane-91-1024x768.jpg\" title=\"09.12.2025 r. w naszej bibliotece szkolnej odby\u0142o si\u0119 pasowanie uczni\u00f3w klas pierwszych na czytelnik\u00f3w. Dzieci najpierw pozna\u0142y budow\u0119 ksi\u0105\u017cki i dowiedzia\u0142y si\u0119 co jeszcze mo\u017cna ciekawego robi\u0107 w naszym \u201eCentrum wiedzy i rozrywki\u201d opr\u00f3cz wypo\u017cyczania i czytania. Nast\u0119pnie pozna\u0142y wszystkie zakamarki biblioteki i ju\u017c wiedz\u0105, na kt\u00f3rej p\u00f3\u0142ce znajduj\u0105 si\u0119 odpowiednie dla nich pozycje. Kulminacyjnym momentem spotkania by\u0142o uroczyste pasowanie najgrubsz\u0105 ksi\u0119g\u0105 i wr\u0119czenie ka\u017cdemu uczniowi prezentu \u2013 w tym roku by\u0142a to opowie\u015b\u0107 o wnuczce antykwariusza. Po zako\u0144czeniu pasowania uczniowie otrzymali mo\u017cliwo\u015b\u0107 wypo\u017cyczenia wybranej przez siebie ksi\u0105\u017cki z biblioteki. Zapraszamy do wsp\u00f3lnego sp\u0119dzania czasu w tym magicznym miejscu. Opr\u00f3cz wypo\u017cyczania ksi\u0105\u017cek mo\u017cna tu: czyta\u0107, przegl\u0105da\u0107 ciekawe atlasy i encyklopedie, obejrze\u0107 ciekawy film, pogra\u0107 w szachy i inne gry planszowe, skorzysta\u0107 z laptop\u00f3w lub po prostu odpocz\u0105\u0107 w ciszy przed kolejnymi lekcjami.\">\n\t\t\t\t\t\t\t\t\t\t\t\t\t\t\t<img style=\"width:160px;height:120px; border-width: 10px; border-color:#F1F1F1;border: 10px solid #F1F1F1\" alt=\"\" title=\"09.12.2025 r. w naszej bibliotece szkolnej odby\u0142o si\u0119 pasowanie uczni\u00f3w klas pierwszych na czytelnik\u00f3w. Dzieci najpierw pozna\u0142y budow\u0119 ksi\u0105\u017cki i dowiedzia\u0142y si\u0119 co jeszcze mo\u017cna ciekawego robi\u0107 w naszym \u201eCentrum wiedzy i rozrywki\u201d opr\u00f3cz wypo\u017cyczania i czytania. Nast\u0119pnie pozna\u0142y wszystkie zakamarki biblioteki i ju\u017c wiedz\u0105, na kt\u00f3rej p\u00f3\u0142ce znajduj\u0105 si\u0119 odpowiednie dla nich pozycje. Kulminacyjnym momentem spotkania by\u0142o uroczyste pasowanie najgrubsz\u0105 ksi\u0119g\u0105 i wr\u0119czenie ka\u017cdemu uczniowi prezentu \u2013 w tym roku by\u0142a to opowie\u015b\u0107 o wnuczce antykwariusza. Po zako\u0144czeniu pasowania uczniowie otrzymali mo\u017cliwo\u015b\u0107 wypo\u017cyczenia wybranej przez siebie ksi\u0105\u017cki z biblioteki. Zapraszamy do wsp\u00f3lnego sp\u0119dzania czasu w tym magicznym miejscu. Opr\u00f3cz wypo\u017cyczania ksi\u0105\u017cek mo\u017cna tu: czyta\u0107, przegl\u0105da\u0107 ciekawe atlasy i encyklopedie, obejrze\u0107 ciekawy film, pogra\u0107 w szachy i inne gry planszowe, skorzysta\u0107 z laptop\u00f3w lub po prostu odpocz\u0105\u0107 w ciszy przed kolejnymi lekcjami.\" src=\"https:\/\/sp1slupsk.pl\/wp-content\/uploads\/2025\/12\/pobrane-91-160x120.jpg\" rel=\"https:\/\/sp1slupsk.pl\/wp-content\/uploads\/2025\/12\/pobrane-91.jpg\" \/>\n\t\t\t\t\t\t\t\t\t\t\t\t\t\t<\/a>\n\t\t\t\t\t\t\t\t\t\t\t\t\t\t\t\t\t\t\t\t\t\t\t\t\t<\/p>\n\t\t\t\t\t\t\t\t\t\t\t\t\t\t\t\t\t\t\t\t\t\t\t<\/div><!-- .gllr_image_block -->\n\t\t\t\t\t\t\t\t\t\t\t\t\t\t\t\t\t\t\t\t\t<div class=\"gllr_image_block\">\n\t\t\t\t\t\t\t\t\t\t\t\t<p style=\"width:180px;height:140px;\">\n\t\t\t\t\t\t\t\t\t\t\t\t\t\t\t\t\t\t\t\t\t\t\t\t\t\t\t<a rel=\"gallery_fancybox_90306\" href=\"https:\/\/sp1slupsk.pl\/wp-content\/uploads\/2025\/12\/pobrane-12-1024x768.jpg\" title=\"09.12.2025 r. w naszej bibliotece szkolnej odby\u0142o si\u0119 pasowanie uczni\u00f3w klas pierwszych na czytelnik\u00f3w. Dzieci najpierw pozna\u0142y budow\u0119 ksi\u0105\u017cki i dowiedzia\u0142y si\u0119 co jeszcze mo\u017cna ciekawego robi\u0107 w naszym \u201eCentrum wiedzy i rozrywki\u201d opr\u00f3cz wypo\u017cyczania i czytania. Nast\u0119pnie pozna\u0142y wszystkie zakamarki biblioteki i ju\u017c wiedz\u0105, na kt\u00f3rej p\u00f3\u0142ce znajduj\u0105 si\u0119 odpowiednie dla nich pozycje. Kulminacyjnym momentem spotkania by\u0142o uroczyste pasowanie najgrubsz\u0105 ksi\u0119g\u0105 i wr\u0119czenie ka\u017cdemu uczniowi prezentu \u2013 w tym roku by\u0142a to opowie\u015b\u0107 o wnuczce antykwariusza. Po zako\u0144czeniu pasowania uczniowie otrzymali mo\u017cliwo\u015b\u0107 wypo\u017cyczenia wybranej przez siebie ksi\u0105\u017cki z biblioteki. Zapraszamy do wsp\u00f3lnego sp\u0119dzania czasu w tym magicznym miejscu. Opr\u00f3cz wypo\u017cyczania ksi\u0105\u017cek mo\u017cna tu: czyta\u0107, przegl\u0105da\u0107 ciekawe atlasy i encyklopedie, obejrze\u0107 ciekawy film, pogra\u0107 w szachy i inne gry planszowe, skorzysta\u0107 z laptop\u00f3w lub po prostu odpocz\u0105\u0107 w ciszy przed kolejnymi lekcjami.\">\n\t\t\t\t\t\t\t\t\t\t\t\t\t\t\t<img style=\"width:160px;height:120px; border-width: 10px; border-color:#F1F1F1;border: 10px solid #F1F1F1\" alt=\"\" title=\"09.12.2025 r. w naszej bibliotece szkolnej odby\u0142o si\u0119 pasowanie uczni\u00f3w klas pierwszych na czytelnik\u00f3w. Dzieci najpierw pozna\u0142y budow\u0119 ksi\u0105\u017cki i dowiedzia\u0142y si\u0119 co jeszcze mo\u017cna ciekawego robi\u0107 w naszym \u201eCentrum wiedzy i rozrywki\u201d opr\u00f3cz wypo\u017cyczania i czytania. Nast\u0119pnie pozna\u0142y wszystkie zakamarki biblioteki i ju\u017c wiedz\u0105, na kt\u00f3rej p\u00f3\u0142ce znajduj\u0105 si\u0119 odpowiednie dla nich pozycje. Kulminacyjnym momentem spotkania by\u0142o uroczyste pasowanie najgrubsz\u0105 ksi\u0119g\u0105 i wr\u0119czenie ka\u017cdemu uczniowi prezentu \u2013 w tym roku by\u0142a to opowie\u015b\u0107 o wnuczce antykwariusza. Po zako\u0144czeniu pasowania uczniowie otrzymali mo\u017cliwo\u015b\u0107 wypo\u017cyczenia wybranej przez siebie ksi\u0105\u017cki z biblioteki. Zapraszamy do wsp\u00f3lnego sp\u0119dzania czasu w tym magicznym miejscu. Opr\u00f3cz wypo\u017cyczania ksi\u0105\u017cek mo\u017cna tu: czyta\u0107, przegl\u0105da\u0107 ciekawe atlasy i encyklopedie, obejrze\u0107 ciekawy film, pogra\u0107 w szachy i inne gry planszowe, skorzysta\u0107 z laptop\u00f3w lub po prostu odpocz\u0105\u0107 w ciszy przed kolejnymi lekcjami.\" src=\"https:\/\/sp1slupsk.pl\/wp-content\/uploads\/2025\/12\/pobrane-12-160x120.jpg\" rel=\"https:\/\/sp1slupsk.pl\/wp-content\/uploads\/2025\/12\/pobrane-12.jpg\" \/>\n\t\t\t\t\t\t\t\t\t\t\t\t\t\t<\/a>\n\t\t\t\t\t\t\t\t\t\t\t\t\t\t\t\t\t\t\t\t\t\t\t\t\t<\/p>\n\t\t\t\t\t\t\t\t\t\t\t\t\t\t\t\t\t\t\t\t\t\t\t<\/div><!-- .gllr_image_block -->\n\t\t\t\t\t\t\t\t\t\t\t\t\t\t\t\t\t\t\t\t\t<\/div><!-- .gllr_image_row -->\n\t\t\t\t\t\t\t\t\t\t\t\t\t\t\t\t\t\t\t\t\t<div class=\"gllr_image_row\">\n\t\t\t\t\t\t\t\t\t\t\t\t\t\t\t\t\t\t\t\t\t<div class=\"gllr_image_block\">\n\t\t\t\t\t\t\t\t\t\t\t\t<p style=\"width:180px;height:140px;\">\n\t\t\t\t\t\t\t\t\t\t\t\t\t\t\t\t\t\t\t\t\t\t\t\t\t\t\t<a rel=\"gallery_fancybox_90306\" href=\"https:\/\/sp1slupsk.pl\/wp-content\/uploads\/2025\/12\/pobrane-9-1024x768.jpg\" title=\"09.12.2025 r. w naszej bibliotece szkolnej odby\u0142o si\u0119 pasowanie uczni\u00f3w klas pierwszych na czytelnik\u00f3w. Dzieci najpierw pozna\u0142y budow\u0119 ksi\u0105\u017cki i dowiedzia\u0142y si\u0119 co jeszcze mo\u017cna ciekawego robi\u0107 w naszym \u201eCentrum wiedzy i rozrywki\u201d opr\u00f3cz wypo\u017cyczania i czytania. Nast\u0119pnie pozna\u0142y wszystkie zakamarki biblioteki i ju\u017c wiedz\u0105, na kt\u00f3rej p\u00f3\u0142ce znajduj\u0105 si\u0119 odpowiednie dla nich pozycje. Kulminacyjnym momentem spotkania by\u0142o uroczyste pasowanie najgrubsz\u0105 ksi\u0119g\u0105 i wr\u0119czenie ka\u017cdemu uczniowi prezentu \u2013 w tym roku by\u0142a to opowie\u015b\u0107 o wnuczce antykwariusza. Po zako\u0144czeniu pasowania uczniowie otrzymali mo\u017cliwo\u015b\u0107 wypo\u017cyczenia wybranej przez siebie ksi\u0105\u017cki z biblioteki. Zapraszamy do wsp\u00f3lnego sp\u0119dzania czasu w tym magicznym miejscu. Opr\u00f3cz wypo\u017cyczania ksi\u0105\u017cek mo\u017cna tu: czyta\u0107, przegl\u0105da\u0107 ciekawe atlasy i encyklopedie, obejrze\u0107 ciekawy film, pogra\u0107 w szachy i inne gry planszowe, skorzysta\u0107 z laptop\u00f3w lub po prostu odpocz\u0105\u0107 w ciszy przed kolejnymi lekcjami.\">\n\t\t\t\t\t\t\t\t\t\t\t\t\t\t\t<img style=\"width:160px;height:120px; border-width: 10px; border-color:#F1F1F1;border: 10px solid #F1F1F1\" alt=\"\" title=\"09.12.2025 r. w naszej bibliotece szkolnej odby\u0142o si\u0119 pasowanie uczni\u00f3w klas pierwszych na czytelnik\u00f3w. Dzieci najpierw pozna\u0142y budow\u0119 ksi\u0105\u017cki i dowiedzia\u0142y si\u0119 co jeszcze mo\u017cna ciekawego robi\u0107 w naszym \u201eCentrum wiedzy i rozrywki\u201d opr\u00f3cz wypo\u017cyczania i czytania. Nast\u0119pnie pozna\u0142y wszystkie zakamarki biblioteki i ju\u017c wiedz\u0105, na kt\u00f3rej p\u00f3\u0142ce znajduj\u0105 si\u0119 odpowiednie dla nich pozycje. Kulminacyjnym momentem spotkania by\u0142o uroczyste pasowanie najgrubsz\u0105 ksi\u0119g\u0105 i wr\u0119czenie ka\u017cdemu uczniowi prezentu \u2013 w tym roku by\u0142a to opowie\u015b\u0107 o wnuczce antykwariusza. Po zako\u0144czeniu pasowania uczniowie otrzymali mo\u017cliwo\u015b\u0107 wypo\u017cyczenia wybranej przez siebie ksi\u0105\u017cki z biblioteki. Zapraszamy do wsp\u00f3lnego sp\u0119dzania czasu w tym magicznym miejscu. Opr\u00f3cz wypo\u017cyczania ksi\u0105\u017cek mo\u017cna tu: czyta\u0107, przegl\u0105da\u0107 ciekawe atlasy i encyklopedie, obejrze\u0107 ciekawy film, pogra\u0107 w szachy i inne gry planszowe, skorzysta\u0107 z laptop\u00f3w lub po prostu odpocz\u0105\u0107 w ciszy przed kolejnymi lekcjami.\" src=\"https:\/\/sp1slupsk.pl\/wp-content\/uploads\/2025\/12\/pobrane-9-160x120.jpg\" rel=\"https:\/\/sp1slupsk.pl\/wp-content\/uploads\/2025\/12\/pobrane-9.jpg\" \/>\n\t\t\t\t\t\t\t\t\t\t\t\t\t\t<\/a>\n\t\t\t\t\t\t\t\t\t\t\t\t\t\t\t\t\t\t\t\t\t\t\t\t\t<\/p>\n\t\t\t\t\t\t\t\t\t\t\t\t\t\t\t\t\t\t\t\t\t\t\t<\/div><!-- .gllr_image_block -->\n\t\t\t\t\t\t\t\t\t\t\t\t\t\t\t\t\t\t\t\t\t<div class=\"gllr_image_block\">\n\t\t\t\t\t\t\t\t\t\t\t\t<p style=\"width:180px;height:140px;\">\n\t\t\t\t\t\t\t\t\t\t\t\t\t\t\t\t\t\t\t\t\t\t\t\t\t\t\t<a rel=\"gallery_fancybox_90306\" href=\"https:\/\/sp1slupsk.pl\/wp-content\/uploads\/2025\/12\/pobrane-13-1024x768.jpg\" title=\"09.12.2025 r. w naszej bibliotece szkolnej odby\u0142o si\u0119 pasowanie uczni\u00f3w klas pierwszych na czytelnik\u00f3w. Dzieci najpierw pozna\u0142y budow\u0119 ksi\u0105\u017cki i dowiedzia\u0142y si\u0119 co jeszcze mo\u017cna ciekawego robi\u0107 w naszym \u201eCentrum wiedzy i rozrywki\u201d opr\u00f3cz wypo\u017cyczania i czytania. Nast\u0119pnie pozna\u0142y wszystkie zakamarki biblioteki i ju\u017c wiedz\u0105, na kt\u00f3rej p\u00f3\u0142ce znajduj\u0105 si\u0119 odpowiednie dla nich pozycje. Kulminacyjnym momentem spotkania by\u0142o uroczyste pasowanie najgrubsz\u0105 ksi\u0119g\u0105 i wr\u0119czenie ka\u017cdemu uczniowi prezentu \u2013 w tym roku by\u0142a to opowie\u015b\u0107 o wnuczce antykwariusza. Po zako\u0144czeniu pasowania uczniowie otrzymali mo\u017cliwo\u015b\u0107 wypo\u017cyczenia wybranej przez siebie ksi\u0105\u017cki z biblioteki. Zapraszamy do wsp\u00f3lnego sp\u0119dzania czasu w tym magicznym miejscu. Opr\u00f3cz wypo\u017cyczania ksi\u0105\u017cek mo\u017cna tu: czyta\u0107, przegl\u0105da\u0107 ciekawe atlasy i encyklopedie, obejrze\u0107 ciekawy film, pogra\u0107 w szachy i inne gry planszowe, skorzysta\u0107 z laptop\u00f3w lub po prostu odpocz\u0105\u0107 w ciszy przed kolejnymi lekcjami.\">\n\t\t\t\t\t\t\t\t\t\t\t\t\t\t\t<img style=\"width:160px;height:120px; border-width: 10px; border-color:#F1F1F1;border: 10px solid #F1F1F1\" alt=\"\" title=\"09.12.2025 r. w naszej bibliotece szkolnej odby\u0142o si\u0119 pasowanie uczni\u00f3w klas pierwszych na czytelnik\u00f3w. Dzieci najpierw pozna\u0142y budow\u0119 ksi\u0105\u017cki i dowiedzia\u0142y si\u0119 co jeszcze mo\u017cna ciekawego robi\u0107 w naszym \u201eCentrum wiedzy i rozrywki\u201d opr\u00f3cz wypo\u017cyczania i czytania. Nast\u0119pnie pozna\u0142y wszystkie zakamarki biblioteki i ju\u017c wiedz\u0105, na kt\u00f3rej p\u00f3\u0142ce znajduj\u0105 si\u0119 odpowiednie dla nich pozycje. Kulminacyjnym momentem spotkania by\u0142o uroczyste pasowanie najgrubsz\u0105 ksi\u0119g\u0105 i wr\u0119czenie ka\u017cdemu uczniowi prezentu \u2013 w tym roku by\u0142a to opowie\u015b\u0107 o wnuczce antykwariusza. Po zako\u0144czeniu pasowania uczniowie otrzymali mo\u017cliwo\u015b\u0107 wypo\u017cyczenia wybranej przez siebie ksi\u0105\u017cki z biblioteki. Zapraszamy do wsp\u00f3lnego sp\u0119dzania czasu w tym magicznym miejscu. Opr\u00f3cz wypo\u017cyczania ksi\u0105\u017cek mo\u017cna tu: czyta\u0107, przegl\u0105da\u0107 ciekawe atlasy i encyklopedie, obejrze\u0107 ciekawy film, pogra\u0107 w szachy i inne gry planszowe, skorzysta\u0107 z laptop\u00f3w lub po prostu odpocz\u0105\u0107 w ciszy przed kolejnymi lekcjami.\" src=\"https:\/\/sp1slupsk.pl\/wp-content\/uploads\/2025\/12\/pobrane-13-160x120.jpg\" rel=\"https:\/\/sp1slupsk.pl\/wp-content\/uploads\/2025\/12\/pobrane-13.jpg\" \/>\n\t\t\t\t\t\t\t\t\t\t\t\t\t\t<\/a>\n\t\t\t\t\t\t\t\t\t\t\t\t\t\t\t\t\t\t\t\t\t\t\t\t\t<\/p>\n\t\t\t\t\t\t\t\t\t\t\t\t\t\t\t\t\t\t\t\t\t\t\t<\/div><!-- .gllr_image_block -->\n\t\t\t\t\t\t\t\t\t\t\t\t\t\t\t\t\t\t\t\t\t<div class=\"gllr_image_block\">\n\t\t\t\t\t\t\t\t\t\t\t\t<p style=\"width:180px;height:140px;\">\n\t\t\t\t\t\t\t\t\t\t\t\t\t\t\t\t\t\t\t\t\t\t\t\t\t\t\t<a rel=\"gallery_fancybox_90306\" href=\"https:\/\/sp1slupsk.pl\/wp-content\/uploads\/2025\/12\/pobrane-7-1024x768.jpg\" title=\"09.12.2025 r. w naszej bibliotece szkolnej odby\u0142o si\u0119 pasowanie uczni\u00f3w klas pierwszych na czytelnik\u00f3w. Dzieci najpierw pozna\u0142y budow\u0119 ksi\u0105\u017cki i dowiedzia\u0142y si\u0119 co jeszcze mo\u017cna ciekawego robi\u0107 w naszym \u201eCentrum wiedzy i rozrywki\u201d opr\u00f3cz wypo\u017cyczania i czytania. Nast\u0119pnie pozna\u0142y wszystkie zakamarki biblioteki i ju\u017c wiedz\u0105, na kt\u00f3rej p\u00f3\u0142ce znajduj\u0105 si\u0119 odpowiednie dla nich pozycje. Kulminacyjnym momentem spotkania by\u0142o uroczyste pasowanie najgrubsz\u0105 ksi\u0119g\u0105 i wr\u0119czenie ka\u017cdemu uczniowi prezentu \u2013 w tym roku by\u0142a to opowie\u015b\u0107 o wnuczce antykwariusza. Po zako\u0144czeniu pasowania uczniowie otrzymali mo\u017cliwo\u015b\u0107 wypo\u017cyczenia wybranej przez siebie ksi\u0105\u017cki z biblioteki. Zapraszamy do wsp\u00f3lnego sp\u0119dzania czasu w tym magicznym miejscu. Opr\u00f3cz wypo\u017cyczania ksi\u0105\u017cek mo\u017cna tu: czyta\u0107, przegl\u0105da\u0107 ciekawe atlasy i encyklopedie, obejrze\u0107 ciekawy film, pogra\u0107 w szachy i inne gry planszowe, skorzysta\u0107 z laptop\u00f3w lub po prostu odpocz\u0105\u0107 w ciszy przed kolejnymi lekcjami.\">\n\t\t\t\t\t\t\t\t\t\t\t\t\t\t\t<img style=\"width:160px;height:120px; border-width: 10px; border-color:#F1F1F1;border: 10px solid #F1F1F1\" alt=\"\" title=\"09.12.2025 r. w naszej bibliotece szkolnej odby\u0142o si\u0119 pasowanie uczni\u00f3w klas pierwszych na czytelnik\u00f3w. Dzieci najpierw pozna\u0142y budow\u0119 ksi\u0105\u017cki i dowiedzia\u0142y si\u0119 co jeszcze mo\u017cna ciekawego robi\u0107 w naszym \u201eCentrum wiedzy i rozrywki\u201d opr\u00f3cz wypo\u017cyczania i czytania. Nast\u0119pnie pozna\u0142y wszystkie zakamarki biblioteki i ju\u017c wiedz\u0105, na kt\u00f3rej p\u00f3\u0142ce znajduj\u0105 si\u0119 odpowiednie dla nich pozycje. Kulminacyjnym momentem spotkania by\u0142o uroczyste pasowanie najgrubsz\u0105 ksi\u0119g\u0105 i wr\u0119czenie ka\u017cdemu uczniowi prezentu \u2013 w tym roku by\u0142a to opowie\u015b\u0107 o wnuczce antykwariusza. Po zako\u0144czeniu pasowania uczniowie otrzymali mo\u017cliwo\u015b\u0107 wypo\u017cyczenia wybranej przez siebie ksi\u0105\u017cki z biblioteki. Zapraszamy do wsp\u00f3lnego sp\u0119dzania czasu w tym magicznym miejscu. Opr\u00f3cz wypo\u017cyczania ksi\u0105\u017cek mo\u017cna tu: czyta\u0107, przegl\u0105da\u0107 ciekawe atlasy i encyklopedie, obejrze\u0107 ciekawy film, pogra\u0107 w szachy i inne gry planszowe, skorzysta\u0107 z laptop\u00f3w lub po prostu odpocz\u0105\u0107 w ciszy przed kolejnymi lekcjami.\" src=\"https:\/\/sp1slupsk.pl\/wp-content\/uploads\/2025\/12\/pobrane-7-160x120.jpg\" rel=\"https:\/\/sp1slupsk.pl\/wp-content\/uploads\/2025\/12\/pobrane-7.jpg\" \/>\n\t\t\t\t\t\t\t\t\t\t\t\t\t\t<\/a>\n\t\t\t\t\t\t\t\t\t\t\t\t\t\t\t\t\t\t\t\t\t\t\t\t\t<\/p>\n\t\t\t\t\t\t\t\t\t\t\t\t\t\t\t\t\t\t\t\t\t\t\t<\/div><!-- .gllr_image_block -->\n\t\t\t\t\t\t\t\t\t\t\t\t\t\t\t\t\t\t\t\t\t<\/div><!-- .gllr_image_row -->\n\t\t\t\t\t\t\t\t\t\t\t\t\t\t\t\t\t\t\t\t\t<div class=\"gllr_image_row\">\n\t\t\t\t\t\t\t\t\t\t\t\t\t\t\t\t\t\t\t\t\t<div class=\"gllr_image_block\">\n\t\t\t\t\t\t\t\t\t\t\t\t<p style=\"width:180px;height:140px;\">\n\t\t\t\t\t\t\t\t\t\t\t\t\t\t\t\t\t\t\t\t\t\t\t\t\t\t\t<a rel=\"gallery_fancybox_90306\" href=\"https:\/\/sp1slupsk.pl\/wp-content\/uploads\/2025\/12\/pobrane-669x1024.jpg\" title=\"09.12.2025 r. w naszej bibliotece szkolnej odby\u0142o si\u0119 pasowanie uczni\u00f3w klas pierwszych na czytelnik\u00f3w. Dzieci najpierw pozna\u0142y budow\u0119 ksi\u0105\u017cki i dowiedzia\u0142y si\u0119 co jeszcze mo\u017cna ciekawego robi\u0107 w naszym \u201eCentrum wiedzy i rozrywki\u201d opr\u00f3cz wypo\u017cyczania i czytania. Nast\u0119pnie pozna\u0142y wszystkie zakamarki biblioteki i ju\u017c wiedz\u0105, na kt\u00f3rej p\u00f3\u0142ce znajduj\u0105 si\u0119 odpowiednie dla nich pozycje. Kulminacyjnym momentem spotkania by\u0142o uroczyste pasowanie najgrubsz\u0105 ksi\u0119g\u0105 i wr\u0119czenie ka\u017cdemu uczniowi prezentu \u2013 w tym roku by\u0142a to opowie\u015b\u0107 o wnuczce antykwariusza. Po zako\u0144czeniu pasowania uczniowie otrzymali mo\u017cliwo\u015b\u0107 wypo\u017cyczenia wybranej przez siebie ksi\u0105\u017cki z biblioteki. Zapraszamy do wsp\u00f3lnego sp\u0119dzania czasu w tym magicznym miejscu. Opr\u00f3cz wypo\u017cyczania ksi\u0105\u017cek mo\u017cna tu: czyta\u0107, przegl\u0105da\u0107 ciekawe atlasy i encyklopedie, obejrze\u0107 ciekawy film, pogra\u0107 w szachy i inne gry planszowe, skorzysta\u0107 z laptop\u00f3w lub po prostu odpocz\u0105\u0107 w ciszy przed kolejnymi lekcjami.\">\n\t\t\t\t\t\t\t\t\t\t\t\t\t\t\t<img style=\"width:160px;height:120px; border-width: 10px; border-color:#F1F1F1;border: 10px solid #F1F1F1\" alt=\"\" title=\"09.12.2025 r. w naszej bibliotece szkolnej odby\u0142o si\u0119 pasowanie uczni\u00f3w klas pierwszych na czytelnik\u00f3w. Dzieci najpierw pozna\u0142y budow\u0119 ksi\u0105\u017cki i dowiedzia\u0142y si\u0119 co jeszcze mo\u017cna ciekawego robi\u0107 w naszym \u201eCentrum wiedzy i rozrywki\u201d opr\u00f3cz wypo\u017cyczania i czytania. Nast\u0119pnie pozna\u0142y wszystkie zakamarki biblioteki i ju\u017c wiedz\u0105, na kt\u00f3rej p\u00f3\u0142ce znajduj\u0105 si\u0119 odpowiednie dla nich pozycje. Kulminacyjnym momentem spotkania by\u0142o uroczyste pasowanie najgrubsz\u0105 ksi\u0119g\u0105 i wr\u0119czenie ka\u017cdemu uczniowi prezentu \u2013 w tym roku by\u0142a to opowie\u015b\u0107 o wnuczce antykwariusza. Po zako\u0144czeniu pasowania uczniowie otrzymali mo\u017cliwo\u015b\u0107 wypo\u017cyczenia wybranej przez siebie ksi\u0105\u017cki z biblioteki. Zapraszamy do wsp\u00f3lnego sp\u0119dzania czasu w tym magicznym miejscu. Opr\u00f3cz wypo\u017cyczania ksi\u0105\u017cek mo\u017cna tu: czyta\u0107, przegl\u0105da\u0107 ciekawe atlasy i encyklopedie, obejrze\u0107 ciekawy film, pogra\u0107 w szachy i inne gry planszowe, skorzysta\u0107 z laptop\u00f3w lub po prostu odpocz\u0105\u0107 w ciszy przed kolejnymi lekcjami.\" src=\"https:\/\/sp1slupsk.pl\/wp-content\/uploads\/2025\/12\/pobrane-160x120.jpg\" rel=\"https:\/\/sp1slupsk.pl\/wp-content\/uploads\/2025\/12\/pobrane.jpg\" \/>\n\t\t\t\t\t\t\t\t\t\t\t\t\t\t<\/a>\n\t\t\t\t\t\t\t\t\t\t\t\t\t\t\t\t\t\t\t\t\t\t\t\t\t<\/p>\n\t\t\t\t\t\t\t\t\t\t\t\t\t\t\t\t\t\t\t\t\t\t\t<\/div><!-- .gllr_image_block -->\n\t\t\t\t\t\t\t\t\t\t\t\t\t\t\t\t\t\t\t\t\t<div class=\"gllr_image_block\">\n\t\t\t\t\t\t\t\t\t\t\t\t<p style=\"width:180px;height:140px;\">\n\t\t\t\t\t\t\t\t\t\t\t\t\t\t\t\t\t\t\t\t\t\t\t\t\t\t\t<a rel=\"gallery_fancybox_90306\" href=\"https:\/\/sp1slupsk.pl\/wp-content\/uploads\/2025\/12\/efdb85ef-4bcf-4d42-aafe-3b55c464f5a3-768x1024.jpg\" title=\"09.12.2025 r. w naszej bibliotece szkolnej odby\u0142o si\u0119 pasowanie uczni\u00f3w klas pierwszych na czytelnik\u00f3w. Dzieci najpierw pozna\u0142y budow\u0119 ksi\u0105\u017cki i dowiedzia\u0142y si\u0119 co jeszcze mo\u017cna ciekawego robi\u0107 w naszym \u201eCentrum wiedzy i rozrywki\u201d opr\u00f3cz wypo\u017cyczania i czytania. Nast\u0119pnie pozna\u0142y wszystkie zakamarki biblioteki i ju\u017c wiedz\u0105, na kt\u00f3rej p\u00f3\u0142ce znajduj\u0105 si\u0119 odpowiednie dla nich pozycje. Kulminacyjnym momentem spotkania by\u0142o uroczyste pasowanie najgrubsz\u0105 ksi\u0119g\u0105 i wr\u0119czenie ka\u017cdemu uczniowi prezentu \u2013 w tym roku by\u0142a to opowie\u015b\u0107 o wnuczce antykwariusza. Po zako\u0144czeniu pasowania uczniowie otrzymali mo\u017cliwo\u015b\u0107 wypo\u017cyczenia wybranej przez siebie ksi\u0105\u017cki z biblioteki. Zapraszamy do wsp\u00f3lnego sp\u0119dzania czasu w tym magicznym miejscu. Opr\u00f3cz wypo\u017cyczania ksi\u0105\u017cek mo\u017cna tu: czyta\u0107, przegl\u0105da\u0107 ciekawe atlasy i encyklopedie, obejrze\u0107 ciekawy film, pogra\u0107 w szachy i inne gry planszowe, skorzysta\u0107 z laptop\u00f3w lub po prostu odpocz\u0105\u0107 w ciszy przed kolejnymi lekcjami.\">\n\t\t\t\t\t\t\t\t\t\t\t\t\t\t\t<img style=\"width:160px;height:120px; border-width: 10px; border-color:#F1F1F1;border: 10px solid #F1F1F1\" alt=\"\" title=\"09.12.2025 r. w naszej bibliotece szkolnej odby\u0142o si\u0119 pasowanie uczni\u00f3w klas pierwszych na czytelnik\u00f3w. Dzieci najpierw pozna\u0142y budow\u0119 ksi\u0105\u017cki i dowiedzia\u0142y si\u0119 co jeszcze mo\u017cna ciekawego robi\u0107 w naszym \u201eCentrum wiedzy i rozrywki\u201d opr\u00f3cz wypo\u017cyczania i czytania. Nast\u0119pnie pozna\u0142y wszystkie zakamarki biblioteki i ju\u017c wiedz\u0105, na kt\u00f3rej p\u00f3\u0142ce znajduj\u0105 si\u0119 odpowiednie dla nich pozycje. Kulminacyjnym momentem spotkania by\u0142o uroczyste pasowanie najgrubsz\u0105 ksi\u0119g\u0105 i wr\u0119czenie ka\u017cdemu uczniowi prezentu \u2013 w tym roku by\u0142a to opowie\u015b\u0107 o wnuczce antykwariusza. Po zako\u0144czeniu pasowania uczniowie otrzymali mo\u017cliwo\u015b\u0107 wypo\u017cyczenia wybranej przez siebie ksi\u0105\u017cki z biblioteki. Zapraszamy do wsp\u00f3lnego sp\u0119dzania czasu w tym magicznym miejscu. Opr\u00f3cz wypo\u017cyczania ksi\u0105\u017cek mo\u017cna tu: czyta\u0107, przegl\u0105da\u0107 ciekawe atlasy i encyklopedie, obejrze\u0107 ciekawy film, pogra\u0107 w szachy i inne gry planszowe, skorzysta\u0107 z laptop\u00f3w lub po prostu odpocz\u0105\u0107 w ciszy przed kolejnymi lekcjami.\" src=\"https:\/\/sp1slupsk.pl\/wp-content\/uploads\/2025\/12\/efdb85ef-4bcf-4d42-aafe-3b55c464f5a3-160x120.jpg\" rel=\"https:\/\/sp1slupsk.pl\/wp-content\/uploads\/2025\/12\/efdb85ef-4bcf-4d42-aafe-3b55c464f5a3.jpg\" \/>\n\t\t\t\t\t\t\t\t\t\t\t\t\t\t<\/a>\n\t\t\t\t\t\t\t\t\t\t\t\t\t\t\t\t\t\t\t\t\t\t\t\t\t<\/p>\n\t\t\t\t\t\t\t\t\t\t\t\t\t\t\t\t\t\t\t\t\t\t\t<\/div><!-- .gllr_image_block -->\n\t\t\t\t\t\t\t\t\t\t\t\t\t\t\t\t\t\t\t\t\t<div class=\"gllr_image_block\">\n\t\t\t\t\t\t\t\t\t\t\t\t<p style=\"width:180px;height:140px;\">\n\t\t\t\t\t\t\t\t\t\t\t\t\t\t\t\t\t\t\t\t\t\t\t\t\t\t\t<a rel=\"gallery_fancybox_90306\" href=\"https:\/\/sp1slupsk.pl\/wp-content\/uploads\/2025\/12\/IMG_20251209_102421188_HDR-1024x768.jpg\" title=\"09.12.2025 r. w naszej bibliotece szkolnej odby\u0142o si\u0119 pasowanie uczni\u00f3w klas pierwszych na czytelnik\u00f3w. Dzieci najpierw pozna\u0142y budow\u0119 ksi\u0105\u017cki i dowiedzia\u0142y si\u0119 co jeszcze mo\u017cna ciekawego robi\u0107 w naszym \u201eCentrum wiedzy i rozrywki\u201d opr\u00f3cz wypo\u017cyczania i czytania. Nast\u0119pnie pozna\u0142y wszystkie zakamarki biblioteki i ju\u017c wiedz\u0105, na kt\u00f3rej p\u00f3\u0142ce znajduj\u0105 si\u0119 odpowiednie dla nich pozycje. Kulminacyjnym momentem spotkania by\u0142o uroczyste pasowanie najgrubsz\u0105 ksi\u0119g\u0105 i wr\u0119czenie ka\u017cdemu uczniowi prezentu \u2013 w tym roku by\u0142a to opowie\u015b\u0107 o wnuczce antykwariusza. Po zako\u0144czeniu pasowania uczniowie otrzymali mo\u017cliwo\u015b\u0107 wypo\u017cyczenia wybranej przez siebie ksi\u0105\u017cki z biblioteki. Zapraszamy do wsp\u00f3lnego sp\u0119dzania czasu w tym magicznym miejscu. Opr\u00f3cz wypo\u017cyczania ksi\u0105\u017cek mo\u017cna tu: czyta\u0107, przegl\u0105da\u0107 ciekawe atlasy i encyklopedie, obejrze\u0107 ciekawy film, pogra\u0107 w szachy i inne gry planszowe, skorzysta\u0107 z laptop\u00f3w lub po prostu odpocz\u0105\u0107 w ciszy przed kolejnymi lekcjami.\">\n\t\t\t\t\t\t\t\t\t\t\t\t\t\t\t<img style=\"width:160px;height:120px; border-width: 10px; border-color:#F1F1F1;border: 10px solid #F1F1F1\" alt=\"\" title=\"09.12.2025 r. w naszej bibliotece szkolnej odby\u0142o si\u0119 pasowanie uczni\u00f3w klas pierwszych na czytelnik\u00f3w. Dzieci najpierw pozna\u0142y budow\u0119 ksi\u0105\u017cki i dowiedzia\u0142y si\u0119 co jeszcze mo\u017cna ciekawego robi\u0107 w naszym \u201eCentrum wiedzy i rozrywki\u201d opr\u00f3cz wypo\u017cyczania i czytania. Nast\u0119pnie pozna\u0142y wszystkie zakamarki biblioteki i ju\u017c wiedz\u0105, na kt\u00f3rej p\u00f3\u0142ce znajduj\u0105 si\u0119 odpowiednie dla nich pozycje. Kulminacyjnym momentem spotkania by\u0142o uroczyste pasowanie najgrubsz\u0105 ksi\u0119g\u0105 i wr\u0119czenie ka\u017cdemu uczniowi prezentu \u2013 w tym roku by\u0142a to opowie\u015b\u0107 o wnuczce antykwariusza. Po zako\u0144czeniu pasowania uczniowie otrzymali mo\u017cliwo\u015b\u0107 wypo\u017cyczenia wybranej przez siebie ksi\u0105\u017cki z biblioteki. Zapraszamy do wsp\u00f3lnego sp\u0119dzania czasu w tym magicznym miejscu. Opr\u00f3cz wypo\u017cyczania ksi\u0105\u017cek mo\u017cna tu: czyta\u0107, przegl\u0105da\u0107 ciekawe atlasy i encyklopedie, obejrze\u0107 ciekawy film, pogra\u0107 w szachy i inne gry planszowe, skorzysta\u0107 z laptop\u00f3w lub po prostu odpocz\u0105\u0107 w ciszy przed kolejnymi lekcjami.\" src=\"https:\/\/sp1slupsk.pl\/wp-content\/uploads\/2025\/12\/IMG_20251209_102421188_HDR-160x120.jpg\" rel=\"https:\/\/sp1slupsk.pl\/wp-content\/uploads\/2025\/12\/IMG_20251209_102421188_HDR-scaled.jpg\" \/>\n\t\t\t\t\t\t\t\t\t\t\t\t\t\t<\/a>\n\t\t\t\t\t\t\t\t\t\t\t\t\t\t\t\t\t\t\t\t\t\t\t\t\t<\/p>\n\t\t\t\t\t\t\t\t\t\t\t\t\t\t\t\t\t\t\t\t\t\t\t<\/div><!-- .gllr_image_block -->\n\t\t\t\t\t\t\t\t\t\t\t\t\t\t\t\t\t\t\t\t\t<\/div><!-- .gllr_image_row -->\n\t\t\t\t\t\t\t\t\t\t\t\t\t\t\t\t\t\t\t\t\t<div class=\"gllr_image_row\">\n\t\t\t\t\t\t\t\t\t\t\t\t\t\t\t\t\t\t\t\t\t<div class=\"gllr_image_block\">\n\t\t\t\t\t\t\t\t\t\t\t\t<p style=\"width:180px;height:140px;\">\n\t\t\t\t\t\t\t\t\t\t\t\t\t\t\t\t\t\t\t\t\t\t\t\t\t\t\t<a rel=\"gallery_fancybox_90306\" href=\"https:\/\/sp1slupsk.pl\/wp-content\/uploads\/2025\/12\/pobrane-10-1024x768.jpg\" title=\"09.12.2025 r. w naszej bibliotece szkolnej odby\u0142o si\u0119 pasowanie uczni\u00f3w klas pierwszych na czytelnik\u00f3w. Dzieci najpierw pozna\u0142y budow\u0119 ksi\u0105\u017cki i dowiedzia\u0142y si\u0119 co jeszcze mo\u017cna ciekawego robi\u0107 w naszym \u201eCentrum wiedzy i rozrywki\u201d opr\u00f3cz wypo\u017cyczania i czytania. Nast\u0119pnie pozna\u0142y wszystkie zakamarki biblioteki i ju\u017c wiedz\u0105, na kt\u00f3rej p\u00f3\u0142ce znajduj\u0105 si\u0119 odpowiednie dla nich pozycje. Kulminacyjnym momentem spotkania by\u0142o uroczyste pasowanie najgrubsz\u0105 ksi\u0119g\u0105 i wr\u0119czenie ka\u017cdemu uczniowi prezentu \u2013 w tym roku by\u0142a to opowie\u015b\u0107 o wnuczce antykwariusza. Po zako\u0144czeniu pasowania uczniowie otrzymali mo\u017cliwo\u015b\u0107 wypo\u017cyczenia wybranej przez siebie ksi\u0105\u017cki z biblioteki. Zapraszamy do wsp\u00f3lnego sp\u0119dzania czasu w tym magicznym miejscu. Opr\u00f3cz wypo\u017cyczania ksi\u0105\u017cek mo\u017cna tu: czyta\u0107, przegl\u0105da\u0107 ciekawe atlasy i encyklopedie, obejrze\u0107 ciekawy film, pogra\u0107 w szachy i inne gry planszowe, skorzysta\u0107 z laptop\u00f3w lub po prostu odpocz\u0105\u0107 w ciszy przed kolejnymi lekcjami.\">\n\t\t\t\t\t\t\t\t\t\t\t\t\t\t\t<img style=\"width:160px;height:120px; border-width: 10px; border-color:#F1F1F1;border: 10px solid #F1F1F1\" alt=\"\" title=\"09.12.2025 r. w naszej bibliotece szkolnej odby\u0142o si\u0119 pasowanie uczni\u00f3w klas pierwszych na czytelnik\u00f3w. Dzieci najpierw pozna\u0142y budow\u0119 ksi\u0105\u017cki i dowiedzia\u0142y si\u0119 co jeszcze mo\u017cna ciekawego robi\u0107 w naszym \u201eCentrum wiedzy i rozrywki\u201d opr\u00f3cz wypo\u017cyczania i czytania. Nast\u0119pnie pozna\u0142y wszystkie zakamarki biblioteki i ju\u017c wiedz\u0105, na kt\u00f3rej p\u00f3\u0142ce znajduj\u0105 si\u0119 odpowiednie dla nich pozycje. Kulminacyjnym momentem spotkania by\u0142o uroczyste pasowanie najgrubsz\u0105 ksi\u0119g\u0105 i wr\u0119czenie ka\u017cdemu uczniowi prezentu \u2013 w tym roku by\u0142a to opowie\u015b\u0107 o wnuczce antykwariusza. Po zako\u0144czeniu pasowania uczniowie otrzymali mo\u017cliwo\u015b\u0107 wypo\u017cyczenia wybranej przez siebie ksi\u0105\u017cki z biblioteki. Zapraszamy do wsp\u00f3lnego sp\u0119dzania czasu w tym magicznym miejscu. Opr\u00f3cz wypo\u017cyczania ksi\u0105\u017cek mo\u017cna tu: czyta\u0107, przegl\u0105da\u0107 ciekawe atlasy i encyklopedie, obejrze\u0107 ciekawy film, pogra\u0107 w szachy i inne gry planszowe, skorzysta\u0107 z laptop\u00f3w lub po prostu odpocz\u0105\u0107 w ciszy przed kolejnymi lekcjami.\" src=\"https:\/\/sp1slupsk.pl\/wp-content\/uploads\/2025\/12\/pobrane-10-160x120.jpg\" rel=\"https:\/\/sp1slupsk.pl\/wp-content\/uploads\/2025\/12\/pobrane-10.jpg\" \/>\n\t\t\t\t\t\t\t\t\t\t\t\t\t\t<\/a>\n\t\t\t\t\t\t\t\t\t\t\t\t\t\t\t\t\t\t\t\t\t\t\t\t\t<\/p>\n\t\t\t\t\t\t\t\t\t\t\t\t\t\t\t\t\t\t\t\t\t\t\t<\/div><!-- .gllr_image_block -->\n\t\t\t\t\t\t\t\t\t\t\t\t\t\t\t\t\t\t\t\t\t<div class=\"gllr_image_block\">\n\t\t\t\t\t\t\t\t\t\t\t\t<p style=\"width:180px;height:140px;\">\n\t\t\t\t\t\t\t\t\t\t\t\t\t\t\t\t\t\t\t\t\t\t\t\t\t\t\t<a rel=\"gallery_fancybox_90306\" href=\"https:\/\/sp1slupsk.pl\/wp-content\/uploads\/2025\/12\/pobrane-3-768x1024.jpg\" title=\"09.12.2025 r. w naszej bibliotece szkolnej odby\u0142o si\u0119 pasowanie uczni\u00f3w klas pierwszych na czytelnik\u00f3w. Dzieci najpierw pozna\u0142y budow\u0119 ksi\u0105\u017cki i dowiedzia\u0142y si\u0119 co jeszcze mo\u017cna ciekawego robi\u0107 w naszym \u201eCentrum wiedzy i rozrywki\u201d opr\u00f3cz wypo\u017cyczania i czytania. Nast\u0119pnie pozna\u0142y wszystkie zakamarki biblioteki i ju\u017c wiedz\u0105, na kt\u00f3rej p\u00f3\u0142ce znajduj\u0105 si\u0119 odpowiednie dla nich pozycje. Kulminacyjnym momentem spotkania by\u0142o uroczyste pasowanie najgrubsz\u0105 ksi\u0119g\u0105 i wr\u0119czenie ka\u017cdemu uczniowi prezentu \u2013 w tym roku by\u0142a to opowie\u015b\u0107 o wnuczce antykwariusza. Po zako\u0144czeniu pasowania uczniowie otrzymali mo\u017cliwo\u015b\u0107 wypo\u017cyczenia wybranej przez siebie ksi\u0105\u017cki z biblioteki. Zapraszamy do wsp\u00f3lnego sp\u0119dzania czasu w tym magicznym miejscu. Opr\u00f3cz wypo\u017cyczania ksi\u0105\u017cek mo\u017cna tu: czyta\u0107, przegl\u0105da\u0107 ciekawe atlasy i encyklopedie, obejrze\u0107 ciekawy film, pogra\u0107 w szachy i inne gry planszowe, skorzysta\u0107 z laptop\u00f3w lub po prostu odpocz\u0105\u0107 w ciszy przed kolejnymi lekcjami.\">\n\t\t\t\t\t\t\t\t\t\t\t\t\t\t\t<img style=\"width:160px;height:120px; border-width: 10px; border-color:#F1F1F1;border: 10px solid #F1F1F1\" alt=\"\" title=\"09.12.2025 r. w naszej bibliotece szkolnej odby\u0142o si\u0119 pasowanie uczni\u00f3w klas pierwszych na czytelnik\u00f3w. Dzieci najpierw pozna\u0142y budow\u0119 ksi\u0105\u017cki i dowiedzia\u0142y si\u0119 co jeszcze mo\u017cna ciekawego robi\u0107 w naszym \u201eCentrum wiedzy i rozrywki\u201d opr\u00f3cz wypo\u017cyczania i czytania. Nast\u0119pnie pozna\u0142y wszystkie zakamarki biblioteki i ju\u017c wiedz\u0105, na kt\u00f3rej p\u00f3\u0142ce znajduj\u0105 si\u0119 odpowiednie dla nich pozycje. Kulminacyjnym momentem spotkania by\u0142o uroczyste pasowanie najgrubsz\u0105 ksi\u0119g\u0105 i wr\u0119czenie ka\u017cdemu uczniowi prezentu \u2013 w tym roku by\u0142a to opowie\u015b\u0107 o wnuczce antykwariusza. Po zako\u0144czeniu pasowania uczniowie otrzymali mo\u017cliwo\u015b\u0107 wypo\u017cyczenia wybranej przez siebie ksi\u0105\u017cki z biblioteki. Zapraszamy do wsp\u00f3lnego sp\u0119dzania czasu w tym magicznym miejscu. Opr\u00f3cz wypo\u017cyczania ksi\u0105\u017cek mo\u017cna tu: czyta\u0107, przegl\u0105da\u0107 ciekawe atlasy i encyklopedie, obejrze\u0107 ciekawy film, pogra\u0107 w szachy i inne gry planszowe, skorzysta\u0107 z laptop\u00f3w lub po prostu odpocz\u0105\u0107 w ciszy przed kolejnymi lekcjami.\" src=\"https:\/\/sp1slupsk.pl\/wp-content\/uploads\/2025\/12\/pobrane-3-160x120.jpg\" rel=\"https:\/\/sp1slupsk.pl\/wp-content\/uploads\/2025\/12\/pobrane-3.jpg\" \/>\n\t\t\t\t\t\t\t\t\t\t\t\t\t\t<\/a>\n\t\t\t\t\t\t\t\t\t\t\t\t\t\t\t\t\t\t\t\t\t\t\t\t\t<\/p>\n\t\t\t\t\t\t\t\t\t\t\t\t\t\t\t\t\t\t\t\t\t\t\t<\/div><!-- .gllr_image_block -->\n\t\t\t\t\t\t\t\t\t\t\t\t\t\t\t\t\t\t\t\t\t<div class=\"gllr_image_block\">\n\t\t\t\t\t\t\t\t\t\t\t\t<p style=\"width:180px;height:140px;\">\n\t\t\t\t\t\t\t\t\t\t\t\t\t\t\t\t\t\t\t\t\t\t\t\t\t\t\t<a rel=\"gallery_fancybox_90306\" href=\"https:\/\/sp1slupsk.pl\/wp-content\/uploads\/2025\/12\/pobrane-6-768x1024.jpg\" title=\"09.12.2025 r. w naszej bibliotece szkolnej odby\u0142o si\u0119 pasowanie uczni\u00f3w klas pierwszych na czytelnik\u00f3w. Dzieci najpierw pozna\u0142y budow\u0119 ksi\u0105\u017cki i dowiedzia\u0142y si\u0119 co jeszcze mo\u017cna ciekawego robi\u0107 w naszym \u201eCentrum wiedzy i rozrywki\u201d opr\u00f3cz wypo\u017cyczania i czytania. Nast\u0119pnie pozna\u0142y wszystkie zakamarki biblioteki i ju\u017c wiedz\u0105, na kt\u00f3rej p\u00f3\u0142ce znajduj\u0105 si\u0119 odpowiednie dla nich pozycje. Kulminacyjnym momentem spotkania by\u0142o uroczyste pasowanie najgrubsz\u0105 ksi\u0119g\u0105 i wr\u0119czenie ka\u017cdemu uczniowi prezentu \u2013 w tym roku by\u0142a to opowie\u015b\u0107 o wnuczce antykwariusza. Po zako\u0144czeniu pasowania uczniowie otrzymali mo\u017cliwo\u015b\u0107 wypo\u017cyczenia wybranej przez siebie ksi\u0105\u017cki z biblioteki. Zapraszamy do wsp\u00f3lnego sp\u0119dzania czasu w tym magicznym miejscu. Opr\u00f3cz wypo\u017cyczania ksi\u0105\u017cek mo\u017cna tu: czyta\u0107, przegl\u0105da\u0107 ciekawe atlasy i encyklopedie, obejrze\u0107 ciekawy film, pogra\u0107 w szachy i inne gry planszowe, skorzysta\u0107 z laptop\u00f3w lub po prostu odpocz\u0105\u0107 w ciszy przed kolejnymi lekcjami.\">\n\t\t\t\t\t\t\t\t\t\t\t\t\t\t\t<img style=\"width:160px;height:120px; border-width: 10px; border-color:#F1F1F1;border: 10px solid #F1F1F1\" alt=\"\" title=\"09.12.2025 r. w naszej bibliotece szkolnej odby\u0142o si\u0119 pasowanie uczni\u00f3w klas pierwszych na czytelnik\u00f3w. Dzieci najpierw pozna\u0142y budow\u0119 ksi\u0105\u017cki i dowiedzia\u0142y si\u0119 co jeszcze mo\u017cna ciekawego robi\u0107 w naszym \u201eCentrum wiedzy i rozrywki\u201d opr\u00f3cz wypo\u017cyczania i czytania. Nast\u0119pnie pozna\u0142y wszystkie zakamarki biblioteki i ju\u017c wiedz\u0105, na kt\u00f3rej p\u00f3\u0142ce znajduj\u0105 si\u0119 odpowiednie dla nich pozycje. Kulminacyjnym momentem spotkania by\u0142o uroczyste pasowanie najgrubsz\u0105 ksi\u0119g\u0105 i wr\u0119czenie ka\u017cdemu uczniowi prezentu \u2013 w tym roku by\u0142a to opowie\u015b\u0107 o wnuczce antykwariusza. Po zako\u0144czeniu pasowania uczniowie otrzymali mo\u017cliwo\u015b\u0107 wypo\u017cyczenia wybranej przez siebie ksi\u0105\u017cki z biblioteki. Zapraszamy do wsp\u00f3lnego sp\u0119dzania czasu w tym magicznym miejscu. Opr\u00f3cz wypo\u017cyczania ksi\u0105\u017cek mo\u017cna tu: czyta\u0107, przegl\u0105da\u0107 ciekawe atlasy i encyklopedie, obejrze\u0107 ciekawy film, pogra\u0107 w szachy i inne gry planszowe, skorzysta\u0107 z laptop\u00f3w lub po prostu odpocz\u0105\u0107 w ciszy przed kolejnymi lekcjami.\" src=\"https:\/\/sp1slupsk.pl\/wp-content\/uploads\/2025\/12\/pobrane-6-160x120.jpg\" rel=\"https:\/\/sp1slupsk.pl\/wp-content\/uploads\/2025\/12\/pobrane-6.jpg\" \/>\n\t\t\t\t\t\t\t\t\t\t\t\t\t\t<\/a>\n\t\t\t\t\t\t\t\t\t\t\t\t\t\t\t\t\t\t\t\t\t\t\t\t\t<\/p>\n\t\t\t\t\t\t\t\t\t\t\t\t\t\t\t\t\t\t\t\t\t\t\t<\/div><!-- .gllr_image_block -->\n\t\t\t\t\t\t\t\t\t\t\t\t\t\t\t\t\t\t\t\t\t<\/div><!-- .gllr_image_row -->\n\t\t\t\t\t\t\t\t\t\t\t\t\t\t\t\t\t\t\t\t\t<div class=\"gllr_image_row\">\n\t\t\t\t\t\t\t\t\t\t\t\t\t\t\t\t\t\t\t\t\t<div class=\"gllr_image_block\">\n\t\t\t\t\t\t\t\t\t\t\t\t<p style=\"width:180px;height:140px;\">\n\t\t\t\t\t\t\t\t\t\t\t\t\t\t\t\t\t\t\t\t\t\t\t\t\t\t\t<a rel=\"gallery_fancybox_90306\" href=\"https:\/\/sp1slupsk.pl\/wp-content\/uploads\/2025\/12\/pobrane-1-768x1024.jpg\" title=\"09.12.2025 r. w naszej bibliotece szkolnej odby\u0142o si\u0119 pasowanie uczni\u00f3w klas pierwszych na czytelnik\u00f3w. Dzieci najpierw pozna\u0142y budow\u0119 ksi\u0105\u017cki i dowiedzia\u0142y si\u0119 co jeszcze mo\u017cna ciekawego robi\u0107 w naszym \u201eCentrum wiedzy i rozrywki\u201d opr\u00f3cz wypo\u017cyczania i czytania. Nast\u0119pnie pozna\u0142y wszystkie zakamarki biblioteki i ju\u017c wiedz\u0105, na kt\u00f3rej p\u00f3\u0142ce znajduj\u0105 si\u0119 odpowiednie dla nich pozycje. Kulminacyjnym momentem spotkania by\u0142o uroczyste pasowanie najgrubsz\u0105 ksi\u0119g\u0105 i wr\u0119czenie ka\u017cdemu uczniowi prezentu \u2013 w tym roku by\u0142a to opowie\u015b\u0107 o wnuczce antykwariusza. Po zako\u0144czeniu pasowania uczniowie otrzymali mo\u017cliwo\u015b\u0107 wypo\u017cyczenia wybranej przez siebie ksi\u0105\u017cki z biblioteki. Zapraszamy do wsp\u00f3lnego sp\u0119dzania czasu w tym magicznym miejscu. Opr\u00f3cz wypo\u017cyczania ksi\u0105\u017cek mo\u017cna tu: czyta\u0107, przegl\u0105da\u0107 ciekawe atlasy i encyklopedie, obejrze\u0107 ciekawy film, pogra\u0107 w szachy i inne gry planszowe, skorzysta\u0107 z laptop\u00f3w lub po prostu odpocz\u0105\u0107 w ciszy przed kolejnymi lekcjami.\">\n\t\t\t\t\t\t\t\t\t\t\t\t\t\t\t<img style=\"width:160px;height:120px; border-width: 10px; border-color:#F1F1F1;border: 10px solid #F1F1F1\" alt=\"\" title=\"09.12.2025 r. w naszej bibliotece szkolnej odby\u0142o si\u0119 pasowanie uczni\u00f3w klas pierwszych na czytelnik\u00f3w. Dzieci najpierw pozna\u0142y budow\u0119 ksi\u0105\u017cki i dowiedzia\u0142y si\u0119 co jeszcze mo\u017cna ciekawego robi\u0107 w naszym \u201eCentrum wiedzy i rozrywki\u201d opr\u00f3cz wypo\u017cyczania i czytania. Nast\u0119pnie pozna\u0142y wszystkie zakamarki biblioteki i ju\u017c wiedz\u0105, na kt\u00f3rej p\u00f3\u0142ce znajduj\u0105 si\u0119 odpowiednie dla nich pozycje. Kulminacyjnym momentem spotkania by\u0142o uroczyste pasowanie najgrubsz\u0105 ksi\u0119g\u0105 i wr\u0119czenie ka\u017cdemu uczniowi prezentu \u2013 w tym roku by\u0142a to opowie\u015b\u0107 o wnuczce antykwariusza. Po zako\u0144czeniu pasowania uczniowie otrzymali mo\u017cliwo\u015b\u0107 wypo\u017cyczenia wybranej przez siebie ksi\u0105\u017cki z biblioteki. Zapraszamy do wsp\u00f3lnego sp\u0119dzania czasu w tym magicznym miejscu. Opr\u00f3cz wypo\u017cyczania ksi\u0105\u017cek mo\u017cna tu: czyta\u0107, przegl\u0105da\u0107 ciekawe atlasy i encyklopedie, obejrze\u0107 ciekawy film, pogra\u0107 w szachy i inne gry planszowe, skorzysta\u0107 z laptop\u00f3w lub po prostu odpocz\u0105\u0107 w ciszy przed kolejnymi lekcjami.\" src=\"https:\/\/sp1slupsk.pl\/wp-content\/uploads\/2025\/12\/pobrane-1-160x120.jpg\" rel=\"https:\/\/sp1slupsk.pl\/wp-content\/uploads\/2025\/12\/pobrane-1.jpg\" \/>\n\t\t\t\t\t\t\t\t\t\t\t\t\t\t<\/a>\n\t\t\t\t\t\t\t\t\t\t\t\t\t\t\t\t\t\t\t\t\t\t\t\t\t<\/p>\n\t\t\t\t\t\t\t\t\t\t\t\t\t\t\t\t\t\t\t\t\t\t\t<\/div><!-- .gllr_image_block -->\n\t\t\t\t\t\t\t\t\t\t\t\t\t\t\t\t\t\t\t\t\t<div class=\"gllr_image_block\">\n\t\t\t\t\t\t\t\t\t\t\t\t<p style=\"width:180px;height:140px;\">\n\t\t\t\t\t\t\t\t\t\t\t\t\t\t\t\t\t\t\t\t\t\t\t\t\t\t\t<a rel=\"gallery_fancybox_90306\" href=\"https:\/\/sp1slupsk.pl\/wp-content\/uploads\/2025\/12\/IMG_20251209_094644461_HDR-1024x768.jpg\" title=\"09.12.2025 r. w naszej bibliotece szkolnej odby\u0142o si\u0119 pasowanie uczni\u00f3w klas pierwszych na czytelnik\u00f3w. Dzieci najpierw pozna\u0142y budow\u0119 ksi\u0105\u017cki i dowiedzia\u0142y si\u0119 co jeszcze mo\u017cna ciekawego robi\u0107 w naszym \u201eCentrum wiedzy i rozrywki\u201d opr\u00f3cz wypo\u017cyczania i czytania. Nast\u0119pnie pozna\u0142y wszystkie zakamarki biblioteki i ju\u017c wiedz\u0105, na kt\u00f3rej p\u00f3\u0142ce znajduj\u0105 si\u0119 odpowiednie dla nich pozycje. Kulminacyjnym momentem spotkania by\u0142o uroczyste pasowanie najgrubsz\u0105 ksi\u0119g\u0105 i wr\u0119czenie ka\u017cdemu uczniowi prezentu \u2013 w tym roku by\u0142a to opowie\u015b\u0107 o wnuczce antykwariusza. Po zako\u0144czeniu pasowania uczniowie otrzymali mo\u017cliwo\u015b\u0107 wypo\u017cyczenia wybranej przez siebie ksi\u0105\u017cki z biblioteki. Zapraszamy do wsp\u00f3lnego sp\u0119dzania czasu w tym magicznym miejscu. Opr\u00f3cz wypo\u017cyczania ksi\u0105\u017cek mo\u017cna tu: czyta\u0107, przegl\u0105da\u0107 ciekawe atlasy i encyklopedie, obejrze\u0107 ciekawy film, pogra\u0107 w szachy i inne gry planszowe, skorzysta\u0107 z laptop\u00f3w lub po prostu odpocz\u0105\u0107 w ciszy przed kolejnymi lekcjami.\">\n\t\t\t\t\t\t\t\t\t\t\t\t\t\t\t<img style=\"width:160px;height:120px; border-width: 10px; border-color:#F1F1F1;border: 10px solid #F1F1F1\" alt=\"\" title=\"09.12.2025 r. w naszej bibliotece szkolnej odby\u0142o si\u0119 pasowanie uczni\u00f3w klas pierwszych na czytelnik\u00f3w. Dzieci najpierw pozna\u0142y budow\u0119 ksi\u0105\u017cki i dowiedzia\u0142y si\u0119 co jeszcze mo\u017cna ciekawego robi\u0107 w naszym \u201eCentrum wiedzy i rozrywki\u201d opr\u00f3cz wypo\u017cyczania i czytania. Nast\u0119pnie pozna\u0142y wszystkie zakamarki biblioteki i ju\u017c wiedz\u0105, na kt\u00f3rej p\u00f3\u0142ce znajduj\u0105 si\u0119 odpowiednie dla nich pozycje. Kulminacyjnym momentem spotkania by\u0142o uroczyste pasowanie najgrubsz\u0105 ksi\u0119g\u0105 i wr\u0119czenie ka\u017cdemu uczniowi prezentu \u2013 w tym roku by\u0142a to opowie\u015b\u0107 o wnuczce antykwariusza. Po zako\u0144czeniu pasowania uczniowie otrzymali mo\u017cliwo\u015b\u0107 wypo\u017cyczenia wybranej przez siebie ksi\u0105\u017cki z biblioteki. Zapraszamy do wsp\u00f3lnego sp\u0119dzania czasu w tym magicznym miejscu. Opr\u00f3cz wypo\u017cyczania ksi\u0105\u017cek mo\u017cna tu: czyta\u0107, przegl\u0105da\u0107 ciekawe atlasy i encyklopedie, obejrze\u0107 ciekawy film, pogra\u0107 w szachy i inne gry planszowe, skorzysta\u0107 z laptop\u00f3w lub po prostu odpocz\u0105\u0107 w ciszy przed kolejnymi lekcjami.\" src=\"https:\/\/sp1slupsk.pl\/wp-content\/uploads\/2025\/12\/IMG_20251209_094644461_HDR-160x120.jpg\" rel=\"https:\/\/sp1slupsk.pl\/wp-content\/uploads\/2025\/12\/IMG_20251209_094644461_HDR-scaled.jpg\" \/>\n\t\t\t\t\t\t\t\t\t\t\t\t\t\t<\/a>\n\t\t\t\t\t\t\t\t\t\t\t\t\t\t\t\t\t\t\t\t\t\t\t\t\t<\/p>\n\t\t\t\t\t\t\t\t\t\t\t\t\t\t\t\t\t\t\t\t\t\t\t<\/div><!-- .gllr_image_block -->\n\t\t\t\t\t\t\t\t\t\t\t\t\t\t\t\t\t\t\t\t\t<div class=\"gllr_image_block\">\n\t\t\t\t\t\t\t\t\t\t\t\t<p style=\"width:180px;height:140px;\">\n\t\t\t\t\t\t\t\t\t\t\t\t\t\t\t\t\t\t\t\t\t\t\t\t\t\t\t<a rel=\"gallery_fancybox_90306\" href=\"https:\/\/sp1slupsk.pl\/wp-content\/uploads\/2025\/12\/pobrane-2-1024x768.jpg\" title=\"09.12.2025 r. w naszej bibliotece szkolnej odby\u0142o si\u0119 pasowanie uczni\u00f3w klas pierwszych na czytelnik\u00f3w. Dzieci najpierw pozna\u0142y budow\u0119 ksi\u0105\u017cki i dowiedzia\u0142y si\u0119 co jeszcze mo\u017cna ciekawego robi\u0107 w naszym \u201eCentrum wiedzy i rozrywki\u201d opr\u00f3cz wypo\u017cyczania i czytania. Nast\u0119pnie pozna\u0142y wszystkie zakamarki biblioteki i ju\u017c wiedz\u0105, na kt\u00f3rej p\u00f3\u0142ce znajduj\u0105 si\u0119 odpowiednie dla nich pozycje. Kulminacyjnym momentem spotkania by\u0142o uroczyste pasowanie najgrubsz\u0105 ksi\u0119g\u0105 i wr\u0119czenie ka\u017cdemu uczniowi prezentu \u2013 w tym roku by\u0142a to opowie\u015b\u0107 o wnuczce antykwariusza. Po zako\u0144czeniu pasowania uczniowie otrzymali mo\u017cliwo\u015b\u0107 wypo\u017cyczenia wybranej przez siebie ksi\u0105\u017cki z biblioteki. Zapraszamy do wsp\u00f3lnego sp\u0119dzania czasu w tym magicznym miejscu. Opr\u00f3cz wypo\u017cyczania ksi\u0105\u017cek mo\u017cna tu: czyta\u0107, przegl\u0105da\u0107 ciekawe atlasy i encyklopedie, obejrze\u0107 ciekawy film, pogra\u0107 w szachy i inne gry planszowe, skorzysta\u0107 z laptop\u00f3w lub po prostu odpocz\u0105\u0107 w ciszy przed kolejnymi lekcjami.\">\n\t\t\t\t\t\t\t\t\t\t\t\t\t\t\t<img style=\"width:160px;height:120px; border-width: 10px; border-color:#F1F1F1;border: 10px solid #F1F1F1\" alt=\"\" title=\"09.12.2025 r. w naszej bibliotece szkolnej odby\u0142o si\u0119 pasowanie uczni\u00f3w klas pierwszych na czytelnik\u00f3w. Dzieci najpierw pozna\u0142y budow\u0119 ksi\u0105\u017cki i dowiedzia\u0142y si\u0119 co jeszcze mo\u017cna ciekawego robi\u0107 w naszym \u201eCentrum wiedzy i rozrywki\u201d opr\u00f3cz wypo\u017cyczania i czytania. Nast\u0119pnie pozna\u0142y wszystkie zakamarki biblioteki i ju\u017c wiedz\u0105, na kt\u00f3rej p\u00f3\u0142ce znajduj\u0105 si\u0119 odpowiednie dla nich pozycje. Kulminacyjnym momentem spotkania by\u0142o uroczyste pasowanie najgrubsz\u0105 ksi\u0119g\u0105 i wr\u0119czenie ka\u017cdemu uczniowi prezentu \u2013 w tym roku by\u0142a to opowie\u015b\u0107 o wnuczce antykwariusza. Po zako\u0144czeniu pasowania uczniowie otrzymali mo\u017cliwo\u015b\u0107 wypo\u017cyczenia wybranej przez siebie ksi\u0105\u017cki z biblioteki. Zapraszamy do wsp\u00f3lnego sp\u0119dzania czasu w tym magicznym miejscu. Opr\u00f3cz wypo\u017cyczania ksi\u0105\u017cek mo\u017cna tu: czyta\u0107, przegl\u0105da\u0107 ciekawe atlasy i encyklopedie, obejrze\u0107 ciekawy film, pogra\u0107 w szachy i inne gry planszowe, skorzysta\u0107 z laptop\u00f3w lub po prostu odpocz\u0105\u0107 w ciszy przed kolejnymi lekcjami.\" src=\"https:\/\/sp1slupsk.pl\/wp-content\/uploads\/2025\/12\/pobrane-2-160x120.jpg\" rel=\"https:\/\/sp1slupsk.pl\/wp-content\/uploads\/2025\/12\/pobrane-2.jpg\" \/>\n\t\t\t\t\t\t\t\t\t\t\t\t\t\t<\/a>\n\t\t\t\t\t\t\t\t\t\t\t\t\t\t\t\t\t\t\t\t\t\t\t\t\t<\/p>\n\t\t\t\t\t\t\t\t\t\t\t\t\t\t\t\t\t\t\t\t\t\t\t<\/div><!-- .gllr_image_block -->\n\t\t\t\t\t\t\t\t\t\t\t\t\t\t\t\t\t\t\t\t\t<\/div><!-- .gllr_image_row -->\n\t\t\t\t\t\t\t\t\t\t\t\t\t\t\t\t\t\t<\/div><!-- .gallery.clearfix -->\n\t\t\t\t\t\t\t\t\t\t\t\t\t<\/div><!-- .gallery_box_single -->\n\t\t\t\t\t\t<div class=\"gllr_clear\"><\/div>\n\t\t\t\t\t\t\t\t\t<script type=\"text\/javascript\">\n\t\t\t\t\t(function($) {\n\t\t\t\t\t\t$(document).ready( function() {\n\t\t\t\t\t\t\t$( \"a[rel=gallery_fancybox_90306]\" ).fancybox( {\n\t\t\t\t\t\t\t\t'transitionIn'\t\t:\t'elastic',\n\t\t\t\t\t\t\t\t'transitionOut'\t\t:\t'elastic',\n\t\t\t\t\t\t\t\t'titlePosition' \t:\t'inside',\n\t\t\t\t\t\t\t\t'speedIn'\t\t\t:\t500, \n\t\t\t\t\t\t\t\t'speedOut'\t\t\t:\t300,\n\t\t\t\t\t\t\t\t'titleFormat'\t\t:\tfunction( title, currentArray, currentIndex, currentOpts ) {\n\t\t\t\t\t\t\t\t\treturn '<div id=\"fancybox-title-inside\">' + ( title.length ? '<span id=\"bws_gallery_image_title\">' + title + '<\/span><br \/>' : '' ) + '<span id=\"bws_gallery_image_counter\">Image ' + ( currentIndex + 1 ) + ' \/ ' + currentArray.length + '<\/span><\/div>';\n\t\t\t\t\t\t\t\t}\t\t\t\t\t\t\t});\n\t\t\t\t\t\t});\n\t\t\t\t\t})(jQuery);\n\t\t\t\t<\/script>\n\t\t\t\n\n\n\n<hr class=\"wp-block-separator\"\/>\n\n\n\n<p class=\"has-text-align-center\"><strong>\u201eMiko\u0142ajkowa symultana szachowa\u201d<\/strong><\/p>\n\n\n\n<p>05.12.2025 r. odby\u0142o si\u0119 miko\u0142ajkowe \u201eSpotkanie przy szachach\u201d, podczas kt\u00f3rego rozegrali\u015bmy m.in. symultan\u0119. Jest to widowiskowy mecz, w kt\u00f3rym bardziej do\u015bwiadczony gracz, zwany symultanist\u0105 gra jednocze\u015bnie z wieloma przeciwnikami, poruszaj\u0105c si\u0119 od sto\u0142u do sto\u0142u, by wykona\u0107 ruch. Wyzwanie podj\u0119\u0142a sz\u00f3stka uczni\u00f3w z klas 2-3 , a naszymi symultanistkami by\u0142y Natasza i Tatiana Ziemienowicz z klasy 6a. Wszystkie mecze by\u0142y ciekawe i zaci\u0119te, ale wa\u017cniejszym celem ni\u017c wynik by\u0142a wsp\u00f3lna miko\u0142ajkowa integracja uczni\u00f3w z klas 2-6 oraz oczywi\u015bcie popularyzacja szach\u00f3w i doskonalenie umiej\u0119tno\u015bci gry.<\/p>\n\n\n\n\t\t\t\t\t\t<div class=\"gallery_box_single\">\n\t\t\t\t\t\t\t\t\t\t\t\t\t\t\t<div class=\"gallery clearfix\">\n\t\t\t\t\t\t\t\t\t\t\t\t\t\t\t\t\t\t\t\t<div class=\"gllr_image_row\">\n\t\t\t\t\t\t\t\t\t\t\t\t\t\t\t\t\t\t\t\t\t<div class=\"gllr_image_block\">\n\t\t\t\t\t\t\t\t\t\t\t\t<p style=\"width:180px;height:140px;\">\n\t\t\t\t\t\t\t\t\t\t\t\t\t\t\t\t\t\t\t\t\t\t\t\t\t\t\t<a rel=\"gallery_fancybox_90295\" href=\"https:\/\/sp1slupsk.pl\/wp-content\/uploads\/2025\/12\/IMG_20251205_130802753_HDR-1024x768.jpg\" title=\"05.12.2025 r. odby\u0142o si\u0119 miko\u0142ajkowe \u201eSpotkanie przy szachach\u201d, podczas kt\u00f3rego rozegrali\u015bmy m.in. symultan\u0119. Jest to widowiskowy mecz, w kt\u00f3rym bardziej do\u015bwiadczony gracz, zwany symultanist\u0105 gra jednocze\u015bnie z wieloma przeciwnikami, poruszaj\u0105c si\u0119 od sto\u0142u do sto\u0142u, by wykona\u0107 ruch. Wyzwanie podj\u0119\u0142a sz\u00f3stka uczni\u00f3w z klas 2-3 , a naszymi symultanistkami by\u0142y Natasza i Tatiana Ziemienowicz z klasy 6a. Wszystkie mecze by\u0142y ciekawe i zaci\u0119te, ale wa\u017cniejszym celem ni\u017c wynik by\u0142a wsp\u00f3lna miko\u0142ajkowa integracja uczni\u00f3w z klas 2-6 oraz oczywi\u015bcie popularyzacja szach\u00f3w i doskonalenie umiej\u0119tno\u015bci gry.\">\n\t\t\t\t\t\t\t\t\t\t\t\t\t\t\t<img style=\"width:160px;height:120px; border-width: 10px; border-color:#F1F1F1;border: 10px solid #F1F1F1\" alt=\"\" title=\"05.12.2025 r. odby\u0142o si\u0119 miko\u0142ajkowe \u201eSpotkanie przy szachach\u201d, podczas kt\u00f3rego rozegrali\u015bmy m.in. symultan\u0119. Jest to widowiskowy mecz, w kt\u00f3rym bardziej do\u015bwiadczony gracz, zwany symultanist\u0105 gra jednocze\u015bnie z wieloma przeciwnikami, poruszaj\u0105c si\u0119 od sto\u0142u do sto\u0142u, by wykona\u0107 ruch. Wyzwanie podj\u0119\u0142a sz\u00f3stka uczni\u00f3w z klas 2-3 , a naszymi symultanistkami by\u0142y Natasza i Tatiana Ziemienowicz z klasy 6a. Wszystkie mecze by\u0142y ciekawe i zaci\u0119te, ale wa\u017cniejszym celem ni\u017c wynik by\u0142a wsp\u00f3lna miko\u0142ajkowa integracja uczni\u00f3w z klas 2-6 oraz oczywi\u015bcie popularyzacja szach\u00f3w i doskonalenie umiej\u0119tno\u015bci gry.\" src=\"https:\/\/sp1slupsk.pl\/wp-content\/uploads\/2025\/12\/IMG_20251205_130802753_HDR-160x120.jpg\" rel=\"https:\/\/sp1slupsk.pl\/wp-content\/uploads\/2025\/12\/IMG_20251205_130802753_HDR-scaled.jpg\" \/>\n\t\t\t\t\t\t\t\t\t\t\t\t\t\t<\/a>\n\t\t\t\t\t\t\t\t\t\t\t\t\t\t\t\t\t\t\t\t\t\t\t\t\t<\/p>\n\t\t\t\t\t\t\t\t\t\t\t\t\t\t\t\t\t\t\t\t\t\t\t<\/div><!-- .gllr_image_block -->\n\t\t\t\t\t\t\t\t\t\t\t\t\t\t\t\t\t\t\t\t\t<div class=\"gllr_image_block\">\n\t\t\t\t\t\t\t\t\t\t\t\t<p style=\"width:180px;height:140px;\">\n\t\t\t\t\t\t\t\t\t\t\t\t\t\t\t\t\t\t\t\t\t\t\t\t\t\t\t<a rel=\"gallery_fancybox_90295\" href=\"https:\/\/sp1slupsk.pl\/wp-content\/uploads\/2025\/12\/IMG_20251205_130716154_HDR-1024x768.jpg\" title=\"05.12.2025 r. odby\u0142o si\u0119 miko\u0142ajkowe \u201eSpotkanie przy szachach\u201d, podczas kt\u00f3rego rozegrali\u015bmy m.in. symultan\u0119. Jest to widowiskowy mecz, w kt\u00f3rym bardziej do\u015bwiadczony gracz, zwany symultanist\u0105 gra jednocze\u015bnie z wieloma przeciwnikami, poruszaj\u0105c si\u0119 od sto\u0142u do sto\u0142u, by wykona\u0107 ruch. Wyzwanie podj\u0119\u0142a sz\u00f3stka uczni\u00f3w z klas 2-3 , a naszymi symultanistkami by\u0142y Natasza i Tatiana Ziemienowicz z klasy 6a. Wszystkie mecze by\u0142y ciekawe i zaci\u0119te, ale wa\u017cniejszym celem ni\u017c wynik by\u0142a wsp\u00f3lna miko\u0142ajkowa integracja uczni\u00f3w z klas 2-6 oraz oczywi\u015bcie popularyzacja szach\u00f3w i doskonalenie umiej\u0119tno\u015bci gry.\">\n\t\t\t\t\t\t\t\t\t\t\t\t\t\t\t<img style=\"width:160px;height:120px; border-width: 10px; border-color:#F1F1F1;border: 10px solid #F1F1F1\" alt=\"\" title=\"05.12.2025 r. odby\u0142o si\u0119 miko\u0142ajkowe \u201eSpotkanie przy szachach\u201d, podczas kt\u00f3rego rozegrali\u015bmy m.in. symultan\u0119. Jest to widowiskowy mecz, w kt\u00f3rym bardziej do\u015bwiadczony gracz, zwany symultanist\u0105 gra jednocze\u015bnie z wieloma przeciwnikami, poruszaj\u0105c si\u0119 od sto\u0142u do sto\u0142u, by wykona\u0107 ruch. Wyzwanie podj\u0119\u0142a sz\u00f3stka uczni\u00f3w z klas 2-3 , a naszymi symultanistkami by\u0142y Natasza i Tatiana Ziemienowicz z klasy 6a. Wszystkie mecze by\u0142y ciekawe i zaci\u0119te, ale wa\u017cniejszym celem ni\u017c wynik by\u0142a wsp\u00f3lna miko\u0142ajkowa integracja uczni\u00f3w z klas 2-6 oraz oczywi\u015bcie popularyzacja szach\u00f3w i doskonalenie umiej\u0119tno\u015bci gry.\" src=\"https:\/\/sp1slupsk.pl\/wp-content\/uploads\/2025\/12\/IMG_20251205_130716154_HDR-160x120.jpg\" rel=\"https:\/\/sp1slupsk.pl\/wp-content\/uploads\/2025\/12\/IMG_20251205_130716154_HDR-scaled.jpg\" \/>\n\t\t\t\t\t\t\t\t\t\t\t\t\t\t<\/a>\n\t\t\t\t\t\t\t\t\t\t\t\t\t\t\t\t\t\t\t\t\t\t\t\t\t<\/p>\n\t\t\t\t\t\t\t\t\t\t\t\t\t\t\t\t\t\t\t\t\t\t\t<\/div><!-- .gllr_image_block -->\n\t\t\t\t\t\t\t\t\t\t\t\t\t\t\t\t\t\t\t\t\t<div class=\"gllr_image_block\">\n\t\t\t\t\t\t\t\t\t\t\t\t<p style=\"width:180px;height:140px;\">\n\t\t\t\t\t\t\t\t\t\t\t\t\t\t\t\t\t\t\t\t\t\t\t\t\t\t\t<a rel=\"gallery_fancybox_90295\" href=\"https:\/\/sp1slupsk.pl\/wp-content\/uploads\/2025\/12\/IMG_20251205_130308604_HDR-1024x768.jpg\" title=\"05.12.2025 r. odby\u0142o si\u0119 miko\u0142ajkowe \u201eSpotkanie przy szachach\u201d, podczas kt\u00f3rego rozegrali\u015bmy m.in. symultan\u0119. Jest to widowiskowy mecz, w kt\u00f3rym bardziej do\u015bwiadczony gracz, zwany symultanist\u0105 gra jednocze\u015bnie z wieloma przeciwnikami, poruszaj\u0105c si\u0119 od sto\u0142u do sto\u0142u, by wykona\u0107 ruch. Wyzwanie podj\u0119\u0142a sz\u00f3stka uczni\u00f3w z klas 2-3 , a naszymi symultanistkami by\u0142y Natasza i Tatiana Ziemienowicz z klasy 6a. Wszystkie mecze by\u0142y ciekawe i zaci\u0119te, ale wa\u017cniejszym celem ni\u017c wynik by\u0142a wsp\u00f3lna miko\u0142ajkowa integracja uczni\u00f3w z klas 2-6 oraz oczywi\u015bcie popularyzacja szach\u00f3w i doskonalenie umiej\u0119tno\u015bci gry.\">\n\t\t\t\t\t\t\t\t\t\t\t\t\t\t\t<img style=\"width:160px;height:120px; border-width: 10px; border-color:#F1F1F1;border: 10px solid #F1F1F1\" alt=\"\" title=\"05.12.2025 r. odby\u0142o si\u0119 miko\u0142ajkowe \u201eSpotkanie przy szachach\u201d, podczas kt\u00f3rego rozegrali\u015bmy m.in. symultan\u0119. Jest to widowiskowy mecz, w kt\u00f3rym bardziej do\u015bwiadczony gracz, zwany symultanist\u0105 gra jednocze\u015bnie z wieloma przeciwnikami, poruszaj\u0105c si\u0119 od sto\u0142u do sto\u0142u, by wykona\u0107 ruch. Wyzwanie podj\u0119\u0142a sz\u00f3stka uczni\u00f3w z klas 2-3 , a naszymi symultanistkami by\u0142y Natasza i Tatiana Ziemienowicz z klasy 6a. Wszystkie mecze by\u0142y ciekawe i zaci\u0119te, ale wa\u017cniejszym celem ni\u017c wynik by\u0142a wsp\u00f3lna miko\u0142ajkowa integracja uczni\u00f3w z klas 2-6 oraz oczywi\u015bcie popularyzacja szach\u00f3w i doskonalenie umiej\u0119tno\u015bci gry.\" src=\"https:\/\/sp1slupsk.pl\/wp-content\/uploads\/2025\/12\/IMG_20251205_130308604_HDR-160x120.jpg\" rel=\"https:\/\/sp1slupsk.pl\/wp-content\/uploads\/2025\/12\/IMG_20251205_130308604_HDR-scaled.jpg\" \/>\n\t\t\t\t\t\t\t\t\t\t\t\t\t\t<\/a>\n\t\t\t\t\t\t\t\t\t\t\t\t\t\t\t\t\t\t\t\t\t\t\t\t\t<\/p>\n\t\t\t\t\t\t\t\t\t\t\t\t\t\t\t\t\t\t\t\t\t\t\t<\/div><!-- .gllr_image_block -->\n\t\t\t\t\t\t\t\t\t\t\t\t\t\t\t\t\t\t\t\t\t<\/div><!-- .gllr_image_row -->\n\t\t\t\t\t\t\t\t\t\t\t\t\t\t\t\t\t\t\t\t\t<div class=\"gllr_image_row\">\n\t\t\t\t\t\t\t\t\t\t\t\t\t\t\t\t\t\t\t\t\t<div class=\"gllr_image_block\">\n\t\t\t\t\t\t\t\t\t\t\t\t<p style=\"width:180px;height:140px;\">\n\t\t\t\t\t\t\t\t\t\t\t\t\t\t\t\t\t\t\t\t\t\t\t\t\t\t\t<a rel=\"gallery_fancybox_90295\" href=\"https:\/\/sp1slupsk.pl\/wp-content\/uploads\/2025\/12\/IMG_20251205_132334757_HDR-1024x768.jpg\" title=\"05.12.2025 r. odby\u0142o si\u0119 miko\u0142ajkowe \u201eSpotkanie przy szachach\u201d, podczas kt\u00f3rego rozegrali\u015bmy m.in. symultan\u0119. Jest to widowiskowy mecz, w kt\u00f3rym bardziej do\u015bwiadczony gracz, zwany symultanist\u0105 gra jednocze\u015bnie z wieloma przeciwnikami, poruszaj\u0105c si\u0119 od sto\u0142u do sto\u0142u, by wykona\u0107 ruch. Wyzwanie podj\u0119\u0142a sz\u00f3stka uczni\u00f3w z klas 2-3 , a naszymi symultanistkami by\u0142y Natasza i Tatiana Ziemienowicz z klasy 6a. Wszystkie mecze by\u0142y ciekawe i zaci\u0119te, ale wa\u017cniejszym celem ni\u017c wynik by\u0142a wsp\u00f3lna miko\u0142ajkowa integracja uczni\u00f3w z klas 2-6 oraz oczywi\u015bcie popularyzacja szach\u00f3w i doskonalenie umiej\u0119tno\u015bci gry.\">\n\t\t\t\t\t\t\t\t\t\t\t\t\t\t\t<img style=\"width:160px;height:120px; border-width: 10px; border-color:#F1F1F1;border: 10px solid #F1F1F1\" alt=\"\" title=\"05.12.2025 r. odby\u0142o si\u0119 miko\u0142ajkowe \u201eSpotkanie przy szachach\u201d, podczas kt\u00f3rego rozegrali\u015bmy m.in. symultan\u0119. Jest to widowiskowy mecz, w kt\u00f3rym bardziej do\u015bwiadczony gracz, zwany symultanist\u0105 gra jednocze\u015bnie z wieloma przeciwnikami, poruszaj\u0105c si\u0119 od sto\u0142u do sto\u0142u, by wykona\u0107 ruch. Wyzwanie podj\u0119\u0142a sz\u00f3stka uczni\u00f3w z klas 2-3 , a naszymi symultanistkami by\u0142y Natasza i Tatiana Ziemienowicz z klasy 6a. Wszystkie mecze by\u0142y ciekawe i zaci\u0119te, ale wa\u017cniejszym celem ni\u017c wynik by\u0142a wsp\u00f3lna miko\u0142ajkowa integracja uczni\u00f3w z klas 2-6 oraz oczywi\u015bcie popularyzacja szach\u00f3w i doskonalenie umiej\u0119tno\u015bci gry.\" src=\"https:\/\/sp1slupsk.pl\/wp-content\/uploads\/2025\/12\/IMG_20251205_132334757_HDR-160x120.jpg\" rel=\"https:\/\/sp1slupsk.pl\/wp-content\/uploads\/2025\/12\/IMG_20251205_132334757_HDR-scaled.jpg\" \/>\n\t\t\t\t\t\t\t\t\t\t\t\t\t\t<\/a>\n\t\t\t\t\t\t\t\t\t\t\t\t\t\t\t\t\t\t\t\t\t\t\t\t\t<\/p>\n\t\t\t\t\t\t\t\t\t\t\t\t\t\t\t\t\t\t\t\t\t\t\t<\/div><!-- .gllr_image_block -->\n\t\t\t\t\t\t\t\t\t\t\t\t\t\t\t\t\t\t\t\t\t<div class=\"gllr_image_block\">\n\t\t\t\t\t\t\t\t\t\t\t\t<p style=\"width:180px;height:140px;\">\n\t\t\t\t\t\t\t\t\t\t\t\t\t\t\t\t\t\t\t\t\t\t\t\t\t\t\t<a rel=\"gallery_fancybox_90295\" href=\"https:\/\/sp1slupsk.pl\/wp-content\/uploads\/2025\/12\/IMG_20251205_132815064_HDR-1024x768.jpg\" title=\"05.12.2025 r. odby\u0142o si\u0119 miko\u0142ajkowe \u201eSpotkanie przy szachach\u201d, podczas kt\u00f3rego rozegrali\u015bmy m.in. symultan\u0119. Jest to widowiskowy mecz, w kt\u00f3rym bardziej do\u015bwiadczony gracz, zwany symultanist\u0105 gra jednocze\u015bnie z wieloma przeciwnikami, poruszaj\u0105c si\u0119 od sto\u0142u do sto\u0142u, by wykona\u0107 ruch. Wyzwanie podj\u0119\u0142a sz\u00f3stka uczni\u00f3w z klas 2-3 , a naszymi symultanistkami by\u0142y Natasza i Tatiana Ziemienowicz z klasy 6a. Wszystkie mecze by\u0142y ciekawe i zaci\u0119te, ale wa\u017cniejszym celem ni\u017c wynik by\u0142a wsp\u00f3lna miko\u0142ajkowa integracja uczni\u00f3w z klas 2-6 oraz oczywi\u015bcie popularyzacja szach\u00f3w i doskonalenie umiej\u0119tno\u015bci gry.\">\n\t\t\t\t\t\t\t\t\t\t\t\t\t\t\t<img style=\"width:160px;height:120px; border-width: 10px; border-color:#F1F1F1;border: 10px solid #F1F1F1\" alt=\"\" title=\"05.12.2025 r. odby\u0142o si\u0119 miko\u0142ajkowe \u201eSpotkanie przy szachach\u201d, podczas kt\u00f3rego rozegrali\u015bmy m.in. symultan\u0119. Jest to widowiskowy mecz, w kt\u00f3rym bardziej do\u015bwiadczony gracz, zwany symultanist\u0105 gra jednocze\u015bnie z wieloma przeciwnikami, poruszaj\u0105c si\u0119 od sto\u0142u do sto\u0142u, by wykona\u0107 ruch. Wyzwanie podj\u0119\u0142a sz\u00f3stka uczni\u00f3w z klas 2-3 , a naszymi symultanistkami by\u0142y Natasza i Tatiana Ziemienowicz z klasy 6a. Wszystkie mecze by\u0142y ciekawe i zaci\u0119te, ale wa\u017cniejszym celem ni\u017c wynik by\u0142a wsp\u00f3lna miko\u0142ajkowa integracja uczni\u00f3w z klas 2-6 oraz oczywi\u015bcie popularyzacja szach\u00f3w i doskonalenie umiej\u0119tno\u015bci gry.\" src=\"https:\/\/sp1slupsk.pl\/wp-content\/uploads\/2025\/12\/IMG_20251205_132815064_HDR-160x120.jpg\" rel=\"https:\/\/sp1slupsk.pl\/wp-content\/uploads\/2025\/12\/IMG_20251205_132815064_HDR-scaled.jpg\" \/>\n\t\t\t\t\t\t\t\t\t\t\t\t\t\t<\/a>\n\t\t\t\t\t\t\t\t\t\t\t\t\t\t\t\t\t\t\t\t\t\t\t\t\t<\/p>\n\t\t\t\t\t\t\t\t\t\t\t\t\t\t\t\t\t\t\t\t\t\t\t<\/div><!-- .gllr_image_block -->\n\t\t\t\t\t\t\t\t\t\t\t\t\t\t\t\t\t\t\t\t\t<div class=\"gllr_image_block\">\n\t\t\t\t\t\t\t\t\t\t\t\t<p style=\"width:180px;height:140px;\">\n\t\t\t\t\t\t\t\t\t\t\t\t\t\t\t\t\t\t\t\t\t\t\t\t\t\t\t<a rel=\"gallery_fancybox_90295\" href=\"https:\/\/sp1slupsk.pl\/wp-content\/uploads\/2025\/12\/IMG_20251205_130419891_HDR-1024x768.jpg\" title=\"05.12.2025 r. odby\u0142o si\u0119 miko\u0142ajkowe \u201eSpotkanie przy szachach\u201d, podczas kt\u00f3rego rozegrali\u015bmy m.in. symultan\u0119. Jest to widowiskowy mecz, w kt\u00f3rym bardziej do\u015bwiadczony gracz, zwany symultanist\u0105 gra jednocze\u015bnie z wieloma przeciwnikami, poruszaj\u0105c si\u0119 od sto\u0142u do sto\u0142u, by wykona\u0107 ruch. Wyzwanie podj\u0119\u0142a sz\u00f3stka uczni\u00f3w z klas 2-3 , a naszymi symultanistkami by\u0142y Natasza i Tatiana Ziemienowicz z klasy 6a. Wszystkie mecze by\u0142y ciekawe i zaci\u0119te, ale wa\u017cniejszym celem ni\u017c wynik by\u0142a wsp\u00f3lna miko\u0142ajkowa integracja uczni\u00f3w z klas 2-6 oraz oczywi\u015bcie popularyzacja szach\u00f3w i doskonalenie umiej\u0119tno\u015bci gry.\">\n\t\t\t\t\t\t\t\t\t\t\t\t\t\t\t<img style=\"width:160px;height:120px; border-width: 10px; border-color:#F1F1F1;border: 10px solid #F1F1F1\" alt=\"\" title=\"05.12.2025 r. odby\u0142o si\u0119 miko\u0142ajkowe \u201eSpotkanie przy szachach\u201d, podczas kt\u00f3rego rozegrali\u015bmy m.in. symultan\u0119. Jest to widowiskowy mecz, w kt\u00f3rym bardziej do\u015bwiadczony gracz, zwany symultanist\u0105 gra jednocze\u015bnie z wieloma przeciwnikami, poruszaj\u0105c si\u0119 od sto\u0142u do sto\u0142u, by wykona\u0107 ruch. Wyzwanie podj\u0119\u0142a sz\u00f3stka uczni\u00f3w z klas 2-3 , a naszymi symultanistkami by\u0142y Natasza i Tatiana Ziemienowicz z klasy 6a. Wszystkie mecze by\u0142y ciekawe i zaci\u0119te, ale wa\u017cniejszym celem ni\u017c wynik by\u0142a wsp\u00f3lna miko\u0142ajkowa integracja uczni\u00f3w z klas 2-6 oraz oczywi\u015bcie popularyzacja szach\u00f3w i doskonalenie umiej\u0119tno\u015bci gry.\" src=\"https:\/\/sp1slupsk.pl\/wp-content\/uploads\/2025\/12\/IMG_20251205_130419891_HDR-160x120.jpg\" rel=\"https:\/\/sp1slupsk.pl\/wp-content\/uploads\/2025\/12\/IMG_20251205_130419891_HDR-scaled.jpg\" \/>\n\t\t\t\t\t\t\t\t\t\t\t\t\t\t<\/a>\n\t\t\t\t\t\t\t\t\t\t\t\t\t\t\t\t\t\t\t\t\t\t\t\t\t<\/p>\n\t\t\t\t\t\t\t\t\t\t\t\t\t\t\t\t\t\t\t\t\t\t\t<\/div><!-- .gllr_image_block -->\n\t\t\t\t\t\t\t\t\t\t\t\t\t\t\t\t\t\t\t\t\t<\/div><!-- .gllr_image_row -->\n\t\t\t\t\t\t\t\t\t\t\t\t\t\t\t\t\t\t\t\t\t<div class=\"gllr_image_row\">\n\t\t\t\t\t\t\t\t\t\t\t\t\t\t\t\t\t\t\t\t\t<div class=\"gllr_image_block\">\n\t\t\t\t\t\t\t\t\t\t\t\t<p style=\"width:180px;height:140px;\">\n\t\t\t\t\t\t\t\t\t\t\t\t\t\t\t\t\t\t\t\t\t\t\t\t\t\t\t<a rel=\"gallery_fancybox_90295\" href=\"https:\/\/sp1slupsk.pl\/wp-content\/uploads\/2025\/12\/IMG_20251205_130257852_HDR-1024x768.jpg\" title=\"05.12.2025 r. odby\u0142o si\u0119 miko\u0142ajkowe \u201eSpotkanie przy szachach\u201d, podczas kt\u00f3rego rozegrali\u015bmy m.in. symultan\u0119. Jest to widowiskowy mecz, w kt\u00f3rym bardziej do\u015bwiadczony gracz, zwany symultanist\u0105 gra jednocze\u015bnie z wieloma przeciwnikami, poruszaj\u0105c si\u0119 od sto\u0142u do sto\u0142u, by wykona\u0107 ruch. Wyzwanie podj\u0119\u0142a sz\u00f3stka uczni\u00f3w z klas 2-3 , a naszymi symultanistkami by\u0142y Natasza i Tatiana Ziemienowicz z klasy 6a. Wszystkie mecze by\u0142y ciekawe i zaci\u0119te, ale wa\u017cniejszym celem ni\u017c wynik by\u0142a wsp\u00f3lna miko\u0142ajkowa integracja uczni\u00f3w z klas 2-6 oraz oczywi\u015bcie popularyzacja szach\u00f3w i doskonalenie umiej\u0119tno\u015bci gry.\">\n\t\t\t\t\t\t\t\t\t\t\t\t\t\t\t<img style=\"width:160px;height:120px; border-width: 10px; border-color:#F1F1F1;border: 10px solid #F1F1F1\" alt=\"\" title=\"05.12.2025 r. odby\u0142o si\u0119 miko\u0142ajkowe \u201eSpotkanie przy szachach\u201d, podczas kt\u00f3rego rozegrali\u015bmy m.in. symultan\u0119. Jest to widowiskowy mecz, w kt\u00f3rym bardziej do\u015bwiadczony gracz, zwany symultanist\u0105 gra jednocze\u015bnie z wieloma przeciwnikami, poruszaj\u0105c si\u0119 od sto\u0142u do sto\u0142u, by wykona\u0107 ruch. Wyzwanie podj\u0119\u0142a sz\u00f3stka uczni\u00f3w z klas 2-3 , a naszymi symultanistkami by\u0142y Natasza i Tatiana Ziemienowicz z klasy 6a. Wszystkie mecze by\u0142y ciekawe i zaci\u0119te, ale wa\u017cniejszym celem ni\u017c wynik by\u0142a wsp\u00f3lna miko\u0142ajkowa integracja uczni\u00f3w z klas 2-6 oraz oczywi\u015bcie popularyzacja szach\u00f3w i doskonalenie umiej\u0119tno\u015bci gry.\" src=\"https:\/\/sp1slupsk.pl\/wp-content\/uploads\/2025\/12\/IMG_20251205_130257852_HDR-160x120.jpg\" rel=\"https:\/\/sp1slupsk.pl\/wp-content\/uploads\/2025\/12\/IMG_20251205_130257852_HDR-scaled.jpg\" \/>\n\t\t\t\t\t\t\t\t\t\t\t\t\t\t<\/a>\n\t\t\t\t\t\t\t\t\t\t\t\t\t\t\t\t\t\t\t\t\t\t\t\t\t<\/p>\n\t\t\t\t\t\t\t\t\t\t\t\t\t\t\t\t\t\t\t\t\t\t\t<\/div><!-- .gllr_image_block -->\n\t\t\t\t\t\t\t\t\t\t\t\t\t\t\t\t\t\t\t\t\t<div class=\"gllr_image_block\">\n\t\t\t\t\t\t\t\t\t\t\t\t<p style=\"width:180px;height:140px;\">\n\t\t\t\t\t\t\t\t\t\t\t\t\t\t\t\t\t\t\t\t\t\t\t\t\t\t\t<a rel=\"gallery_fancybox_90295\" href=\"https:\/\/sp1slupsk.pl\/wp-content\/uploads\/2025\/12\/IMG_20251205_113526282_HDR-1024x768.jpg\" title=\"05.12.2025 r. odby\u0142o si\u0119 miko\u0142ajkowe \u201eSpotkanie przy szachach\u201d, podczas kt\u00f3rego rozegrali\u015bmy m.in. symultan\u0119. Jest to widowiskowy mecz, w kt\u00f3rym bardziej do\u015bwiadczony gracz, zwany symultanist\u0105 gra jednocze\u015bnie z wieloma przeciwnikami, poruszaj\u0105c si\u0119 od sto\u0142u do sto\u0142u, by wykona\u0107 ruch. Wyzwanie podj\u0119\u0142a sz\u00f3stka uczni\u00f3w z klas 2-3 , a naszymi symultanistkami by\u0142y Natasza i Tatiana Ziemienowicz z klasy 6a. Wszystkie mecze by\u0142y ciekawe i zaci\u0119te, ale wa\u017cniejszym celem ni\u017c wynik by\u0142a wsp\u00f3lna miko\u0142ajkowa integracja uczni\u00f3w z klas 2-6 oraz oczywi\u015bcie popularyzacja szach\u00f3w i doskonalenie umiej\u0119tno\u015bci gry.\">\n\t\t\t\t\t\t\t\t\t\t\t\t\t\t\t<img style=\"width:160px;height:120px; border-width: 10px; border-color:#F1F1F1;border: 10px solid #F1F1F1\" alt=\"\" title=\"05.12.2025 r. odby\u0142o si\u0119 miko\u0142ajkowe \u201eSpotkanie przy szachach\u201d, podczas kt\u00f3rego rozegrali\u015bmy m.in. symultan\u0119. Jest to widowiskowy mecz, w kt\u00f3rym bardziej do\u015bwiadczony gracz, zwany symultanist\u0105 gra jednocze\u015bnie z wieloma przeciwnikami, poruszaj\u0105c si\u0119 od sto\u0142u do sto\u0142u, by wykona\u0107 ruch. Wyzwanie podj\u0119\u0142a sz\u00f3stka uczni\u00f3w z klas 2-3 , a naszymi symultanistkami by\u0142y Natasza i Tatiana Ziemienowicz z klasy 6a. Wszystkie mecze by\u0142y ciekawe i zaci\u0119te, ale wa\u017cniejszym celem ni\u017c wynik by\u0142a wsp\u00f3lna miko\u0142ajkowa integracja uczni\u00f3w z klas 2-6 oraz oczywi\u015bcie popularyzacja szach\u00f3w i doskonalenie umiej\u0119tno\u015bci gry.\" src=\"https:\/\/sp1slupsk.pl\/wp-content\/uploads\/2025\/12\/IMG_20251205_113526282_HDR-160x120.jpg\" rel=\"https:\/\/sp1slupsk.pl\/wp-content\/uploads\/2025\/12\/IMG_20251205_113526282_HDR-scaled.jpg\" \/>\n\t\t\t\t\t\t\t\t\t\t\t\t\t\t<\/a>\n\t\t\t\t\t\t\t\t\t\t\t\t\t\t\t\t\t\t\t\t\t\t\t\t\t<\/p>\n\t\t\t\t\t\t\t\t\t\t\t\t\t\t\t\t\t\t\t\t\t\t\t<\/div><!-- .gllr_image_block -->\n\t\t\t\t\t\t\t\t\t\t\t\t\t\t\t\t\t\t\t\t<\/div><!-- .gllr_image_row -->\n\t\t\t\t\t\t\t\t\t\t\t\t\t\t\t\t\t<\/div><!-- .gallery.clearfix -->\n\t\t\t\t\t\t\t\t\t\t\t\t\t<\/div><!-- .gallery_box_single -->\n\t\t\t\t\t\t<div class=\"gllr_clear\"><\/div>\n\t\t\t\t\t\t\t\t\t<script type=\"text\/javascript\">\n\t\t\t\t\t(function($) {\n\t\t\t\t\t\t$(document).ready( function() {\n\t\t\t\t\t\t\t$( \"a[rel=gallery_fancybox_90295]\" ).fancybox( {\n\t\t\t\t\t\t\t\t'transitionIn'\t\t:\t'elastic',\n\t\t\t\t\t\t\t\t'transitionOut'\t\t:\t'elastic',\n\t\t\t\t\t\t\t\t'titlePosition' \t:\t'inside',\n\t\t\t\t\t\t\t\t'speedIn'\t\t\t:\t500, \n\t\t\t\t\t\t\t\t'speedOut'\t\t\t:\t300,\n\t\t\t\t\t\t\t\t'titleFormat'\t\t:\tfunction( title, currentArray, currentIndex, currentOpts ) {\n\t\t\t\t\t\t\t\t\treturn '<div id=\"fancybox-title-inside\">' + ( title.length ? '<span id=\"bws_gallery_image_title\">' + title + '<\/span><br \/>' : '' ) + '<span id=\"bws_gallery_image_counter\">Image ' + ( currentIndex + 1 ) + ' \/ ' + currentArray.length + '<\/span><\/div>';\n\t\t\t\t\t\t\t\t}\t\t\t\t\t\t\t});\n\t\t\t\t\t\t});\n\t\t\t\t\t})(jQuery);\n\t\t\t\t<\/script>\n\t\t\t\n\n\n\n<hr class=\"wp-block-separator\"\/>\n\n\n\n<p class=\"has-text-align-center\"><strong>\u201ePrzerwa na czytanie\u201d<\/strong><\/p>\n\n\n\n<p>31.10.2025 r. nasza szko\u0142a wzi\u0119\u0142a udzia\u0142 w mi\u0119dzynarodowej akcji \u201ePrzerwa na czytanie\u201d. Ch\u0119tne osoby mog\u0142y o okre\u015blonej porze spotka\u0107 si\u0119 w bibliotece szkolnej, wyciszy\u0107 i sp\u0119dzi\u0107 czas z ulubion\u0105 powie\u015bci\u0105. Je\u017celi kto\u015b zapomnia\u0142 ksi\u0105\u017cki z domu, nasza biblioteka oferowa\u0142a mo\u017cliwo\u015bci wypo\u017cycze\u0144 r\u00f3\u017cnych gatunk\u00f3w literackich. Dzi\u0119kujemy wszystkim uczestnikom<\/p>\n\n\n\n\t\t\t\t\t\t<div class=\"gallery_box_single\">\n\t\t\t\t\t\t\t\t\t\t\t\t\t\t\t<div class=\"gallery clearfix\">\n\t\t\t\t\t\t\t\t\t\t\t\t\t\t\t\t\t\t\t\t<div class=\"gllr_image_row\">\n\t\t\t\t\t\t\t\t\t\t\t\t\t\t\t\t\t\t\t\t\t<div class=\"gllr_image_block\">\n\t\t\t\t\t\t\t\t\t\t\t\t<p style=\"width:180px;height:140px;\">\n\t\t\t\t\t\t\t\t\t\t\t\t\t\t\t\t\t\t\t\t\t\t\t\t\t\t\t<a rel=\"gallery_fancybox_89920\" href=\"https:\/\/sp1slupsk.pl\/wp-content\/uploads\/2025\/11\/Przerwa-na-czytanie-4-1024x683.jpg\" title=\"31.10.2025 r. nasza szko\u0142a wzi\u0119\u0142a udzia\u0142 w mi\u0119dzynarodowej akcji \u201ePrzerwa na czytanie\u201d. Ch\u0119tne osoby mog\u0142y o okre\u015blonej porze spotka\u0107 si\u0119 w bibliotece szkolnej, wyciszy\u0107 i sp\u0119dzi\u0107 czas z ulubion\u0105 powie\u015bci\u0105. Je\u017celi kto\u015b zapomnia\u0142 ksi\u0105\u017cki z domu, nasza biblioteka oferowa\u0142a mo\u017cliwo\u015bci wypo\u017cycze\u0144 r\u00f3\u017cnych gatunk\u00f3w literackich. Dzi\u0119kujemy wszystkim uczestnikom\">\n\t\t\t\t\t\t\t\t\t\t\t\t\t\t\t<img style=\"width:160px;height:120px; border-width: 10px; border-color:#F1F1F1;border: 10px solid #F1F1F1\" alt=\"\" title=\"31.10.2025 r. nasza szko\u0142a wzi\u0119\u0142a udzia\u0142 w mi\u0119dzynarodowej akcji \u201ePrzerwa na czytanie\u201d. Ch\u0119tne osoby mog\u0142y o okre\u015blonej porze spotka\u0107 si\u0119 w bibliotece szkolnej, wyciszy\u0107 i sp\u0119dzi\u0107 czas z ulubion\u0105 powie\u015bci\u0105. Je\u017celi kto\u015b zapomnia\u0142 ksi\u0105\u017cki z domu, nasza biblioteka oferowa\u0142a mo\u017cliwo\u015bci wypo\u017cycze\u0144 r\u00f3\u017cnych gatunk\u00f3w literackich. Dzi\u0119kujemy wszystkim uczestnikom\" src=\"https:\/\/sp1slupsk.pl\/wp-content\/uploads\/2025\/11\/Przerwa-na-czytanie-4-160x120.jpg\" rel=\"https:\/\/sp1slupsk.pl\/wp-content\/uploads\/2025\/11\/Przerwa-na-czytanie-4.jpg\" \/>\n\t\t\t\t\t\t\t\t\t\t\t\t\t\t<\/a>\n\t\t\t\t\t\t\t\t\t\t\t\t\t\t\t\t\t\t\t\t\t\t\t\t\t<\/p>\n\t\t\t\t\t\t\t\t\t\t\t\t\t\t\t\t\t\t\t\t\t\t\t<\/div><!-- .gllr_image_block -->\n\t\t\t\t\t\t\t\t\t\t\t\t\t\t\t\t\t\t\t\t\t<div class=\"gllr_image_block\">\n\t\t\t\t\t\t\t\t\t\t\t\t<p style=\"width:180px;height:140px;\">\n\t\t\t\t\t\t\t\t\t\t\t\t\t\t\t\t\t\t\t\t\t\t\t\t\t\t\t<a rel=\"gallery_fancybox_89920\" href=\"https:\/\/sp1slupsk.pl\/wp-content\/uploads\/2025\/11\/Przerwa-na-czytanie-5-1024x683.jpg\" title=\"31.10.2025 r. nasza szko\u0142a wzi\u0119\u0142a udzia\u0142 w mi\u0119dzynarodowej akcji \u201ePrzerwa na czytanie\u201d. Ch\u0119tne osoby mog\u0142y o okre\u015blonej porze spotka\u0107 si\u0119 w bibliotece szkolnej, wyciszy\u0107 i sp\u0119dzi\u0107 czas z ulubion\u0105 powie\u015bci\u0105. Je\u017celi kto\u015b zapomnia\u0142 ksi\u0105\u017cki z domu, nasza biblioteka oferowa\u0142a mo\u017cliwo\u015bci wypo\u017cycze\u0144 r\u00f3\u017cnych gatunk\u00f3w literackich. Dzi\u0119kujemy wszystkim uczestnikom\">\n\t\t\t\t\t\t\t\t\t\t\t\t\t\t\t<img style=\"width:160px;height:120px; border-width: 10px; border-color:#F1F1F1;border: 10px solid #F1F1F1\" alt=\"\" title=\"31.10.2025 r. nasza szko\u0142a wzi\u0119\u0142a udzia\u0142 w mi\u0119dzynarodowej akcji \u201ePrzerwa na czytanie\u201d. Ch\u0119tne osoby mog\u0142y o okre\u015blonej porze spotka\u0107 si\u0119 w bibliotece szkolnej, wyciszy\u0107 i sp\u0119dzi\u0107 czas z ulubion\u0105 powie\u015bci\u0105. Je\u017celi kto\u015b zapomnia\u0142 ksi\u0105\u017cki z domu, nasza biblioteka oferowa\u0142a mo\u017cliwo\u015bci wypo\u017cycze\u0144 r\u00f3\u017cnych gatunk\u00f3w literackich. Dzi\u0119kujemy wszystkim uczestnikom\" src=\"https:\/\/sp1slupsk.pl\/wp-content\/uploads\/2025\/11\/Przerwa-na-czytanie-5-160x120.jpg\" rel=\"https:\/\/sp1slupsk.pl\/wp-content\/uploads\/2025\/11\/Przerwa-na-czytanie-5.jpg\" \/>\n\t\t\t\t\t\t\t\t\t\t\t\t\t\t<\/a>\n\t\t\t\t\t\t\t\t\t\t\t\t\t\t\t\t\t\t\t\t\t\t\t\t\t<\/p>\n\t\t\t\t\t\t\t\t\t\t\t\t\t\t\t\t\t\t\t\t\t\t\t<\/div><!-- .gllr_image_block -->\n\t\t\t\t\t\t\t\t\t\t\t\t\t\t\t\t\t\t\t\t\t<div class=\"gllr_image_block\">\n\t\t\t\t\t\t\t\t\t\t\t\t<p style=\"width:180px;height:140px;\">\n\t\t\t\t\t\t\t\t\t\t\t\t\t\t\t\t\t\t\t\t\t\t\t\t\t\t\t<a rel=\"gallery_fancybox_89920\" href=\"https:\/\/sp1slupsk.pl\/wp-content\/uploads\/2025\/11\/IMG_20251031_113813292_HDR-1024x768.jpg\" title=\"31.10.2025 r. nasza szko\u0142a wzi\u0119\u0142a udzia\u0142 w mi\u0119dzynarodowej akcji \u201ePrzerwa na czytanie\u201d. Ch\u0119tne osoby mog\u0142y o okre\u015blonej porze spotka\u0107 si\u0119 w bibliotece szkolnej, wyciszy\u0107 i sp\u0119dzi\u0107 czas z ulubion\u0105 powie\u015bci\u0105. Je\u017celi kto\u015b zapomnia\u0142 ksi\u0105\u017cki z domu, nasza biblioteka oferowa\u0142a mo\u017cliwo\u015bci wypo\u017cycze\u0144 r\u00f3\u017cnych gatunk\u00f3w literackich. Dzi\u0119kujemy wszystkim uczestnikom\">\n\t\t\t\t\t\t\t\t\t\t\t\t\t\t\t<img style=\"width:160px;height:120px; border-width: 10px; border-color:#F1F1F1;border: 10px solid #F1F1F1\" alt=\"\" title=\"31.10.2025 r. nasza szko\u0142a wzi\u0119\u0142a udzia\u0142 w mi\u0119dzynarodowej akcji \u201ePrzerwa na czytanie\u201d. Ch\u0119tne osoby mog\u0142y o okre\u015blonej porze spotka\u0107 si\u0119 w bibliotece szkolnej, wyciszy\u0107 i sp\u0119dzi\u0107 czas z ulubion\u0105 powie\u015bci\u0105. Je\u017celi kto\u015b zapomnia\u0142 ksi\u0105\u017cki z domu, nasza biblioteka oferowa\u0142a mo\u017cliwo\u015bci wypo\u017cycze\u0144 r\u00f3\u017cnych gatunk\u00f3w literackich. Dzi\u0119kujemy wszystkim uczestnikom\" src=\"https:\/\/sp1slupsk.pl\/wp-content\/uploads\/2025\/11\/IMG_20251031_113813292_HDR-160x120.jpg\" rel=\"https:\/\/sp1slupsk.pl\/wp-content\/uploads\/2025\/11\/IMG_20251031_113813292_HDR-scaled.jpg\" \/>\n\t\t\t\t\t\t\t\t\t\t\t\t\t\t<\/a>\n\t\t\t\t\t\t\t\t\t\t\t\t\t\t\t\t\t\t\t\t\t\t\t\t\t<\/p>\n\t\t\t\t\t\t\t\t\t\t\t\t\t\t\t\t\t\t\t\t\t\t\t<\/div><!-- .gllr_image_block -->\n\t\t\t\t\t\t\t\t\t\t\t\t\t\t\t\t\t\t\t\t\t<\/div><!-- .gllr_image_row -->\n\t\t\t\t\t\t\t\t\t\t\t\t\t\t\t\t\t\t\t\t\t<div class=\"gllr_image_row\">\n\t\t\t\t\t\t\t\t\t\t\t\t\t\t\t\t\t\t\t\t\t<div class=\"gllr_image_block\">\n\t\t\t\t\t\t\t\t\t\t\t\t<p style=\"width:180px;height:140px;\">\n\t\t\t\t\t\t\t\t\t\t\t\t\t\t\t\t\t\t\t\t\t\t\t\t\t\t\t<a rel=\"gallery_fancybox_89920\" href=\"https:\/\/sp1slupsk.pl\/wp-content\/uploads\/2025\/11\/IMG_20251031_121830043_HDR-1024x768.jpg\" title=\"31.10.2025 r. nasza szko\u0142a wzi\u0119\u0142a udzia\u0142 w mi\u0119dzynarodowej akcji \u201ePrzerwa na czytanie\u201d. Ch\u0119tne osoby mog\u0142y o okre\u015blonej porze spotka\u0107 si\u0119 w bibliotece szkolnej, wyciszy\u0107 i sp\u0119dzi\u0107 czas z ulubion\u0105 powie\u015bci\u0105. Je\u017celi kto\u015b zapomnia\u0142 ksi\u0105\u017cki z domu, nasza biblioteka oferowa\u0142a mo\u017cliwo\u015bci wypo\u017cycze\u0144 r\u00f3\u017cnych gatunk\u00f3w literackich. Dzi\u0119kujemy wszystkim uczestnikom\">\n\t\t\t\t\t\t\t\t\t\t\t\t\t\t\t<img style=\"width:160px;height:120px; border-width: 10px; border-color:#F1F1F1;border: 10px solid #F1F1F1\" alt=\"\" title=\"31.10.2025 r. nasza szko\u0142a wzi\u0119\u0142a udzia\u0142 w mi\u0119dzynarodowej akcji \u201ePrzerwa na czytanie\u201d. Ch\u0119tne osoby mog\u0142y o okre\u015blonej porze spotka\u0107 si\u0119 w bibliotece szkolnej, wyciszy\u0107 i sp\u0119dzi\u0107 czas z ulubion\u0105 powie\u015bci\u0105. Je\u017celi kto\u015b zapomnia\u0142 ksi\u0105\u017cki z domu, nasza biblioteka oferowa\u0142a mo\u017cliwo\u015bci wypo\u017cycze\u0144 r\u00f3\u017cnych gatunk\u00f3w literackich. Dzi\u0119kujemy wszystkim uczestnikom\" src=\"https:\/\/sp1slupsk.pl\/wp-content\/uploads\/2025\/11\/IMG_20251031_121830043_HDR-160x120.jpg\" rel=\"https:\/\/sp1slupsk.pl\/wp-content\/uploads\/2025\/11\/IMG_20251031_121830043_HDR-scaled.jpg\" \/>\n\t\t\t\t\t\t\t\t\t\t\t\t\t\t<\/a>\n\t\t\t\t\t\t\t\t\t\t\t\t\t\t\t\t\t\t\t\t\t\t\t\t\t<\/p>\n\t\t\t\t\t\t\t\t\t\t\t\t\t\t\t\t\t\t\t\t\t\t\t<\/div><!-- .gllr_image_block -->\n\t\t\t\t\t\t\t\t\t\t\t\t\t\t\t\t\t\t\t\t\t<div class=\"gllr_image_block\">\n\t\t\t\t\t\t\t\t\t\t\t\t<p style=\"width:180px;height:140px;\">\n\t\t\t\t\t\t\t\t\t\t\t\t\t\t\t\t\t\t\t\t\t\t\t\t\t\t\t<a rel=\"gallery_fancybox_89920\" href=\"https:\/\/sp1slupsk.pl\/wp-content\/uploads\/2025\/11\/Przerwa-na-czytanie-6-1024x683.jpg\" title=\"31.10.2025 r. nasza szko\u0142a wzi\u0119\u0142a udzia\u0142 w mi\u0119dzynarodowej akcji \u201ePrzerwa na czytanie\u201d. Ch\u0119tne osoby mog\u0142y o okre\u015blonej porze spotka\u0107 si\u0119 w bibliotece szkolnej, wyciszy\u0107 i sp\u0119dzi\u0107 czas z ulubion\u0105 powie\u015bci\u0105. Je\u017celi kto\u015b zapomnia\u0142 ksi\u0105\u017cki z domu, nasza biblioteka oferowa\u0142a mo\u017cliwo\u015bci wypo\u017cycze\u0144 r\u00f3\u017cnych gatunk\u00f3w literackich. Dzi\u0119kujemy wszystkim uczestnikom\">\n\t\t\t\t\t\t\t\t\t\t\t\t\t\t\t<img style=\"width:160px;height:120px; border-width: 10px; border-color:#F1F1F1;border: 10px solid #F1F1F1\" alt=\"\" title=\"31.10.2025 r. nasza szko\u0142a wzi\u0119\u0142a udzia\u0142 w mi\u0119dzynarodowej akcji \u201ePrzerwa na czytanie\u201d. Ch\u0119tne osoby mog\u0142y o okre\u015blonej porze spotka\u0107 si\u0119 w bibliotece szkolnej, wyciszy\u0107 i sp\u0119dzi\u0107 czas z ulubion\u0105 powie\u015bci\u0105. Je\u017celi kto\u015b zapomnia\u0142 ksi\u0105\u017cki z domu, nasza biblioteka oferowa\u0142a mo\u017cliwo\u015bci wypo\u017cycze\u0144 r\u00f3\u017cnych gatunk\u00f3w literackich. Dzi\u0119kujemy wszystkim uczestnikom\" src=\"https:\/\/sp1slupsk.pl\/wp-content\/uploads\/2025\/11\/Przerwa-na-czytanie-6-160x120.jpg\" rel=\"https:\/\/sp1slupsk.pl\/wp-content\/uploads\/2025\/11\/Przerwa-na-czytanie-6.jpg\" \/>\n\t\t\t\t\t\t\t\t\t\t\t\t\t\t<\/a>\n\t\t\t\t\t\t\t\t\t\t\t\t\t\t\t\t\t\t\t\t\t\t\t\t\t<\/p>\n\t\t\t\t\t\t\t\t\t\t\t\t\t\t\t\t\t\t\t\t\t\t\t<\/div><!-- .gllr_image_block -->\n\t\t\t\t\t\t\t\t\t\t\t\t\t\t\t\t\t\t\t\t\t<div class=\"gllr_image_block\">\n\t\t\t\t\t\t\t\t\t\t\t\t<p style=\"width:180px;height:140px;\">\n\t\t\t\t\t\t\t\t\t\t\t\t\t\t\t\t\t\t\t\t\t\t\t\t\t\t\t<a rel=\"gallery_fancybox_89920\" href=\"https:\/\/sp1slupsk.pl\/wp-content\/uploads\/2025\/11\/zdjecie-poprawka-1024x683.jpg\" title=\"31.10.2025 r. nasza szko\u0142a wzi\u0119\u0142a udzia\u0142 w mi\u0119dzynarodowej akcji \u201ePrzerwa na czytanie\u201d. Ch\u0119tne osoby mog\u0142y o okre\u015blonej porze spotka\u0107 si\u0119 w bibliotece szkolnej, wyciszy\u0107 i sp\u0119dzi\u0107 czas z ulubion\u0105 powie\u015bci\u0105. Je\u017celi kto\u015b zapomnia\u0142 ksi\u0105\u017cki z domu, nasza biblioteka oferowa\u0142a mo\u017cliwo\u015bci wypo\u017cycze\u0144 r\u00f3\u017cnych gatunk\u00f3w literackich. Dzi\u0119kujemy wszystkim uczestnikom\">\n\t\t\t\t\t\t\t\t\t\t\t\t\t\t\t<img style=\"width:160px;height:120px; border-width: 10px; border-color:#F1F1F1;border: 10px solid #F1F1F1\" alt=\"\" title=\"31.10.2025 r. nasza szko\u0142a wzi\u0119\u0142a udzia\u0142 w mi\u0119dzynarodowej akcji \u201ePrzerwa na czytanie\u201d. Ch\u0119tne osoby mog\u0142y o okre\u015blonej porze spotka\u0107 si\u0119 w bibliotece szkolnej, wyciszy\u0107 i sp\u0119dzi\u0107 czas z ulubion\u0105 powie\u015bci\u0105. Je\u017celi kto\u015b zapomnia\u0142 ksi\u0105\u017cki z domu, nasza biblioteka oferowa\u0142a mo\u017cliwo\u015bci wypo\u017cycze\u0144 r\u00f3\u017cnych gatunk\u00f3w literackich. Dzi\u0119kujemy wszystkim uczestnikom\" src=\"https:\/\/sp1slupsk.pl\/wp-content\/uploads\/2025\/11\/zdjecie-poprawka-160x120.jpg\" rel=\"https:\/\/sp1slupsk.pl\/wp-content\/uploads\/2025\/11\/zdjecie-poprawka.jpg\" \/>\n\t\t\t\t\t\t\t\t\t\t\t\t\t\t<\/a>\n\t\t\t\t\t\t\t\t\t\t\t\t\t\t\t\t\t\t\t\t\t\t\t\t\t<\/p>\n\t\t\t\t\t\t\t\t\t\t\t\t\t\t\t\t\t\t\t\t\t\t\t<\/div><!-- .gllr_image_block -->\n\t\t\t\t\t\t\t\t\t\t\t\t\t\t\t\t\t\t\t\t\t<\/div><!-- .gllr_image_row -->\n\t\t\t\t\t\t\t\t\t\t\t\t\t\t\t\t\t\t<\/div><!-- .gallery.clearfix -->\n\t\t\t\t\t\t\t\t\t\t\t\t\t<\/div><!-- .gallery_box_single -->\n\t\t\t\t\t\t<div class=\"gllr_clear\"><\/div>\n\t\t\t\t\t\t\t\t\t<script type=\"text\/javascript\">\n\t\t\t\t\t(function($) {\n\t\t\t\t\t\t$(document).ready( function() {\n\t\t\t\t\t\t\t$( \"a[rel=gallery_fancybox_89920]\" ).fancybox( {\n\t\t\t\t\t\t\t\t'transitionIn'\t\t:\t'elastic',\n\t\t\t\t\t\t\t\t'transitionOut'\t\t:\t'elastic',\n\t\t\t\t\t\t\t\t'titlePosition' \t:\t'inside',\n\t\t\t\t\t\t\t\t'speedIn'\t\t\t:\t500, \n\t\t\t\t\t\t\t\t'speedOut'\t\t\t:\t300,\n\t\t\t\t\t\t\t\t'titleFormat'\t\t:\tfunction( title, currentArray, currentIndex, currentOpts ) {\n\t\t\t\t\t\t\t\t\treturn '<div id=\"fancybox-title-inside\">' + ( title.length ? '<span id=\"bws_gallery_image_title\">' + title + '<\/span><br \/>' : '' ) + '<span id=\"bws_gallery_image_counter\">Image ' + ( currentIndex + 1 ) + ' \/ ' + currentArray.length + '<\/span><\/div>';\n\t\t\t\t\t\t\t\t}\t\t\t\t\t\t\t});\n\t\t\t\t\t\t});\n\t\t\t\t\t})(jQuery);\n\t\t\t\t<\/script>\n\t\t\t\n\n\n\n<hr class=\"wp-block-separator\"\/>\n\n\n\n<hr class=\"wp-block-separator\"\/>\n\n\n\n<p class=\"has-text-align-center\"><strong>ROK SZKOLNY 2024\/2025<\/strong><\/p>\n\n\n\n<p><strong>\u201eMi\u0119dzyszkolny Miniturniej Szachowy\u201d<\/strong><br>Opiekunowie sekcji szachowych: Pawe\u0142 Syrkiewicz (SP1) i Igor Sysojew &#8211; Osi\u0144ski (SP9), wsp\u00f3lnie zorganizowali Mi\u0119dzyszkolny Miniturniej Szachowy. Z jednej i drugiej szko\u0142y zapisano po 4 zawodnik\u00f3w. W dniu 04.06.2025 r. spotkali\u015bmy si\u0119 w bibliotece szkolnej. Celem by\u0142y nie tylko zmagania szachowe, ale tak\u017ce wsp\u00f3\u0142praca i wsp\u00f3lna integracja oraz ciekawe sp\u0119dzenie czasu. Grali\u015bmy systemem z naszej Ligi Szachowej \u201eJedynki\u201d czyli \u201eka\u017cdy z ka\u017cdym\u201d po dwie partie. Po 4 godzinach wsp\u00f3lnej gry z przerwami na pocz\u0119stunek, poznali\u015bmy wyniki. Dru\u017cynowo zwyci\u0119\u017cy\u0142a Szko\u0142a Podstawowa nr 1, a indywidualnie najlepszym graczem zosta\u0142 Pawe\u0142 Pietrzak ze Szko\u0142y Podstawowej nr 9. Wszyscy uczestnicy grali bardzo dobrze i zostali nagrodzeni dyplomami oraz upominkami, kt\u00f3re w asy\u015bcie organizator\u00f3w wr\u0119czy\u0142a p. wicedyrektor Anna Bielecka. Reprezentacje wyst\u0105pi\u0142y w sk\u0142adach: SP nr 1: Franciszek Jab\u0142o\u0144ski, Karina Szczepa\u0144ska, Kacper Rubinowicz, Piotr \u017burowski SP nr 9: Pawe\u0142 Pietrzak, Natan Szymielewicz, Piotr Witczak, Micha\u0142 Zalewski<br>Wszyscy wsp\u00f3lnie zgodzili si\u0119 na rewan\u017c w niedalekiej przysz\u0142o\u015bci, a wi\u0119c do zobaczenia!<br>\t\t\t\t\t\t<div class=\"gallery_box_single\">\n\t\t\t\t\t\t\t\t\t\t\t\t\t\t\t<div class=\"gallery clearfix\">\n\t\t\t\t\t\t\t\t\t\t\t\t\t\t\t\t\t\t\t\t<div class=\"gllr_image_row\">\n\t\t\t\t\t\t\t\t\t\t\t\t\t\t\t\t\t\t\t\t\t<div class=\"gllr_image_block\">\n\t\t\t\t\t\t\t\t\t\t\t\t<p style=\"width:180px;height:140px;\">\n\t\t\t\t\t\t\t\t\t\t\t\t\t\t\t\t\t\t\t\t\t\t\t\t\t\t\t<a rel=\"gallery_fancybox_89086\" href=\"https:\/\/sp1slupsk.pl\/wp-content\/uploads\/2025\/06\/505780316_1188350546425686_3772618018623607348_n.jpg\" title=\"Mi\u0119dzyszkolny Miniturniej Szachowy. Z jednej i drugiej szko\u0142y zapisano po 4 zawodnik\u00f3w. W dniu 04.06.2025 r. spotkali\u015bmy si\u0119 w bibliotece szkolnej. Celem by\u0142y nie tylko zmagania szachowe, ale tak\u017ce wsp\u00f3\u0142praca i wsp\u00f3lna integracja oraz ciekawe sp\u0119dzenie czasu.\">\n\t\t\t\t\t\t\t\t\t\t\t\t\t\t\t<img style=\"width:160px;height:120px; border-width: 10px; border-color:#F1F1F1;border: 10px solid #F1F1F1\" alt=\"\" title=\"Mi\u0119dzyszkolny Miniturniej Szachowy. Z jednej i drugiej szko\u0142y zapisano po 4 zawodnik\u00f3w. W dniu 04.06.2025 r. spotkali\u015bmy si\u0119 w bibliotece szkolnej. Celem by\u0142y nie tylko zmagania szachowe, ale tak\u017ce wsp\u00f3\u0142praca i wsp\u00f3lna integracja oraz ciekawe sp\u0119dzenie czasu.\" src=\"https:\/\/sp1slupsk.pl\/wp-content\/uploads\/2025\/06\/505780316_1188350546425686_3772618018623607348_n-160x120.jpg\" rel=\"https:\/\/sp1slupsk.pl\/wp-content\/uploads\/2025\/06\/505780316_1188350546425686_3772618018623607348_n.jpg\" \/>\n\t\t\t\t\t\t\t\t\t\t\t\t\t\t<\/a>\n\t\t\t\t\t\t\t\t\t\t\t\t\t\t\t\t\t\t\t\t\t\t\t\t\t<\/p>\n\t\t\t\t\t\t\t\t\t\t\t\t\t\t\t\t\t\t\t\t\t\t\t<\/div><!-- .gllr_image_block -->\n\t\t\t\t\t\t\t\t\t\t\t\t\t\t\t\t\t\t\t\t\t<div class=\"gllr_image_block\">\n\t\t\t\t\t\t\t\t\t\t\t\t<p style=\"width:180px;height:140px;\">\n\t\t\t\t\t\t\t\t\t\t\t\t\t\t\t\t\t\t\t\t\t\t\t\t\t\t\t<a rel=\"gallery_fancybox_89086\" href=\"https:\/\/sp1slupsk.pl\/wp-content\/uploads\/2025\/06\/505845789_1188350736425667_28593194237971613_n.jpg\" title=\"Mi\u0119dzyszkolny Miniturniej Szachowy. Z jednej i drugiej szko\u0142y zapisano po 4 zawodnik\u00f3w. W dniu 04.06.2025 r. spotkali\u015bmy si\u0119 w bibliotece szkolnej. Celem by\u0142y nie tylko zmagania szachowe, ale tak\u017ce wsp\u00f3\u0142praca i wsp\u00f3lna integracja oraz ciekawe sp\u0119dzenie czasu.\">\n\t\t\t\t\t\t\t\t\t\t\t\t\t\t\t<img style=\"width:160px;height:120px; border-width: 10px; border-color:#F1F1F1;border: 10px solid #F1F1F1\" alt=\"\" title=\"Mi\u0119dzyszkolny Miniturniej Szachowy. Z jednej i drugiej szko\u0142y zapisano po 4 zawodnik\u00f3w. W dniu 04.06.2025 r. spotkali\u015bmy si\u0119 w bibliotece szkolnej. Celem by\u0142y nie tylko zmagania szachowe, ale tak\u017ce wsp\u00f3\u0142praca i wsp\u00f3lna integracja oraz ciekawe sp\u0119dzenie czasu.\" src=\"https:\/\/sp1slupsk.pl\/wp-content\/uploads\/2025\/06\/505845789_1188350736425667_28593194237971613_n-160x120.jpg\" rel=\"https:\/\/sp1slupsk.pl\/wp-content\/uploads\/2025\/06\/505845789_1188350736425667_28593194237971613_n.jpg\" \/>\n\t\t\t\t\t\t\t\t\t\t\t\t\t\t<\/a>\n\t\t\t\t\t\t\t\t\t\t\t\t\t\t\t\t\t\t\t\t\t\t\t\t\t<\/p>\n\t\t\t\t\t\t\t\t\t\t\t\t\t\t\t\t\t\t\t\t\t\t\t<\/div><!-- .gllr_image_block -->\n\t\t\t\t\t\t\t\t\t\t\t\t\t\t\t\t\t\t\t\t\t<div class=\"gllr_image_block\">\n\t\t\t\t\t\t\t\t\t\t\t\t<p style=\"width:180px;height:140px;\">\n\t\t\t\t\t\t\t\t\t\t\t\t\t\t\t\t\t\t\t\t\t\t\t\t\t\t\t<a rel=\"gallery_fancybox_89086\" href=\"https:\/\/sp1slupsk.pl\/wp-content\/uploads\/2025\/06\/505860453_1188350456425695_2590520260988128808_n.jpg\" title=\"Mi\u0119dzyszkolny Miniturniej Szachowy. Z jednej i drugiej szko\u0142y zapisano po 4 zawodnik\u00f3w. W dniu 04.06.2025 r. spotkali\u015bmy si\u0119 w bibliotece szkolnej. Celem by\u0142y nie tylko zmagania szachowe, ale tak\u017ce wsp\u00f3\u0142praca i wsp\u00f3lna integracja oraz ciekawe sp\u0119dzenie czasu.\">\n\t\t\t\t\t\t\t\t\t\t\t\t\t\t\t<img style=\"width:160px;height:120px; border-width: 10px; border-color:#F1F1F1;border: 10px solid #F1F1F1\" alt=\"\" title=\"Mi\u0119dzyszkolny Miniturniej Szachowy. Z jednej i drugiej szko\u0142y zapisano po 4 zawodnik\u00f3w. W dniu 04.06.2025 r. spotkali\u015bmy si\u0119 w bibliotece szkolnej. Celem by\u0142y nie tylko zmagania szachowe, ale tak\u017ce wsp\u00f3\u0142praca i wsp\u00f3lna integracja oraz ciekawe sp\u0119dzenie czasu.\" src=\"https:\/\/sp1slupsk.pl\/wp-content\/uploads\/2025\/06\/505860453_1188350456425695_2590520260988128808_n-160x120.jpg\" rel=\"https:\/\/sp1slupsk.pl\/wp-content\/uploads\/2025\/06\/505860453_1188350456425695_2590520260988128808_n.jpg\" \/>\n\t\t\t\t\t\t\t\t\t\t\t\t\t\t<\/a>\n\t\t\t\t\t\t\t\t\t\t\t\t\t\t\t\t\t\t\t\t\t\t\t\t\t<\/p>\n\t\t\t\t\t\t\t\t\t\t\t\t\t\t\t\t\t\t\t\t\t\t\t<\/div><!-- .gllr_image_block -->\n\t\t\t\t\t\t\t\t\t\t\t\t\t\t\t\t\t\t\t\t\t<\/div><!-- .gllr_image_row -->\n\t\t\t\t\t\t\t\t\t\t\t\t\t\t\t\t\t\t\t\t\t<div class=\"gllr_image_row\">\n\t\t\t\t\t\t\t\t\t\t\t\t\t\t\t\t\t\t\t\t\t<div class=\"gllr_image_block\">\n\t\t\t\t\t\t\t\t\t\t\t\t<p style=\"width:180px;height:140px;\">\n\t\t\t\t\t\t\t\t\t\t\t\t\t\t\t\t\t\t\t\t\t\t\t\t\t\t\t<a rel=\"gallery_fancybox_89086\" href=\"https:\/\/sp1slupsk.pl\/wp-content\/uploads\/2025\/06\/506043995_1188350826425658_1787993279022090094_n-1024x768.jpg\" title=\"Mi\u0119dzyszkolny Miniturniej Szachowy. Z jednej i drugiej szko\u0142y zapisano po 4 zawodnik\u00f3w. W dniu 04.06.2025 r. spotkali\u015bmy si\u0119 w bibliotece szkolnej. Celem by\u0142y nie tylko zmagania szachowe, ale tak\u017ce wsp\u00f3\u0142praca i wsp\u00f3lna integracja oraz ciekawe sp\u0119dzenie czasu.\">\n\t\t\t\t\t\t\t\t\t\t\t\t\t\t\t<img style=\"width:160px;height:120px; border-width: 10px; border-color:#F1F1F1;border: 10px solid #F1F1F1\" alt=\"\" title=\"Mi\u0119dzyszkolny Miniturniej Szachowy. Z jednej i drugiej szko\u0142y zapisano po 4 zawodnik\u00f3w. W dniu 04.06.2025 r. spotkali\u015bmy si\u0119 w bibliotece szkolnej. Celem by\u0142y nie tylko zmagania szachowe, ale tak\u017ce wsp\u00f3\u0142praca i wsp\u00f3lna integracja oraz ciekawe sp\u0119dzenie czasu.\" src=\"https:\/\/sp1slupsk.pl\/wp-content\/uploads\/2025\/06\/506043995_1188350826425658_1787993279022090094_n-160x120.jpg\" rel=\"https:\/\/sp1slupsk.pl\/wp-content\/uploads\/2025\/06\/506043995_1188350826425658_1787993279022090094_n.jpg\" \/>\n\t\t\t\t\t\t\t\t\t\t\t\t\t\t<\/a>\n\t\t\t\t\t\t\t\t\t\t\t\t\t\t\t\t\t\t\t\t\t\t\t\t\t<\/p>\n\t\t\t\t\t\t\t\t\t\t\t\t\t\t\t\t\t\t\t\t\t\t\t<\/div><!-- .gllr_image_block -->\n\t\t\t\t\t\t\t\t\t\t\t\t\t\t\t\t\t\t\t\t\t<div class=\"gllr_image_block\">\n\t\t\t\t\t\t\t\t\t\t\t\t<p style=\"width:180px;height:140px;\">\n\t\t\t\t\t\t\t\t\t\t\t\t\t\t\t\t\t\t\t\t\t\t\t\t\t\t\t<a rel=\"gallery_fancybox_89086\" href=\"https:\/\/sp1slupsk.pl\/wp-content\/uploads\/2025\/06\/505779274_1188350989758975_8739841593195712162_n-1024x768.jpg\" title=\"Mi\u0119dzyszkolny Miniturniej Szachowy. Z jednej i drugiej szko\u0142y zapisano po 4 zawodnik\u00f3w. W dniu 04.06.2025 r. spotkali\u015bmy si\u0119 w bibliotece szkolnej. Celem by\u0142y nie tylko zmagania szachowe, ale tak\u017ce wsp\u00f3\u0142praca i wsp\u00f3lna integracja oraz ciekawe sp\u0119dzenie czasu.\">\n\t\t\t\t\t\t\t\t\t\t\t\t\t\t\t<img style=\"width:160px;height:120px; border-width: 10px; border-color:#F1F1F1;border: 10px solid #F1F1F1\" alt=\"\" title=\"Mi\u0119dzyszkolny Miniturniej Szachowy. Z jednej i drugiej szko\u0142y zapisano po 4 zawodnik\u00f3w. W dniu 04.06.2025 r. spotkali\u015bmy si\u0119 w bibliotece szkolnej. Celem by\u0142y nie tylko zmagania szachowe, ale tak\u017ce wsp\u00f3\u0142praca i wsp\u00f3lna integracja oraz ciekawe sp\u0119dzenie czasu.\" src=\"https:\/\/sp1slupsk.pl\/wp-content\/uploads\/2025\/06\/505779274_1188350989758975_8739841593195712162_n-160x120.jpg\" rel=\"https:\/\/sp1slupsk.pl\/wp-content\/uploads\/2025\/06\/505779274_1188350989758975_8739841593195712162_n.jpg\" \/>\n\t\t\t\t\t\t\t\t\t\t\t\t\t\t<\/a>\n\t\t\t\t\t\t\t\t\t\t\t\t\t\t\t\t\t\t\t\t\t\t\t\t\t<\/p>\n\t\t\t\t\t\t\t\t\t\t\t\t\t\t\t\t\t\t\t\t\t\t\t<\/div><!-- .gllr_image_block -->\n\t\t\t\t\t\t\t\t\t\t\t\t\t\t\t\t\t\t\t\t\t<div class=\"gllr_image_block\">\n\t\t\t\t\t\t\t\t\t\t\t\t<p style=\"width:180px;height:140px;\">\n\t\t\t\t\t\t\t\t\t\t\t\t\t\t\t\t\t\t\t\t\t\t\t\t\t\t\t<a rel=\"gallery_fancybox_89086\" href=\"https:\/\/sp1slupsk.pl\/wp-content\/uploads\/2025\/06\/505522508_1188350426425698_5775137838906397619_n.jpg\" title=\"Mi\u0119dzyszkolny Miniturniej Szachowy. Z jednej i drugiej szko\u0142y zapisano po 4 zawodnik\u00f3w. W dniu 04.06.2025 r. spotkali\u015bmy si\u0119 w bibliotece szkolnej. Celem by\u0142y nie tylko zmagania szachowe, ale tak\u017ce wsp\u00f3\u0142praca i wsp\u00f3lna integracja oraz ciekawe sp\u0119dzenie czasu.\">\n\t\t\t\t\t\t\t\t\t\t\t\t\t\t\t<img style=\"width:160px;height:120px; border-width: 10px; border-color:#F1F1F1;border: 10px solid #F1F1F1\" alt=\"\" title=\"Mi\u0119dzyszkolny Miniturniej Szachowy. Z jednej i drugiej szko\u0142y zapisano po 4 zawodnik\u00f3w. W dniu 04.06.2025 r. spotkali\u015bmy si\u0119 w bibliotece szkolnej. Celem by\u0142y nie tylko zmagania szachowe, ale tak\u017ce wsp\u00f3\u0142praca i wsp\u00f3lna integracja oraz ciekawe sp\u0119dzenie czasu.\" src=\"https:\/\/sp1slupsk.pl\/wp-content\/uploads\/2025\/06\/505522508_1188350426425698_5775137838906397619_n-160x120.jpg\" rel=\"https:\/\/sp1slupsk.pl\/wp-content\/uploads\/2025\/06\/505522508_1188350426425698_5775137838906397619_n.jpg\" \/>\n\t\t\t\t\t\t\t\t\t\t\t\t\t\t<\/a>\n\t\t\t\t\t\t\t\t\t\t\t\t\t\t\t\t\t\t\t\t\t\t\t\t\t<\/p>\n\t\t\t\t\t\t\t\t\t\t\t\t\t\t\t\t\t\t\t\t\t\t\t<\/div><!-- .gllr_image_block -->\n\t\t\t\t\t\t\t\t\t\t\t\t\t\t\t\t\t\t\t\t\t<\/div><!-- .gllr_image_row -->\n\t\t\t\t\t\t\t\t\t\t\t\t\t\t\t\t\t\t<\/div><!-- .gallery.clearfix -->\n\t\t\t\t\t\t\t\t\t\t\t\t\t<\/div><!-- .gallery_box_single -->\n\t\t\t\t\t\t<div class=\"gllr_clear\"><\/div>\n\t\t\t\t\t\t\t\t\t<script type=\"text\/javascript\">\n\t\t\t\t\t(function($) {\n\t\t\t\t\t\t$(document).ready( function() {\n\t\t\t\t\t\t\t$( \"a[rel=gallery_fancybox_89086]\" ).fancybox( {\n\t\t\t\t\t\t\t\t'transitionIn'\t\t:\t'elastic',\n\t\t\t\t\t\t\t\t'transitionOut'\t\t:\t'elastic',\n\t\t\t\t\t\t\t\t'titlePosition' \t:\t'inside',\n\t\t\t\t\t\t\t\t'speedIn'\t\t\t:\t500, \n\t\t\t\t\t\t\t\t'speedOut'\t\t\t:\t300,\n\t\t\t\t\t\t\t\t'titleFormat'\t\t:\tfunction( title, currentArray, currentIndex, currentOpts ) {\n\t\t\t\t\t\t\t\t\treturn '<div id=\"fancybox-title-inside\">' + ( title.length ? '<span id=\"bws_gallery_image_title\">' + title + '<\/span><br \/>' : '' ) + '<span id=\"bws_gallery_image_counter\">Image ' + ( currentIndex + 1 ) + ' \/ ' + currentArray.length + '<\/span><\/div>';\n\t\t\t\t\t\t\t\t}\t\t\t\t\t\t\t});\n\t\t\t\t\t\t});\n\t\t\t\t\t})(jQuery);\n\t\t\t\t<\/script>\n\t\t\t<\/p>\n\n\n\n<hr class=\"wp-block-separator\"\/>\n\n\n\n<p><strong>\u201eXXII Og\u00f3lnopolski Tydzie\u0144 Bibliotek\u201d<\/strong><br>Dzia\u0142o si\u0119, dzia\u0142o\u2026 W okresie 08.05. \u2013 15.05.2025 r. nasza szko\u0142a obchodzi\u0142a \u201eXXII Og\u00f3lnopolski Tydzie\u0144 Bibliotek\u201d. W tym roku przebiega\u0142 on pod has\u0142em \u201eBiblioteka. Lubi\u0119 tu by\u0107\u201d. S\u0142owa te znalaz\u0142y potwierdzenie w liczbie odwiedzin w naszym \u201eCentrum wiedzy i rozrywki\u201d. Uczniowie mieli sw\u00f3j k\u0105cik czytelniczy, grali w szachy i inne gry planszowe, odbywa\u0142y si\u0119 zaj\u0119cia z laptopami. Przychodzili tak\u017ce na przerwach odpocz\u0105\u0107 przed kolejnymi zaj\u0119ciami. W ramach edukacji morskiej m\u0142odsze klasy uczestniczy\u0142y w projekcjach film\u00f3w animowanych o przygodach Hydronaut\u00f3w. Grupa przedszkolna bra\u0142a udzia\u0142 w ciekawej lekcji, podczas kt\u00f3rej dok\u0142adnie pozna\u0142a nasz\u0105 bibliotek\u0119. Zako\u0144czyli\u015bmy r\u00f3wnie\u017c \u201eMa\u0142\u0105 Lig\u0119 Szachow\u0105\u201d dla klas 1-3. Trzecie miejsce w turnieju zaj\u0105\u0142 Marek Radawiec (2a), drugie Wojciech Grabarczyk (2b), a zwyci\u0119zc\u0105 z kompletem 18 zwyci\u0119stw zosta\u0142 Mi\u0142osz Borzyszkowski (2b). Brawa dla wszystkich uczestnik\u00f3w, a zw\u0142aszcza dla uczni\u00f3w klas pierwszych. Mimo tego \u017ce dopiero poznaj\u0105 tajniki \u201ekr\u00f3lewskiej\u201d gry, zdecydowali si\u0119 wystartowa\u0107 w zawodach i dzielnie rywalizowali z bardziej do\u015bwiadczonymi zawodnikami.<br>\t\t\t\t\t\t<div class=\"gallery_box_single\">\n\t\t\t\t\t\t\t\t\t\t\t\t\t\t\t<div class=\"gallery clearfix\">\n\t\t\t\t\t\t\t\t\t\t\t\t\t\t\t\t\t\t\t\t<div class=\"gllr_image_row\">\n\t\t\t\t\t\t\t\t\t\t\t\t\t\t\t\t\t\t\t\t\t<div class=\"gllr_image_block\">\n\t\t\t\t\t\t\t\t\t\t\t\t<p style=\"width:180px;height:140px;\">\n\t\t\t\t\t\t\t\t\t\t\t\t\t\t\t\t\t\t\t\t\t\t\t\t\t\t\t<a rel=\"gallery_fancybox_89015\" href=\"https:\/\/sp1slupsk.pl\/wp-content\/uploads\/2025\/06\/501209532_1180203353907072_6981090874593911721_n-1024x768.jpg\" title=\"W okresie 08.05. \u2013 15.05.2025 r. nasza szko\u0142a obchodzi\u0142a \u201eXXII Og\u00f3lnopolski Tydzie\u0144 Bibliotek\u201d. W tym roku przebiega\u0142 on pod has\u0142em \u201eBiblioteka. Lubi\u0119 tu by\u0107\u201d.\">\n\t\t\t\t\t\t\t\t\t\t\t\t\t\t\t<img style=\"width:160px;height:120px; border-width: 10px; border-color:#F1F1F1;border: 10px solid #F1F1F1\" alt=\"\" title=\"W okresie 08.05. \u2013 15.05.2025 r. nasza szko\u0142a obchodzi\u0142a \u201eXXII Og\u00f3lnopolski Tydzie\u0144 Bibliotek\u201d. W tym roku przebiega\u0142 on pod has\u0142em \u201eBiblioteka. Lubi\u0119 tu by\u0107\u201d.\" src=\"https:\/\/sp1slupsk.pl\/wp-content\/uploads\/2025\/06\/501209532_1180203353907072_6981090874593911721_n-160x120.jpg\" rel=\"https:\/\/sp1slupsk.pl\/wp-content\/uploads\/2025\/06\/501209532_1180203353907072_6981090874593911721_n.jpg\" \/>\n\t\t\t\t\t\t\t\t\t\t\t\t\t\t<\/a>\n\t\t\t\t\t\t\t\t\t\t\t\t\t\t\t\t\t\t\t\t\t\t\t\t\t<\/p>\n\t\t\t\t\t\t\t\t\t\t\t\t\t\t\t\t\t\t\t\t\t\t\t<\/div><!-- .gllr_image_block -->\n\t\t\t\t\t\t\t\t\t\t\t\t\t\t\t\t\t\t\t\t\t<div class=\"gllr_image_block\">\n\t\t\t\t\t\t\t\t\t\t\t\t<p style=\"width:180px;height:140px;\">\n\t\t\t\t\t\t\t\t\t\t\t\t\t\t\t\t\t\t\t\t\t\t\t\t\t\t\t<a rel=\"gallery_fancybox_89015\" href=\"https:\/\/sp1slupsk.pl\/wp-content\/uploads\/2025\/06\/502533411_1180203453907062_2221089244729551890_n-1024x768.jpg\" title=\"W okresie 08.05. \u2013 15.05.2025 r. nasza szko\u0142a obchodzi\u0142a \u201eXXII Og\u00f3lnopolski Tydzie\u0144 Bibliotek\u201d. W tym roku przebiega\u0142 on pod has\u0142em \u201eBiblioteka. Lubi\u0119 tu by\u0107\u201d.\">\n\t\t\t\t\t\t\t\t\t\t\t\t\t\t\t<img style=\"width:160px;height:120px; border-width: 10px; border-color:#F1F1F1;border: 10px solid #F1F1F1\" alt=\"\" title=\"W okresie 08.05. \u2013 15.05.2025 r. nasza szko\u0142a obchodzi\u0142a \u201eXXII Og\u00f3lnopolski Tydzie\u0144 Bibliotek\u201d. W tym roku przebiega\u0142 on pod has\u0142em \u201eBiblioteka. Lubi\u0119 tu by\u0107\u201d.\" src=\"https:\/\/sp1slupsk.pl\/wp-content\/uploads\/2025\/06\/502533411_1180203453907062_2221089244729551890_n-160x120.jpg\" rel=\"https:\/\/sp1slupsk.pl\/wp-content\/uploads\/2025\/06\/502533411_1180203453907062_2221089244729551890_n.jpg\" \/>\n\t\t\t\t\t\t\t\t\t\t\t\t\t\t<\/a>\n\t\t\t\t\t\t\t\t\t\t\t\t\t\t\t\t\t\t\t\t\t\t\t\t\t<\/p>\n\t\t\t\t\t\t\t\t\t\t\t\t\t\t\t\t\t\t\t\t\t\t\t<\/div><!-- .gllr_image_block -->\n\t\t\t\t\t\t\t\t\t\t\t\t\t\t\t\t\t\t\t\t\t<div class=\"gllr_image_block\">\n\t\t\t\t\t\t\t\t\t\t\t\t<p style=\"width:180px;height:140px;\">\n\t\t\t\t\t\t\t\t\t\t\t\t\t\t\t\t\t\t\t\t\t\t\t\t\t\t\t<a rel=\"gallery_fancybox_89015\" href=\"https:\/\/sp1slupsk.pl\/wp-content\/uploads\/2025\/06\/501118418_1180202837240457_6948080658787876950_n.jpg\" title=\"W okresie 08.05. \u2013 15.05.2025 r. nasza szko\u0142a obchodzi\u0142a \u201eXXII Og\u00f3lnopolski Tydzie\u0144 Bibliotek\u201d. W tym roku przebiega\u0142 on pod has\u0142em \u201eBiblioteka. Lubi\u0119 tu by\u0107\u201d.\">\n\t\t\t\t\t\t\t\t\t\t\t\t\t\t\t<img style=\"width:160px;height:120px; border-width: 10px; border-color:#F1F1F1;border: 10px solid #F1F1F1\" alt=\"\" title=\"W okresie 08.05. \u2013 15.05.2025 r. nasza szko\u0142a obchodzi\u0142a \u201eXXII Og\u00f3lnopolski Tydzie\u0144 Bibliotek\u201d. W tym roku przebiega\u0142 on pod has\u0142em \u201eBiblioteka. Lubi\u0119 tu by\u0107\u201d.\" src=\"https:\/\/sp1slupsk.pl\/wp-content\/uploads\/2025\/06\/501118418_1180202837240457_6948080658787876950_n-160x120.jpg\" rel=\"https:\/\/sp1slupsk.pl\/wp-content\/uploads\/2025\/06\/501118418_1180202837240457_6948080658787876950_n.jpg\" \/>\n\t\t\t\t\t\t\t\t\t\t\t\t\t\t<\/a>\n\t\t\t\t\t\t\t\t\t\t\t\t\t\t\t\t\t\t\t\t\t\t\t\t\t<\/p>\n\t\t\t\t\t\t\t\t\t\t\t\t\t\t\t\t\t\t\t\t\t\t\t<\/div><!-- .gllr_image_block -->\n\t\t\t\t\t\t\t\t\t\t\t\t\t\t\t\t\t\t\t\t\t<\/div><!-- .gllr_image_row -->\n\t\t\t\t\t\t\t\t\t\t\t\t\t\t\t\t\t\t\t\t\t<div class=\"gllr_image_row\">\n\t\t\t\t\t\t\t\t\t\t\t\t\t\t\t\t\t\t\t\t\t<div class=\"gllr_image_block\">\n\t\t\t\t\t\t\t\t\t\t\t\t<p style=\"width:180px;height:140px;\">\n\t\t\t\t\t\t\t\t\t\t\t\t\t\t\t\t\t\t\t\t\t\t\t\t\t\t\t<a rel=\"gallery_fancybox_89015\" href=\"https:\/\/sp1slupsk.pl\/wp-content\/uploads\/2025\/06\/501059338_1180202880573786_6436138827225014234_n.jpg\" title=\"W okresie 08.05. \u2013 15.05.2025 r. nasza szko\u0142a obchodzi\u0142a \u201eXXII Og\u00f3lnopolski Tydzie\u0144 Bibliotek\u201d. W tym roku przebiega\u0142 on pod has\u0142em \u201eBiblioteka. Lubi\u0119 tu by\u0107\u201d.\">\n\t\t\t\t\t\t\t\t\t\t\t\t\t\t\t<img style=\"width:160px;height:120px; border-width: 10px; border-color:#F1F1F1;border: 10px solid #F1F1F1\" alt=\"\" title=\"W okresie 08.05. \u2013 15.05.2025 r. nasza szko\u0142a obchodzi\u0142a \u201eXXII Og\u00f3lnopolski Tydzie\u0144 Bibliotek\u201d. W tym roku przebiega\u0142 on pod has\u0142em \u201eBiblioteka. Lubi\u0119 tu by\u0107\u201d.\" src=\"https:\/\/sp1slupsk.pl\/wp-content\/uploads\/2025\/06\/501059338_1180202880573786_6436138827225014234_n-160x120.jpg\" rel=\"https:\/\/sp1slupsk.pl\/wp-content\/uploads\/2025\/06\/501059338_1180202880573786_6436138827225014234_n.jpg\" \/>\n\t\t\t\t\t\t\t\t\t\t\t\t\t\t<\/a>\n\t\t\t\t\t\t\t\t\t\t\t\t\t\t\t\t\t\t\t\t\t\t\t\t\t<\/p>\n\t\t\t\t\t\t\t\t\t\t\t\t\t\t\t\t\t\t\t\t\t\t\t<\/div><!-- .gllr_image_block -->\n\t\t\t\t\t\t\t\t\t\t\t\t\t\t\t\t\t\t\t\t\t<div class=\"gllr_image_block\">\n\t\t\t\t\t\t\t\t\t\t\t\t<p style=\"width:180px;height:140px;\">\n\t\t\t\t\t\t\t\t\t\t\t\t\t\t\t\t\t\t\t\t\t\t\t\t\t\t\t<a rel=\"gallery_fancybox_89015\" href=\"https:\/\/sp1slupsk.pl\/wp-content\/uploads\/2025\/06\/501073846_1180202960573778_562769406515167271_n-472x1024.jpg\" title=\"W okresie 08.05. \u2013 15.05.2025 r. nasza szko\u0142a obchodzi\u0142a \u201eXXII Og\u00f3lnopolski Tydzie\u0144 Bibliotek\u201d. W tym roku przebiega\u0142 on pod has\u0142em \u201eBiblioteka. Lubi\u0119 tu by\u0107\u201d.\">\n\t\t\t\t\t\t\t\t\t\t\t\t\t\t\t<img style=\"width:160px;height:120px; border-width: 10px; border-color:#F1F1F1;border: 10px solid #F1F1F1\" alt=\"\" title=\"W okresie 08.05. \u2013 15.05.2025 r. nasza szko\u0142a obchodzi\u0142a \u201eXXII Og\u00f3lnopolski Tydzie\u0144 Bibliotek\u201d. W tym roku przebiega\u0142 on pod has\u0142em \u201eBiblioteka. Lubi\u0119 tu by\u0107\u201d.\" src=\"https:\/\/sp1slupsk.pl\/wp-content\/uploads\/2025\/06\/501073846_1180202960573778_562769406515167271_n-160x120.jpg\" rel=\"https:\/\/sp1slupsk.pl\/wp-content\/uploads\/2025\/06\/501073846_1180202960573778_562769406515167271_n.jpg\" \/>\n\t\t\t\t\t\t\t\t\t\t\t\t\t\t<\/a>\n\t\t\t\t\t\t\t\t\t\t\t\t\t\t\t\t\t\t\t\t\t\t\t\t\t<\/p>\n\t\t\t\t\t\t\t\t\t\t\t\t\t\t\t\t\t\t\t\t\t\t\t<\/div><!-- .gllr_image_block -->\n\t\t\t\t\t\t\t\t\t\t\t\t\t\t\t\t\t\t\t\t\t<div class=\"gllr_image_block\">\n\t\t\t\t\t\t\t\t\t\t\t\t<p style=\"width:180px;height:140px;\">\n\t\t\t\t\t\t\t\t\t\t\t\t\t\t\t\t\t\t\t\t\t\t\t\t\t\t\t<a rel=\"gallery_fancybox_89015\" href=\"https:\/\/sp1slupsk.pl\/wp-content\/uploads\/2025\/06\/500802960_1180203497240391_6410477717084805935_n-1024x768.jpg\" title=\"W okresie 08.05. \u2013 15.05.2025 r. nasza szko\u0142a obchodzi\u0142a \u201eXXII Og\u00f3lnopolski Tydzie\u0144 Bibliotek\u201d. W tym roku przebiega\u0142 on pod has\u0142em \u201eBiblioteka. Lubi\u0119 tu by\u0107\u201d.\">\n\t\t\t\t\t\t\t\t\t\t\t\t\t\t\t<img style=\"width:160px;height:120px; border-width: 10px; border-color:#F1F1F1;border: 10px solid #F1F1F1\" alt=\"\" title=\"W okresie 08.05. \u2013 15.05.2025 r. nasza szko\u0142a obchodzi\u0142a \u201eXXII Og\u00f3lnopolski Tydzie\u0144 Bibliotek\u201d. W tym roku przebiega\u0142 on pod has\u0142em \u201eBiblioteka. Lubi\u0119 tu by\u0107\u201d.\" src=\"https:\/\/sp1slupsk.pl\/wp-content\/uploads\/2025\/06\/500802960_1180203497240391_6410477717084805935_n-160x120.jpg\" rel=\"https:\/\/sp1slupsk.pl\/wp-content\/uploads\/2025\/06\/500802960_1180203497240391_6410477717084805935_n.jpg\" \/>\n\t\t\t\t\t\t\t\t\t\t\t\t\t\t<\/a>\n\t\t\t\t\t\t\t\t\t\t\t\t\t\t\t\t\t\t\t\t\t\t\t\t\t<\/p>\n\t\t\t\t\t\t\t\t\t\t\t\t\t\t\t\t\t\t\t\t\t\t\t<\/div><!-- .gllr_image_block -->\n\t\t\t\t\t\t\t\t\t\t\t\t\t\t\t\t\t\t\t\t\t<\/div><!-- .gllr_image_row -->\n\t\t\t\t\t\t\t\t\t\t\t\t\t\t\t\t\t\t<\/div><!-- .gallery.clearfix -->\n\t\t\t\t\t\t\t\t\t\t\t\t\t<\/div><!-- .gallery_box_single -->\n\t\t\t\t\t\t<div class=\"gllr_clear\"><\/div>\n\t\t\t\t\t\t\t\t\t<script type=\"text\/javascript\">\n\t\t\t\t\t(function($) {\n\t\t\t\t\t\t$(document).ready( function() {\n\t\t\t\t\t\t\t$( \"a[rel=gallery_fancybox_89015]\" ).fancybox( {\n\t\t\t\t\t\t\t\t'transitionIn'\t\t:\t'elastic',\n\t\t\t\t\t\t\t\t'transitionOut'\t\t:\t'elastic',\n\t\t\t\t\t\t\t\t'titlePosition' \t:\t'inside',\n\t\t\t\t\t\t\t\t'speedIn'\t\t\t:\t500, \n\t\t\t\t\t\t\t\t'speedOut'\t\t\t:\t300,\n\t\t\t\t\t\t\t\t'titleFormat'\t\t:\tfunction( title, currentArray, currentIndex, currentOpts ) {\n\t\t\t\t\t\t\t\t\treturn '<div id=\"fancybox-title-inside\">' + ( title.length ? '<span id=\"bws_gallery_image_title\">' + title + '<\/span><br \/>' : '' ) + '<span id=\"bws_gallery_image_counter\">Image ' + ( currentIndex + 1 ) + ' \/ ' + currentArray.length + '<\/span><\/div>';\n\t\t\t\t\t\t\t\t}\t\t\t\t\t\t\t});\n\t\t\t\t\t\t});\n\t\t\t\t\t})(jQuery);\n\t\t\t\t<\/script>\n\t\t\t<\/p>\n\n\n\n<hr class=\"wp-block-separator\"\/>\n\n\n\n<p><strong>Warsztaty teatralno \u2013 aktorskie<br><\/strong>07.05.2025 r. sz\u00f3stka wybranych uczni\u00f3w z naszej szko\u0142y wraz z opiekunem panem Paw\u0142em Syrkiewiczem mia\u0142a okazj\u0119 uczestniczy\u0107 w bardzo ciekawym spotkaniu z instruktorami-aktorami z Teatru Lalki \u201eT\u0119cza\u201d, kt\u00f3re odby\u0142o si\u0119 w Pomorskiej Bibliotece Pedagogicznej w S\u0142upsku. Podczas warsztat\u00f3w uczestnicy nie tylko poznali rozgrzewk\u0119 aktorsk\u0105, ale tak\u017ce r\u00f3\u017cnice pomi\u0119dzy lalkami teatralnymi i sposoby ich o\u017cywiania oraz poruszania. Kolejnym punktem programu warsztat\u00f3w by\u0142a praca w trzech grupach, kt\u00f3ra mocno zintegrowa\u0142a uczni\u00f3w z r\u00f3\u017cnych szk\u00f3\u0142. Podczas niej przygotowano kr\u00f3tkie scenariusze i dekoracje do w\u0142asnego spektaklu. Kulminacyjnym momentem by\u0142a prezentacja przedstawie\u0144 o r\u00f3\u017cnorodnej tematyce: komedia, romans, dramat, parodia popularnego programu telewizyjnego. Niekt\u00f3re pomys\u0142y zadziwi\u0142y i mocno rozbawi\u0142y nawet do\u015bwiadczon\u0105 par\u0119 prowadz\u0105cych. Warsztaty zako\u0144czy\u0142y si\u0119 odta\u0144czeniem \u201ebelgijki\u201d. Dzi\u0119kujemy za mo\u017cliwo\u015b\u0107 uczestniczenia w ciekawych zaj\u0119ciach.<br>\t\t\t\t\t\t<div class=\"gallery_box_single\">\n\t\t\t\t\t\t\t\t\t\t\t\t\t\t\t<div class=\"gallery clearfix\">\n\t\t\t\t\t\t\t\t\t\t\t\t\t\t\t\t\t\t\t\t<div class=\"gllr_image_row\">\n\t\t\t\t\t\t\t\t\t\t\t\t\t\t\t\t\t\t\t\t\t<div class=\"gllr_image_block\">\n\t\t\t\t\t\t\t\t\t\t\t\t<p style=\"width:180px;height:140px;\">\n\t\t\t\t\t\t\t\t\t\t\t\t\t\t\t\t\t\t\t\t\t\t\t\t\t\t\t<a rel=\"gallery_fancybox_88886\" href=\"https:\/\/sp1slupsk.pl\/wp-content\/uploads\/2025\/05\/495230392_1164375728823168_3907245970282516119_n-768x1024.jpg\" title=\"07.05.2025 r. sz\u00f3stka wybranych uczni\u00f3w z naszej szko\u0142y wraz z opiekunem panem Paw\u0142em Syrkiewiczem mia\u0142a okazj\u0119 uczestniczy\u0107 w bardzo ciekawym spotkaniu z instruktorami-aktorami z Teatru Lalki \u201eT\u0119cza\u201d, kt\u00f3re odby\u0142o si\u0119 w Pomorskiej Bibliotece Pedagogicznej w S\u0142upsku.\">\n\t\t\t\t\t\t\t\t\t\t\t\t\t\t\t<img style=\"width:160px;height:120px; border-width: 10px; border-color:#F1F1F1;border: 10px solid #F1F1F1\" alt=\"\" title=\"07.05.2025 r. sz\u00f3stka wybranych uczni\u00f3w z naszej szko\u0142y wraz z opiekunem panem Paw\u0142em Syrkiewiczem mia\u0142a okazj\u0119 uczestniczy\u0107 w bardzo ciekawym spotkaniu z instruktorami-aktorami z Teatru Lalki \u201eT\u0119cza\u201d, kt\u00f3re odby\u0142o si\u0119 w Pomorskiej Bibliotece Pedagogicznej w S\u0142upsku.\" src=\"https:\/\/sp1slupsk.pl\/wp-content\/uploads\/2025\/05\/495230392_1164375728823168_3907245970282516119_n-160x120.jpg\" rel=\"https:\/\/sp1slupsk.pl\/wp-content\/uploads\/2025\/05\/495230392_1164375728823168_3907245970282516119_n.jpg\" \/>\n\t\t\t\t\t\t\t\t\t\t\t\t\t\t<\/a>\n\t\t\t\t\t\t\t\t\t\t\t\t\t\t\t\t\t\t\t\t\t\t\t\t\t<\/p>\n\t\t\t\t\t\t\t\t\t\t\t\t\t\t\t\t\t\t\t\t\t\t\t<\/div><!-- .gllr_image_block -->\n\t\t\t\t\t\t\t\t\t\t\t\t\t\t\t\t\t\t\t\t\t<div class=\"gllr_image_block\">\n\t\t\t\t\t\t\t\t\t\t\t\t<p style=\"width:180px;height:140px;\">\n\t\t\t\t\t\t\t\t\t\t\t\t\t\t\t\t\t\t\t\t\t\t\t\t\t\t\t<a rel=\"gallery_fancybox_88886\" href=\"https:\/\/sp1slupsk.pl\/wp-content\/uploads\/2025\/05\/495223698_1164375652156509_6414712857049345186_n-768x1024.jpg\" title=\"07.05.2025 r. sz\u00f3stka wybranych uczni\u00f3w z naszej szko\u0142y wraz z opiekunem panem Paw\u0142em Syrkiewiczem mia\u0142a okazj\u0119 uczestniczy\u0107 w bardzo ciekawym spotkaniu z instruktorami-aktorami z Teatru Lalki \u201eT\u0119cza\u201d, kt\u00f3re odby\u0142o si\u0119 w Pomorskiej Bibliotece Pedagogicznej w S\u0142upsku.\">\n\t\t\t\t\t\t\t\t\t\t\t\t\t\t\t<img style=\"width:160px;height:120px; border-width: 10px; border-color:#F1F1F1;border: 10px solid #F1F1F1\" alt=\"\" title=\"07.05.2025 r. sz\u00f3stka wybranych uczni\u00f3w z naszej szko\u0142y wraz z opiekunem panem Paw\u0142em Syrkiewiczem mia\u0142a okazj\u0119 uczestniczy\u0107 w bardzo ciekawym spotkaniu z instruktorami-aktorami z Teatru Lalki \u201eT\u0119cza\u201d, kt\u00f3re odby\u0142o si\u0119 w Pomorskiej Bibliotece Pedagogicznej w S\u0142upsku.\" src=\"https:\/\/sp1slupsk.pl\/wp-content\/uploads\/2025\/05\/495223698_1164375652156509_6414712857049345186_n-160x120.jpg\" rel=\"https:\/\/sp1slupsk.pl\/wp-content\/uploads\/2025\/05\/495223698_1164375652156509_6414712857049345186_n.jpg\" \/>\n\t\t\t\t\t\t\t\t\t\t\t\t\t\t<\/a>\n\t\t\t\t\t\t\t\t\t\t\t\t\t\t\t\t\t\t\t\t\t\t\t\t\t<\/p>\n\t\t\t\t\t\t\t\t\t\t\t\t\t\t\t\t\t\t\t\t\t\t\t<\/div><!-- .gllr_image_block -->\n\t\t\t\t\t\t\t\t\t\t\t\t\t\t\t\t\t\t\t\t\t<div class=\"gllr_image_block\">\n\t\t\t\t\t\t\t\t\t\t\t\t<p style=\"width:180px;height:140px;\">\n\t\t\t\t\t\t\t\t\t\t\t\t\t\t\t\t\t\t\t\t\t\t\t\t\t\t\t<a rel=\"gallery_fancybox_88886\" href=\"https:\/\/sp1slupsk.pl\/wp-content\/uploads\/2025\/05\/496192443_1164375258823215_7833709751564064312_n-1024x768.jpg\" title=\"07.05.2025 r. sz\u00f3stka wybranych uczni\u00f3w z naszej szko\u0142y wraz z opiekunem panem Paw\u0142em Syrkiewiczem mia\u0142a okazj\u0119 uczestniczy\u0107 w bardzo ciekawym spotkaniu z instruktorami-aktorami z Teatru Lalki \u201eT\u0119cza\u201d, kt\u00f3re odby\u0142o si\u0119 w Pomorskiej Bibliotece Pedagogicznej w S\u0142upsku.\">\n\t\t\t\t\t\t\t\t\t\t\t\t\t\t\t<img style=\"width:160px;height:120px; border-width: 10px; border-color:#F1F1F1;border: 10px solid #F1F1F1\" alt=\"\" title=\"07.05.2025 r. sz\u00f3stka wybranych uczni\u00f3w z naszej szko\u0142y wraz z opiekunem panem Paw\u0142em Syrkiewiczem mia\u0142a okazj\u0119 uczestniczy\u0107 w bardzo ciekawym spotkaniu z instruktorami-aktorami z Teatru Lalki \u201eT\u0119cza\u201d, kt\u00f3re odby\u0142o si\u0119 w Pomorskiej Bibliotece Pedagogicznej w S\u0142upsku.\" src=\"https:\/\/sp1slupsk.pl\/wp-content\/uploads\/2025\/05\/496192443_1164375258823215_7833709751564064312_n-160x120.jpg\" rel=\"https:\/\/sp1slupsk.pl\/wp-content\/uploads\/2025\/05\/496192443_1164375258823215_7833709751564064312_n.jpg\" \/>\n\t\t\t\t\t\t\t\t\t\t\t\t\t\t<\/a>\n\t\t\t\t\t\t\t\t\t\t\t\t\t\t\t\t\t\t\t\t\t\t\t\t\t<\/p>\n\t\t\t\t\t\t\t\t\t\t\t\t\t\t\t\t\t\t\t\t\t\t\t<\/div><!-- .gllr_image_block -->\n\t\t\t\t\t\t\t\t\t\t\t\t\t\t\t\t\t\t\t\t\t<\/div><!-- .gllr_image_row -->\n\t\t\t\t\t\t\t\t\t\t\t\t\t\t\t\t\t\t\t\t\t<div class=\"gllr_image_row\">\n\t\t\t\t\t\t\t\t\t\t\t\t\t\t\t\t\t\t\t\t\t<div class=\"gllr_image_block\">\n\t\t\t\t\t\t\t\t\t\t\t\t<p style=\"width:180px;height:140px;\">\n\t\t\t\t\t\t\t\t\t\t\t\t\t\t\t\t\t\t\t\t\t\t\t\t\t\t\t<a rel=\"gallery_fancybox_88886\" href=\"https:\/\/sp1slupsk.pl\/wp-content\/uploads\/2025\/05\/495079881_1164375458823195_5921095961962622653_n-1024x768.jpg\" title=\"07.05.2025 r. sz\u00f3stka wybranych uczni\u00f3w z naszej szko\u0142y wraz z opiekunem panem Paw\u0142em Syrkiewiczem mia\u0142a okazj\u0119 uczestniczy\u0107 w bardzo ciekawym spotkaniu z instruktorami-aktorami z Teatru Lalki \u201eT\u0119cza\u201d, kt\u00f3re odby\u0142o si\u0119 w Pomorskiej Bibliotece Pedagogicznej w S\u0142upsku.\">\n\t\t\t\t\t\t\t\t\t\t\t\t\t\t\t<img style=\"width:160px;height:120px; border-width: 10px; border-color:#F1F1F1;border: 10px solid #F1F1F1\" alt=\"\" title=\"07.05.2025 r. sz\u00f3stka wybranych uczni\u00f3w z naszej szko\u0142y wraz z opiekunem panem Paw\u0142em Syrkiewiczem mia\u0142a okazj\u0119 uczestniczy\u0107 w bardzo ciekawym spotkaniu z instruktorami-aktorami z Teatru Lalki \u201eT\u0119cza\u201d, kt\u00f3re odby\u0142o si\u0119 w Pomorskiej Bibliotece Pedagogicznej w S\u0142upsku.\" src=\"https:\/\/sp1slupsk.pl\/wp-content\/uploads\/2025\/05\/495079881_1164375458823195_5921095961962622653_n-160x120.jpg\" rel=\"https:\/\/sp1slupsk.pl\/wp-content\/uploads\/2025\/05\/495079881_1164375458823195_5921095961962622653_n.jpg\" \/>\n\t\t\t\t\t\t\t\t\t\t\t\t\t\t<\/a>\n\t\t\t\t\t\t\t\t\t\t\t\t\t\t\t\t\t\t\t\t\t\t\t\t\t<\/p>\n\t\t\t\t\t\t\t\t\t\t\t\t\t\t\t\t\t\t\t\t\t\t\t<\/div><!-- .gllr_image_block -->\n\t\t\t\t\t\t\t\t\t\t\t\t\t\t\t\t\t\t\t\t\t<div class=\"gllr_image_block\">\n\t\t\t\t\t\t\t\t\t\t\t\t<p style=\"width:180px;height:140px;\">\n\t\t\t\t\t\t\t\t\t\t\t\t\t\t\t\t\t\t\t\t\t\t\t\t\t\t\t<a rel=\"gallery_fancybox_88886\" href=\"https:\/\/sp1slupsk.pl\/wp-content\/uploads\/2025\/05\/494733745_1164374385489969_1232163741755137356_n.jpg\" title=\"07.05.2025 r. sz\u00f3stka wybranych uczni\u00f3w z naszej szko\u0142y wraz z opiekunem panem Paw\u0142em Syrkiewiczem mia\u0142a okazj\u0119 uczestniczy\u0107 w bardzo ciekawym spotkaniu z instruktorami-aktorami z Teatru Lalki \u201eT\u0119cza\u201d, kt\u00f3re odby\u0142o si\u0119 w Pomorskiej Bibliotece Pedagogicznej w S\u0142upsku.\">\n\t\t\t\t\t\t\t\t\t\t\t\t\t\t\t<img style=\"width:160px;height:120px; border-width: 10px; border-color:#F1F1F1;border: 10px solid #F1F1F1\" alt=\"\" title=\"07.05.2025 r. sz\u00f3stka wybranych uczni\u00f3w z naszej szko\u0142y wraz z opiekunem panem Paw\u0142em Syrkiewiczem mia\u0142a okazj\u0119 uczestniczy\u0107 w bardzo ciekawym spotkaniu z instruktorami-aktorami z Teatru Lalki \u201eT\u0119cza\u201d, kt\u00f3re odby\u0142o si\u0119 w Pomorskiej Bibliotece Pedagogicznej w S\u0142upsku.\" src=\"https:\/\/sp1slupsk.pl\/wp-content\/uploads\/2025\/05\/494733745_1164374385489969_1232163741755137356_n-160x120.jpg\" rel=\"https:\/\/sp1slupsk.pl\/wp-content\/uploads\/2025\/05\/494733745_1164374385489969_1232163741755137356_n.jpg\" \/>\n\t\t\t\t\t\t\t\t\t\t\t\t\t\t<\/a>\n\t\t\t\t\t\t\t\t\t\t\t\t\t\t\t\t\t\t\t\t\t\t\t\t\t<\/p>\n\t\t\t\t\t\t\t\t\t\t\t\t\t\t\t\t\t\t\t\t\t\t\t<\/div><!-- .gllr_image_block -->\n\t\t\t\t\t\t\t\t\t\t\t\t\t\t\t\t\t\t\t\t\t<div class=\"gllr_image_block\">\n\t\t\t\t\t\t\t\t\t\t\t\t<p style=\"width:180px;height:140px;\">\n\t\t\t\t\t\t\t\t\t\t\t\t\t\t\t\t\t\t\t\t\t\t\t\t\t\t\t<a rel=\"gallery_fancybox_88886\" href=\"https:\/\/sp1slupsk.pl\/wp-content\/uploads\/2025\/05\/494969334_1164375498823191_1197696479959892539_n-1024x768.jpg\" title=\"07.05.2025 r. sz\u00f3stka wybranych uczni\u00f3w z naszej szko\u0142y wraz z opiekunem panem Paw\u0142em Syrkiewiczem mia\u0142a okazj\u0119 uczestniczy\u0107 w bardzo ciekawym spotkaniu z instruktorami-aktorami z Teatru Lalki \u201eT\u0119cza\u201d, kt\u00f3re odby\u0142o si\u0119 w Pomorskiej Bibliotece Pedagogicznej w S\u0142upsku.\">\n\t\t\t\t\t\t\t\t\t\t\t\t\t\t\t<img style=\"width:160px;height:120px; border-width: 10px; border-color:#F1F1F1;border: 10px solid #F1F1F1\" alt=\"\" title=\"07.05.2025 r. sz\u00f3stka wybranych uczni\u00f3w z naszej szko\u0142y wraz z opiekunem panem Paw\u0142em Syrkiewiczem mia\u0142a okazj\u0119 uczestniczy\u0107 w bardzo ciekawym spotkaniu z instruktorami-aktorami z Teatru Lalki \u201eT\u0119cza\u201d, kt\u00f3re odby\u0142o si\u0119 w Pomorskiej Bibliotece Pedagogicznej w S\u0142upsku.\" src=\"https:\/\/sp1slupsk.pl\/wp-content\/uploads\/2025\/05\/494969334_1164375498823191_1197696479959892539_n-160x120.jpg\" rel=\"https:\/\/sp1slupsk.pl\/wp-content\/uploads\/2025\/05\/494969334_1164375498823191_1197696479959892539_n.jpg\" \/>\n\t\t\t\t\t\t\t\t\t\t\t\t\t\t<\/a>\n\t\t\t\t\t\t\t\t\t\t\t\t\t\t\t\t\t\t\t\t\t\t\t\t\t<\/p>\n\t\t\t\t\t\t\t\t\t\t\t\t\t\t\t\t\t\t\t\t\t\t\t<\/div><!-- .gllr_image_block -->\n\t\t\t\t\t\t\t\t\t\t\t\t\t\t\t\t\t\t\t\t\t<\/div><!-- .gllr_image_row -->\n\t\t\t\t\t\t\t\t\t\t\t\t\t\t\t\t\t\t<\/div><!-- .gallery.clearfix -->\n\t\t\t\t\t\t\t\t\t\t\t\t\t<\/div><!-- .gallery_box_single -->\n\t\t\t\t\t\t<div class=\"gllr_clear\"><\/div>\n\t\t\t\t\t\t\t\t\t<script type=\"text\/javascript\">\n\t\t\t\t\t(function($) {\n\t\t\t\t\t\t$(document).ready( function() {\n\t\t\t\t\t\t\t$( \"a[rel=gallery_fancybox_88886]\" ).fancybox( {\n\t\t\t\t\t\t\t\t'transitionIn'\t\t:\t'elastic',\n\t\t\t\t\t\t\t\t'transitionOut'\t\t:\t'elastic',\n\t\t\t\t\t\t\t\t'titlePosition' \t:\t'inside',\n\t\t\t\t\t\t\t\t'speedIn'\t\t\t:\t500, \n\t\t\t\t\t\t\t\t'speedOut'\t\t\t:\t300,\n\t\t\t\t\t\t\t\t'titleFormat'\t\t:\tfunction( title, currentArray, currentIndex, currentOpts ) {\n\t\t\t\t\t\t\t\t\treturn '<div id=\"fancybox-title-inside\">' + ( title.length ? '<span id=\"bws_gallery_image_title\">' + title + '<\/span><br \/>' : '' ) + '<span id=\"bws_gallery_image_counter\">Image ' + ( currentIndex + 1 ) + ' \/ ' + currentArray.length + '<\/span><\/div>';\n\t\t\t\t\t\t\t\t}\t\t\t\t\t\t\t});\n\t\t\t\t\t\t});\n\t\t\t\t\t})(jQuery);\n\t\t\t\t<\/script>\n\t\t\t<\/p>\n\n\n\n<hr class=\"wp-block-separator\"\/>\n\n\n\n<p><strong>Rozstrzygni\u0119cie konkursu \u201eZ\u0142am g\u0142ow\u0119\u201d<\/strong><\/p>\n\n\n\n<p>Znamy ju\u017c zwyci\u0119zc\u0119 konkursu bibliotecznego \u201eZ\u0142am g\u0142ow\u0119\u201d. Polega\u0142 on na wypo\u017cyczeniu ksi\u0105\u017cki oraz odgadni\u0119ciu ile cukierk\u00f3w owocowych znajduje si\u0119 w dw\u00f3ch s\u0142oikach (nie odkr\u0119caj\u0105c nakr\u0119tek). Uczniowie prezentowali ciekawe metody: potrz\u0105sanie, obracanie oraz liczenie kolorami, pod r\u00f3\u017cnymi k\u0105tami, przy oknie, itp.  Nast\u0119pnie komisja z przedstawicielem uczni\u00f3w Markiem Radawcem z klasy 2a przeliczy\u0142a cukierki. Nikt nie trafi\u0142 konkretnie we w\u0142a\u015bciw\u0105 liczb\u0119 \u201e76\u201d, ale zwyci\u0119\u017cy\u0142a Tatiana Ziemienowicz z klasy 5a. Dzi\u0119ki swojemu numerowi \u201e74\u201d by\u0142a najbli\u017cej, udzieli\u0142a prawid\u0142owej odpowiedzi na dwa pytania dotycz\u0105ce tre\u015bci wypo\u017cyczonej ksi\u0105\u017cki i mog\u0142a zabra\u0107 nagrod\u0119 do domu. Dzi\u0119kujemy wszystkim uczestnikom i zapraszamy do korzystania ze zbior\u00f3w naszej biblioteki. Na pewno ka\u017cdy znajdzie ksi\u0105\u017ck\u0119 dla siebie, a pami\u0119tajmy \u017ce czytanie rozwija wyobra\u017ani\u0119 i poszerza horyzonty\u2026<br>\t\t\t\t\t\t<div class=\"gallery_box_single\">\n\t\t\t\t\t\t\t\t\t\t\t\t\t\t\t<div class=\"gallery clearfix\">\n\t\t\t\t\t\t\t\t\t\t\t\t\t\t\t\t\t\t\t\t<div class=\"gllr_image_row\">\n\t\t\t\t\t\t\t\t\t\t\t\t\t\t\t\t\t\t\t\t\t<div class=\"gllr_image_block\">\n\t\t\t\t\t\t\t\t\t\t\t\t<p style=\"width:180px;height:140px;\">\n\t\t\t\t\t\t\t\t\t\t\t\t\t\t\t\t\t\t\t\t\t\t\t\t\t\t\t<a rel=\"gallery_fancybox_88722\" href=\"https:\/\/sp1slupsk.pl\/wp-content\/uploads\/2025\/04\/487796936_705074941948225_554007972692946204_n-768x1024.jpg\" title=\"Znamy ju\u017c zwyci\u0119zc\u0119 konkursu bibliotecznego \u201eZ\u0142am g\u0142ow\u0119\u201d. Polega\u0142 on na wypo\u017cyczeniu ksi\u0105\u017cki oraz odgadni\u0119ciu ile cukierk\u00f3w owocowych znajduje si\u0119 w dw\u00f3ch s\u0142oikach (nie odkr\u0119caj\u0105c nakr\u0119tek).\">\n\t\t\t\t\t\t\t\t\t\t\t\t\t\t\t<img style=\"width:160px;height:120px; border-width: 10px; border-color:#F1F1F1;border: 10px solid #F1F1F1\" alt=\"\" title=\"Znamy ju\u017c zwyci\u0119zc\u0119 konkursu bibliotecznego \u201eZ\u0142am g\u0142ow\u0119\u201d. Polega\u0142 on na wypo\u017cyczeniu ksi\u0105\u017cki oraz odgadni\u0119ciu ile cukierk\u00f3w owocowych znajduje si\u0119 w dw\u00f3ch s\u0142oikach (nie odkr\u0119caj\u0105c nakr\u0119tek).\" src=\"https:\/\/sp1slupsk.pl\/wp-content\/uploads\/2025\/04\/487796936_705074941948225_554007972692946204_n-160x120.jpg\" rel=\"https:\/\/sp1slupsk.pl\/wp-content\/uploads\/2025\/04\/487796936_705074941948225_554007972692946204_n.jpg\" \/>\n\t\t\t\t\t\t\t\t\t\t\t\t\t\t<\/a>\n\t\t\t\t\t\t\t\t\t\t\t\t\t\t\t\t\t\t\t\t\t\t\t\t\t<\/p>\n\t\t\t\t\t\t\t\t\t\t\t\t\t\t\t\t\t\t\t\t\t\t\t<\/div><!-- .gllr_image_block -->\n\t\t\t\t\t\t\t\t\t\t\t\t\t\t\t\t\t\t\t\t\t<div class=\"gllr_image_block\">\n\t\t\t\t\t\t\t\t\t\t\t\t<p style=\"width:180px;height:140px;\">\n\t\t\t\t\t\t\t\t\t\t\t\t\t\t\t\t\t\t\t\t\t\t\t\t\t\t\t<a rel=\"gallery_fancybox_88722\" href=\"https:\/\/sp1slupsk.pl\/wp-content\/uploads\/2025\/04\/20250403_131947-1024x768.jpg\" title=\"Znamy ju\u017c zwyci\u0119zc\u0119 konkursu bibliotecznego \u201eZ\u0142am g\u0142ow\u0119\u201d. Polega\u0142 on na wypo\u017cyczeniu ksi\u0105\u017cki oraz odgadni\u0119ciu ile cukierk\u00f3w owocowych znajduje si\u0119 w dw\u00f3ch s\u0142oikach (nie odkr\u0119caj\u0105c nakr\u0119tek).\">\n\t\t\t\t\t\t\t\t\t\t\t\t\t\t\t<img style=\"width:160px;height:120px; border-width: 10px; border-color:#F1F1F1;border: 10px solid #F1F1F1\" alt=\"\" title=\"Znamy ju\u017c zwyci\u0119zc\u0119 konkursu bibliotecznego \u201eZ\u0142am g\u0142ow\u0119\u201d. Polega\u0142 on na wypo\u017cyczeniu ksi\u0105\u017cki oraz odgadni\u0119ciu ile cukierk\u00f3w owocowych znajduje si\u0119 w dw\u00f3ch s\u0142oikach (nie odkr\u0119caj\u0105c nakr\u0119tek).\" src=\"https:\/\/sp1slupsk.pl\/wp-content\/uploads\/2025\/04\/20250403_131947-160x120.jpg\" rel=\"https:\/\/sp1slupsk.pl\/wp-content\/uploads\/2025\/04\/20250403_131947-scaled.jpg\" \/>\n\t\t\t\t\t\t\t\t\t\t\t\t\t\t<\/a>\n\t\t\t\t\t\t\t\t\t\t\t\t\t\t\t\t\t\t\t\t\t\t\t\t\t<\/p>\n\t\t\t\t\t\t\t\t\t\t\t\t\t\t\t\t\t\t\t\t\t\t\t<\/div><!-- .gllr_image_block -->\n\t\t\t\t\t\t\t\t\t\t\t\t\t\t\t\t\t\t\t\t\t<div class=\"gllr_image_block\">\n\t\t\t\t\t\t\t\t\t\t\t\t<p style=\"width:180px;height:140px;\">\n\t\t\t\t\t\t\t\t\t\t\t\t\t\t\t\t\t\t\t\t\t\t\t\t\t\t\t<a rel=\"gallery_fancybox_88722\" href=\"https:\/\/sp1slupsk.pl\/wp-content\/uploads\/2025\/04\/20250404_085217-1024x768.jpg\" title=\"Znamy ju\u017c zwyci\u0119zc\u0119 konkursu bibliotecznego \u201eZ\u0142am g\u0142ow\u0119\u201d. Polega\u0142 on na wypo\u017cyczeniu ksi\u0105\u017cki oraz odgadni\u0119ciu ile cukierk\u00f3w owocowych znajduje si\u0119 w dw\u00f3ch s\u0142oikach (nie odkr\u0119caj\u0105c nakr\u0119tek).\">\n\t\t\t\t\t\t\t\t\t\t\t\t\t\t\t<img style=\"width:160px;height:120px; border-width: 10px; border-color:#F1F1F1;border: 10px solid #F1F1F1\" alt=\"\" title=\"Znamy ju\u017c zwyci\u0119zc\u0119 konkursu bibliotecznego \u201eZ\u0142am g\u0142ow\u0119\u201d. Polega\u0142 on na wypo\u017cyczeniu ksi\u0105\u017cki oraz odgadni\u0119ciu ile cukierk\u00f3w owocowych znajduje si\u0119 w dw\u00f3ch s\u0142oikach (nie odkr\u0119caj\u0105c nakr\u0119tek).\" src=\"https:\/\/sp1slupsk.pl\/wp-content\/uploads\/2025\/04\/20250404_085217-160x120.jpg\" rel=\"https:\/\/sp1slupsk.pl\/wp-content\/uploads\/2025\/04\/20250404_085217-scaled.jpg\" \/>\n\t\t\t\t\t\t\t\t\t\t\t\t\t\t<\/a>\n\t\t\t\t\t\t\t\t\t\t\t\t\t\t\t\t\t\t\t\t\t\t\t\t\t<\/p>\n\t\t\t\t\t\t\t\t\t\t\t\t\t\t\t\t\t\t\t\t\t\t\t<\/div><!-- .gllr_image_block -->\n\t\t\t\t\t\t\t\t\t\t\t\t\t\t\t\t\t\t\t\t\t<\/div><!-- .gllr_image_row -->\n\t\t\t\t\t\t\t\t\t\t\t\t\t\t\t\t\t\t\t\t\t<div class=\"gllr_image_row\">\n\t\t\t\t\t\t\t\t\t\t\t\t\t\t\t\t\t\t\t\t\t<div class=\"gllr_image_block\">\n\t\t\t\t\t\t\t\t\t\t\t\t<p style=\"width:180px;height:140px;\">\n\t\t\t\t\t\t\t\t\t\t\t\t\t\t\t\t\t\t\t\t\t\t\t\t\t\t\t<a rel=\"gallery_fancybox_88722\" href=\"https:\/\/sp1slupsk.pl\/wp-content\/uploads\/2025\/04\/20250402_115035-768x1024.jpg\" title=\"Znamy ju\u017c zwyci\u0119zc\u0119 konkursu bibliotecznego \u201eZ\u0142am g\u0142ow\u0119\u201d. Polega\u0142 on na wypo\u017cyczeniu ksi\u0105\u017cki oraz odgadni\u0119ciu ile cukierk\u00f3w owocowych znajduje si\u0119 w dw\u00f3ch s\u0142oikach (nie odkr\u0119caj\u0105c nakr\u0119tek).\">\n\t\t\t\t\t\t\t\t\t\t\t\t\t\t\t<img style=\"width:160px;height:120px; border-width: 10px; border-color:#F1F1F1;border: 10px solid #F1F1F1\" alt=\"\" title=\"Znamy ju\u017c zwyci\u0119zc\u0119 konkursu bibliotecznego \u201eZ\u0142am g\u0142ow\u0119\u201d. Polega\u0142 on na wypo\u017cyczeniu ksi\u0105\u017cki oraz odgadni\u0119ciu ile cukierk\u00f3w owocowych znajduje si\u0119 w dw\u00f3ch s\u0142oikach (nie odkr\u0119caj\u0105c nakr\u0119tek).\" src=\"https:\/\/sp1slupsk.pl\/wp-content\/uploads\/2025\/04\/20250402_115035-160x120.jpg\" rel=\"https:\/\/sp1slupsk.pl\/wp-content\/uploads\/2025\/04\/20250402_115035-scaled.jpg\" \/>\n\t\t\t\t\t\t\t\t\t\t\t\t\t\t<\/a>\n\t\t\t\t\t\t\t\t\t\t\t\t\t\t\t\t\t\t\t\t\t\t\t\t\t<\/p>\n\t\t\t\t\t\t\t\t\t\t\t\t\t\t\t\t\t\t\t\t\t\t\t<\/div><!-- .gllr_image_block -->\n\t\t\t\t\t\t\t\t\t\t\t\t\t\t\t\t\t\t\t\t\t<div class=\"gllr_image_block\">\n\t\t\t\t\t\t\t\t\t\t\t\t<p style=\"width:180px;height:140px;\">\n\t\t\t\t\t\t\t\t\t\t\t\t\t\t\t\t\t\t\t\t\t\t\t\t\t\t\t<a rel=\"gallery_fancybox_88722\" href=\"https:\/\/sp1slupsk.pl\/wp-content\/uploads\/2025\/04\/20250402_080412-1024x768.jpg\" title=\"Znamy ju\u017c zwyci\u0119zc\u0119 konkursu bibliotecznego \u201eZ\u0142am g\u0142ow\u0119\u201d. Polega\u0142 on na wypo\u017cyczeniu ksi\u0105\u017cki oraz odgadni\u0119ciu ile cukierk\u00f3w owocowych znajduje si\u0119 w dw\u00f3ch s\u0142oikach (nie odkr\u0119caj\u0105c nakr\u0119tek).\">\n\t\t\t\t\t\t\t\t\t\t\t\t\t\t\t<img style=\"width:160px;height:120px; border-width: 10px; border-color:#F1F1F1;border: 10px solid #F1F1F1\" alt=\"\" title=\"Znamy ju\u017c zwyci\u0119zc\u0119 konkursu bibliotecznego \u201eZ\u0142am g\u0142ow\u0119\u201d. Polega\u0142 on na wypo\u017cyczeniu ksi\u0105\u017cki oraz odgadni\u0119ciu ile cukierk\u00f3w owocowych znajduje si\u0119 w dw\u00f3ch s\u0142oikach (nie odkr\u0119caj\u0105c nakr\u0119tek).\" src=\"https:\/\/sp1slupsk.pl\/wp-content\/uploads\/2025\/04\/20250402_080412-160x120.jpg\" rel=\"https:\/\/sp1slupsk.pl\/wp-content\/uploads\/2025\/04\/20250402_080412-scaled.jpg\" \/>\n\t\t\t\t\t\t\t\t\t\t\t\t\t\t<\/a>\n\t\t\t\t\t\t\t\t\t\t\t\t\t\t\t\t\t\t\t\t\t\t\t\t\t<\/p>\n\t\t\t\t\t\t\t\t\t\t\t\t\t\t\t\t\t\t\t\t\t\t\t<\/div><!-- .gllr_image_block -->\n\t\t\t\t\t\t\t\t\t\t\t\t\t\t\t\t\t\t\t\t\t<div class=\"gllr_image_block\">\n\t\t\t\t\t\t\t\t\t\t\t\t<p style=\"width:180px;height:140px;\">\n\t\t\t\t\t\t\t\t\t\t\t\t\t\t\t\t\t\t\t\t\t\t\t\t\t\t\t<a rel=\"gallery_fancybox_88722\" href=\"https:\/\/sp1slupsk.pl\/wp-content\/uploads\/2025\/04\/20250402_114541-768x1024.jpg\" title=\"Znamy ju\u017c zwyci\u0119zc\u0119 konkursu bibliotecznego \u201eZ\u0142am g\u0142ow\u0119\u201d. Polega\u0142 on na wypo\u017cyczeniu ksi\u0105\u017cki oraz odgadni\u0119ciu ile cukierk\u00f3w owocowych znajduje si\u0119 w dw\u00f3ch s\u0142oikach (nie odkr\u0119caj\u0105c nakr\u0119tek).\">\n\t\t\t\t\t\t\t\t\t\t\t\t\t\t\t<img style=\"width:160px;height:120px; border-width: 10px; border-color:#F1F1F1;border: 10px solid #F1F1F1\" alt=\"\" title=\"Znamy ju\u017c zwyci\u0119zc\u0119 konkursu bibliotecznego \u201eZ\u0142am g\u0142ow\u0119\u201d. Polega\u0142 on na wypo\u017cyczeniu ksi\u0105\u017cki oraz odgadni\u0119ciu ile cukierk\u00f3w owocowych znajduje si\u0119 w dw\u00f3ch s\u0142oikach (nie odkr\u0119caj\u0105c nakr\u0119tek).\" src=\"https:\/\/sp1slupsk.pl\/wp-content\/uploads\/2025\/04\/20250402_114541-160x120.jpg\" rel=\"https:\/\/sp1slupsk.pl\/wp-content\/uploads\/2025\/04\/20250402_114541-scaled.jpg\" \/>\n\t\t\t\t\t\t\t\t\t\t\t\t\t\t<\/a>\n\t\t\t\t\t\t\t\t\t\t\t\t\t\t\t\t\t\t\t\t\t\t\t\t\t<\/p>\n\t\t\t\t\t\t\t\t\t\t\t\t\t\t\t\t\t\t\t\t\t\t\t<\/div><!-- .gllr_image_block -->\n\t\t\t\t\t\t\t\t\t\t\t\t\t\t\t\t\t\t\t\t\t<\/div><!-- .gllr_image_row -->\n\t\t\t\t\t\t\t\t\t\t\t\t\t\t\t\t\t\t\t\t\t<div class=\"gllr_image_row\">\n\t\t\t\t\t\t\t\t\t\t\t\t\t\t\t\t\t\t\t\t\t<div class=\"gllr_image_block\">\n\t\t\t\t\t\t\t\t\t\t\t\t<p style=\"width:180px;height:140px;\">\n\t\t\t\t\t\t\t\t\t\t\t\t\t\t\t\t\t\t\t\t\t\t\t\t\t\t\t<a rel=\"gallery_fancybox_88722\" href=\"https:\/\/sp1slupsk.pl\/wp-content\/uploads\/2025\/04\/20250402_115429-1024x768.jpg\" title=\"Znamy ju\u017c zwyci\u0119zc\u0119 konkursu bibliotecznego \u201eZ\u0142am g\u0142ow\u0119\u201d. Polega\u0142 on na wypo\u017cyczeniu ksi\u0105\u017cki oraz odgadni\u0119ciu ile cukierk\u00f3w owocowych znajduje si\u0119 w dw\u00f3ch s\u0142oikach (nie odkr\u0119caj\u0105c nakr\u0119tek).\">\n\t\t\t\t\t\t\t\t\t\t\t\t\t\t\t<img style=\"width:160px;height:120px; border-width: 10px; border-color:#F1F1F1;border: 10px solid #F1F1F1\" alt=\"\" title=\"Znamy ju\u017c zwyci\u0119zc\u0119 konkursu bibliotecznego \u201eZ\u0142am g\u0142ow\u0119\u201d. Polega\u0142 on na wypo\u017cyczeniu ksi\u0105\u017cki oraz odgadni\u0119ciu ile cukierk\u00f3w owocowych znajduje si\u0119 w dw\u00f3ch s\u0142oikach (nie odkr\u0119caj\u0105c nakr\u0119tek).\" src=\"https:\/\/sp1slupsk.pl\/wp-content\/uploads\/2025\/04\/20250402_115429-160x120.jpg\" rel=\"https:\/\/sp1slupsk.pl\/wp-content\/uploads\/2025\/04\/20250402_115429-scaled.jpg\" \/>\n\t\t\t\t\t\t\t\t\t\t\t\t\t\t<\/a>\n\t\t\t\t\t\t\t\t\t\t\t\t\t\t\t\t\t\t\t\t\t\t\t\t\t<\/p>\n\t\t\t\t\t\t\t\t\t\t\t\t\t\t\t\t\t\t\t\t\t\t\t<\/div><!-- .gllr_image_block -->\n\t\t\t\t\t\t\t\t\t\t\t\t\t\t\t\t\t\t\t\t\t<div class=\"gllr_image_block\">\n\t\t\t\t\t\t\t\t\t\t\t\t<p style=\"width:180px;height:140px;\">\n\t\t\t\t\t\t\t\t\t\t\t\t\t\t\t\t\t\t\t\t\t\t\t\t\t\t\t<a rel=\"gallery_fancybox_88722\" href=\"https:\/\/sp1slupsk.pl\/wp-content\/uploads\/2025\/04\/20250402_114339-1024x768.jpg\" title=\"Znamy ju\u017c zwyci\u0119zc\u0119 konkursu bibliotecznego \u201eZ\u0142am g\u0142ow\u0119\u201d. Polega\u0142 on na wypo\u017cyczeniu ksi\u0105\u017cki oraz odgadni\u0119ciu ile cukierk\u00f3w owocowych znajduje si\u0119 w dw\u00f3ch s\u0142oikach (nie odkr\u0119caj\u0105c nakr\u0119tek).\">\n\t\t\t\t\t\t\t\t\t\t\t\t\t\t\t<img style=\"width:160px;height:120px; border-width: 10px; border-color:#F1F1F1;border: 10px solid #F1F1F1\" alt=\"\" title=\"Znamy ju\u017c zwyci\u0119zc\u0119 konkursu bibliotecznego \u201eZ\u0142am g\u0142ow\u0119\u201d. Polega\u0142 on na wypo\u017cyczeniu ksi\u0105\u017cki oraz odgadni\u0119ciu ile cukierk\u00f3w owocowych znajduje si\u0119 w dw\u00f3ch s\u0142oikach (nie odkr\u0119caj\u0105c nakr\u0119tek).\" src=\"https:\/\/sp1slupsk.pl\/wp-content\/uploads\/2025\/04\/20250402_114339-160x120.jpg\" rel=\"https:\/\/sp1slupsk.pl\/wp-content\/uploads\/2025\/04\/20250402_114339-scaled.jpg\" \/>\n\t\t\t\t\t\t\t\t\t\t\t\t\t\t<\/a>\n\t\t\t\t\t\t\t\t\t\t\t\t\t\t\t\t\t\t\t\t\t\t\t\t\t<\/p>\n\t\t\t\t\t\t\t\t\t\t\t\t\t\t\t\t\t\t\t\t\t\t\t<\/div><!-- .gllr_image_block -->\n\t\t\t\t\t\t\t\t\t\t\t\t\t\t\t\t\t\t\t\t\t<div class=\"gllr_image_block\">\n\t\t\t\t\t\t\t\t\t\t\t\t<p style=\"width:180px;height:140px;\">\n\t\t\t\t\t\t\t\t\t\t\t\t\t\t\t\t\t\t\t\t\t\t\t\t\t\t\t<a rel=\"gallery_fancybox_88722\" href=\"https:\/\/sp1slupsk.pl\/wp-content\/uploads\/2025\/04\/20250402_124301-768x1024.jpg\" title=\"Znamy ju\u017c zwyci\u0119zc\u0119 konkursu bibliotecznego \u201eZ\u0142am g\u0142ow\u0119\u201d. Polega\u0142 on na wypo\u017cyczeniu ksi\u0105\u017cki oraz odgadni\u0119ciu ile cukierk\u00f3w owocowych znajduje si\u0119 w dw\u00f3ch s\u0142oikach (nie odkr\u0119caj\u0105c nakr\u0119tek).\">\n\t\t\t\t\t\t\t\t\t\t\t\t\t\t\t<img style=\"width:160px;height:120px; border-width: 10px; border-color:#F1F1F1;border: 10px solid #F1F1F1\" alt=\"\" title=\"Znamy ju\u017c zwyci\u0119zc\u0119 konkursu bibliotecznego \u201eZ\u0142am g\u0142ow\u0119\u201d. Polega\u0142 on na wypo\u017cyczeniu ksi\u0105\u017cki oraz odgadni\u0119ciu ile cukierk\u00f3w owocowych znajduje si\u0119 w dw\u00f3ch s\u0142oikach (nie odkr\u0119caj\u0105c nakr\u0119tek).\" src=\"https:\/\/sp1slupsk.pl\/wp-content\/uploads\/2025\/04\/20250402_124301-160x120.jpg\" rel=\"https:\/\/sp1slupsk.pl\/wp-content\/uploads\/2025\/04\/20250402_124301-scaled.jpg\" \/>\n\t\t\t\t\t\t\t\t\t\t\t\t\t\t<\/a>\n\t\t\t\t\t\t\t\t\t\t\t\t\t\t\t\t\t\t\t\t\t\t\t\t\t<\/p>\n\t\t\t\t\t\t\t\t\t\t\t\t\t\t\t\t\t\t\t\t\t\t\t<\/div><!-- .gllr_image_block -->\n\t\t\t\t\t\t\t\t\t\t\t\t\t\t\t\t\t\t\t\t\t<\/div><!-- .gllr_image_row -->\n\t\t\t\t\t\t\t\t\t\t\t\t\t\t\t\t\t\t<\/div><!-- .gallery.clearfix -->\n\t\t\t\t\t\t\t\t\t\t\t\t\t<\/div><!-- .gallery_box_single -->\n\t\t\t\t\t\t<div class=\"gllr_clear\"><\/div>\n\t\t\t\t\t\t\t\t\t<script type=\"text\/javascript\">\n\t\t\t\t\t(function($) {\n\t\t\t\t\t\t$(document).ready( function() {\n\t\t\t\t\t\t\t$( \"a[rel=gallery_fancybox_88722]\" ).fancybox( {\n\t\t\t\t\t\t\t\t'transitionIn'\t\t:\t'elastic',\n\t\t\t\t\t\t\t\t'transitionOut'\t\t:\t'elastic',\n\t\t\t\t\t\t\t\t'titlePosition' \t:\t'inside',\n\t\t\t\t\t\t\t\t'speedIn'\t\t\t:\t500, \n\t\t\t\t\t\t\t\t'speedOut'\t\t\t:\t300,\n\t\t\t\t\t\t\t\t'titleFormat'\t\t:\tfunction( title, currentArray, currentIndex, currentOpts ) {\n\t\t\t\t\t\t\t\t\treturn '<div id=\"fancybox-title-inside\">' + ( title.length ? '<span id=\"bws_gallery_image_title\">' + title + '<\/span><br \/>' : '' ) + '<span id=\"bws_gallery_image_counter\">Image ' + ( currentIndex + 1 ) + ' \/ ' + currentArray.length + '<\/span><\/div>';\n\t\t\t\t\t\t\t\t}\t\t\t\t\t\t\t});\n\t\t\t\t\t\t});\n\t\t\t\t\t})(jQuery);\n\t\t\t\t<\/script>\n\t\t\t<\/p>\n\n\n\n<hr class=\"wp-block-separator\"\/>\n\n\n\n<p><strong>III edycja Ligi Szachowej \u201eJedynki\u201d zako\u0144czona!<\/strong><\/p>\n\n\n\n<p>Po trzech miesi\u0105cach intensywnej rywalizacji szachowej, poznali\u015bmy najlepszych szachist\u00f3w naszej szko\u0142y w roku szkolnym 2024\/2025. Grali\u015bmy typowym systemem ligowym \u2013 \u201eka\u017cdy z ka\u017cdym\u201d , runda zasadnicza + rewan\u017cowa. Po raz pierwszy w naszej szkole mamy mistrzyni\u0119! Zosta\u0142a ni\u0105 Karina Szczepa\u0144ska z klasy 7b. Sk\u0142ad naszej reprezentacji uzupe\u0142nili: Franciszek Jab\u0142o\u0144ski (6a), Piotr \u017burowski (6a), Kacper Rubinowicz (8b), Yegor Samygin (8b) i Marcel Sta\u0144czyk (4a). Nagrody \u2013 dyplomy, karty podarunkowe do sklepu \u201eEmpik\u201d ufundowane przez Rad\u0119 Rodzic\u00f3w oraz ksi\u0105\u017cki, podczas kr\u00f3tkiej uroczysto\u015bci wr\u0119czy\u0142a pani dyrektor Ewa Chochu\u0142.<\/p>\n\n\n\n<p>Dodatkowo pami\u0105tkowe dyplomy otrzymali uczniowie, kt\u00f3rzy znale\u017ali si\u0119 tu\u017c poza reprezentacj\u0105 szkoln\u0105, ale bardzo anga\u017cowali si\u0119 w rozgrywkach do samego ko\u0144ca: Andrii Kramarov (4b), Natasza i Tatiana Ziemienowicz (5a), Daria Stepukh (6a) i Filip \u017bmuda (7b). Podzi\u0119kowania natomiast nale\u017c\u0105 si\u0119 wszystkim uczestnikom tegorocznej edycji ligi szachowej \u201eJedynki\u201d \u2013 za wspania\u0142\u0105 walk\u0119 w duchu fair play i integracji, samodzielno\u015b\u0107 podczas wyszukiwania swoich przeciwnik\u00f3w na przerwach, uczynienie z biblioteki profesjonalnej areny rozgrywek \u201ekr\u00f3lewskiej\u201d gry.<\/p>\n\n\n\n<p>Zapraszamy wszystkich ch\u0119tnych na bezp\u0142atne zaj\u0119cia szachowe, kt\u00f3re odbywaj\u0105 si\u0119 w bibliotece szkolnej. Ostatnio zosta\u0142a ona wyposa\u017cona w dwa ciekawe zestawy \u201eSzachy dla czterech graczy\u201d, kt\u00f3re ciesz\u0105 si\u0119 du\u017c\u0105 popularno\u015bci\u0105 zw\u0142aszcza w\u015br\u00f3d uczni\u00f3w klas 1-3. Dla naszych najm\u0142odszych szachist\u00f3w planujemy oddzielny turniej w okresie maj \u2013 czerwiec 2025.<br>\t\t\t\t\t\t<div class=\"gallery_box_single\">\n\t\t\t\t\t\t\t\t\t\t\t\t\t\t\t<div class=\"gallery clearfix\">\n\t\t\t\t\t\t\t\t\t\t\t\t\t\t\t\t\t\t\t\t<div class=\"gllr_image_row\">\n\t\t\t\t\t\t\t\t\t\t\t\t\t\t\t\t\t\t\t\t\t<div class=\"gllr_image_block\">\n\t\t\t\t\t\t\t\t\t\t\t\t<p style=\"width:180px;height:140px;\">\n\t\t\t\t\t\t\t\t\t\t\t\t\t\t\t\t\t\t\t\t\t\t\t\t\t\t\t<a rel=\"gallery_fancybox_88641\" href=\"https:\/\/sp1slupsk.pl\/wp-content\/uploads\/2025\/04\/thumbnail_20250409_120146-1024x768.jpg\" title=\"Po trzech miesi\u0105cach intensywnej rywalizacji szachowej, poznali\u015bmy najlepszych szachist\u00f3w naszej szko\u0142y w roku szkolnym 2024\/2025.\">\n\t\t\t\t\t\t\t\t\t\t\t\t\t\t\t<img style=\"width:160px;height:120px; border-width: 10px; border-color:#F1F1F1;border: 10px solid #F1F1F1\" alt=\"\" title=\"Po trzech miesi\u0105cach intensywnej rywalizacji szachowej, poznali\u015bmy najlepszych szachist\u00f3w naszej szko\u0142y w roku szkolnym 2024\/2025.\" src=\"https:\/\/sp1slupsk.pl\/wp-content\/uploads\/2025\/04\/thumbnail_20250409_120146-160x120.jpg\" rel=\"https:\/\/sp1slupsk.pl\/wp-content\/uploads\/2025\/04\/thumbnail_20250409_120146.jpg\" \/>\n\t\t\t\t\t\t\t\t\t\t\t\t\t\t<\/a>\n\t\t\t\t\t\t\t\t\t\t\t\t\t\t\t\t\t\t\t\t\t\t\t\t\t<\/p>\n\t\t\t\t\t\t\t\t\t\t\t\t\t\t\t\t\t\t\t\t\t\t\t<\/div><!-- .gllr_image_block -->\n\t\t\t\t\t\t\t\t\t\t\t\t\t\t\t\t\t\t\t\t\t<div class=\"gllr_image_block\">\n\t\t\t\t\t\t\t\t\t\t\t\t<p style=\"width:180px;height:140px;\">\n\t\t\t\t\t\t\t\t\t\t\t\t\t\t\t\t\t\t\t\t\t\t\t\t\t\t\t<a rel=\"gallery_fancybox_88641\" href=\"https:\/\/sp1slupsk.pl\/wp-content\/uploads\/2025\/04\/thumbnail_20250409_115910-1024x768.jpg\" title=\"Po trzech miesi\u0105cach intensywnej rywalizacji szachowej, poznali\u015bmy najlepszych szachist\u00f3w naszej szko\u0142y w roku szkolnym 2024\/2025.\">\n\t\t\t\t\t\t\t\t\t\t\t\t\t\t\t<img style=\"width:160px;height:120px; border-width: 10px; border-color:#F1F1F1;border: 10px solid #F1F1F1\" alt=\"\" title=\"Po trzech miesi\u0105cach intensywnej rywalizacji szachowej, poznali\u015bmy najlepszych szachist\u00f3w naszej szko\u0142y w roku szkolnym 2024\/2025.\" src=\"https:\/\/sp1slupsk.pl\/wp-content\/uploads\/2025\/04\/thumbnail_20250409_115910-160x120.jpg\" rel=\"https:\/\/sp1slupsk.pl\/wp-content\/uploads\/2025\/04\/thumbnail_20250409_115910.jpg\" \/>\n\t\t\t\t\t\t\t\t\t\t\t\t\t\t<\/a>\n\t\t\t\t\t\t\t\t\t\t\t\t\t\t\t\t\t\t\t\t\t\t\t\t\t<\/p>\n\t\t\t\t\t\t\t\t\t\t\t\t\t\t\t\t\t\t\t\t\t\t\t<\/div><!-- .gllr_image_block -->\n\t\t\t\t\t\t\t\t\t\t\t\t\t\t\t\t\t\t\t\t\t<div class=\"gllr_image_block\">\n\t\t\t\t\t\t\t\t\t\t\t\t<p style=\"width:180px;height:140px;\">\n\t\t\t\t\t\t\t\t\t\t\t\t\t\t\t\t\t\t\t\t\t\t\t\t\t\t\t<a rel=\"gallery_fancybox_88641\" href=\"https:\/\/sp1slupsk.pl\/wp-content\/uploads\/2025\/04\/thumbnail_20250409_115710-1024x768.jpg\" title=\"Po trzech miesi\u0105cach intensywnej rywalizacji szachowej, poznali\u015bmy najlepszych szachist\u00f3w naszej szko\u0142y w roku szkolnym 2024\/2025.\">\n\t\t\t\t\t\t\t\t\t\t\t\t\t\t\t<img style=\"width:160px;height:120px; border-width: 10px; border-color:#F1F1F1;border: 10px solid #F1F1F1\" alt=\"\" title=\"Po trzech miesi\u0105cach intensywnej rywalizacji szachowej, poznali\u015bmy najlepszych szachist\u00f3w naszej szko\u0142y w roku szkolnym 2024\/2025.\" src=\"https:\/\/sp1slupsk.pl\/wp-content\/uploads\/2025\/04\/thumbnail_20250409_115710-160x120.jpg\" rel=\"https:\/\/sp1slupsk.pl\/wp-content\/uploads\/2025\/04\/thumbnail_20250409_115710.jpg\" \/>\n\t\t\t\t\t\t\t\t\t\t\t\t\t\t<\/a>\n\t\t\t\t\t\t\t\t\t\t\t\t\t\t\t\t\t\t\t\t\t\t\t\t\t<\/p>\n\t\t\t\t\t\t\t\t\t\t\t\t\t\t\t\t\t\t\t\t\t\t\t<\/div><!-- .gllr_image_block -->\n\t\t\t\t\t\t\t\t\t\t\t\t\t\t\t\t\t\t\t\t\t<\/div><!-- .gllr_image_row -->\n\t\t\t\t\t\t\t\t\t\t\t\t\t\t\t\t\t\t\t\t\t<div class=\"gllr_image_row\">\n\t\t\t\t\t\t\t\t\t\t\t\t\t\t\t\t\t\t\t\t\t<div class=\"gllr_image_block\">\n\t\t\t\t\t\t\t\t\t\t\t\t<p style=\"width:180px;height:140px;\">\n\t\t\t\t\t\t\t\t\t\t\t\t\t\t\t\t\t\t\t\t\t\t\t\t\t\t\t<a rel=\"gallery_fancybox_88641\" href=\"https:\/\/sp1slupsk.pl\/wp-content\/uploads\/2025\/04\/thumbnail_20250212_131105-1024x768.jpg\" title=\"Po trzech miesi\u0105cach intensywnej rywalizacji szachowej, poznali\u015bmy najlepszych szachist\u00f3w naszej szko\u0142y w roku szkolnym 2024\/2025.\">\n\t\t\t\t\t\t\t\t\t\t\t\t\t\t\t<img style=\"width:160px;height:120px; border-width: 10px; border-color:#F1F1F1;border: 10px solid #F1F1F1\" alt=\"\" title=\"Po trzech miesi\u0105cach intensywnej rywalizacji szachowej, poznali\u015bmy najlepszych szachist\u00f3w naszej szko\u0142y w roku szkolnym 2024\/2025.\" src=\"https:\/\/sp1slupsk.pl\/wp-content\/uploads\/2025\/04\/thumbnail_20250212_131105-160x120.jpg\" rel=\"https:\/\/sp1slupsk.pl\/wp-content\/uploads\/2025\/04\/thumbnail_20250212_131105.jpg\" \/>\n\t\t\t\t\t\t\t\t\t\t\t\t\t\t<\/a>\n\t\t\t\t\t\t\t\t\t\t\t\t\t\t\t\t\t\t\t\t\t\t\t\t\t<\/p>\n\t\t\t\t\t\t\t\t\t\t\t\t\t\t\t\t\t\t\t\t\t\t\t<\/div><!-- .gllr_image_block -->\n\t\t\t\t\t\t\t\t\t\t\t\t\t\t\t\t\t\t\t\t\t<div class=\"gllr_image_block\">\n\t\t\t\t\t\t\t\t\t\t\t\t<p style=\"width:180px;height:140px;\">\n\t\t\t\t\t\t\t\t\t\t\t\t\t\t\t\t\t\t\t\t\t\t\t\t\t\t\t<a rel=\"gallery_fancybox_88641\" href=\"https:\/\/sp1slupsk.pl\/wp-content\/uploads\/2025\/04\/thumbnail_20250312_135442-768x1024.jpg\" title=\"Po trzech miesi\u0105cach intensywnej rywalizacji szachowej, poznali\u015bmy najlepszych szachist\u00f3w naszej szko\u0142y w roku szkolnym 2024\/2025.\">\n\t\t\t\t\t\t\t\t\t\t\t\t\t\t\t<img style=\"width:160px;height:120px; border-width: 10px; border-color:#F1F1F1;border: 10px solid #F1F1F1\" alt=\"\" title=\"Po trzech miesi\u0105cach intensywnej rywalizacji szachowej, poznali\u015bmy najlepszych szachist\u00f3w naszej szko\u0142y w roku szkolnym 2024\/2025.\" src=\"https:\/\/sp1slupsk.pl\/wp-content\/uploads\/2025\/04\/thumbnail_20250312_135442-160x120.jpg\" rel=\"https:\/\/sp1slupsk.pl\/wp-content\/uploads\/2025\/04\/thumbnail_20250312_135442.jpg\" \/>\n\t\t\t\t\t\t\t\t\t\t\t\t\t\t<\/a>\n\t\t\t\t\t\t\t\t\t\t\t\t\t\t\t\t\t\t\t\t\t\t\t\t\t<\/p>\n\t\t\t\t\t\t\t\t\t\t\t\t\t\t\t\t\t\t\t\t\t\t\t<\/div><!-- .gllr_image_block -->\n\t\t\t\t\t\t\t\t\t\t\t\t\t\t\t\t\t\t\t\t\t<div class=\"gllr_image_block\">\n\t\t\t\t\t\t\t\t\t\t\t\t<p style=\"width:180px;height:140px;\">\n\t\t\t\t\t\t\t\t\t\t\t\t\t\t\t\t\t\t\t\t\t\t\t\t\t\t\t<a rel=\"gallery_fancybox_88641\" href=\"https:\/\/sp1slupsk.pl\/wp-content\/uploads\/2025\/04\/475637371_1320865102495457_2655180306756299809_n-1024x768.jpg\" title=\"Po trzech miesi\u0105cach intensywnej rywalizacji szachowej, poznali\u015bmy najlepszych szachist\u00f3w naszej szko\u0142y w roku szkolnym 2024\/2025.\">\n\t\t\t\t\t\t\t\t\t\t\t\t\t\t\t<img style=\"width:160px;height:120px; border-width: 10px; border-color:#F1F1F1;border: 10px solid #F1F1F1\" alt=\"\" title=\"Po trzech miesi\u0105cach intensywnej rywalizacji szachowej, poznali\u015bmy najlepszych szachist\u00f3w naszej szko\u0142y w roku szkolnym 2024\/2025.\" src=\"https:\/\/sp1slupsk.pl\/wp-content\/uploads\/2025\/04\/475637371_1320865102495457_2655180306756299809_n-160x120.jpg\" rel=\"https:\/\/sp1slupsk.pl\/wp-content\/uploads\/2025\/04\/475637371_1320865102495457_2655180306756299809_n.jpg\" \/>\n\t\t\t\t\t\t\t\t\t\t\t\t\t\t<\/a>\n\t\t\t\t\t\t\t\t\t\t\t\t\t\t\t\t\t\t\t\t\t\t\t\t\t<\/p>\n\t\t\t\t\t\t\t\t\t\t\t\t\t\t\t\t\t\t\t\t\t\t\t<\/div><!-- .gllr_image_block -->\n\t\t\t\t\t\t\t\t\t\t\t\t\t\t\t\t\t\t\t\t\t<\/div><!-- .gllr_image_row -->\n\t\t\t\t\t\t\t\t\t\t\t\t\t\t\t\t\t\t\t\t\t<div class=\"gllr_image_row\">\n\t\t\t\t\t\t\t\t\t\t\t\t\t\t\t\t\t\t\t\t\t<div class=\"gllr_image_block\">\n\t\t\t\t\t\t\t\t\t\t\t\t<p style=\"width:180px;height:140px;\">\n\t\t\t\t\t\t\t\t\t\t\t\t\t\t\t\t\t\t\t\t\t\t\t\t\t\t\t<a rel=\"gallery_fancybox_88641\" href=\"https:\/\/sp1slupsk.pl\/wp-content\/uploads\/2025\/04\/474015292_647827624432032_2907324205766461818_n-1024x768.jpg\" title=\"Po trzech miesi\u0105cach intensywnej rywalizacji szachowej, poznali\u015bmy najlepszych szachist\u00f3w naszej szko\u0142y w roku szkolnym 2024\/2025.\">\n\t\t\t\t\t\t\t\t\t\t\t\t\t\t\t<img style=\"width:160px;height:120px; border-width: 10px; border-color:#F1F1F1;border: 10px solid #F1F1F1\" alt=\"\" title=\"Po trzech miesi\u0105cach intensywnej rywalizacji szachowej, poznali\u015bmy najlepszych szachist\u00f3w naszej szko\u0142y w roku szkolnym 2024\/2025.\" src=\"https:\/\/sp1slupsk.pl\/wp-content\/uploads\/2025\/04\/474015292_647827624432032_2907324205766461818_n-160x120.jpg\" rel=\"https:\/\/sp1slupsk.pl\/wp-content\/uploads\/2025\/04\/474015292_647827624432032_2907324205766461818_n.jpg\" \/>\n\t\t\t\t\t\t\t\t\t\t\t\t\t\t<\/a>\n\t\t\t\t\t\t\t\t\t\t\t\t\t\t\t\t\t\t\t\t\t\t\t\t\t<\/p>\n\t\t\t\t\t\t\t\t\t\t\t\t\t\t\t\t\t\t\t\t\t\t\t<\/div><!-- .gllr_image_block -->\n\t\t\t\t\t\t\t\t\t\t\t\t\t\t\t\t\t\t\t\t\t<div class=\"gllr_image_block\">\n\t\t\t\t\t\t\t\t\t\t\t\t<p style=\"width:180px;height:140px;\">\n\t\t\t\t\t\t\t\t\t\t\t\t\t\t\t\t\t\t\t\t\t\t\t\t\t\t\t<a rel=\"gallery_fancybox_88641\" href=\"https:\/\/sp1slupsk.pl\/wp-content\/uploads\/2025\/04\/473419061_1734854593738345_7804323743591949631_n-1024x768.jpg\" title=\"Po trzech miesi\u0105cach intensywnej rywalizacji szachowej, poznali\u015bmy najlepszych szachist\u00f3w naszej szko\u0142y w roku szkolnym 2024\/2025.\">\n\t\t\t\t\t\t\t\t\t\t\t\t\t\t\t<img style=\"width:160px;height:120px; border-width: 10px; border-color:#F1F1F1;border: 10px solid #F1F1F1\" alt=\"\" title=\"Po trzech miesi\u0105cach intensywnej rywalizacji szachowej, poznali\u015bmy najlepszych szachist\u00f3w naszej szko\u0142y w roku szkolnym 2024\/2025.\" src=\"https:\/\/sp1slupsk.pl\/wp-content\/uploads\/2025\/04\/473419061_1734854593738345_7804323743591949631_n-160x120.jpg\" rel=\"https:\/\/sp1slupsk.pl\/wp-content\/uploads\/2025\/04\/473419061_1734854593738345_7804323743591949631_n.jpg\" \/>\n\t\t\t\t\t\t\t\t\t\t\t\t\t\t<\/a>\n\t\t\t\t\t\t\t\t\t\t\t\t\t\t\t\t\t\t\t\t\t\t\t\t\t<\/p>\n\t\t\t\t\t\t\t\t\t\t\t\t\t\t\t\t\t\t\t\t\t\t\t<\/div><!-- .gllr_image_block -->\n\t\t\t\t\t\t\t\t\t\t\t\t\t\t\t\t\t\t\t\t<\/div><!-- .gllr_image_row -->\n\t\t\t\t\t\t\t\t\t\t\t\t\t\t\t\t\t<\/div><!-- .gallery.clearfix -->\n\t\t\t\t\t\t\t\t\t\t\t\t\t<\/div><!-- .gallery_box_single -->\n\t\t\t\t\t\t<div class=\"gllr_clear\"><\/div>\n\t\t\t\t\t\t\t\t\t<script type=\"text\/javascript\">\n\t\t\t\t\t(function($) {\n\t\t\t\t\t\t$(document).ready( function() {\n\t\t\t\t\t\t\t$( \"a[rel=gallery_fancybox_88641]\" ).fancybox( {\n\t\t\t\t\t\t\t\t'transitionIn'\t\t:\t'elastic',\n\t\t\t\t\t\t\t\t'transitionOut'\t\t:\t'elastic',\n\t\t\t\t\t\t\t\t'titlePosition' \t:\t'inside',\n\t\t\t\t\t\t\t\t'speedIn'\t\t\t:\t500, \n\t\t\t\t\t\t\t\t'speedOut'\t\t\t:\t300,\n\t\t\t\t\t\t\t\t'titleFormat'\t\t:\tfunction( title, currentArray, currentIndex, currentOpts ) {\n\t\t\t\t\t\t\t\t\treturn '<div id=\"fancybox-title-inside\">' + ( title.length ? '<span id=\"bws_gallery_image_title\">' + title + '<\/span><br \/>' : '' ) + '<span id=\"bws_gallery_image_counter\">Image ' + ( currentIndex + 1 ) + ' \/ ' + currentArray.length + '<\/span><\/div>';\n\t\t\t\t\t\t\t\t}\t\t\t\t\t\t\t});\n\t\t\t\t\t\t});\n\t\t\t\t\t})(jQuery);\n\t\t\t\t<\/script>\n\t\t\t<\/p>\n\n\n\n<hr class=\"wp-block-separator\"\/>\n\n\n\n<p class=\"has-text-align-center\"><strong>Pasowanie na czytelnik\u00f3w w roku szkolnym 2024\/25<\/strong><\/p>\n\n\n\n<p>05.03.2025 r. to wyczekiwany dzie\u0144 przez pierwszoklasist\u00f3w. W tym dniu najm\u0142odsi uczniowie zostali uroczy\u015bcie pasowanie na czytelnik\u00f3w naszej szko\u0142y. Na pocz\u0105tku spotkania wys\u0142uchali ciekawej, pouczaj\u0105cej bajki i odpowiadali na pytania dotycz\u0105ce opowie\u015bci. Nast\u0119pnie dzieci dowiedzia\u0142y si\u0119 co ciekawego mo\u017cna robi\u0107 w bibliotece opr\u00f3cz wypo\u017cyczania ksi\u0105\u017cek i pozna\u0142y tajemnicze miejsca gdzie znajduj\u0105 si\u0119 ich ulubieni bohaterowie. Wreszcie nasta\u0142 moment uroczystego pasowania najgrubsz\u0105 ksi\u0119g\u0105 z naszej biblioteki i rozdanie prezent\u00f3w. W tym roku pierwszoklasi\u015bci otrzymali ciekaw\u0105 opowie\u015b\u0107 o wnuczce antykwariusza oraz zak\u0142adki.<br>Ostatnim punktem naszego spotkania by\u0142y samodzielne wybory pozycji z p\u00f3\u0142ek i wypo\u017cyczenia. Zdecydowanie mo\u017cna zauwa\u017cy\u0107, \u017ce najwi\u0119kszym zainteresowaniem w\u015br\u00f3d pierwszoklasist\u00f3w ciesz\u0105 si\u0119 bohaterowie znani im z telewizor\u00f3w (np. smerfy), ale tak\u017ce komiksy i opowiadania o zwierz\u0119tach. <br>\t\t\t\t\t\t<div class=\"gallery_box_single\">\n\t\t\t\t\t\t\t\t\t\t\t\t\t\t\t<div class=\"gallery clearfix\">\n\t\t\t\t\t\t\t\t\t\t\t\t\t\t\t\t\t\t\t\t<div class=\"gllr_image_row\">\n\t\t\t\t\t\t\t\t\t\t\t\t\t\t\t\t\t\t\t\t\t<div class=\"gllr_image_block\">\n\t\t\t\t\t\t\t\t\t\t\t\t<p style=\"width:180px;height:140px;\">\n\t\t\t\t\t\t\t\t\t\t\t\t\t\t\t\t\t\t\t\t\t\t\t\t\t\t\t<a rel=\"gallery_fancybox_88410\" href=\"https:\/\/sp1slupsk.pl\/wp-content\/uploads\/2025\/03\/fd6e9917-840d-490d-b81b-03383ee88787-768x1024.jpg\" title=\"05.03.2025 r. to wyczekiwany dzie\u0144 przez pierwszoklasist\u00f3w. W tym dniu najm\u0142odsi uczniowie zostali uroczy\u015bcie pasowanie na czytelnik\u00f3w naszej szko\u0142y.\">\n\t\t\t\t\t\t\t\t\t\t\t\t\t\t\t<img style=\"width:160px;height:120px; border-width: 10px; border-color:#F1F1F1;border: 10px solid #F1F1F1\" alt=\"\" title=\"05.03.2025 r. to wyczekiwany dzie\u0144 przez pierwszoklasist\u00f3w. W tym dniu najm\u0142odsi uczniowie zostali uroczy\u015bcie pasowanie na czytelnik\u00f3w naszej szko\u0142y.\" src=\"https:\/\/sp1slupsk.pl\/wp-content\/uploads\/2025\/03\/fd6e9917-840d-490d-b81b-03383ee88787-160x120.jpg\" rel=\"https:\/\/sp1slupsk.pl\/wp-content\/uploads\/2025\/03\/fd6e9917-840d-490d-b81b-03383ee88787.jpg\" \/>\n\t\t\t\t\t\t\t\t\t\t\t\t\t\t<\/a>\n\t\t\t\t\t\t\t\t\t\t\t\t\t\t\t\t\t\t\t\t\t\t\t\t\t<\/p>\n\t\t\t\t\t\t\t\t\t\t\t\t\t\t\t\t\t\t\t\t\t\t\t<\/div><!-- .gllr_image_block -->\n\t\t\t\t\t\t\t\t\t\t\t\t\t\t\t\t\t\t\t\t\t<div class=\"gllr_image_block\">\n\t\t\t\t\t\t\t\t\t\t\t\t<p style=\"width:180px;height:140px;\">\n\t\t\t\t\t\t\t\t\t\t\t\t\t\t\t\t\t\t\t\t\t\t\t\t\t\t\t<a rel=\"gallery_fancybox_88410\" href=\"https:\/\/sp1slupsk.pl\/wp-content\/uploads\/2025\/03\/f6775d19-4cf4-4ec1-a86c-048dc4b9c707-768x1024.jpg\" title=\"05.03.2025 r. to wyczekiwany dzie\u0144 przez pierwszoklasist\u00f3w. W tym dniu najm\u0142odsi uczniowie zostali uroczy\u015bcie pasowanie na czytelnik\u00f3w naszej szko\u0142y.\">\n\t\t\t\t\t\t\t\t\t\t\t\t\t\t\t<img style=\"width:160px;height:120px; border-width: 10px; border-color:#F1F1F1;border: 10px solid #F1F1F1\" alt=\"\" title=\"05.03.2025 r. to wyczekiwany dzie\u0144 przez pierwszoklasist\u00f3w. W tym dniu najm\u0142odsi uczniowie zostali uroczy\u015bcie pasowanie na czytelnik\u00f3w naszej szko\u0142y.\" src=\"https:\/\/sp1slupsk.pl\/wp-content\/uploads\/2025\/03\/f6775d19-4cf4-4ec1-a86c-048dc4b9c707-160x120.jpg\" rel=\"https:\/\/sp1slupsk.pl\/wp-content\/uploads\/2025\/03\/f6775d19-4cf4-4ec1-a86c-048dc4b9c707.jpg\" \/>\n\t\t\t\t\t\t\t\t\t\t\t\t\t\t<\/a>\n\t\t\t\t\t\t\t\t\t\t\t\t\t\t\t\t\t\t\t\t\t\t\t\t\t<\/p>\n\t\t\t\t\t\t\t\t\t\t\t\t\t\t\t\t\t\t\t\t\t\t\t<\/div><!-- .gllr_image_block -->\n\t\t\t\t\t\t\t\t\t\t\t\t\t\t\t\t\t\t\t\t\t<div class=\"gllr_image_block\">\n\t\t\t\t\t\t\t\t\t\t\t\t<p style=\"width:180px;height:140px;\">\n\t\t\t\t\t\t\t\t\t\t\t\t\t\t\t\t\t\t\t\t\t\t\t\t\t\t\t<a rel=\"gallery_fancybox_88410\" href=\"https:\/\/sp1slupsk.pl\/wp-content\/uploads\/2025\/03\/b88dcea6-c8fb-4ab5-9427-8ebb8dc78187-768x1024.jpg\" title=\"05.03.2025 r. to wyczekiwany dzie\u0144 przez pierwszoklasist\u00f3w. W tym dniu najm\u0142odsi uczniowie zostali uroczy\u015bcie pasowanie na czytelnik\u00f3w naszej szko\u0142y.\">\n\t\t\t\t\t\t\t\t\t\t\t\t\t\t\t<img style=\"width:160px;height:120px; border-width: 10px; border-color:#F1F1F1;border: 10px solid #F1F1F1\" alt=\"\" title=\"05.03.2025 r. to wyczekiwany dzie\u0144 przez pierwszoklasist\u00f3w. W tym dniu najm\u0142odsi uczniowie zostali uroczy\u015bcie pasowanie na czytelnik\u00f3w naszej szko\u0142y.\" src=\"https:\/\/sp1slupsk.pl\/wp-content\/uploads\/2025\/03\/b88dcea6-c8fb-4ab5-9427-8ebb8dc78187-160x120.jpg\" rel=\"https:\/\/sp1slupsk.pl\/wp-content\/uploads\/2025\/03\/b88dcea6-c8fb-4ab5-9427-8ebb8dc78187.jpg\" \/>\n\t\t\t\t\t\t\t\t\t\t\t\t\t\t<\/a>\n\t\t\t\t\t\t\t\t\t\t\t\t\t\t\t\t\t\t\t\t\t\t\t\t\t<\/p>\n\t\t\t\t\t\t\t\t\t\t\t\t\t\t\t\t\t\t\t\t\t\t\t<\/div><!-- .gllr_image_block -->\n\t\t\t\t\t\t\t\t\t\t\t\t\t\t\t\t\t\t\t\t\t<\/div><!-- .gllr_image_row -->\n\t\t\t\t\t\t\t\t\t\t\t\t\t\t\t\t\t\t\t\t\t<div class=\"gllr_image_row\">\n\t\t\t\t\t\t\t\t\t\t\t\t\t\t\t\t\t\t\t\t\t<div class=\"gllr_image_block\">\n\t\t\t\t\t\t\t\t\t\t\t\t<p style=\"width:180px;height:140px;\">\n\t\t\t\t\t\t\t\t\t\t\t\t\t\t\t\t\t\t\t\t\t\t\t\t\t\t\t<a rel=\"gallery_fancybox_88410\" href=\"https:\/\/sp1slupsk.pl\/wp-content\/uploads\/2025\/03\/cc347513-b4a0-4353-88e3-c2eab00b3e8f-768x1024.jpg\" title=\"05.03.2025 r. to wyczekiwany dzie\u0144 przez pierwszoklasist\u00f3w. W tym dniu najm\u0142odsi uczniowie zostali uroczy\u015bcie pasowanie na czytelnik\u00f3w naszej szko\u0142y.\">\n\t\t\t\t\t\t\t\t\t\t\t\t\t\t\t<img style=\"width:160px;height:120px; border-width: 10px; border-color:#F1F1F1;border: 10px solid #F1F1F1\" alt=\"\" title=\"05.03.2025 r. to wyczekiwany dzie\u0144 przez pierwszoklasist\u00f3w. W tym dniu najm\u0142odsi uczniowie zostali uroczy\u015bcie pasowanie na czytelnik\u00f3w naszej szko\u0142y.\" src=\"https:\/\/sp1slupsk.pl\/wp-content\/uploads\/2025\/03\/cc347513-b4a0-4353-88e3-c2eab00b3e8f-160x120.jpg\" rel=\"https:\/\/sp1slupsk.pl\/wp-content\/uploads\/2025\/03\/cc347513-b4a0-4353-88e3-c2eab00b3e8f.jpg\" \/>\n\t\t\t\t\t\t\t\t\t\t\t\t\t\t<\/a>\n\t\t\t\t\t\t\t\t\t\t\t\t\t\t\t\t\t\t\t\t\t\t\t\t\t<\/p>\n\t\t\t\t\t\t\t\t\t\t\t\t\t\t\t\t\t\t\t\t\t\t\t<\/div><!-- .gllr_image_block -->\n\t\t\t\t\t\t\t\t\t\t\t\t\t\t\t\t\t\t\t\t\t<div class=\"gllr_image_block\">\n\t\t\t\t\t\t\t\t\t\t\t\t<p style=\"width:180px;height:140px;\">\n\t\t\t\t\t\t\t\t\t\t\t\t\t\t\t\t\t\t\t\t\t\t\t\t\t\t\t<a rel=\"gallery_fancybox_88410\" href=\"https:\/\/sp1slupsk.pl\/wp-content\/uploads\/2025\/03\/f45f571c-cdbe-4b84-87ed-fd43fe8d650c-768x1024.jpg\" title=\"05.03.2025 r. to wyczekiwany dzie\u0144 przez pierwszoklasist\u00f3w. W tym dniu najm\u0142odsi uczniowie zostali uroczy\u015bcie pasowanie na czytelnik\u00f3w naszej szko\u0142y.\">\n\t\t\t\t\t\t\t\t\t\t\t\t\t\t\t<img style=\"width:160px;height:120px; border-width: 10px; border-color:#F1F1F1;border: 10px solid #F1F1F1\" alt=\"\" title=\"05.03.2025 r. to wyczekiwany dzie\u0144 przez pierwszoklasist\u00f3w. W tym dniu najm\u0142odsi uczniowie zostali uroczy\u015bcie pasowanie na czytelnik\u00f3w naszej szko\u0142y.\" src=\"https:\/\/sp1slupsk.pl\/wp-content\/uploads\/2025\/03\/f45f571c-cdbe-4b84-87ed-fd43fe8d650c-160x120.jpg\" rel=\"https:\/\/sp1slupsk.pl\/wp-content\/uploads\/2025\/03\/f45f571c-cdbe-4b84-87ed-fd43fe8d650c.jpg\" \/>\n\t\t\t\t\t\t\t\t\t\t\t\t\t\t<\/a>\n\t\t\t\t\t\t\t\t\t\t\t\t\t\t\t\t\t\t\t\t\t\t\t\t\t<\/p>\n\t\t\t\t\t\t\t\t\t\t\t\t\t\t\t\t\t\t\t\t\t\t\t<\/div><!-- .gllr_image_block -->\n\t\t\t\t\t\t\t\t\t\t\t\t\t\t\t\t\t\t\t\t\t<div class=\"gllr_image_block\">\n\t\t\t\t\t\t\t\t\t\t\t\t<p style=\"width:180px;height:140px;\">\n\t\t\t\t\t\t\t\t\t\t\t\t\t\t\t\t\t\t\t\t\t\t\t\t\t\t\t<a rel=\"gallery_fancybox_88410\" href=\"https:\/\/sp1slupsk.pl\/wp-content\/uploads\/2025\/03\/afc11056-8434-4750-b1b1-92212e6b2a23-768x1024.jpg\" title=\"05.03.2025 r. to wyczekiwany dzie\u0144 przez pierwszoklasist\u00f3w. W tym dniu najm\u0142odsi uczniowie zostali uroczy\u015bcie pasowanie na czytelnik\u00f3w naszej szko\u0142y.\">\n\t\t\t\t\t\t\t\t\t\t\t\t\t\t\t<img style=\"width:160px;height:120px; border-width: 10px; border-color:#F1F1F1;border: 10px solid #F1F1F1\" alt=\"\" title=\"05.03.2025 r. to wyczekiwany dzie\u0144 przez pierwszoklasist\u00f3w. W tym dniu najm\u0142odsi uczniowie zostali uroczy\u015bcie pasowanie na czytelnik\u00f3w naszej szko\u0142y.\" src=\"https:\/\/sp1slupsk.pl\/wp-content\/uploads\/2025\/03\/afc11056-8434-4750-b1b1-92212e6b2a23-160x120.jpg\" rel=\"https:\/\/sp1slupsk.pl\/wp-content\/uploads\/2025\/03\/afc11056-8434-4750-b1b1-92212e6b2a23.jpg\" \/>\n\t\t\t\t\t\t\t\t\t\t\t\t\t\t<\/a>\n\t\t\t\t\t\t\t\t\t\t\t\t\t\t\t\t\t\t\t\t\t\t\t\t\t<\/p>\n\t\t\t\t\t\t\t\t\t\t\t\t\t\t\t\t\t\t\t\t\t\t\t<\/div><!-- .gllr_image_block -->\n\t\t\t\t\t\t\t\t\t\t\t\t\t\t\t\t\t\t\t\t\t<\/div><!-- .gllr_image_row -->\n\t\t\t\t\t\t\t\t\t\t\t\t\t\t\t\t\t\t\t\t\t<div class=\"gllr_image_row\">\n\t\t\t\t\t\t\t\t\t\t\t\t\t\t\t\t\t\t\t\t\t<div class=\"gllr_image_block\">\n\t\t\t\t\t\t\t\t\t\t\t\t<p style=\"width:180px;height:140px;\">\n\t\t\t\t\t\t\t\t\t\t\t\t\t\t\t\t\t\t\t\t\t\t\t\t\t\t\t<a rel=\"gallery_fancybox_88410\" href=\"https:\/\/sp1slupsk.pl\/wp-content\/uploads\/2025\/03\/611711a6-51c5-40b0-88cd-1afc6d6d137a-768x1024.jpg\" title=\"05.03.2025 r. to wyczekiwany dzie\u0144 przez pierwszoklasist\u00f3w. W tym dniu najm\u0142odsi uczniowie zostali uroczy\u015bcie pasowanie na czytelnik\u00f3w naszej szko\u0142y.\">\n\t\t\t\t\t\t\t\t\t\t\t\t\t\t\t<img style=\"width:160px;height:120px; border-width: 10px; border-color:#F1F1F1;border: 10px solid #F1F1F1\" alt=\"\" title=\"05.03.2025 r. to wyczekiwany dzie\u0144 przez pierwszoklasist\u00f3w. W tym dniu najm\u0142odsi uczniowie zostali uroczy\u015bcie pasowanie na czytelnik\u00f3w naszej szko\u0142y.\" src=\"https:\/\/sp1slupsk.pl\/wp-content\/uploads\/2025\/03\/611711a6-51c5-40b0-88cd-1afc6d6d137a-160x120.jpg\" rel=\"https:\/\/sp1slupsk.pl\/wp-content\/uploads\/2025\/03\/611711a6-51c5-40b0-88cd-1afc6d6d137a.jpg\" \/>\n\t\t\t\t\t\t\t\t\t\t\t\t\t\t<\/a>\n\t\t\t\t\t\t\t\t\t\t\t\t\t\t\t\t\t\t\t\t\t\t\t\t\t<\/p>\n\t\t\t\t\t\t\t\t\t\t\t\t\t\t\t\t\t\t\t\t\t\t\t<\/div><!-- .gllr_image_block -->\n\t\t\t\t\t\t\t\t\t\t\t\t\t\t\t\t\t\t\t\t\t<div class=\"gllr_image_block\">\n\t\t\t\t\t\t\t\t\t\t\t\t<p style=\"width:180px;height:140px;\">\n\t\t\t\t\t\t\t\t\t\t\t\t\t\t\t\t\t\t\t\t\t\t\t\t\t\t\t<a rel=\"gallery_fancybox_88410\" href=\"https:\/\/sp1slupsk.pl\/wp-content\/uploads\/2025\/03\/09e0f843-dd76-4281-b175-52a72ad23d9b-768x1024.jpg\" title=\"05.03.2025 r. to wyczekiwany dzie\u0144 przez pierwszoklasist\u00f3w. W tym dniu najm\u0142odsi uczniowie zostali uroczy\u015bcie pasowanie na czytelnik\u00f3w naszej szko\u0142y.\">\n\t\t\t\t\t\t\t\t\t\t\t\t\t\t\t<img style=\"width:160px;height:120px; border-width: 10px; border-color:#F1F1F1;border: 10px solid #F1F1F1\" alt=\"\" title=\"05.03.2025 r. to wyczekiwany dzie\u0144 przez pierwszoklasist\u00f3w. W tym dniu najm\u0142odsi uczniowie zostali uroczy\u015bcie pasowanie na czytelnik\u00f3w naszej szko\u0142y.\" src=\"https:\/\/sp1slupsk.pl\/wp-content\/uploads\/2025\/03\/09e0f843-dd76-4281-b175-52a72ad23d9b-160x120.jpg\" rel=\"https:\/\/sp1slupsk.pl\/wp-content\/uploads\/2025\/03\/09e0f843-dd76-4281-b175-52a72ad23d9b.jpg\" \/>\n\t\t\t\t\t\t\t\t\t\t\t\t\t\t<\/a>\n\t\t\t\t\t\t\t\t\t\t\t\t\t\t\t\t\t\t\t\t\t\t\t\t\t<\/p>\n\t\t\t\t\t\t\t\t\t\t\t\t\t\t\t\t\t\t\t\t\t\t\t<\/div><!-- .gllr_image_block -->\n\t\t\t\t\t\t\t\t\t\t\t\t\t\t\t\t\t\t\t\t\t<div class=\"gllr_image_block\">\n\t\t\t\t\t\t\t\t\t\t\t\t<p style=\"width:180px;height:140px;\">\n\t\t\t\t\t\t\t\t\t\t\t\t\t\t\t\t\t\t\t\t\t\t\t\t\t\t\t<a rel=\"gallery_fancybox_88410\" href=\"https:\/\/sp1slupsk.pl\/wp-content\/uploads\/2025\/03\/235805ff-ae05-4e6d-bed2-5f855dcfdaef-768x1024.jpg\" title=\"05.03.2025 r. to wyczekiwany dzie\u0144 przez pierwszoklasist\u00f3w. W tym dniu najm\u0142odsi uczniowie zostali uroczy\u015bcie pasowanie na czytelnik\u00f3w naszej szko\u0142y.\">\n\t\t\t\t\t\t\t\t\t\t\t\t\t\t\t<img style=\"width:160px;height:120px; border-width: 10px; border-color:#F1F1F1;border: 10px solid #F1F1F1\" alt=\"\" title=\"05.03.2025 r. to wyczekiwany dzie\u0144 przez pierwszoklasist\u00f3w. W tym dniu najm\u0142odsi uczniowie zostali uroczy\u015bcie pasowanie na czytelnik\u00f3w naszej szko\u0142y.\" src=\"https:\/\/sp1slupsk.pl\/wp-content\/uploads\/2025\/03\/235805ff-ae05-4e6d-bed2-5f855dcfdaef-160x120.jpg\" rel=\"https:\/\/sp1slupsk.pl\/wp-content\/uploads\/2025\/03\/235805ff-ae05-4e6d-bed2-5f855dcfdaef.jpg\" \/>\n\t\t\t\t\t\t\t\t\t\t\t\t\t\t<\/a>\n\t\t\t\t\t\t\t\t\t\t\t\t\t\t\t\t\t\t\t\t\t\t\t\t\t<\/p>\n\t\t\t\t\t\t\t\t\t\t\t\t\t\t\t\t\t\t\t\t\t\t\t<\/div><!-- .gllr_image_block -->\n\t\t\t\t\t\t\t\t\t\t\t\t\t\t\t\t\t\t\t\t\t<\/div><!-- .gllr_image_row -->\n\t\t\t\t\t\t\t\t\t\t\t\t\t\t\t\t\t\t\t\t\t<div class=\"gllr_image_row\">\n\t\t\t\t\t\t\t\t\t\t\t\t\t\t\t\t\t\t\t\t\t<div class=\"gllr_image_block\">\n\t\t\t\t\t\t\t\t\t\t\t\t<p style=\"width:180px;height:140px;\">\n\t\t\t\t\t\t\t\t\t\t\t\t\t\t\t\t\t\t\t\t\t\t\t\t\t\t\t<a rel=\"gallery_fancybox_88410\" href=\"https:\/\/sp1slupsk.pl\/wp-content\/uploads\/2025\/03\/079f1f52-2dc9-4ffc-9cd3-b3cfb99ce4ae-1024x768.jpg\" title=\"05.03.2025 r. to wyczekiwany dzie\u0144 przez pierwszoklasist\u00f3w. W tym dniu najm\u0142odsi uczniowie zostali uroczy\u015bcie pasowanie na czytelnik\u00f3w naszej szko\u0142y.\">\n\t\t\t\t\t\t\t\t\t\t\t\t\t\t\t<img style=\"width:160px;height:120px; border-width: 10px; border-color:#F1F1F1;border: 10px solid #F1F1F1\" alt=\"\" title=\"05.03.2025 r. to wyczekiwany dzie\u0144 przez pierwszoklasist\u00f3w. W tym dniu najm\u0142odsi uczniowie zostali uroczy\u015bcie pasowanie na czytelnik\u00f3w naszej szko\u0142y.\" src=\"https:\/\/sp1slupsk.pl\/wp-content\/uploads\/2025\/03\/079f1f52-2dc9-4ffc-9cd3-b3cfb99ce4ae-160x120.jpg\" rel=\"https:\/\/sp1slupsk.pl\/wp-content\/uploads\/2025\/03\/079f1f52-2dc9-4ffc-9cd3-b3cfb99ce4ae.jpg\" \/>\n\t\t\t\t\t\t\t\t\t\t\t\t\t\t<\/a>\n\t\t\t\t\t\t\t\t\t\t\t\t\t\t\t\t\t\t\t\t\t\t\t\t\t<\/p>\n\t\t\t\t\t\t\t\t\t\t\t\t\t\t\t\t\t\t\t\t\t\t\t<\/div><!-- .gllr_image_block -->\n\t\t\t\t\t\t\t\t\t\t\t\t\t\t\t\t\t\t\t\t\t<div class=\"gllr_image_block\">\n\t\t\t\t\t\t\t\t\t\t\t\t<p style=\"width:180px;height:140px;\">\n\t\t\t\t\t\t\t\t\t\t\t\t\t\t\t\t\t\t\t\t\t\t\t\t\t\t\t<a rel=\"gallery_fancybox_88410\" href=\"https:\/\/sp1slupsk.pl\/wp-content\/uploads\/2025\/03\/188fd513-264d-40b8-8827-62eb2a43ef76-768x1024.jpg\" title=\"05.03.2025 r. to wyczekiwany dzie\u0144 przez pierwszoklasist\u00f3w. W tym dniu najm\u0142odsi uczniowie zostali uroczy\u015bcie pasowanie na czytelnik\u00f3w naszej szko\u0142y.\">\n\t\t\t\t\t\t\t\t\t\t\t\t\t\t\t<img style=\"width:160px;height:120px; border-width: 10px; border-color:#F1F1F1;border: 10px solid #F1F1F1\" alt=\"\" title=\"05.03.2025 r. to wyczekiwany dzie\u0144 przez pierwszoklasist\u00f3w. W tym dniu najm\u0142odsi uczniowie zostali uroczy\u015bcie pasowanie na czytelnik\u00f3w naszej szko\u0142y.\" src=\"https:\/\/sp1slupsk.pl\/wp-content\/uploads\/2025\/03\/188fd513-264d-40b8-8827-62eb2a43ef76-160x120.jpg\" rel=\"https:\/\/sp1slupsk.pl\/wp-content\/uploads\/2025\/03\/188fd513-264d-40b8-8827-62eb2a43ef76.jpg\" \/>\n\t\t\t\t\t\t\t\t\t\t\t\t\t\t<\/a>\n\t\t\t\t\t\t\t\t\t\t\t\t\t\t\t\t\t\t\t\t\t\t\t\t\t<\/p>\n\t\t\t\t\t\t\t\t\t\t\t\t\t\t\t\t\t\t\t\t\t\t\t<\/div><!-- .gllr_image_block -->\n\t\t\t\t\t\t\t\t\t\t\t\t\t\t\t\t\t\t\t\t\t<div class=\"gllr_image_block\">\n\t\t\t\t\t\t\t\t\t\t\t\t<p style=\"width:180px;height:140px;\">\n\t\t\t\t\t\t\t\t\t\t\t\t\t\t\t\t\t\t\t\t\t\t\t\t\t\t\t<a rel=\"gallery_fancybox_88410\" href=\"https:\/\/sp1slupsk.pl\/wp-content\/uploads\/2025\/03\/8ff29302-8b6e-4a18-947c-2b6254b873a6-1024x768.jpg\" title=\"05.03.2025 r. to wyczekiwany dzie\u0144 przez pierwszoklasist\u00f3w. W tym dniu najm\u0142odsi uczniowie zostali uroczy\u015bcie pasowanie na czytelnik\u00f3w naszej szko\u0142y.\">\n\t\t\t\t\t\t\t\t\t\t\t\t\t\t\t<img style=\"width:160px;height:120px; border-width: 10px; border-color:#F1F1F1;border: 10px solid #F1F1F1\" alt=\"\" title=\"05.03.2025 r. to wyczekiwany dzie\u0144 przez pierwszoklasist\u00f3w. W tym dniu najm\u0142odsi uczniowie zostali uroczy\u015bcie pasowanie na czytelnik\u00f3w naszej szko\u0142y.\" src=\"https:\/\/sp1slupsk.pl\/wp-content\/uploads\/2025\/03\/8ff29302-8b6e-4a18-947c-2b6254b873a6-160x120.jpg\" rel=\"https:\/\/sp1slupsk.pl\/wp-content\/uploads\/2025\/03\/8ff29302-8b6e-4a18-947c-2b6254b873a6.jpg\" \/>\n\t\t\t\t\t\t\t\t\t\t\t\t\t\t<\/a>\n\t\t\t\t\t\t\t\t\t\t\t\t\t\t\t\t\t\t\t\t\t\t\t\t\t<\/p>\n\t\t\t\t\t\t\t\t\t\t\t\t\t\t\t\t\t\t\t\t\t\t\t<\/div><!-- .gllr_image_block -->\n\t\t\t\t\t\t\t\t\t\t\t\t\t\t\t\t\t\t\t\t\t<\/div><!-- .gllr_image_row -->\n\t\t\t\t\t\t\t\t\t\t\t\t\t\t\t\t\t\t<\/div><!-- .gallery.clearfix -->\n\t\t\t\t\t\t\t\t\t\t\t\t\t<\/div><!-- .gallery_box_single -->\n\t\t\t\t\t\t<div class=\"gllr_clear\"><\/div>\n\t\t\t\t\t\t\t\t\t<script type=\"text\/javascript\">\n\t\t\t\t\t(function($) {\n\t\t\t\t\t\t$(document).ready( function() {\n\t\t\t\t\t\t\t$( \"a[rel=gallery_fancybox_88410]\" ).fancybox( {\n\t\t\t\t\t\t\t\t'transitionIn'\t\t:\t'elastic',\n\t\t\t\t\t\t\t\t'transitionOut'\t\t:\t'elastic',\n\t\t\t\t\t\t\t\t'titlePosition' \t:\t'inside',\n\t\t\t\t\t\t\t\t'speedIn'\t\t\t:\t500, \n\t\t\t\t\t\t\t\t'speedOut'\t\t\t:\t300,\n\t\t\t\t\t\t\t\t'titleFormat'\t\t:\tfunction( title, currentArray, currentIndex, currentOpts ) {\n\t\t\t\t\t\t\t\t\treturn '<div id=\"fancybox-title-inside\">' + ( title.length ? '<span id=\"bws_gallery_image_title\">' + title + '<\/span><br \/>' : '' ) + '<span id=\"bws_gallery_image_counter\">Image ' + ( currentIndex + 1 ) + ' \/ ' + currentArray.length + '<\/span><\/div>';\n\t\t\t\t\t\t\t\t}\t\t\t\t\t\t\t});\n\t\t\t\t\t\t});\n\t\t\t\t\t})(jQuery);\n\t\t\t\t<\/script>\n\t\t\t<\/p>\n\n\n\n<p class=\"has-text-align-center\"><strong>ROK SZKOLNY 2023\/2024<\/strong><\/p>\n\n\n\n<hr class=\"wp-block-separator\"\/>\n\n\n\n<p class=\"has-text-align-center\"><strong>Sukces w finale Warcabowych Mistrzostw S\u0142upska klas 1-3<\/strong><br><br>W dniu 12 czerwca 2024 r. Szko\u0142a Podstawowa nr 1 uczestniczy\u0142a w finale Warcabowych Mistrzostw S\u0142upska klas 1-3. Nasze dwie reprezentantki walczy\u0142y bardzo dzielnie, dobrze si\u0119 bawi\u0142y i nawzajem si\u0119 wspiera\u0142y. Iga Czeka\u0142a (kl.3a) wywalczy\u0142a tytu\u0142 wicemistrza S\u0142upska, a Kaja Kacprzak (kl.1a), kt\u00f3ra by\u0142a najm\u0142odsz\u0105 uczestniczk\u0105 zawod\u00f3w zdoby\u0142a 5 miejsce. Gratulacje, dla naszych uczennic by\u0142 to pierwszy start w turnieju tej rangi.<br>\t\t\t\t\t\t<div class=\"gallery_box_single\">\n\t\t\t\t\t\t\t\t\t\t\t\t\t\t\t<div class=\"gallery clearfix\">\n\t\t\t\t\t\t\t\t\t\t\t\t\t\t\t\t\t\t\t\t<div class=\"gllr_image_row\">\n\t\t\t\t\t\t\t\t\t\t\t\t\t\t\t\t\t\t\t\t\t<div class=\"gllr_image_block\">\n\t\t\t\t\t\t\t\t\t\t\t\t<p style=\"width:180px;height:140px;\">\n\t\t\t\t\t\t\t\t\t\t\t\t\t\t\t\t\t\t\t\t\t\t\t\t\t\t\t<a rel=\"gallery_fancybox_86447\" href=\"https:\/\/sp1slupsk.pl\/wp-content\/uploads\/2024\/06\/448260126_938774808049929_6366544432484239438_n-1024x768.jpg\" title=\"Sukces w finale Warcabowych Mistrzostw S\u0142upska klas 1-3\">\n\t\t\t\t\t\t\t\t\t\t\t\t\t\t\t<img style=\"width:160px;height:120px; border-width: 10px; border-color:#F1F1F1;border: 10px solid #F1F1F1\" alt=\"\" title=\"Sukces w finale Warcabowych Mistrzostw S\u0142upska klas 1-3\" src=\"https:\/\/sp1slupsk.pl\/wp-content\/uploads\/2024\/06\/448260126_938774808049929_6366544432484239438_n-160x120.jpg\" rel=\"https:\/\/sp1slupsk.pl\/wp-content\/uploads\/2024\/06\/448260126_938774808049929_6366544432484239438_n.jpg\" \/>\n\t\t\t\t\t\t\t\t\t\t\t\t\t\t<\/a>\n\t\t\t\t\t\t\t\t\t\t\t\t\t\t\t\t\t\t\t\t\t\t\t\t\t<\/p>\n\t\t\t\t\t\t\t\t\t\t\t\t\t\t\t\t\t\t\t\t\t\t\t<\/div><!-- .gllr_image_block -->\n\t\t\t\t\t\t\t\t\t\t\t\t\t\t\t\t\t\t\t\t\t<div class=\"gllr_image_block\">\n\t\t\t\t\t\t\t\t\t\t\t\t<p style=\"width:180px;height:140px;\">\n\t\t\t\t\t\t\t\t\t\t\t\t\t\t\t\t\t\t\t\t\t\t\t\t\t\t\t<a rel=\"gallery_fancybox_86447\" href=\"https:\/\/sp1slupsk.pl\/wp-content\/uploads\/2024\/06\/447969299_938774888049921_4118795490420772223_n-1024x768.jpg\" title=\"Sukces w finale Warcabowych Mistrzostw S\u0142upska klas 1-3\">\n\t\t\t\t\t\t\t\t\t\t\t\t\t\t\t<img style=\"width:160px;height:120px; border-width: 10px; border-color:#F1F1F1;border: 10px solid #F1F1F1\" alt=\"\" title=\"Sukces w finale Warcabowych Mistrzostw S\u0142upska klas 1-3\" src=\"https:\/\/sp1slupsk.pl\/wp-content\/uploads\/2024\/06\/447969299_938774888049921_4118795490420772223_n-160x120.jpg\" rel=\"https:\/\/sp1slupsk.pl\/wp-content\/uploads\/2024\/06\/447969299_938774888049921_4118795490420772223_n.jpg\" \/>\n\t\t\t\t\t\t\t\t\t\t\t\t\t\t<\/a>\n\t\t\t\t\t\t\t\t\t\t\t\t\t\t\t\t\t\t\t\t\t\t\t\t\t<\/p>\n\t\t\t\t\t\t\t\t\t\t\t\t\t\t\t\t\t\t\t\t\t\t\t<\/div><!-- .gllr_image_block -->\n\t\t\t\t\t\t\t\t\t\t\t\t\t\t\t\t\t\t\t\t\t<div class=\"gllr_image_block\">\n\t\t\t\t\t\t\t\t\t\t\t\t<p style=\"width:180px;height:140px;\">\n\t\t\t\t\t\t\t\t\t\t\t\t\t\t\t\t\t\t\t\t\t\t\t\t\t\t\t<a rel=\"gallery_fancybox_86447\" href=\"https:\/\/sp1slupsk.pl\/wp-content\/uploads\/2024\/06\/447843198_938774858049924_3819462111492308582_n-1024x768.jpg\" title=\"Sukces w finale Warcabowych Mistrzostw S\u0142upska klas 1-3\">\n\t\t\t\t\t\t\t\t\t\t\t\t\t\t\t<img style=\"width:160px;height:120px; border-width: 10px; border-color:#F1F1F1;border: 10px solid #F1F1F1\" alt=\"\" title=\"Sukces w finale Warcabowych Mistrzostw S\u0142upska klas 1-3\" src=\"https:\/\/sp1slupsk.pl\/wp-content\/uploads\/2024\/06\/447843198_938774858049924_3819462111492308582_n-160x120.jpg\" rel=\"https:\/\/sp1slupsk.pl\/wp-content\/uploads\/2024\/06\/447843198_938774858049924_3819462111492308582_n.jpg\" \/>\n\t\t\t\t\t\t\t\t\t\t\t\t\t\t<\/a>\n\t\t\t\t\t\t\t\t\t\t\t\t\t\t\t\t\t\t\t\t\t\t\t\t\t<\/p>\n\t\t\t\t\t\t\t\t\t\t\t\t\t\t\t\t\t\t\t\t\t\t\t<\/div><!-- .gllr_image_block -->\n\t\t\t\t\t\t\t\t\t\t\t\t\t\t\t\t\t\t\t\t\t<\/div><!-- .gllr_image_row -->\n\t\t\t\t\t\t\t\t\t\t\t\t\t\t\t\t\t\t<\/div><!-- .gallery.clearfix -->\n\t\t\t\t\t\t\t\t\t\t\t\t\t<\/div><!-- .gallery_box_single -->\n\t\t\t\t\t\t<div class=\"gllr_clear\"><\/div>\n\t\t\t\t\t\t\t\t\t<script type=\"text\/javascript\">\n\t\t\t\t\t(function($) {\n\t\t\t\t\t\t$(document).ready( function() {\n\t\t\t\t\t\t\t$( \"a[rel=gallery_fancybox_86447]\" ).fancybox( {\n\t\t\t\t\t\t\t\t'transitionIn'\t\t:\t'elastic',\n\t\t\t\t\t\t\t\t'transitionOut'\t\t:\t'elastic',\n\t\t\t\t\t\t\t\t'titlePosition' \t:\t'inside',\n\t\t\t\t\t\t\t\t'speedIn'\t\t\t:\t500, \n\t\t\t\t\t\t\t\t'speedOut'\t\t\t:\t300,\n\t\t\t\t\t\t\t\t'titleFormat'\t\t:\tfunction( title, currentArray, currentIndex, currentOpts ) {\n\t\t\t\t\t\t\t\t\treturn '<div id=\"fancybox-title-inside\">' + ( title.length ? '<span id=\"bws_gallery_image_title\">' + title + '<\/span><br \/>' : '' ) + '<span id=\"bws_gallery_image_counter\">Image ' + ( currentIndex + 1 ) + ' \/ ' + currentArray.length + '<\/span><\/div>';\n\t\t\t\t\t\t\t\t}\t\t\t\t\t\t\t});\n\t\t\t\t\t\t});\n\t\t\t\t\t})(jQuery);\n\t\t\t\t<\/script>\n\t\t\t<\/p>\n\n\n\n<hr class=\"wp-block-separator\"\/>\n\n\n\n<p class=\"has-text-align-center\"><strong>\u201eSzachy w plenerze\u201d<\/strong><\/p>\n\n\n\n<p>Id\u0105c \u015bladem czytaj\u0105cych uczni\u00f3w w ramach mi\u0119dzynarodowej akcji \u201eCzytanie na Polanie\u201d, korzystaj\u0105c z pi\u0119knej pogody, postanowili\u015bmy zorganizowa\u0107 ostatnie zaj\u0119cia szachowe w tym roku szkolnym na \u015bwie\u017cym powietrzu. 28 maja 2024 r. nasi m\u0142odzi szachi\u015bci przypomnieli sobie wszystkie zdobyte wiadomo\u015bci i umiej\u0119tno\u015bci. Nast\u0119pnie poznali czym jest zasada fair play podczas rozgrywek i w otoczeniu zieleni zagrali partie towarzyskie. Podczas zaj\u0119\u0107 odwiedzi\u0142a nas pani dyrektor Ewa Chochu\u0142. Zach\u0119camy wszystkich pasjonat\u00f3w szach\u00f3w do takiej zmiany miejsca rozgrywek szachowych. Wp\u0142ynie ona korzystnie nie tylko na rozw\u00f3j naszych zdolno\u015bci koncentracji i logicznego my\u015blenia, ale r\u00f3wnie\u017c na zdrowie ca\u0142ego organizmu.<br>\t\t\t\t\t\t<div class=\"gallery_box_single\">\n\t\t\t\t\t\t\t\t\t\t\t\t\t\t\t<div class=\"gallery clearfix\">\n\t\t\t\t\t\t\t\t\t\t\t\t\t\t\t\t\t\t\t\t<div class=\"gllr_image_row\">\n\t\t\t\t\t\t\t\t\t\t\t\t\t\t\t\t\t\t\t\t\t<div class=\"gllr_image_block\">\n\t\t\t\t\t\t\t\t\t\t\t\t<p style=\"width:180px;height:140px;\">\n\t\t\t\t\t\t\t\t\t\t\t\t\t\t\t\t\t\t\t\t\t\t\t\t\t\t\t<a rel=\"gallery_fancybox_86373\" href=\"https:\/\/sp1slupsk.pl\/wp-content\/uploads\/2024\/05\/c1d9995e-3679-4a63-b5a6-fa38f37ebd2b-1024x768.jpg\" title=\"28 maja 2024 r. nasi m\u0142odzi szachi\u015bci przypomnieli sobie wszystkie zdobyte wiadomo\u015bci i umiej\u0119tno\u015bci.\">\n\t\t\t\t\t\t\t\t\t\t\t\t\t\t\t<img style=\"width:160px;height:120px; border-width: 10px; border-color:#F1F1F1;border: 10px solid #F1F1F1\" alt=\"\" title=\"28 maja 2024 r. nasi m\u0142odzi szachi\u015bci przypomnieli sobie wszystkie zdobyte wiadomo\u015bci i umiej\u0119tno\u015bci.\" src=\"https:\/\/sp1slupsk.pl\/wp-content\/uploads\/2024\/05\/c1d9995e-3679-4a63-b5a6-fa38f37ebd2b-160x120.jpg\" rel=\"https:\/\/sp1slupsk.pl\/wp-content\/uploads\/2024\/05\/c1d9995e-3679-4a63-b5a6-fa38f37ebd2b.jpg\" \/>\n\t\t\t\t\t\t\t\t\t\t\t\t\t\t<\/a>\n\t\t\t\t\t\t\t\t\t\t\t\t\t\t\t\t\t\t\t\t\t\t\t\t\t<\/p>\n\t\t\t\t\t\t\t\t\t\t\t\t\t\t\t\t\t\t\t\t\t\t\t<\/div><!-- .gllr_image_block -->\n\t\t\t\t\t\t\t\t\t\t\t\t\t\t\t\t\t\t\t\t\t<div class=\"gllr_image_block\">\n\t\t\t\t\t\t\t\t\t\t\t\t<p style=\"width:180px;height:140px;\">\n\t\t\t\t\t\t\t\t\t\t\t\t\t\t\t\t\t\t\t\t\t\t\t\t\t\t\t<a rel=\"gallery_fancybox_86373\" href=\"https:\/\/sp1slupsk.pl\/wp-content\/uploads\/2024\/05\/a63d1bc9-54da-46f5-adbf-3a19da4d5377-1024x768.jpg\" title=\"28 maja 2024 r. nasi m\u0142odzi szachi\u015bci przypomnieli sobie wszystkie zdobyte wiadomo\u015bci i umiej\u0119tno\u015bci.\">\n\t\t\t\t\t\t\t\t\t\t\t\t\t\t\t<img style=\"width:160px;height:120px; border-width: 10px; border-color:#F1F1F1;border: 10px solid #F1F1F1\" alt=\"\" title=\"28 maja 2024 r. nasi m\u0142odzi szachi\u015bci przypomnieli sobie wszystkie zdobyte wiadomo\u015bci i umiej\u0119tno\u015bci.\" src=\"https:\/\/sp1slupsk.pl\/wp-content\/uploads\/2024\/05\/a63d1bc9-54da-46f5-adbf-3a19da4d5377-160x120.jpg\" rel=\"https:\/\/sp1slupsk.pl\/wp-content\/uploads\/2024\/05\/a63d1bc9-54da-46f5-adbf-3a19da4d5377.jpg\" \/>\n\t\t\t\t\t\t\t\t\t\t\t\t\t\t<\/a>\n\t\t\t\t\t\t\t\t\t\t\t\t\t\t\t\t\t\t\t\t\t\t\t\t\t<\/p>\n\t\t\t\t\t\t\t\t\t\t\t\t\t\t\t\t\t\t\t\t\t\t\t<\/div><!-- .gllr_image_block -->\n\t\t\t\t\t\t\t\t\t\t\t\t\t\t\t\t\t\t\t\t\t<div class=\"gllr_image_block\">\n\t\t\t\t\t\t\t\t\t\t\t\t<p style=\"width:180px;height:140px;\">\n\t\t\t\t\t\t\t\t\t\t\t\t\t\t\t\t\t\t\t\t\t\t\t\t\t\t\t<a rel=\"gallery_fancybox_86373\" href=\"https:\/\/sp1slupsk.pl\/wp-content\/uploads\/2024\/05\/6a36b8f7-1954-4dc7-877e-7cabd33ddef7-1024x768.jpg\" title=\"28 maja 2024 r. nasi m\u0142odzi szachi\u015bci przypomnieli sobie wszystkie zdobyte wiadomo\u015bci i umiej\u0119tno\u015bci.\">\n\t\t\t\t\t\t\t\t\t\t\t\t\t\t\t<img style=\"width:160px;height:120px; border-width: 10px; border-color:#F1F1F1;border: 10px solid #F1F1F1\" alt=\"\" title=\"28 maja 2024 r. nasi m\u0142odzi szachi\u015bci przypomnieli sobie wszystkie zdobyte wiadomo\u015bci i umiej\u0119tno\u015bci.\" src=\"https:\/\/sp1slupsk.pl\/wp-content\/uploads\/2024\/05\/6a36b8f7-1954-4dc7-877e-7cabd33ddef7-160x120.jpg\" rel=\"https:\/\/sp1slupsk.pl\/wp-content\/uploads\/2024\/05\/6a36b8f7-1954-4dc7-877e-7cabd33ddef7.jpg\" \/>\n\t\t\t\t\t\t\t\t\t\t\t\t\t\t<\/a>\n\t\t\t\t\t\t\t\t\t\t\t\t\t\t\t\t\t\t\t\t\t\t\t\t\t<\/p>\n\t\t\t\t\t\t\t\t\t\t\t\t\t\t\t\t\t\t\t\t\t\t\t<\/div><!-- .gllr_image_block -->\n\t\t\t\t\t\t\t\t\t\t\t\t\t\t\t\t\t\t\t\t\t<\/div><!-- .gllr_image_row -->\n\t\t\t\t\t\t\t\t\t\t\t\t\t\t\t\t\t\t\t\t\t<div class=\"gllr_image_row\">\n\t\t\t\t\t\t\t\t\t\t\t\t\t\t\t\t\t\t\t\t\t<div class=\"gllr_image_block\">\n\t\t\t\t\t\t\t\t\t\t\t\t<p style=\"width:180px;height:140px;\">\n\t\t\t\t\t\t\t\t\t\t\t\t\t\t\t\t\t\t\t\t\t\t\t\t\t\t\t<a rel=\"gallery_fancybox_86373\" href=\"https:\/\/sp1slupsk.pl\/wp-content\/uploads\/2024\/05\/35018dbe-57d7-477b-94f7-3b4bd3061b20-1024x768.jpg\" title=\"28 maja 2024 r. nasi m\u0142odzi szachi\u015bci przypomnieli sobie wszystkie zdobyte wiadomo\u015bci i umiej\u0119tno\u015bci.\">\n\t\t\t\t\t\t\t\t\t\t\t\t\t\t\t<img style=\"width:160px;height:120px; border-width: 10px; border-color:#F1F1F1;border: 10px solid #F1F1F1\" alt=\"\" title=\"28 maja 2024 r. nasi m\u0142odzi szachi\u015bci przypomnieli sobie wszystkie zdobyte wiadomo\u015bci i umiej\u0119tno\u015bci.\" src=\"https:\/\/sp1slupsk.pl\/wp-content\/uploads\/2024\/05\/35018dbe-57d7-477b-94f7-3b4bd3061b20-160x120.jpg\" rel=\"https:\/\/sp1slupsk.pl\/wp-content\/uploads\/2024\/05\/35018dbe-57d7-477b-94f7-3b4bd3061b20.jpg\" \/>\n\t\t\t\t\t\t\t\t\t\t\t\t\t\t<\/a>\n\t\t\t\t\t\t\t\t\t\t\t\t\t\t\t\t\t\t\t\t\t\t\t\t\t<\/p>\n\t\t\t\t\t\t\t\t\t\t\t\t\t\t\t\t\t\t\t\t\t\t\t<\/div><!-- .gllr_image_block -->\n\t\t\t\t\t\t\t\t\t\t\t\t\t\t\t\t\t\t\t\t\t<div class=\"gllr_image_block\">\n\t\t\t\t\t\t\t\t\t\t\t\t<p style=\"width:180px;height:140px;\">\n\t\t\t\t\t\t\t\t\t\t\t\t\t\t\t\t\t\t\t\t\t\t\t\t\t\t\t<a rel=\"gallery_fancybox_86373\" href=\"https:\/\/sp1slupsk.pl\/wp-content\/uploads\/2024\/05\/1bab7fdb-287c-4163-9c4f-2d3f63f18b5b-1024x768.jpg\" title=\"28 maja 2024 r. nasi m\u0142odzi szachi\u015bci przypomnieli sobie wszystkie zdobyte wiadomo\u015bci i umiej\u0119tno\u015bci.\">\n\t\t\t\t\t\t\t\t\t\t\t\t\t\t\t<img style=\"width:160px;height:120px; border-width: 10px; border-color:#F1F1F1;border: 10px solid #F1F1F1\" alt=\"\" title=\"28 maja 2024 r. nasi m\u0142odzi szachi\u015bci przypomnieli sobie wszystkie zdobyte wiadomo\u015bci i umiej\u0119tno\u015bci.\" src=\"https:\/\/sp1slupsk.pl\/wp-content\/uploads\/2024\/05\/1bab7fdb-287c-4163-9c4f-2d3f63f18b5b-160x120.jpg\" rel=\"https:\/\/sp1slupsk.pl\/wp-content\/uploads\/2024\/05\/1bab7fdb-287c-4163-9c4f-2d3f63f18b5b.jpg\" \/>\n\t\t\t\t\t\t\t\t\t\t\t\t\t\t<\/a>\n\t\t\t\t\t\t\t\t\t\t\t\t\t\t\t\t\t\t\t\t\t\t\t\t\t<\/p>\n\t\t\t\t\t\t\t\t\t\t\t\t\t\t\t\t\t\t\t\t\t\t\t<\/div><!-- .gllr_image_block -->\n\t\t\t\t\t\t\t\t\t\t\t\t\t\t\t\t\t\t\t\t\t<div class=\"gllr_image_block\">\n\t\t\t\t\t\t\t\t\t\t\t\t<p style=\"width:180px;height:140px;\">\n\t\t\t\t\t\t\t\t\t\t\t\t\t\t\t\t\t\t\t\t\t\t\t\t\t\t\t<a rel=\"gallery_fancybox_86373\" href=\"https:\/\/sp1slupsk.pl\/wp-content\/uploads\/2024\/05\/01dd33aa-19bd-4637-854a-156440e7b9e8-1024x768.jpg\" title=\"28 maja 2024 r. nasi m\u0142odzi szachi\u015bci przypomnieli sobie wszystkie zdobyte wiadomo\u015bci i umiej\u0119tno\u015bci.\">\n\t\t\t\t\t\t\t\t\t\t\t\t\t\t\t<img style=\"width:160px;height:120px; border-width: 10px; border-color:#F1F1F1;border: 10px solid #F1F1F1\" alt=\"\" title=\"28 maja 2024 r. nasi m\u0142odzi szachi\u015bci przypomnieli sobie wszystkie zdobyte wiadomo\u015bci i umiej\u0119tno\u015bci.\" src=\"https:\/\/sp1slupsk.pl\/wp-content\/uploads\/2024\/05\/01dd33aa-19bd-4637-854a-156440e7b9e8-160x120.jpg\" rel=\"https:\/\/sp1slupsk.pl\/wp-content\/uploads\/2024\/05\/01dd33aa-19bd-4637-854a-156440e7b9e8.jpg\" \/>\n\t\t\t\t\t\t\t\t\t\t\t\t\t\t<\/a>\n\t\t\t\t\t\t\t\t\t\t\t\t\t\t\t\t\t\t\t\t\t\t\t\t\t<\/p>\n\t\t\t\t\t\t\t\t\t\t\t\t\t\t\t\t\t\t\t\t\t\t\t<\/div><!-- .gllr_image_block -->\n\t\t\t\t\t\t\t\t\t\t\t\t\t\t\t\t\t\t\t\t\t<\/div><!-- .gllr_image_row -->\n\t\t\t\t\t\t\t\t\t\t\t\t\t\t\t\t\t\t<\/div><!-- .gallery.clearfix -->\n\t\t\t\t\t\t\t\t\t\t\t\t\t<\/div><!-- .gallery_box_single -->\n\t\t\t\t\t\t<div class=\"gllr_clear\"><\/div>\n\t\t\t\t\t\t\t\t\t<script type=\"text\/javascript\">\n\t\t\t\t\t(function($) {\n\t\t\t\t\t\t$(document).ready( function() {\n\t\t\t\t\t\t\t$( \"a[rel=gallery_fancybox_86373]\" ).fancybox( {\n\t\t\t\t\t\t\t\t'transitionIn'\t\t:\t'elastic',\n\t\t\t\t\t\t\t\t'transitionOut'\t\t:\t'elastic',\n\t\t\t\t\t\t\t\t'titlePosition' \t:\t'inside',\n\t\t\t\t\t\t\t\t'speedIn'\t\t\t:\t500, \n\t\t\t\t\t\t\t\t'speedOut'\t\t\t:\t300,\n\t\t\t\t\t\t\t\t'titleFormat'\t\t:\tfunction( title, currentArray, currentIndex, currentOpts ) {\n\t\t\t\t\t\t\t\t\treturn '<div id=\"fancybox-title-inside\">' + ( title.length ? '<span id=\"bws_gallery_image_title\">' + title + '<\/span><br \/>' : '' ) + '<span id=\"bws_gallery_image_counter\">Image ' + ( currentIndex + 1 ) + ' \/ ' + currentArray.length + '<\/span><\/div>';\n\t\t\t\t\t\t\t\t}\t\t\t\t\t\t\t});\n\t\t\t\t\t\t});\n\t\t\t\t\t})(jQuery);\n\t\t\t\t<\/script>\n\t\t\t<\/p>\n\n\n\n<hr class=\"wp-block-separator\"\/>\n\n\n\n<p class=\"has-text-align-center\"><strong>Czytanie na Polanie 2024\u201d<\/strong><\/p>\n\n\n\n<p>Biblioteka szkolna oraz \u015bwietlica zorganizowa\u0142y spotkanie w ramach mi\u0119dzynarodowej akcji czytelniczej \u201eCzytanie na Polanie 2024\u201d. 24.05.2024 r. uczniowie mogli wys\u0142ucha\u0107 ciekawych opowiada\u0144 czytanych przez swoich nauczycieli oraz samodzielnie zrelaksowa\u0107 si\u0119 z ulubion\u0105 ksi\u0105\u017ck\u0105 na \u015bwie\u017cym powietrzu. Akcja jest organizowana w ramach kampanii \u201eCa\u0142a Polska czyta dzieciom\u201d, a g\u0142\u00f3wne cele wydarzenia to promocja czytelnictwa w\u015br\u00f3d dzieci i m\u0142odzie\u017cy oraz integracja. Podczas pi\u0119knej pogody, w otoczeniu zieleni sp\u0119dzili\u015bmy mi\u0142e przedpo\u0142udnie i pami\u0119tajmy \u2013 warto czyta\u0107!<\/p>\n\n\n\n<figure class=\"wp-block-video\"><video controls src=\"https:\/\/sp1slupsk.pl\/wp-content\/uploads\/2024\/05\/9058c1b6-3b15-460a-8cb5-bf1ab7ba8725.mp4\"><\/video><\/figure>\n\n\n\n<hr class=\"wp-block-separator\"\/>\n\n\n\n<p class=\"has-text-align-center\"><strong>\u201eCicha przerwa\u201d<\/strong><\/p>\n\n\n\n<p>Wychodz\u0105c naprzeciwko pro\u015bbom uczni\u00f3w oraz integruj\u0105c si\u0119 z innymi szko\u0142ami w akcji og\u00f3lnopolskiej \u201eW bibliotece damy ci spok\u00f3j\u201d, od marca wprowadzili\u015bmy w naszej bibliotece \u201eCich\u0105 przerw\u0119\u201d. W czasie 09.40-09.50 nie wypo\u017cyczamy i nie oddajemy ksi\u0105\u017cek, nie gramy w szachy, nie rozmawiamy. Podczas tej przerwy uczniowie mog\u0105 odpocz\u0105\u0107, poczyta\u0107 swoje ulubione ksi\u0105\u017cki. Na pozosta\u0142ych przerwach zapraszamy do korzystania z pozosta\u0142ych, ciekawych mo\u017cliwo\u015bci sp\u0119dzenia czasu w naszej bibliotece szkolnej.<br>\t\t\t\t\t\t<div class=\"gallery_box_single\">\n\t\t\t\t\t\t\t\t\t\t\t\t\t\t\t<div class=\"gallery clearfix\">\n\t\t\t\t\t\t\t\t\t\t\t\t\t\t\t\t\t\t\t\t<div class=\"gllr_image_row\">\n\t\t\t\t\t\t\t\t\t\t\t\t\t\t\t\t\t\t\t\t\t<div class=\"gllr_image_block\">\n\t\t\t\t\t\t\t\t\t\t\t\t<p style=\"width:180px;height:140px;\">\n\t\t\t\t\t\t\t\t\t\t\t\t\t\t\t\t\t\t\t\t\t\t\t\t\t\t\t<a rel=\"gallery_fancybox_85658\" href=\"https:\/\/sp1slupsk.pl\/wp-content\/uploads\/2024\/04\/434225885_892937655966978_7806487317236355984_n-1024x768.jpg\" title=\"Wychodz\u0105c naprzeciwko pro\u015bbom uczni\u00f3w oraz integruj\u0105c si\u0119 z innymi szko\u0142ami w akcji og\u00f3lnopolskiej \u201eW bibliotece damy ci spok\u00f3j\u201d, od marca wprowadzili\u015bmy w naszej bibliotece \u201eCich\u0105 przerw\u0119\u201d.\">\n\t\t\t\t\t\t\t\t\t\t\t\t\t\t\t<img style=\"width:160px;height:120px; border-width: 10px; border-color:#F1F1F1;border: 10px solid #F1F1F1\" alt=\"\" title=\"Wychodz\u0105c naprzeciwko pro\u015bbom uczni\u00f3w oraz integruj\u0105c si\u0119 z innymi szko\u0142ami w akcji og\u00f3lnopolskiej \u201eW bibliotece damy ci spok\u00f3j\u201d, od marca wprowadzili\u015bmy w naszej bibliotece \u201eCich\u0105 przerw\u0119\u201d.\" src=\"https:\/\/sp1slupsk.pl\/wp-content\/uploads\/2024\/04\/434225885_892937655966978_7806487317236355984_n-160x120.jpg\" rel=\"https:\/\/sp1slupsk.pl\/wp-content\/uploads\/2024\/04\/434225885_892937655966978_7806487317236355984_n.jpg\" \/>\n\t\t\t\t\t\t\t\t\t\t\t\t\t\t<\/a>\n\t\t\t\t\t\t\t\t\t\t\t\t\t\t\t\t\t\t\t\t\t\t\t\t\t<\/p>\n\t\t\t\t\t\t\t\t\t\t\t\t\t\t\t\t\t\t\t\t\t\t\t<\/div><!-- .gllr_image_block -->\n\t\t\t\t\t\t\t\t\t\t\t\t\t\t\t\t\t\t\t\t\t<div class=\"gllr_image_block\">\n\t\t\t\t\t\t\t\t\t\t\t\t<p style=\"width:180px;height:140px;\">\n\t\t\t\t\t\t\t\t\t\t\t\t\t\t\t\t\t\t\t\t\t\t\t\t\t\t\t<a rel=\"gallery_fancybox_85658\" href=\"https:\/\/sp1slupsk.pl\/wp-content\/uploads\/2024\/04\/434560193_892937595966984_8746180139148617117_n-1024x768.jpg\" title=\"Wychodz\u0105c naprzeciwko pro\u015bbom uczni\u00f3w oraz integruj\u0105c si\u0119 z innymi szko\u0142ami w akcji og\u00f3lnopolskiej \u201eW bibliotece damy ci spok\u00f3j\u201d, od marca wprowadzili\u015bmy w naszej bibliotece \u201eCich\u0105 przerw\u0119\u201d.\">\n\t\t\t\t\t\t\t\t\t\t\t\t\t\t\t<img style=\"width:160px;height:120px; border-width: 10px; border-color:#F1F1F1;border: 10px solid #F1F1F1\" alt=\"\" title=\"Wychodz\u0105c naprzeciwko pro\u015bbom uczni\u00f3w oraz integruj\u0105c si\u0119 z innymi szko\u0142ami w akcji og\u00f3lnopolskiej \u201eW bibliotece damy ci spok\u00f3j\u201d, od marca wprowadzili\u015bmy w naszej bibliotece \u201eCich\u0105 przerw\u0119\u201d.\" src=\"https:\/\/sp1slupsk.pl\/wp-content\/uploads\/2024\/04\/434560193_892937595966984_8746180139148617117_n-160x120.jpg\" rel=\"https:\/\/sp1slupsk.pl\/wp-content\/uploads\/2024\/04\/434560193_892937595966984_8746180139148617117_n.jpg\" \/>\n\t\t\t\t\t\t\t\t\t\t\t\t\t\t<\/a>\n\t\t\t\t\t\t\t\t\t\t\t\t\t\t\t\t\t\t\t\t\t\t\t\t\t<\/p>\n\t\t\t\t\t\t\t\t\t\t\t\t\t\t\t\t\t\t\t\t\t\t\t<\/div><!-- .gllr_image_block -->\n\t\t\t\t\t\t\t\t\t\t\t\t\t\t\t\t\t\t\t\t\t<div class=\"gllr_image_block\">\n\t\t\t\t\t\t\t\t\t\t\t\t<p style=\"width:180px;height:140px;\">\n\t\t\t\t\t\t\t\t\t\t\t\t\t\t\t\t\t\t\t\t\t\t\t\t\t\t\t<a rel=\"gallery_fancybox_85658\" href=\"https:\/\/sp1slupsk.pl\/wp-content\/uploads\/2024\/04\/434205066_892937745966969_4740548271275828003_n-1024x768.jpg\" title=\"Wychodz\u0105c naprzeciwko pro\u015bbom uczni\u00f3w oraz integruj\u0105c si\u0119 z innymi szko\u0142ami w akcji og\u00f3lnopolskiej \u201eW bibliotece damy ci spok\u00f3j\u201d, od marca wprowadzili\u015bmy w naszej bibliotece \u201eCich\u0105 przerw\u0119\u201d.\">\n\t\t\t\t\t\t\t\t\t\t\t\t\t\t\t<img style=\"width:160px;height:120px; border-width: 10px; border-color:#F1F1F1;border: 10px solid #F1F1F1\" alt=\"\" title=\"Wychodz\u0105c naprzeciwko pro\u015bbom uczni\u00f3w oraz integruj\u0105c si\u0119 z innymi szko\u0142ami w akcji og\u00f3lnopolskiej \u201eW bibliotece damy ci spok\u00f3j\u201d, od marca wprowadzili\u015bmy w naszej bibliotece \u201eCich\u0105 przerw\u0119\u201d.\" src=\"https:\/\/sp1slupsk.pl\/wp-content\/uploads\/2024\/04\/434205066_892937745966969_4740548271275828003_n-160x120.jpg\" rel=\"https:\/\/sp1slupsk.pl\/wp-content\/uploads\/2024\/04\/434205066_892937745966969_4740548271275828003_n.jpg\" \/>\n\t\t\t\t\t\t\t\t\t\t\t\t\t\t<\/a>\n\t\t\t\t\t\t\t\t\t\t\t\t\t\t\t\t\t\t\t\t\t\t\t\t\t<\/p>\n\t\t\t\t\t\t\t\t\t\t\t\t\t\t\t\t\t\t\t\t\t\t\t<\/div><!-- .gllr_image_block -->\n\t\t\t\t\t\t\t\t\t\t\t\t\t\t\t\t\t\t\t\t\t<\/div><!-- .gllr_image_row -->\n\t\t\t\t\t\t\t\t\t\t\t\t\t\t\t\t\t\t\t\t\t<div class=\"gllr_image_row\">\n\t\t\t\t\t\t\t\t\t\t\t\t\t\t\t\t\t\t\t\t\t<div class=\"gllr_image_block\">\n\t\t\t\t\t\t\t\t\t\t\t\t<p style=\"width:180px;height:140px;\">\n\t\t\t\t\t\t\t\t\t\t\t\t\t\t\t\t\t\t\t\t\t\t\t\t\t\t\t<a rel=\"gallery_fancybox_85658\" href=\"https:\/\/sp1slupsk.pl\/wp-content\/uploads\/2024\/04\/434202141_892937545966989_8400138168408052564_n-1024x768.jpg\" title=\"Wychodz\u0105c naprzeciwko pro\u015bbom uczni\u00f3w oraz integruj\u0105c si\u0119 z innymi szko\u0142ami w akcji og\u00f3lnopolskiej \u201eW bibliotece damy ci spok\u00f3j\u201d, od marca wprowadzili\u015bmy w naszej bibliotece \u201eCich\u0105 przerw\u0119\u201d.\">\n\t\t\t\t\t\t\t\t\t\t\t\t\t\t\t<img style=\"width:160px;height:120px; border-width: 10px; border-color:#F1F1F1;border: 10px solid #F1F1F1\" alt=\"\" title=\"Wychodz\u0105c naprzeciwko pro\u015bbom uczni\u00f3w oraz integruj\u0105c si\u0119 z innymi szko\u0142ami w akcji og\u00f3lnopolskiej \u201eW bibliotece damy ci spok\u00f3j\u201d, od marca wprowadzili\u015bmy w naszej bibliotece \u201eCich\u0105 przerw\u0119\u201d.\" src=\"https:\/\/sp1slupsk.pl\/wp-content\/uploads\/2024\/04\/434202141_892937545966989_8400138168408052564_n-160x120.jpg\" rel=\"https:\/\/sp1slupsk.pl\/wp-content\/uploads\/2024\/04\/434202141_892937545966989_8400138168408052564_n.jpg\" \/>\n\t\t\t\t\t\t\t\t\t\t\t\t\t\t<\/a>\n\t\t\t\t\t\t\t\t\t\t\t\t\t\t\t\t\t\t\t\t\t\t\t\t\t<\/p>\n\t\t\t\t\t\t\t\t\t\t\t\t\t\t\t\t\t\t\t\t\t\t\t<\/div><!-- .gllr_image_block -->\n\t\t\t\t\t\t\t\t\t\t\t\t\t\t\t\t\t\t\t\t\t<div class=\"gllr_image_block\">\n\t\t\t\t\t\t\t\t\t\t\t\t<p style=\"width:180px;height:140px;\">\n\t\t\t\t\t\t\t\t\t\t\t\t\t\t\t\t\t\t\t\t\t\t\t\t\t\t\t<a rel=\"gallery_fancybox_85658\" href=\"https:\/\/sp1slupsk.pl\/wp-content\/uploads\/2024\/04\/434192468_892937479300329_1814956001725373497_n-1024x768.jpg\" title=\"Wychodz\u0105c naprzeciwko pro\u015bbom uczni\u00f3w oraz integruj\u0105c si\u0119 z innymi szko\u0142ami w akcji og\u00f3lnopolskiej \u201eW bibliotece damy ci spok\u00f3j\u201d, od marca wprowadzili\u015bmy w naszej bibliotece \u201eCich\u0105 przerw\u0119\u201d.\">\n\t\t\t\t\t\t\t\t\t\t\t\t\t\t\t<img style=\"width:160px;height:120px; border-width: 10px; border-color:#F1F1F1;border: 10px solid #F1F1F1\" alt=\"\" title=\"Wychodz\u0105c naprzeciwko pro\u015bbom uczni\u00f3w oraz integruj\u0105c si\u0119 z innymi szko\u0142ami w akcji og\u00f3lnopolskiej \u201eW bibliotece damy ci spok\u00f3j\u201d, od marca wprowadzili\u015bmy w naszej bibliotece \u201eCich\u0105 przerw\u0119\u201d.\" src=\"https:\/\/sp1slupsk.pl\/wp-content\/uploads\/2024\/04\/434192468_892937479300329_1814956001725373497_n-160x120.jpg\" rel=\"https:\/\/sp1slupsk.pl\/wp-content\/uploads\/2024\/04\/434192468_892937479300329_1814956001725373497_n.jpg\" \/>\n\t\t\t\t\t\t\t\t\t\t\t\t\t\t<\/a>\n\t\t\t\t\t\t\t\t\t\t\t\t\t\t\t\t\t\t\t\t\t\t\t\t\t<\/p>\n\t\t\t\t\t\t\t\t\t\t\t\t\t\t\t\t\t\t\t\t\t\t\t<\/div><!-- .gllr_image_block -->\n\t\t\t\t\t\t\t\t\t\t\t\t\t\t\t\t\t\t\t\t\t<div class=\"gllr_image_block\">\n\t\t\t\t\t\t\t\t\t\t\t\t<p style=\"width:180px;height:140px;\">\n\t\t\t\t\t\t\t\t\t\t\t\t\t\t\t\t\t\t\t\t\t\t\t\t\t\t\t<a rel=\"gallery_fancybox_85658\" href=\"https:\/\/sp1slupsk.pl\/wp-content\/uploads\/2024\/04\/434187956_892937702633640_474782485551972092_n-1024x768.jpg\" title=\"Wychodz\u0105c naprzeciwko pro\u015bbom uczni\u00f3w oraz integruj\u0105c si\u0119 z innymi szko\u0142ami w akcji og\u00f3lnopolskiej \u201eW bibliotece damy ci spok\u00f3j\u201d, od marca wprowadzili\u015bmy w naszej bibliotece \u201eCich\u0105 przerw\u0119\u201d.\">\n\t\t\t\t\t\t\t\t\t\t\t\t\t\t\t<img style=\"width:160px;height:120px; border-width: 10px; border-color:#F1F1F1;border: 10px solid #F1F1F1\" alt=\"\" title=\"Wychodz\u0105c naprzeciwko pro\u015bbom uczni\u00f3w oraz integruj\u0105c si\u0119 z innymi szko\u0142ami w akcji og\u00f3lnopolskiej \u201eW bibliotece damy ci spok\u00f3j\u201d, od marca wprowadzili\u015bmy w naszej bibliotece \u201eCich\u0105 przerw\u0119\u201d.\" src=\"https:\/\/sp1slupsk.pl\/wp-content\/uploads\/2024\/04\/434187956_892937702633640_474782485551972092_n-160x120.jpg\" rel=\"https:\/\/sp1slupsk.pl\/wp-content\/uploads\/2024\/04\/434187956_892937702633640_474782485551972092_n.jpg\" \/>\n\t\t\t\t\t\t\t\t\t\t\t\t\t\t<\/a>\n\t\t\t\t\t\t\t\t\t\t\t\t\t\t\t\t\t\t\t\t\t\t\t\t\t<\/p>\n\t\t\t\t\t\t\t\t\t\t\t\t\t\t\t\t\t\t\t\t\t\t\t<\/div><!-- .gllr_image_block -->\n\t\t\t\t\t\t\t\t\t\t\t\t\t\t\t\t\t\t\t\t\t<\/div><!-- .gllr_image_row -->\n\t\t\t\t\t\t\t\t\t\t\t\t\t\t\t\t\t\t<\/div><!-- .gallery.clearfix -->\n\t\t\t\t\t\t\t\t\t\t\t\t\t<\/div><!-- .gallery_box_single -->\n\t\t\t\t\t\t<div class=\"gllr_clear\"><\/div>\n\t\t\t\t\t\t\t\t\t<script type=\"text\/javascript\">\n\t\t\t\t\t(function($) {\n\t\t\t\t\t\t$(document).ready( function() {\n\t\t\t\t\t\t\t$( \"a[rel=gallery_fancybox_85658]\" ).fancybox( {\n\t\t\t\t\t\t\t\t'transitionIn'\t\t:\t'elastic',\n\t\t\t\t\t\t\t\t'transitionOut'\t\t:\t'elastic',\n\t\t\t\t\t\t\t\t'titlePosition' \t:\t'inside',\n\t\t\t\t\t\t\t\t'speedIn'\t\t\t:\t500, \n\t\t\t\t\t\t\t\t'speedOut'\t\t\t:\t300,\n\t\t\t\t\t\t\t\t'titleFormat'\t\t:\tfunction( title, currentArray, currentIndex, currentOpts ) {\n\t\t\t\t\t\t\t\t\treturn '<div id=\"fancybox-title-inside\">' + ( title.length ? '<span id=\"bws_gallery_image_title\">' + title + '<\/span><br \/>' : '' ) + '<span id=\"bws_gallery_image_counter\">Image ' + ( currentIndex + 1 ) + ' \/ ' + currentArray.length + '<\/span><\/div>';\n\t\t\t\t\t\t\t\t}\t\t\t\t\t\t\t});\n\t\t\t\t\t\t});\n\t\t\t\t\t})(jQuery);\n\t\t\t\t<\/script>\n\t\t\t<\/p>\n\n\n\n<hr class=\"wp-block-separator\"\/>\n\n\n\n<p class=\"has-text-align-center\"><strong>Druga edycja ligi szachowej \u201eJedynki\u201d i turniej warcab\u00f3w.<\/strong><\/p>\n\n\n\n<p>Druga edycja ligi szachowej \u201eJedynki\u201d zako\u0144czona! \u0141\u0105cznie rozegrali\u015bmy ponad 500 partii! Do turnieju zapisa\u0142o si\u0119 35 uczni\u00f3w naszej szko\u0142y. Partie by\u0142y rozgrywane na przerwach oraz podczas zaj\u0119\u0107 szachowych, w okresie stycze\u0144 \u2013 luty 2024 r., z ograniczeniem czasowym na parti\u0119 10 minut. Uczestnicy zostali podzieleni na dwie grupy i rozegrali mecze systemem \u201eka\u017cdy z ka\u017cdym\u201d. Nast\u0119pnie czterech najlepszych zawodnik\u00f3w z ka\u017cdej grupy awansowa\u0142o do \u0107wier\u0107fina\u0142\u00f3w, gdzie o awans do p\u00f3\u0142fina\u0142\u00f3w zagrali do dw\u00f3ch wygranych partii. Nast\u0119pnie rozegrali\u015bmy mecz 3 miejsce (do trzech wygranych partii) i wielki fina\u0142 (do pi\u0119ciu wygranych partii). Po pi\u0119knej i zaci\u0119tej walce fina\u0142owej, mistrzem szko\u0142y w roku szkolnym 2023\/2024 zosta\u0142 Kacper Rubinowicz (7b), a wicemistrzem Mikhailo Kyryliuk (8a). Trzecie miejsce wywalczy\u0142 Makovii Yevhenii (8a) pokonuj\u0105c Yegora Samygina (7b). Wszyscy wymienieni uczniowie b\u0119d\u0105 reprezentowa\u0107 nasz\u0105 szko\u0142\u0119 na zawodach.<\/p>\n\n\n\n<p>Rozegrali\u015bmy r\u00f3wnie\u017c turniej warcab\u00f3w, do kt\u00f3rego zg\u0142osi\u0142o si\u0119 15 os\u00f3b. Uczniowie zagrali systemem ka\u017cdy z ka\u017cdym, a nast\u0119pnie dw\u00f3ch najlepszych graczy spotka\u0142o si\u0119 w finale. Mistrzem naszej szko\u0142y w warcabach jest Yegor Samygin (7b), kt\u00f3ry pokona\u0142 Kacpra Rubinowicza (7b). Trzecie miejsce zdoby\u0142 Marcel Solak (8a). Dw\u00f3ch uczni\u00f3w (mistrz i wicemistrz) b\u0119dzie rywalizowa\u0107 w turnieju mi\u0119dzyszkolnym.<\/p>\n\n\n\n\t\t\t\t\t\t<div class=\"gallery_box_single\">\n\t\t\t\t\t\t\t\t\t\t\t\t\t\t\t<div class=\"gallery clearfix\">\n\t\t\t\t\t\t\t\t\t\t\t\t\t\t\t\t\t\t\t\t<div class=\"gllr_image_row\">\n\t\t\t\t\t\t\t\t\t\t\t\t\t\t\t\t\t\t\t\t\t<div class=\"gllr_image_block\">\n\t\t\t\t\t\t\t\t\t\t\t\t<p style=\"width:180px;height:140px;\">\n\t\t\t\t\t\t\t\t\t\t\t\t\t\t\t\t\t\t\t\t\t\t\t\t\t\t\t<a rel=\"gallery_fancybox_85408\" href=\"https:\/\/sp1slupsk.pl\/wp-content\/uploads\/2024\/03\/IMG_20240103_094944-1024x768.jpg\" title=\"Druga edycja ligi szachowej \u201eJedynki\u201d i turniej warcab\u00f3w.\">\n\t\t\t\t\t\t\t\t\t\t\t\t\t\t\t<img style=\"width:160px;height:120px; border-width: 10px; border-color:#F1F1F1;border: 10px solid #F1F1F1\" alt=\"\" title=\"Druga edycja ligi szachowej \u201eJedynki\u201d i turniej warcab\u00f3w.\" src=\"https:\/\/sp1slupsk.pl\/wp-content\/uploads\/2024\/03\/IMG_20240103_094944-160x120.jpg\" rel=\"https:\/\/sp1slupsk.pl\/wp-content\/uploads\/2024\/03\/IMG_20240103_094944-scaled.jpg\" \/>\n\t\t\t\t\t\t\t\t\t\t\t\t\t\t<\/a>\n\t\t\t\t\t\t\t\t\t\t\t\t\t\t\t\t\t\t\t\t\t\t\t\t\t<\/p>\n\t\t\t\t\t\t\t\t\t\t\t\t\t\t\t\t\t\t\t\t\t\t\t<\/div><!-- .gllr_image_block -->\n\t\t\t\t\t\t\t\t\t\t\t\t\t\t\t\t\t\t\t\t\t<div class=\"gllr_image_block\">\n\t\t\t\t\t\t\t\t\t\t\t\t<p style=\"width:180px;height:140px;\">\n\t\t\t\t\t\t\t\t\t\t\t\t\t\t\t\t\t\t\t\t\t\t\t\t\t\t\t<a rel=\"gallery_fancybox_85408\" href=\"https:\/\/sp1slupsk.pl\/wp-content\/uploads\/2024\/03\/IMG_20240108_104539-1024x768.jpg\" title=\"Druga edycja ligi szachowej \u201eJedynki\u201d i turniej warcab\u00f3w.\">\n\t\t\t\t\t\t\t\t\t\t\t\t\t\t\t<img style=\"width:160px;height:120px; border-width: 10px; border-color:#F1F1F1;border: 10px solid #F1F1F1\" alt=\"\" title=\"Druga edycja ligi szachowej \u201eJedynki\u201d i turniej warcab\u00f3w.\" src=\"https:\/\/sp1slupsk.pl\/wp-content\/uploads\/2024\/03\/IMG_20240108_104539-160x120.jpg\" rel=\"https:\/\/sp1slupsk.pl\/wp-content\/uploads\/2024\/03\/IMG_20240108_104539-scaled.jpg\" \/>\n\t\t\t\t\t\t\t\t\t\t\t\t\t\t<\/a>\n\t\t\t\t\t\t\t\t\t\t\t\t\t\t\t\t\t\t\t\t\t\t\t\t\t<\/p>\n\t\t\t\t\t\t\t\t\t\t\t\t\t\t\t\t\t\t\t\t\t\t\t<\/div><!-- .gllr_image_block -->\n\t\t\t\t\t\t\t\t\t\t\t\t\t\t\t\t\t\t\t\t\t<div class=\"gllr_image_block\">\n\t\t\t\t\t\t\t\t\t\t\t\t<p style=\"width:180px;height:140px;\">\n\t\t\t\t\t\t\t\t\t\t\t\t\t\t\t\t\t\t\t\t\t\t\t\t\t\t\t<a rel=\"gallery_fancybox_85408\" href=\"https:\/\/sp1slupsk.pl\/wp-content\/uploads\/2024\/03\/IMG_20240105_130803-1024x768.jpg\" title=\"Druga edycja ligi szachowej \u201eJedynki\u201d i turniej warcab\u00f3w.\">\n\t\t\t\t\t\t\t\t\t\t\t\t\t\t\t<img style=\"width:160px;height:120px; border-width: 10px; border-color:#F1F1F1;border: 10px solid #F1F1F1\" alt=\"\" title=\"Druga edycja ligi szachowej \u201eJedynki\u201d i turniej warcab\u00f3w.\" src=\"https:\/\/sp1slupsk.pl\/wp-content\/uploads\/2024\/03\/IMG_20240105_130803-160x120.jpg\" rel=\"https:\/\/sp1slupsk.pl\/wp-content\/uploads\/2024\/03\/IMG_20240105_130803-scaled.jpg\" \/>\n\t\t\t\t\t\t\t\t\t\t\t\t\t\t<\/a>\n\t\t\t\t\t\t\t\t\t\t\t\t\t\t\t\t\t\t\t\t\t\t\t\t\t<\/p>\n\t\t\t\t\t\t\t\t\t\t\t\t\t\t\t\t\t\t\t\t\t\t\t<\/div><!-- .gllr_image_block -->\n\t\t\t\t\t\t\t\t\t\t\t\t\t\t\t\t\t\t\t\t\t<\/div><!-- .gllr_image_row -->\n\t\t\t\t\t\t\t\t\t\t\t\t\t\t\t\t\t\t\t\t\t<div class=\"gllr_image_row\">\n\t\t\t\t\t\t\t\t\t\t\t\t\t\t\t\t\t\t\t\t\t<div class=\"gllr_image_block\">\n\t\t\t\t\t\t\t\t\t\t\t\t<p style=\"width:180px;height:140px;\">\n\t\t\t\t\t\t\t\t\t\t\t\t\t\t\t\t\t\t\t\t\t\t\t\t\t\t\t<a rel=\"gallery_fancybox_85408\" href=\"https:\/\/sp1slupsk.pl\/wp-content\/uploads\/2024\/03\/IMG_20240105_124012-1024x768.jpg\" title=\"Druga edycja ligi szachowej \u201eJedynki\u201d i turniej warcab\u00f3w.\">\n\t\t\t\t\t\t\t\t\t\t\t\t\t\t\t<img style=\"width:160px;height:120px; border-width: 10px; border-color:#F1F1F1;border: 10px solid #F1F1F1\" alt=\"\" title=\"Druga edycja ligi szachowej \u201eJedynki\u201d i turniej warcab\u00f3w.\" src=\"https:\/\/sp1slupsk.pl\/wp-content\/uploads\/2024\/03\/IMG_20240105_124012-160x120.jpg\" rel=\"https:\/\/sp1slupsk.pl\/wp-content\/uploads\/2024\/03\/IMG_20240105_124012-scaled.jpg\" \/>\n\t\t\t\t\t\t\t\t\t\t\t\t\t\t<\/a>\n\t\t\t\t\t\t\t\t\t\t\t\t\t\t\t\t\t\t\t\t\t\t\t\t\t<\/p>\n\t\t\t\t\t\t\t\t\t\t\t\t\t\t\t\t\t\t\t\t\t\t\t<\/div><!-- .gllr_image_block -->\n\t\t\t\t\t\t\t\t\t\t\t\t\t\t\t\t\t\t\t\t\t<div class=\"gllr_image_block\">\n\t\t\t\t\t\t\t\t\t\t\t\t<p style=\"width:180px;height:140px;\">\n\t\t\t\t\t\t\t\t\t\t\t\t\t\t\t\t\t\t\t\t\t\t\t\t\t\t\t<a rel=\"gallery_fancybox_85408\" href=\"https:\/\/sp1slupsk.pl\/wp-content\/uploads\/2024\/03\/430344245_7297070623691565_7413595352419551607_n-1024x768.jpg\" title=\"Druga edycja ligi szachowej \u201eJedynki\u201d i turniej warcab\u00f3w.\">\n\t\t\t\t\t\t\t\t\t\t\t\t\t\t\t<img style=\"width:160px;height:120px; border-width: 10px; border-color:#F1F1F1;border: 10px solid #F1F1F1\" alt=\"\" title=\"Druga edycja ligi szachowej \u201eJedynki\u201d i turniej warcab\u00f3w.\" src=\"https:\/\/sp1slupsk.pl\/wp-content\/uploads\/2024\/03\/430344245_7297070623691565_7413595352419551607_n-160x120.jpg\" rel=\"https:\/\/sp1slupsk.pl\/wp-content\/uploads\/2024\/03\/430344245_7297070623691565_7413595352419551607_n.jpg\" \/>\n\t\t\t\t\t\t\t\t\t\t\t\t\t\t<\/a>\n\t\t\t\t\t\t\t\t\t\t\t\t\t\t\t\t\t\t\t\t\t\t\t\t\t<\/p>\n\t\t\t\t\t\t\t\t\t\t\t\t\t\t\t\t\t\t\t\t\t\t\t<\/div><!-- .gllr_image_block -->\n\t\t\t\t\t\t\t\t\t\t\t\t\t\t\t\t\t\t\t\t\t<div class=\"gllr_image_block\">\n\t\t\t\t\t\t\t\t\t\t\t\t<p style=\"width:180px;height:140px;\">\n\t\t\t\t\t\t\t\t\t\t\t\t\t\t\t\t\t\t\t\t\t\t\t\t\t\t\t<a rel=\"gallery_fancybox_85408\" href=\"https:\/\/sp1slupsk.pl\/wp-content\/uploads\/2024\/03\/IMG_20240104_113538-1024x768.jpg\" title=\"Druga edycja ligi szachowej \u201eJedynki\u201d i turniej warcab\u00f3w.\">\n\t\t\t\t\t\t\t\t\t\t\t\t\t\t\t<img style=\"width:160px;height:120px; border-width: 10px; border-color:#F1F1F1;border: 10px solid #F1F1F1\" alt=\"\" title=\"Druga edycja ligi szachowej \u201eJedynki\u201d i turniej warcab\u00f3w.\" src=\"https:\/\/sp1slupsk.pl\/wp-content\/uploads\/2024\/03\/IMG_20240104_113538-160x120.jpg\" rel=\"https:\/\/sp1slupsk.pl\/wp-content\/uploads\/2024\/03\/IMG_20240104_113538-scaled.jpg\" \/>\n\t\t\t\t\t\t\t\t\t\t\t\t\t\t<\/a>\n\t\t\t\t\t\t\t\t\t\t\t\t\t\t\t\t\t\t\t\t\t\t\t\t\t<\/p>\n\t\t\t\t\t\t\t\t\t\t\t\t\t\t\t\t\t\t\t\t\t\t\t<\/div><!-- .gllr_image_block -->\n\t\t\t\t\t\t\t\t\t\t\t\t\t\t\t\t\t\t\t\t\t<\/div><!-- .gllr_image_row -->\n\t\t\t\t\t\t\t\t\t\t\t\t\t\t\t\t\t\t\t\t\t<div class=\"gllr_image_row\">\n\t\t\t\t\t\t\t\t\t\t\t\t\t\t\t\t\t\t\t\t\t<div class=\"gllr_image_block\">\n\t\t\t\t\t\t\t\t\t\t\t\t<p style=\"width:180px;height:140px;\">\n\t\t\t\t\t\t\t\t\t\t\t\t\t\t\t\t\t\t\t\t\t\t\t\t\t\t\t<a rel=\"gallery_fancybox_85408\" href=\"https:\/\/sp1slupsk.pl\/wp-content\/uploads\/2024\/03\/IMG_20240103_094916-1024x768.jpg\" title=\"Druga edycja ligi szachowej \u201eJedynki\u201d i turniej warcab\u00f3w.\">\n\t\t\t\t\t\t\t\t\t\t\t\t\t\t\t<img style=\"width:160px;height:120px; border-width: 10px; border-color:#F1F1F1;border: 10px solid #F1F1F1\" alt=\"\" title=\"Druga edycja ligi szachowej \u201eJedynki\u201d i turniej warcab\u00f3w.\" src=\"https:\/\/sp1slupsk.pl\/wp-content\/uploads\/2024\/03\/IMG_20240103_094916-160x120.jpg\" rel=\"https:\/\/sp1slupsk.pl\/wp-content\/uploads\/2024\/03\/IMG_20240103_094916-scaled.jpg\" \/>\n\t\t\t\t\t\t\t\t\t\t\t\t\t\t<\/a>\n\t\t\t\t\t\t\t\t\t\t\t\t\t\t\t\t\t\t\t\t\t\t\t\t\t<\/p>\n\t\t\t\t\t\t\t\t\t\t\t\t\t\t\t\t\t\t\t\t\t\t\t<\/div><!-- .gllr_image_block -->\n\t\t\t\t\t\t\t\t\t\t\t\t\t\t\t\t\t\t\t\t\t<div class=\"gllr_image_block\">\n\t\t\t\t\t\t\t\t\t\t\t\t<p style=\"width:180px;height:140px;\">\n\t\t\t\t\t\t\t\t\t\t\t\t\t\t\t\t\t\t\t\t\t\t\t\t\t\t\t<a rel=\"gallery_fancybox_85408\" href=\"https:\/\/sp1slupsk.pl\/wp-content\/uploads\/2024\/03\/IMG_20240103_114049-1024x768.jpg\" title=\"Druga edycja ligi szachowej \u201eJedynki\u201d i turniej warcab\u00f3w.\">\n\t\t\t\t\t\t\t\t\t\t\t\t\t\t\t<img style=\"width:160px;height:120px; border-width: 10px; border-color:#F1F1F1;border: 10px solid #F1F1F1\" alt=\"\" title=\"Druga edycja ligi szachowej \u201eJedynki\u201d i turniej warcab\u00f3w.\" src=\"https:\/\/sp1slupsk.pl\/wp-content\/uploads\/2024\/03\/IMG_20240103_114049-160x120.jpg\" rel=\"https:\/\/sp1slupsk.pl\/wp-content\/uploads\/2024\/03\/IMG_20240103_114049-scaled.jpg\" \/>\n\t\t\t\t\t\t\t\t\t\t\t\t\t\t<\/a>\n\t\t\t\t\t\t\t\t\t\t\t\t\t\t\t\t\t\t\t\t\t\t\t\t\t<\/p>\n\t\t\t\t\t\t\t\t\t\t\t\t\t\t\t\t\t\t\t\t\t\t\t<\/div><!-- .gllr_image_block -->\n\t\t\t\t\t\t\t\t\t\t\t\t\t\t\t\t\t\t\t\t\t<div class=\"gllr_image_block\">\n\t\t\t\t\t\t\t\t\t\t\t\t<p style=\"width:180px;height:140px;\">\n\t\t\t\t\t\t\t\t\t\t\t\t\t\t\t\t\t\t\t\t\t\t\t\t\t\t\t<a rel=\"gallery_fancybox_85408\" href=\"https:\/\/sp1slupsk.pl\/wp-content\/uploads\/2024\/03\/IMG_20240103_104608-1024x768.jpg\" title=\"Druga edycja ligi szachowej \u201eJedynki\u201d i turniej warcab\u00f3w.\">\n\t\t\t\t\t\t\t\t\t\t\t\t\t\t\t<img style=\"width:160px;height:120px; border-width: 10px; border-color:#F1F1F1;border: 10px solid #F1F1F1\" alt=\"\" title=\"Druga edycja ligi szachowej \u201eJedynki\u201d i turniej warcab\u00f3w.\" src=\"https:\/\/sp1slupsk.pl\/wp-content\/uploads\/2024\/03\/IMG_20240103_104608-160x120.jpg\" rel=\"https:\/\/sp1slupsk.pl\/wp-content\/uploads\/2024\/03\/IMG_20240103_104608-scaled.jpg\" \/>\n\t\t\t\t\t\t\t\t\t\t\t\t\t\t<\/a>\n\t\t\t\t\t\t\t\t\t\t\t\t\t\t\t\t\t\t\t\t\t\t\t\t\t<\/p>\n\t\t\t\t\t\t\t\t\t\t\t\t\t\t\t\t\t\t\t\t\t\t\t<\/div><!-- .gllr_image_block -->\n\t\t\t\t\t\t\t\t\t\t\t\t\t\t\t\t\t\t\t\t\t<\/div><!-- .gllr_image_row -->\n\t\t\t\t\t\t\t\t\t\t\t\t\t\t\t\t\t\t\t\t\t<div class=\"gllr_image_row\">\n\t\t\t\t\t\t\t\t\t\t\t\t\t\t\t\t\t\t\t\t\t<div class=\"gllr_image_block\">\n\t\t\t\t\t\t\t\t\t\t\t\t<p style=\"width:180px;height:140px;\">\n\t\t\t\t\t\t\t\t\t\t\t\t\t\t\t\t\t\t\t\t\t\t\t\t\t\t\t<a rel=\"gallery_fancybox_85408\" href=\"https:\/\/sp1slupsk.pl\/wp-content\/uploads\/2024\/03\/IMG_20240103_114037-1024x768.jpg\" title=\"Druga edycja ligi szachowej \u201eJedynki\u201d i turniej warcab\u00f3w.\">\n\t\t\t\t\t\t\t\t\t\t\t\t\t\t\t<img style=\"width:160px;height:120px; border-width: 10px; border-color:#F1F1F1;border: 10px solid #F1F1F1\" alt=\"\" title=\"Druga edycja ligi szachowej \u201eJedynki\u201d i turniej warcab\u00f3w.\" src=\"https:\/\/sp1slupsk.pl\/wp-content\/uploads\/2024\/03\/IMG_20240103_114037-160x120.jpg\" rel=\"https:\/\/sp1slupsk.pl\/wp-content\/uploads\/2024\/03\/IMG_20240103_114037-scaled.jpg\" \/>\n\t\t\t\t\t\t\t\t\t\t\t\t\t\t<\/a>\n\t\t\t\t\t\t\t\t\t\t\t\t\t\t\t\t\t\t\t\t\t\t\t\t\t<\/p>\n\t\t\t\t\t\t\t\t\t\t\t\t\t\t\t\t\t\t\t\t\t\t\t<\/div><!-- .gllr_image_block -->\n\t\t\t\t\t\t\t\t\t\t\t\t\t\t\t\t\t\t\t\t\t<div class=\"gllr_image_block\">\n\t\t\t\t\t\t\t\t\t\t\t\t<p style=\"width:180px;height:140px;\">\n\t\t\t\t\t\t\t\t\t\t\t\t\t\t\t\t\t\t\t\t\t\t\t\t\t\t\t<a rel=\"gallery_fancybox_85408\" href=\"https:\/\/sp1slupsk.pl\/wp-content\/uploads\/2024\/03\/IMG_20240102_113828-1024x768.jpg\" title=\"Druga edycja ligi szachowej \u201eJedynki\u201d i turniej warcab\u00f3w.\">\n\t\t\t\t\t\t\t\t\t\t\t\t\t\t\t<img style=\"width:160px;height:120px; border-width: 10px; border-color:#F1F1F1;border: 10px solid #F1F1F1\" alt=\"\" title=\"Druga edycja ligi szachowej \u201eJedynki\u201d i turniej warcab\u00f3w.\" src=\"https:\/\/sp1slupsk.pl\/wp-content\/uploads\/2024\/03\/IMG_20240102_113828-160x120.jpg\" rel=\"https:\/\/sp1slupsk.pl\/wp-content\/uploads\/2024\/03\/IMG_20240102_113828-scaled.jpg\" \/>\n\t\t\t\t\t\t\t\t\t\t\t\t\t\t<\/a>\n\t\t\t\t\t\t\t\t\t\t\t\t\t\t\t\t\t\t\t\t\t\t\t\t\t<\/p>\n\t\t\t\t\t\t\t\t\t\t\t\t\t\t\t\t\t\t\t\t\t\t\t<\/div><!-- .gllr_image_block -->\n\t\t\t\t\t\t\t\t\t\t\t\t\t\t\t\t\t\t\t\t\t<div class=\"gllr_image_block\">\n\t\t\t\t\t\t\t\t\t\t\t\t<p style=\"width:180px;height:140px;\">\n\t\t\t\t\t\t\t\t\t\t\t\t\t\t\t\t\t\t\t\t\t\t\t\t\t\t\t<a rel=\"gallery_fancybox_85408\" href=\"https:\/\/sp1slupsk.pl\/wp-content\/uploads\/2024\/03\/429593233_374871402098367_7400460670154871733_n-1024x768.jpg\" title=\"Druga edycja ligi szachowej \u201eJedynki\u201d i turniej warcab\u00f3w.\">\n\t\t\t\t\t\t\t\t\t\t\t\t\t\t\t<img style=\"width:160px;height:120px; border-width: 10px; border-color:#F1F1F1;border: 10px solid #F1F1F1\" alt=\"\" title=\"Druga edycja ligi szachowej \u201eJedynki\u201d i turniej warcab\u00f3w.\" src=\"https:\/\/sp1slupsk.pl\/wp-content\/uploads\/2024\/03\/429593233_374871402098367_7400460670154871733_n-160x120.jpg\" rel=\"https:\/\/sp1slupsk.pl\/wp-content\/uploads\/2024\/03\/429593233_374871402098367_7400460670154871733_n.jpg\" \/>\n\t\t\t\t\t\t\t\t\t\t\t\t\t\t<\/a>\n\t\t\t\t\t\t\t\t\t\t\t\t\t\t\t\t\t\t\t\t\t\t\t\t\t<\/p>\n\t\t\t\t\t\t\t\t\t\t\t\t\t\t\t\t\t\t\t\t\t\t\t<\/div><!-- .gllr_image_block -->\n\t\t\t\t\t\t\t\t\t\t\t\t\t\t\t\t\t\t\t\t\t<\/div><!-- .gllr_image_row -->\n\t\t\t\t\t\t\t\t\t\t\t\t\t\t\t\t\t\t\t\t\t<div class=\"gllr_image_row\">\n\t\t\t\t\t\t\t\t\t\t\t\t\t\t\t\t\t\t\t\t\t<div class=\"gllr_image_block\">\n\t\t\t\t\t\t\t\t\t\t\t\t<p style=\"width:180px;height:140px;\">\n\t\t\t\t\t\t\t\t\t\t\t\t\t\t\t\t\t\t\t\t\t\t\t\t\t\t\t<a rel=\"gallery_fancybox_85408\" href=\"https:\/\/sp1slupsk.pl\/wp-content\/uploads\/2024\/03\/IMG_20231117_094702-1024x768.jpg\" title=\"Druga edycja ligi szachowej \u201eJedynki\u201d i turniej warcab\u00f3w.\">\n\t\t\t\t\t\t\t\t\t\t\t\t\t\t\t<img style=\"width:160px;height:120px; border-width: 10px; border-color:#F1F1F1;border: 10px solid #F1F1F1\" alt=\"\" title=\"Druga edycja ligi szachowej \u201eJedynki\u201d i turniej warcab\u00f3w.\" src=\"https:\/\/sp1slupsk.pl\/wp-content\/uploads\/2024\/03\/IMG_20231117_094702-160x120.jpg\" rel=\"https:\/\/sp1slupsk.pl\/wp-content\/uploads\/2024\/03\/IMG_20231117_094702-scaled.jpg\" \/>\n\t\t\t\t\t\t\t\t\t\t\t\t\t\t<\/a>\n\t\t\t\t\t\t\t\t\t\t\t\t\t\t\t\t\t\t\t\t\t\t\t\t\t<\/p>\n\t\t\t\t\t\t\t\t\t\t\t\t\t\t\t\t\t\t\t\t\t\t\t<\/div><!-- .gllr_image_block -->\n\t\t\t\t\t\t\t\t\t\t\t\t\t\t\t\t\t\t\t\t<\/div><!-- .gllr_image_row -->\n\t\t\t\t\t\t\t\t\t\t\t\t\t\t\t\t\t<\/div><!-- .gallery.clearfix -->\n\t\t\t\t\t\t\t\t\t\t\t\t\t<\/div><!-- .gallery_box_single -->\n\t\t\t\t\t\t<div class=\"gllr_clear\"><\/div>\n\t\t\t\t\t\t\t\t\t<script type=\"text\/javascript\">\n\t\t\t\t\t(function($) {\n\t\t\t\t\t\t$(document).ready( function() {\n\t\t\t\t\t\t\t$( \"a[rel=gallery_fancybox_85408]\" ).fancybox( {\n\t\t\t\t\t\t\t\t'transitionIn'\t\t:\t'elastic',\n\t\t\t\t\t\t\t\t'transitionOut'\t\t:\t'elastic',\n\t\t\t\t\t\t\t\t'titlePosition' \t:\t'inside',\n\t\t\t\t\t\t\t\t'speedIn'\t\t\t:\t500, \n\t\t\t\t\t\t\t\t'speedOut'\t\t\t:\t300,\n\t\t\t\t\t\t\t\t'titleFormat'\t\t:\tfunction( title, currentArray, currentIndex, currentOpts ) {\n\t\t\t\t\t\t\t\t\treturn '<div id=\"fancybox-title-inside\">' + ( title.length ? '<span id=\"bws_gallery_image_title\">' + title + '<\/span><br \/>' : '' ) + '<span id=\"bws_gallery_image_counter\">Image ' + ( currentIndex + 1 ) + ' \/ ' + currentArray.length + '<\/span><\/div>';\n\t\t\t\t\t\t\t\t}\t\t\t\t\t\t\t});\n\t\t\t\t\t\t});\n\t\t\t\t\t})(jQuery);\n\t\t\t\t<\/script>\n\t\t\t\n\n\n\n<hr class=\"wp-block-separator\"\/>\n\n\n\n<p class=\"has-text-align-center\"><strong>Konkurs biblioteczny \u201eM\u00f3j projekt ok\u0142adki ulubionej ksi\u0105\u017cki\u201d<\/strong><\/p>\n\n\n\n<p>Czteroosobowe jury rozstrzygn\u0119\u0142o nasz konkurs biblioteczny. Uczestnicy stworzyli w\u0142asne projekty ok\u0142adek ulubionych ksi\u0105\u017cek, prace by\u0142y odzwierciedleniem ich wyobra\u017ani i pomys\u0142owo\u015bci. <br>Po g\u0142osowaniu ka\u017cdego nauczyciela z jury i zsumowaniu punkt\u00f3w, przedstawiono wyniki zgodne z wymagan\u0105 punktacj\u0105 zawart\u0105 w regulaminie konkursu:<\/p>\n\n\n\n<p>Klasy I-III:<br>I miejsce&nbsp; \u2013 Micha\u0142 Ko\u0142tun kl. 2a \u201eSmoki\u201d (12 pkt)<br>II miejsce \u2013 nie przyznano<br>III miejsce \u2013 Nadia Mi\u0105zek kl. 2a \u201eMa\u0142a bia\u0142a rybka\u201d (5 pkt)<\/p>\n\n\n\n<p>Klasy IV-VIII:<br>I miejsce \u2013 Daria Baran kl. 6a \u201eB\u0142\u0119kitna kropka\u201d (12 pkt)<br>II miejsce \u2013 Zuzanna Margas kl. 6a \u201eW pustyni i w puszczy\u201d (7 pkt)<br>III miejsce &#8211;&nbsp; nie przyznano<\/p>\n\n\n\n<p>Gratulacje dla wszystkich uczestnik\u00f3w.<\/p>\n\n\n\n\t\t\t\t\t\t<div class=\"gallery_box_single\">\n\t\t\t\t\t\t\t\t\t\t\t\t\t\t\t<div class=\"gallery clearfix\">\n\t\t\t\t\t\t\t\t\t\t\t\t\t\t\t\t\t\t\t\t<div class=\"gllr_image_row\">\n\t\t\t\t\t\t\t\t\t\t\t\t\t\t\t\t\t\t\t\t\t<div class=\"gllr_image_block\">\n\t\t\t\t\t\t\t\t\t\t\t\t<p style=\"width:180px;height:140px;\">\n\t\t\t\t\t\t\t\t\t\t\t\t\t\t\t\t\t\t\t\t\t\t\t\t\t\t\t<a rel=\"gallery_fancybox_84955\" href=\"https:\/\/sp1slupsk.pl\/wp-content\/uploads\/2024\/01\/3-zdjecie-1024x768.jpg\" title=\"Konkurs biblioteczny \u201eM\u00f3j projekt ok\u0142adki ulubionej ksi\u0105\u017cki\u201d\">\n\t\t\t\t\t\t\t\t\t\t\t\t\t\t\t<img style=\"width:160px;height:120px; border-width: 10px; border-color:#F1F1F1;border: 10px solid #F1F1F1\" alt=\"\" title=\"Konkurs biblioteczny \u201eM\u00f3j projekt ok\u0142adki ulubionej ksi\u0105\u017cki\u201d\" src=\"https:\/\/sp1slupsk.pl\/wp-content\/uploads\/2024\/01\/3-zdjecie-160x120.jpg\" rel=\"https:\/\/sp1slupsk.pl\/wp-content\/uploads\/2024\/01\/3-zdjecie.jpg\" \/>\n\t\t\t\t\t\t\t\t\t\t\t\t\t\t<\/a>\n\t\t\t\t\t\t\t\t\t\t\t\t\t\t\t\t\t\t\t\t\t\t\t\t\t<\/p>\n\t\t\t\t\t\t\t\t\t\t\t\t\t\t\t\t\t\t\t\t\t\t\t<\/div><!-- .gllr_image_block -->\n\t\t\t\t\t\t\t\t\t\t\t\t\t\t\t\t\t\t\t\t\t<div class=\"gllr_image_block\">\n\t\t\t\t\t\t\t\t\t\t\t\t<p style=\"width:180px;height:140px;\">\n\t\t\t\t\t\t\t\t\t\t\t\t\t\t\t\t\t\t\t\t\t\t\t\t\t\t\t<a rel=\"gallery_fancybox_84955\" href=\"https:\/\/sp1slupsk.pl\/wp-content\/uploads\/2024\/01\/1-zdjecie-1024x768.jpg\" title=\"Konkurs biblioteczny \u201eM\u00f3j projekt ok\u0142adki ulubionej ksi\u0105\u017cki\u201d\">\n\t\t\t\t\t\t\t\t\t\t\t\t\t\t\t<img style=\"width:160px;height:120px; border-width: 10px; border-color:#F1F1F1;border: 10px solid #F1F1F1\" alt=\"\" title=\"Konkurs biblioteczny \u201eM\u00f3j projekt ok\u0142adki ulubionej ksi\u0105\u017cki\u201d\" src=\"https:\/\/sp1slupsk.pl\/wp-content\/uploads\/2024\/01\/1-zdjecie-160x120.jpg\" rel=\"https:\/\/sp1slupsk.pl\/wp-content\/uploads\/2024\/01\/1-zdjecie-rotated.jpg\" \/>\n\t\t\t\t\t\t\t\t\t\t\t\t\t\t<\/a>\n\t\t\t\t\t\t\t\t\t\t\t\t\t\t\t\t\t\t\t\t\t\t\t\t\t<\/p>\n\t\t\t\t\t\t\t\t\t\t\t\t\t\t\t\t\t\t\t\t\t\t\t<\/div><!-- .gllr_image_block -->\n\t\t\t\t\t\t\t\t\t\t\t\t\t\t\t\t\t\t\t\t\t<div class=\"gllr_image_block\">\n\t\t\t\t\t\t\t\t\t\t\t\t<p style=\"width:180px;height:140px;\">\n\t\t\t\t\t\t\t\t\t\t\t\t\t\t\t\t\t\t\t\t\t\t\t\t\t\t\t<a rel=\"gallery_fancybox_84955\" href=\"https:\/\/sp1slupsk.pl\/wp-content\/uploads\/2024\/01\/2-zdjecie-1024x768.jpg\" title=\"Konkurs biblioteczny \u201eM\u00f3j projekt ok\u0142adki ulubionej ksi\u0105\u017cki\u201d\">\n\t\t\t\t\t\t\t\t\t\t\t\t\t\t\t<img style=\"width:160px;height:120px; border-width: 10px; border-color:#F1F1F1;border: 10px solid #F1F1F1\" alt=\"\" title=\"Konkurs biblioteczny \u201eM\u00f3j projekt ok\u0142adki ulubionej ksi\u0105\u017cki\u201d\" src=\"https:\/\/sp1slupsk.pl\/wp-content\/uploads\/2024\/01\/2-zdjecie-160x120.jpg\" rel=\"https:\/\/sp1slupsk.pl\/wp-content\/uploads\/2024\/01\/2-zdjecie-rotated.jpg\" \/>\n\t\t\t\t\t\t\t\t\t\t\t\t\t\t<\/a>\n\t\t\t\t\t\t\t\t\t\t\t\t\t\t\t\t\t\t\t\t\t\t\t\t\t<\/p>\n\t\t\t\t\t\t\t\t\t\t\t\t\t\t\t\t\t\t\t\t\t\t\t<\/div><!-- .gllr_image_block -->\n\t\t\t\t\t\t\t\t\t\t\t\t\t\t\t\t\t\t\t\t\t<\/div><!-- .gllr_image_row -->\n\t\t\t\t\t\t\t\t\t\t\t\t\t\t\t\t\t\t\t\t\t<div class=\"gllr_image_row\">\n\t\t\t\t\t\t\t\t\t\t\t\t\t\t\t\t\t\t\t\t\t<div class=\"gllr_image_block\">\n\t\t\t\t\t\t\t\t\t\t\t\t<p style=\"width:180px;height:140px;\">\n\t\t\t\t\t\t\t\t\t\t\t\t\t\t\t\t\t\t\t\t\t\t\t\t\t\t\t<a rel=\"gallery_fancybox_84955\" href=\"https:\/\/sp1slupsk.pl\/wp-content\/uploads\/2024\/01\/Dyplom-za-udzial-w-miedzynarodowej-akcji-bicia-rekordu-w-czytaniu-na-przerwie-1024x724.jpg\" title=\"Dyplom za udzia\u0142 w mi\u0119dzynarodowej akcji bicia rekordu w czytaniu na przerwie\">\n\t\t\t\t\t\t\t\t\t\t\t\t\t\t\t<img style=\"width:160px;height:120px; border-width: 10px; border-color:#F1F1F1;border: 10px solid #F1F1F1\" alt=\"\" title=\"Dyplom za udzia\u0142 w mi\u0119dzynarodowej akcji bicia rekordu w czytaniu na przerwie\" src=\"https:\/\/sp1slupsk.pl\/wp-content\/uploads\/2024\/01\/Dyplom-za-udzial-w-miedzynarodowej-akcji-bicia-rekordu-w-czytaniu-na-przerwie-160x120.jpg\" rel=\"https:\/\/sp1slupsk.pl\/wp-content\/uploads\/2024\/01\/Dyplom-za-udzial-w-miedzynarodowej-akcji-bicia-rekordu-w-czytaniu-na-przerwie.jpg\" \/>\n\t\t\t\t\t\t\t\t\t\t\t\t\t\t<\/a>\n\t\t\t\t\t\t\t\t\t\t\t\t\t\t\t\t\t\t\t\t\t\t\t\t\t<\/p>\n\t\t\t\t\t\t\t\t\t\t\t\t\t\t\t\t\t\t\t\t\t\t\t<\/div><!-- .gllr_image_block -->\n\t\t\t\t\t\t\t\t\t\t\t\t\t\t\t\t\t\t\t\t<\/div><!-- .gllr_image_row -->\n\t\t\t\t\t\t\t\t\t\t\t\t\t\t\t\t\t<\/div><!-- .gallery.clearfix -->\n\t\t\t\t\t\t\t\t\t\t\t\t\t<\/div><!-- .gallery_box_single -->\n\t\t\t\t\t\t<div class=\"gllr_clear\"><\/div>\n\t\t\t\t\t\t\t\t\t<script type=\"text\/javascript\">\n\t\t\t\t\t(function($) {\n\t\t\t\t\t\t$(document).ready( function() {\n\t\t\t\t\t\t\t$( \"a[rel=gallery_fancybox_84955]\" ).fancybox( {\n\t\t\t\t\t\t\t\t'transitionIn'\t\t:\t'elastic',\n\t\t\t\t\t\t\t\t'transitionOut'\t\t:\t'elastic',\n\t\t\t\t\t\t\t\t'titlePosition' \t:\t'inside',\n\t\t\t\t\t\t\t\t'speedIn'\t\t\t:\t500, \n\t\t\t\t\t\t\t\t'speedOut'\t\t\t:\t300,\n\t\t\t\t\t\t\t\t'titleFormat'\t\t:\tfunction( title, currentArray, currentIndex, currentOpts ) {\n\t\t\t\t\t\t\t\t\treturn '<div id=\"fancybox-title-inside\">' + ( title.length ? '<span id=\"bws_gallery_image_title\">' + title + '<\/span><br \/>' : '' ) + '<span id=\"bws_gallery_image_counter\">Image ' + ( currentIndex + 1 ) + ' \/ ' + currentArray.length + '<\/span><\/div>';\n\t\t\t\t\t\t\t\t}\t\t\t\t\t\t\t});\n\t\t\t\t\t\t});\n\t\t\t\t\t})(jQuery);\n\t\t\t\t<\/script>\n\t\t\t\n\n\n\n<hr class=\"wp-block-separator\"\/>\n\n\n\n<p class=\"has-text-align-center\"><strong>Pasowanie na czytelnika<\/strong><\/p>\n\n\n\n<p>29 listopada 2023 r. nasz\u0105 bibliotek\u0119 odwiedzi\u0142y klasy pierwsze. Na pocz\u0105tku uczniowie wys\u0142uchali bajki o zm\u0119czonej ksi\u0105\u017cce i poznali zasady obowi\u0105zuj\u0105ce podczas wypo\u017cycze\u0144. Nast\u0119pnie panie dyrektor i wicedyrektor dokona\u0142y pasowa\u0144 najgrubsz\u0105 ksi\u0119g\u0105, a dzieci dosta\u0142y prezenty \u2013 ksi\u0105\u017cki \u201eWnuczka antykwariusza\u201d, pozyskane w ramach projektu \u201eMa\u0142a ksi\u0105\u017cka \u2013 wielki cz\u0142owiek\u201d. Nasta\u0142 te\u017c d\u0142ugo wyczekiwany moment od pocz\u0105tku roku szkolnego\u2013 wyboru pierwszej ksi\u0105\u017cki do przeczytania w domu.<\/p>\n\n\n\n\t\t\t\t\t\t<div class=\"gallery_box_single\">\n\t\t\t\t\t\t\t\t\t\t\t\t\t\t\t<div class=\"gallery clearfix\">\n\t\t\t\t\t\t\t\t\t\t\t\t\t\t\t\t\t\t\t\t<div class=\"gllr_image_row\">\n\t\t\t\t\t\t\t\t\t\t\t\t\t\t\t\t\t\t\t\t\t<div class=\"gllr_image_block\">\n\t\t\t\t\t\t\t\t\t\t\t\t<p style=\"width:180px;height:140px;\">\n\t\t\t\t\t\t\t\t\t\t\t\t\t\t\t\t\t\t\t\t\t\t\t\t\t\t\t<a rel=\"gallery_fancybox_84548\" href=\"https:\/\/sp1slupsk.pl\/wp-content\/uploads\/2023\/12\/Pasowanie-na-czytelnika-472x1024.jpg\" title=\"29 listopada 2023 r. nasz\u0105 bibliotek\u0119 odwiedzi\u0142y klasy pierwsze. Na pocz\u0105tku uczniowie wys\u0142uchali bajki o zm\u0119czonej ksi\u0105\u017cce i poznali zasady obowi\u0105zuj\u0105ce podczas wypo\u017cycze\u0144. Nast\u0119pnie panie dyrektor i wicedyrektor dokona\u0142y pasowa\u0144 najgrubsz\u0105 ksi\u0119g\u0105, a dzieci dosta\u0142y prezenty \u2013 ksi\u0105\u017cki \u201eWnuczka antykwariusza\u201d, pozyskane w ramach projektu \u201eMa\u0142a ksi\u0105\u017cka \u2013 wielki cz\u0142owiek\u201d. Nasta\u0142 te\u017c d\u0142ugo wyczekiwany moment od pocz\u0105tku roku szkolnego\u2013 wyboru pierwszej ksi\u0105\u017cki do przeczytania w domu.\">\n\t\t\t\t\t\t\t\t\t\t\t\t\t\t\t<img style=\"width:160px;height:120px; border-width: 10px; border-color:#F1F1F1;border: 10px solid #F1F1F1\" alt=\"\" title=\"29 listopada 2023 r. nasz\u0105 bibliotek\u0119 odwiedzi\u0142y klasy pierwsze. Na pocz\u0105tku uczniowie wys\u0142uchali bajki o zm\u0119czonej ksi\u0105\u017cce i poznali zasady obowi\u0105zuj\u0105ce podczas wypo\u017cycze\u0144. Nast\u0119pnie panie dyrektor i wicedyrektor dokona\u0142y pasowa\u0144 najgrubsz\u0105 ksi\u0119g\u0105, a dzieci dosta\u0142y prezenty \u2013 ksi\u0105\u017cki \u201eWnuczka antykwariusza\u201d, pozyskane w ramach projektu \u201eMa\u0142a ksi\u0105\u017cka \u2013 wielki cz\u0142owiek\u201d. Nasta\u0142 te\u017c d\u0142ugo wyczekiwany moment od pocz\u0105tku roku szkolnego\u2013 wyboru pierwszej ksi\u0105\u017cki do przeczytania w domu.\" src=\"https:\/\/sp1slupsk.pl\/wp-content\/uploads\/2023\/12\/Pasowanie-na-czytelnika-160x120.jpg\" rel=\"https:\/\/sp1slupsk.pl\/wp-content\/uploads\/2023\/12\/Pasowanie-na-czytelnika.jpg\" \/>\n\t\t\t\t\t\t\t\t\t\t\t\t\t\t<\/a>\n\t\t\t\t\t\t\t\t\t\t\t\t\t\t\t\t\t\t\t\t\t\t\t\t\t<\/p>\n\t\t\t\t\t\t\t\t\t\t\t\t\t\t\t\t\t\t\t\t\t\t\t<\/div><!-- .gllr_image_block -->\n\t\t\t\t\t\t\t\t\t\t\t\t\t\t\t\t\t\t\t\t\t<div class=\"gllr_image_block\">\n\t\t\t\t\t\t\t\t\t\t\t\t<p style=\"width:180px;height:140px;\">\n\t\t\t\t\t\t\t\t\t\t\t\t\t\t\t\t\t\t\t\t\t\t\t\t\t\t\t<a rel=\"gallery_fancybox_84548\" href=\"https:\/\/sp1slupsk.pl\/wp-content\/uploads\/2023\/12\/Pasowanie-na-czytelnika-8-484x1024.jpg\" title=\"29 listopada 2023 r. nasz\u0105 bibliotek\u0119 odwiedzi\u0142y klasy pierwsze. Na pocz\u0105tku uczniowie wys\u0142uchali bajki o zm\u0119czonej ksi\u0105\u017cce i poznali zasady obowi\u0105zuj\u0105ce podczas wypo\u017cycze\u0144. Nast\u0119pnie panie dyrektor i wicedyrektor dokona\u0142y pasowa\u0144 najgrubsz\u0105 ksi\u0119g\u0105, a dzieci dosta\u0142y prezenty \u2013 ksi\u0105\u017cki \u201eWnuczka antykwariusza\u201d, pozyskane w ramach projektu \u201eMa\u0142a ksi\u0105\u017cka \u2013 wielki cz\u0142owiek\u201d. Nasta\u0142 te\u017c d\u0142ugo wyczekiwany moment od pocz\u0105tku roku szkolnego\u2013 wyboru pierwszej ksi\u0105\u017cki do przeczytania w domu.\">\n\t\t\t\t\t\t\t\t\t\t\t\t\t\t\t<img style=\"width:160px;height:120px; border-width: 10px; border-color:#F1F1F1;border: 10px solid #F1F1F1\" alt=\"\" title=\"29 listopada 2023 r. nasz\u0105 bibliotek\u0119 odwiedzi\u0142y klasy pierwsze. Na pocz\u0105tku uczniowie wys\u0142uchali bajki o zm\u0119czonej ksi\u0105\u017cce i poznali zasady obowi\u0105zuj\u0105ce podczas wypo\u017cycze\u0144. Nast\u0119pnie panie dyrektor i wicedyrektor dokona\u0142y pasowa\u0144 najgrubsz\u0105 ksi\u0119g\u0105, a dzieci dosta\u0142y prezenty \u2013 ksi\u0105\u017cki \u201eWnuczka antykwariusza\u201d, pozyskane w ramach projektu \u201eMa\u0142a ksi\u0105\u017cka \u2013 wielki cz\u0142owiek\u201d. Nasta\u0142 te\u017c d\u0142ugo wyczekiwany moment od pocz\u0105tku roku szkolnego\u2013 wyboru pierwszej ksi\u0105\u017cki do przeczytania w domu.\" src=\"https:\/\/sp1slupsk.pl\/wp-content\/uploads\/2023\/12\/Pasowanie-na-czytelnika-8-160x120.jpg\" rel=\"https:\/\/sp1slupsk.pl\/wp-content\/uploads\/2023\/12\/Pasowanie-na-czytelnika-8.jpg\" \/>\n\t\t\t\t\t\t\t\t\t\t\t\t\t\t<\/a>\n\t\t\t\t\t\t\t\t\t\t\t\t\t\t\t\t\t\t\t\t\t\t\t\t\t<\/p>\n\t\t\t\t\t\t\t\t\t\t\t\t\t\t\t\t\t\t\t\t\t\t\t<\/div><!-- .gllr_image_block -->\n\t\t\t\t\t\t\t\t\t\t\t\t\t\t\t\t\t\t\t\t\t<div class=\"gllr_image_block\">\n\t\t\t\t\t\t\t\t\t\t\t\t<p style=\"width:180px;height:140px;\">\n\t\t\t\t\t\t\t\t\t\t\t\t\t\t\t\t\t\t\t\t\t\t\t\t\t\t\t<a rel=\"gallery_fancybox_84548\" href=\"https:\/\/sp1slupsk.pl\/wp-content\/uploads\/2023\/12\/Pasowanie-na-czytelnika-9-1024x484.jpg\" title=\"29 listopada 2023 r. nasz\u0105 bibliotek\u0119 odwiedzi\u0142y klasy pierwsze. Na pocz\u0105tku uczniowie wys\u0142uchali bajki o zm\u0119czonej ksi\u0105\u017cce i poznali zasady obowi\u0105zuj\u0105ce podczas wypo\u017cycze\u0144. Nast\u0119pnie panie dyrektor i wicedyrektor dokona\u0142y pasowa\u0144 najgrubsz\u0105 ksi\u0119g\u0105, a dzieci dosta\u0142y prezenty \u2013 ksi\u0105\u017cki \u201eWnuczka antykwariusza\u201d, pozyskane w ramach projektu \u201eMa\u0142a ksi\u0105\u017cka \u2013 wielki cz\u0142owiek\u201d. Nasta\u0142 te\u017c d\u0142ugo wyczekiwany moment od pocz\u0105tku roku szkolnego\u2013 wyboru pierwszej ksi\u0105\u017cki do przeczytania w domu.\">\n\t\t\t\t\t\t\t\t\t\t\t\t\t\t\t<img style=\"width:160px;height:120px; border-width: 10px; border-color:#F1F1F1;border: 10px solid #F1F1F1\" alt=\"\" title=\"29 listopada 2023 r. nasz\u0105 bibliotek\u0119 odwiedzi\u0142y klasy pierwsze. Na pocz\u0105tku uczniowie wys\u0142uchali bajki o zm\u0119czonej ksi\u0105\u017cce i poznali zasady obowi\u0105zuj\u0105ce podczas wypo\u017cycze\u0144. Nast\u0119pnie panie dyrektor i wicedyrektor dokona\u0142y pasowa\u0144 najgrubsz\u0105 ksi\u0119g\u0105, a dzieci dosta\u0142y prezenty \u2013 ksi\u0105\u017cki \u201eWnuczka antykwariusza\u201d, pozyskane w ramach projektu \u201eMa\u0142a ksi\u0105\u017cka \u2013 wielki cz\u0142owiek\u201d. Nasta\u0142 te\u017c d\u0142ugo wyczekiwany moment od pocz\u0105tku roku szkolnego\u2013 wyboru pierwszej ksi\u0105\u017cki do przeczytania w domu.\" src=\"https:\/\/sp1slupsk.pl\/wp-content\/uploads\/2023\/12\/Pasowanie-na-czytelnika-9-160x120.jpg\" rel=\"https:\/\/sp1slupsk.pl\/wp-content\/uploads\/2023\/12\/Pasowanie-na-czytelnika-9.jpg\" \/>\n\t\t\t\t\t\t\t\t\t\t\t\t\t\t<\/a>\n\t\t\t\t\t\t\t\t\t\t\t\t\t\t\t\t\t\t\t\t\t\t\t\t\t<\/p>\n\t\t\t\t\t\t\t\t\t\t\t\t\t\t\t\t\t\t\t\t\t\t\t<\/div><!-- .gllr_image_block -->\n\t\t\t\t\t\t\t\t\t\t\t\t\t\t\t\t\t\t\t\t\t<\/div><!-- .gllr_image_row -->\n\t\t\t\t\t\t\t\t\t\t\t\t\t\t\t\t\t\t\t\t\t<div class=\"gllr_image_row\">\n\t\t\t\t\t\t\t\t\t\t\t\t\t\t\t\t\t\t\t\t\t<div class=\"gllr_image_block\">\n\t\t\t\t\t\t\t\t\t\t\t\t<p style=\"width:180px;height:140px;\">\n\t\t\t\t\t\t\t\t\t\t\t\t\t\t\t\t\t\t\t\t\t\t\t\t\t\t\t<a rel=\"gallery_fancybox_84548\" href=\"https:\/\/sp1slupsk.pl\/wp-content\/uploads\/2023\/12\/Pasowanie-na-czytelnika-7-484x1024.jpg\" title=\"29 listopada 2023 r. nasz\u0105 bibliotek\u0119 odwiedzi\u0142y klasy pierwsze. Na pocz\u0105tku uczniowie wys\u0142uchali bajki o zm\u0119czonej ksi\u0105\u017cce i poznali zasady obowi\u0105zuj\u0105ce podczas wypo\u017cycze\u0144. Nast\u0119pnie panie dyrektor i wicedyrektor dokona\u0142y pasowa\u0144 najgrubsz\u0105 ksi\u0119g\u0105, a dzieci dosta\u0142y prezenty \u2013 ksi\u0105\u017cki \u201eWnuczka antykwariusza\u201d, pozyskane w ramach projektu \u201eMa\u0142a ksi\u0105\u017cka \u2013 wielki cz\u0142owiek\u201d. Nasta\u0142 te\u017c d\u0142ugo wyczekiwany moment od pocz\u0105tku roku szkolnego\u2013 wyboru pierwszej ksi\u0105\u017cki do przeczytania w domu.\">\n\t\t\t\t\t\t\t\t\t\t\t\t\t\t\t<img style=\"width:160px;height:120px; border-width: 10px; border-color:#F1F1F1;border: 10px solid #F1F1F1\" alt=\"\" title=\"29 listopada 2023 r. nasz\u0105 bibliotek\u0119 odwiedzi\u0142y klasy pierwsze. Na pocz\u0105tku uczniowie wys\u0142uchali bajki o zm\u0119czonej ksi\u0105\u017cce i poznali zasady obowi\u0105zuj\u0105ce podczas wypo\u017cycze\u0144. Nast\u0119pnie panie dyrektor i wicedyrektor dokona\u0142y pasowa\u0144 najgrubsz\u0105 ksi\u0119g\u0105, a dzieci dosta\u0142y prezenty \u2013 ksi\u0105\u017cki \u201eWnuczka antykwariusza\u201d, pozyskane w ramach projektu \u201eMa\u0142a ksi\u0105\u017cka \u2013 wielki cz\u0142owiek\u201d. Nasta\u0142 te\u017c d\u0142ugo wyczekiwany moment od pocz\u0105tku roku szkolnego\u2013 wyboru pierwszej ksi\u0105\u017cki do przeczytania w domu.\" src=\"https:\/\/sp1slupsk.pl\/wp-content\/uploads\/2023\/12\/Pasowanie-na-czytelnika-7-160x120.jpg\" rel=\"https:\/\/sp1slupsk.pl\/wp-content\/uploads\/2023\/12\/Pasowanie-na-czytelnika-7.jpg\" \/>\n\t\t\t\t\t\t\t\t\t\t\t\t\t\t<\/a>\n\t\t\t\t\t\t\t\t\t\t\t\t\t\t\t\t\t\t\t\t\t\t\t\t\t<\/p>\n\t\t\t\t\t\t\t\t\t\t\t\t\t\t\t\t\t\t\t\t\t\t\t<\/div><!-- .gllr_image_block -->\n\t\t\t\t\t\t\t\t\t\t\t\t\t\t\t\t\t\t\t\t\t<div class=\"gllr_image_block\">\n\t\t\t\t\t\t\t\t\t\t\t\t<p style=\"width:180px;height:140px;\">\n\t\t\t\t\t\t\t\t\t\t\t\t\t\t\t\t\t\t\t\t\t\t\t\t\t\t\t<a rel=\"gallery_fancybox_84548\" href=\"https:\/\/sp1slupsk.pl\/wp-content\/uploads\/2023\/12\/Pasowanie-na-czytelnika-4-472x1024.jpg\" title=\"29 listopada 2023 r. nasz\u0105 bibliotek\u0119 odwiedzi\u0142y klasy pierwsze. Na pocz\u0105tku uczniowie wys\u0142uchali bajki o zm\u0119czonej ksi\u0105\u017cce i poznali zasady obowi\u0105zuj\u0105ce podczas wypo\u017cycze\u0144. Nast\u0119pnie panie dyrektor i wicedyrektor dokona\u0142y pasowa\u0144 najgrubsz\u0105 ksi\u0119g\u0105, a dzieci dosta\u0142y prezenty \u2013 ksi\u0105\u017cki \u201eWnuczka antykwariusza\u201d, pozyskane w ramach projektu \u201eMa\u0142a ksi\u0105\u017cka \u2013 wielki cz\u0142owiek\u201d. Nasta\u0142 te\u017c d\u0142ugo wyczekiwany moment od pocz\u0105tku roku szkolnego\u2013 wyboru pierwszej ksi\u0105\u017cki do przeczytania w domu.\">\n\t\t\t\t\t\t\t\t\t\t\t\t\t\t\t<img style=\"width:160px;height:120px; border-width: 10px; border-color:#F1F1F1;border: 10px solid #F1F1F1\" alt=\"\" title=\"29 listopada 2023 r. nasz\u0105 bibliotek\u0119 odwiedzi\u0142y klasy pierwsze. Na pocz\u0105tku uczniowie wys\u0142uchali bajki o zm\u0119czonej ksi\u0105\u017cce i poznali zasady obowi\u0105zuj\u0105ce podczas wypo\u017cycze\u0144. Nast\u0119pnie panie dyrektor i wicedyrektor dokona\u0142y pasowa\u0144 najgrubsz\u0105 ksi\u0119g\u0105, a dzieci dosta\u0142y prezenty \u2013 ksi\u0105\u017cki \u201eWnuczka antykwariusza\u201d, pozyskane w ramach projektu \u201eMa\u0142a ksi\u0105\u017cka \u2013 wielki cz\u0142owiek\u201d. Nasta\u0142 te\u017c d\u0142ugo wyczekiwany moment od pocz\u0105tku roku szkolnego\u2013 wyboru pierwszej ksi\u0105\u017cki do przeczytania w domu.\" src=\"https:\/\/sp1slupsk.pl\/wp-content\/uploads\/2023\/12\/Pasowanie-na-czytelnika-4-160x120.jpg\" rel=\"https:\/\/sp1slupsk.pl\/wp-content\/uploads\/2023\/12\/Pasowanie-na-czytelnika-4.jpg\" \/>\n\t\t\t\t\t\t\t\t\t\t\t\t\t\t<\/a>\n\t\t\t\t\t\t\t\t\t\t\t\t\t\t\t\t\t\t\t\t\t\t\t\t\t<\/p>\n\t\t\t\t\t\t\t\t\t\t\t\t\t\t\t\t\t\t\t\t\t\t\t<\/div><!-- .gllr_image_block -->\n\t\t\t\t\t\t\t\t\t\t\t\t\t\t\t\t\t\t\t\t\t<div class=\"gllr_image_block\">\n\t\t\t\t\t\t\t\t\t\t\t\t<p style=\"width:180px;height:140px;\">\n\t\t\t\t\t\t\t\t\t\t\t\t\t\t\t\t\t\t\t\t\t\t\t\t\t\t\t<a rel=\"gallery_fancybox_84548\" href=\"https:\/\/sp1slupsk.pl\/wp-content\/uploads\/2023\/12\/Pasowanie-na-czytelnika-3-472x1024.jpg\" title=\"29 listopada 2023 r. nasz\u0105 bibliotek\u0119 odwiedzi\u0142y klasy pierwsze. Na pocz\u0105tku uczniowie wys\u0142uchali bajki o zm\u0119czonej ksi\u0105\u017cce i poznali zasady obowi\u0105zuj\u0105ce podczas wypo\u017cycze\u0144. Nast\u0119pnie panie dyrektor i wicedyrektor dokona\u0142y pasowa\u0144 najgrubsz\u0105 ksi\u0119g\u0105, a dzieci dosta\u0142y prezenty \u2013 ksi\u0105\u017cki \u201eWnuczka antykwariusza\u201d, pozyskane w ramach projektu \u201eMa\u0142a ksi\u0105\u017cka \u2013 wielki cz\u0142owiek\u201d. Nasta\u0142 te\u017c d\u0142ugo wyczekiwany moment od pocz\u0105tku roku szkolnego\u2013 wyboru pierwszej ksi\u0105\u017cki do przeczytania w domu.\">\n\t\t\t\t\t\t\t\t\t\t\t\t\t\t\t<img style=\"width:160px;height:120px; border-width: 10px; border-color:#F1F1F1;border: 10px solid #F1F1F1\" alt=\"\" title=\"29 listopada 2023 r. nasz\u0105 bibliotek\u0119 odwiedzi\u0142y klasy pierwsze. Na pocz\u0105tku uczniowie wys\u0142uchali bajki o zm\u0119czonej ksi\u0105\u017cce i poznali zasady obowi\u0105zuj\u0105ce podczas wypo\u017cycze\u0144. Nast\u0119pnie panie dyrektor i wicedyrektor dokona\u0142y pasowa\u0144 najgrubsz\u0105 ksi\u0119g\u0105, a dzieci dosta\u0142y prezenty \u2013 ksi\u0105\u017cki \u201eWnuczka antykwariusza\u201d, pozyskane w ramach projektu \u201eMa\u0142a ksi\u0105\u017cka \u2013 wielki cz\u0142owiek\u201d. Nasta\u0142 te\u017c d\u0142ugo wyczekiwany moment od pocz\u0105tku roku szkolnego\u2013 wyboru pierwszej ksi\u0105\u017cki do przeczytania w domu.\" src=\"https:\/\/sp1slupsk.pl\/wp-content\/uploads\/2023\/12\/Pasowanie-na-czytelnika-3-160x120.jpg\" rel=\"https:\/\/sp1slupsk.pl\/wp-content\/uploads\/2023\/12\/Pasowanie-na-czytelnika-3.jpg\" \/>\n\t\t\t\t\t\t\t\t\t\t\t\t\t\t<\/a>\n\t\t\t\t\t\t\t\t\t\t\t\t\t\t\t\t\t\t\t\t\t\t\t\t\t<\/p>\n\t\t\t\t\t\t\t\t\t\t\t\t\t\t\t\t\t\t\t\t\t\t\t<\/div><!-- .gllr_image_block -->\n\t\t\t\t\t\t\t\t\t\t\t\t\t\t\t\t\t\t\t\t\t<\/div><!-- .gllr_image_row -->\n\t\t\t\t\t\t\t\t\t\t\t\t\t\t\t\t\t\t\t\t\t<div class=\"gllr_image_row\">\n\t\t\t\t\t\t\t\t\t\t\t\t\t\t\t\t\t\t\t\t\t<div class=\"gllr_image_block\">\n\t\t\t\t\t\t\t\t\t\t\t\t<p style=\"width:180px;height:140px;\">\n\t\t\t\t\t\t\t\t\t\t\t\t\t\t\t\t\t\t\t\t\t\t\t\t\t\t\t<a rel=\"gallery_fancybox_84548\" href=\"https:\/\/sp1slupsk.pl\/wp-content\/uploads\/2023\/12\/Pasowanie-na-czytelnika-6-1024x484.jpg\" title=\"29 listopada 2023 r. nasz\u0105 bibliotek\u0119 odwiedzi\u0142y klasy pierwsze. Na pocz\u0105tku uczniowie wys\u0142uchali bajki o zm\u0119czonej ksi\u0105\u017cce i poznali zasady obowi\u0105zuj\u0105ce podczas wypo\u017cycze\u0144. Nast\u0119pnie panie dyrektor i wicedyrektor dokona\u0142y pasowa\u0144 najgrubsz\u0105 ksi\u0119g\u0105, a dzieci dosta\u0142y prezenty \u2013 ksi\u0105\u017cki \u201eWnuczka antykwariusza\u201d, pozyskane w ramach projektu \u201eMa\u0142a ksi\u0105\u017cka \u2013 wielki cz\u0142owiek\u201d. Nasta\u0142 te\u017c d\u0142ugo wyczekiwany moment od pocz\u0105tku roku szkolnego\u2013 wyboru pierwszej ksi\u0105\u017cki do przeczytania w domu.\">\n\t\t\t\t\t\t\t\t\t\t\t\t\t\t\t<img style=\"width:160px;height:120px; border-width: 10px; border-color:#F1F1F1;border: 10px solid #F1F1F1\" alt=\"\" title=\"29 listopada 2023 r. nasz\u0105 bibliotek\u0119 odwiedzi\u0142y klasy pierwsze. Na pocz\u0105tku uczniowie wys\u0142uchali bajki o zm\u0119czonej ksi\u0105\u017cce i poznali zasady obowi\u0105zuj\u0105ce podczas wypo\u017cycze\u0144. Nast\u0119pnie panie dyrektor i wicedyrektor dokona\u0142y pasowa\u0144 najgrubsz\u0105 ksi\u0119g\u0105, a dzieci dosta\u0142y prezenty \u2013 ksi\u0105\u017cki \u201eWnuczka antykwariusza\u201d, pozyskane w ramach projektu \u201eMa\u0142a ksi\u0105\u017cka \u2013 wielki cz\u0142owiek\u201d. Nasta\u0142 te\u017c d\u0142ugo wyczekiwany moment od pocz\u0105tku roku szkolnego\u2013 wyboru pierwszej ksi\u0105\u017cki do przeczytania w domu.\" src=\"https:\/\/sp1slupsk.pl\/wp-content\/uploads\/2023\/12\/Pasowanie-na-czytelnika-6-160x120.jpg\" rel=\"https:\/\/sp1slupsk.pl\/wp-content\/uploads\/2023\/12\/Pasowanie-na-czytelnika-6.jpg\" \/>\n\t\t\t\t\t\t\t\t\t\t\t\t\t\t<\/a>\n\t\t\t\t\t\t\t\t\t\t\t\t\t\t\t\t\t\t\t\t\t\t\t\t\t<\/p>\n\t\t\t\t\t\t\t\t\t\t\t\t\t\t\t\t\t\t\t\t\t\t\t<\/div><!-- .gllr_image_block -->\n\t\t\t\t\t\t\t\t\t\t\t\t\t\t\t\t\t\t\t\t\t<div class=\"gllr_image_block\">\n\t\t\t\t\t\t\t\t\t\t\t\t<p style=\"width:180px;height:140px;\">\n\t\t\t\t\t\t\t\t\t\t\t\t\t\t\t\t\t\t\t\t\t\t\t\t\t\t\t<a rel=\"gallery_fancybox_84548\" href=\"https:\/\/sp1slupsk.pl\/wp-content\/uploads\/2023\/12\/Pasowanie-na-czytelnika-5-1024x484.jpg\" title=\"29 listopada 2023 r. nasz\u0105 bibliotek\u0119 odwiedzi\u0142y klasy pierwsze. Na pocz\u0105tku uczniowie wys\u0142uchali bajki o zm\u0119czonej ksi\u0105\u017cce i poznali zasady obowi\u0105zuj\u0105ce podczas wypo\u017cycze\u0144. Nast\u0119pnie panie dyrektor i wicedyrektor dokona\u0142y pasowa\u0144 najgrubsz\u0105 ksi\u0119g\u0105, a dzieci dosta\u0142y prezenty \u2013 ksi\u0105\u017cki \u201eWnuczka antykwariusza\u201d, pozyskane w ramach projektu \u201eMa\u0142a ksi\u0105\u017cka \u2013 wielki cz\u0142owiek\u201d. Nasta\u0142 te\u017c d\u0142ugo wyczekiwany moment od pocz\u0105tku roku szkolnego\u2013 wyboru pierwszej ksi\u0105\u017cki do przeczytania w domu.\">\n\t\t\t\t\t\t\t\t\t\t\t\t\t\t\t<img style=\"width:160px;height:120px; border-width: 10px; border-color:#F1F1F1;border: 10px solid #F1F1F1\" alt=\"\" title=\"29 listopada 2023 r. nasz\u0105 bibliotek\u0119 odwiedzi\u0142y klasy pierwsze. Na pocz\u0105tku uczniowie wys\u0142uchali bajki o zm\u0119czonej ksi\u0105\u017cce i poznali zasady obowi\u0105zuj\u0105ce podczas wypo\u017cycze\u0144. Nast\u0119pnie panie dyrektor i wicedyrektor dokona\u0142y pasowa\u0144 najgrubsz\u0105 ksi\u0119g\u0105, a dzieci dosta\u0142y prezenty \u2013 ksi\u0105\u017cki \u201eWnuczka antykwariusza\u201d, pozyskane w ramach projektu \u201eMa\u0142a ksi\u0105\u017cka \u2013 wielki cz\u0142owiek\u201d. Nasta\u0142 te\u017c d\u0142ugo wyczekiwany moment od pocz\u0105tku roku szkolnego\u2013 wyboru pierwszej ksi\u0105\u017cki do przeczytania w domu.\" src=\"https:\/\/sp1slupsk.pl\/wp-content\/uploads\/2023\/12\/Pasowanie-na-czytelnika-5-160x120.jpg\" rel=\"https:\/\/sp1slupsk.pl\/wp-content\/uploads\/2023\/12\/Pasowanie-na-czytelnika-5.jpg\" \/>\n\t\t\t\t\t\t\t\t\t\t\t\t\t\t<\/a>\n\t\t\t\t\t\t\t\t\t\t\t\t\t\t\t\t\t\t\t\t\t\t\t\t\t<\/p>\n\t\t\t\t\t\t\t\t\t\t\t\t\t\t\t\t\t\t\t\t\t\t\t<\/div><!-- .gllr_image_block -->\n\t\t\t\t\t\t\t\t\t\t\t\t\t\t\t\t\t\t\t\t\t<div class=\"gllr_image_block\">\n\t\t\t\t\t\t\t\t\t\t\t\t<p style=\"width:180px;height:140px;\">\n\t\t\t\t\t\t\t\t\t\t\t\t\t\t\t\t\t\t\t\t\t\t\t\t\t\t\t<a rel=\"gallery_fancybox_84548\" href=\"https:\/\/sp1slupsk.pl\/wp-content\/uploads\/2023\/12\/Pasowanie-na-czytelnika-2-472x1024.jpg\" title=\"29 listopada 2023 r. nasz\u0105 bibliotek\u0119 odwiedzi\u0142y klasy pierwsze. Na pocz\u0105tku uczniowie wys\u0142uchali bajki o zm\u0119czonej ksi\u0105\u017cce i poznali zasady obowi\u0105zuj\u0105ce podczas wypo\u017cycze\u0144. Nast\u0119pnie panie dyrektor i wicedyrektor dokona\u0142y pasowa\u0144 najgrubsz\u0105 ksi\u0119g\u0105, a dzieci dosta\u0142y prezenty \u2013 ksi\u0105\u017cki \u201eWnuczka antykwariusza\u201d, pozyskane w ramach projektu \u201eMa\u0142a ksi\u0105\u017cka \u2013 wielki cz\u0142owiek\u201d. Nasta\u0142 te\u017c d\u0142ugo wyczekiwany moment od pocz\u0105tku roku szkolnego\u2013 wyboru pierwszej ksi\u0105\u017cki do przeczytania w domu.\">\n\t\t\t\t\t\t\t\t\t\t\t\t\t\t\t<img style=\"width:160px;height:120px; border-width: 10px; border-color:#F1F1F1;border: 10px solid #F1F1F1\" alt=\"\" title=\"29 listopada 2023 r. nasz\u0105 bibliotek\u0119 odwiedzi\u0142y klasy pierwsze. Na pocz\u0105tku uczniowie wys\u0142uchali bajki o zm\u0119czonej ksi\u0105\u017cce i poznali zasady obowi\u0105zuj\u0105ce podczas wypo\u017cycze\u0144. Nast\u0119pnie panie dyrektor i wicedyrektor dokona\u0142y pasowa\u0144 najgrubsz\u0105 ksi\u0119g\u0105, a dzieci dosta\u0142y prezenty \u2013 ksi\u0105\u017cki \u201eWnuczka antykwariusza\u201d, pozyskane w ramach projektu \u201eMa\u0142a ksi\u0105\u017cka \u2013 wielki cz\u0142owiek\u201d. Nasta\u0142 te\u017c d\u0142ugo wyczekiwany moment od pocz\u0105tku roku szkolnego\u2013 wyboru pierwszej ksi\u0105\u017cki do przeczytania w domu.\" src=\"https:\/\/sp1slupsk.pl\/wp-content\/uploads\/2023\/12\/Pasowanie-na-czytelnika-2-160x120.jpg\" rel=\"https:\/\/sp1slupsk.pl\/wp-content\/uploads\/2023\/12\/Pasowanie-na-czytelnika-2.jpg\" \/>\n\t\t\t\t\t\t\t\t\t\t\t\t\t\t<\/a>\n\t\t\t\t\t\t\t\t\t\t\t\t\t\t\t\t\t\t\t\t\t\t\t\t\t<\/p>\n\t\t\t\t\t\t\t\t\t\t\t\t\t\t\t\t\t\t\t\t\t\t\t<\/div><!-- .gllr_image_block -->\n\t\t\t\t\t\t\t\t\t\t\t\t\t\t\t\t\t\t\t\t\t<\/div><!-- .gllr_image_row -->\n\t\t\t\t\t\t\t\t\t\t\t\t\t\t\t\t\t\t<\/div><!-- .gallery.clearfix -->\n\t\t\t\t\t\t\t\t\t\t\t\t\t<\/div><!-- .gallery_box_single -->\n\t\t\t\t\t\t<div class=\"gllr_clear\"><\/div>\n\t\t\t\t\t\t\t\t\t<script type=\"text\/javascript\">\n\t\t\t\t\t(function($) {\n\t\t\t\t\t\t$(document).ready( function() {\n\t\t\t\t\t\t\t$( \"a[rel=gallery_fancybox_84548]\" ).fancybox( {\n\t\t\t\t\t\t\t\t'transitionIn'\t\t:\t'elastic',\n\t\t\t\t\t\t\t\t'transitionOut'\t\t:\t'elastic',\n\t\t\t\t\t\t\t\t'titlePosition' \t:\t'inside',\n\t\t\t\t\t\t\t\t'speedIn'\t\t\t:\t500, \n\t\t\t\t\t\t\t\t'speedOut'\t\t\t:\t300,\n\t\t\t\t\t\t\t\t'titleFormat'\t\t:\tfunction( title, currentArray, currentIndex, currentOpts ) {\n\t\t\t\t\t\t\t\t\treturn '<div id=\"fancybox-title-inside\">' + ( title.length ? '<span id=\"bws_gallery_image_title\">' + title + '<\/span><br \/>' : '' ) + '<span id=\"bws_gallery_image_counter\">Image ' + ( currentIndex + 1 ) + ' \/ ' + currentArray.length + '<\/span><\/div>';\n\t\t\t\t\t\t\t\t}\t\t\t\t\t\t\t});\n\t\t\t\t\t\t});\n\t\t\t\t\t})(jQuery);\n\t\t\t\t<\/script>\n\t\t\t\n\n\n\n<hr class=\"wp-block-separator\"\/>\n\n\n\n<p class=\"has-text-align-center\"><strong>\u201ePrzerwa na czytanie\u201d<\/strong><\/p>\n\n\n\n<p>W dniu 27.10.2023 r. Szko\u0142a Podstawowa nr 1 w S\u0142upsku uczestniczy\u0142a w IV Mi\u0119dzynarodowej edycji VIII Og\u00f3lnopolskiej akcji bicia rekordu w liczbie os\u00f3b czytaj\u0105cych na przerwie. Wydarzenie odbywa si\u0119 w ramach Mi\u0119dzynarodowego Miesi\u0105ca Bibliotek Szkolnych i kampanii spo\u0142ecznej \u201eCa\u0142a Polska czyta dzieciom\u201d. Nasz tegoroczny wynik to 212 os\u00f3b, a czytaj\u0105cych nauczycieli oraz uczni\u00f3w mo\u017cna by\u0142o spotka\u0107 w bibliotece szkolnej, klasach i na korytarzu. W tym dniu wypo\u017cyczono r\u00f3wnie\u017c kilkadziesi\u0105t ksi\u0105\u017cek. Podzi\u0119kowania dla wszystkich, kt\u00f3rzy wzi\u0119li udzia\u0142 w czytelniczej przygodzie.<\/p>\n\n\n\n\t\t\t\t\t\t<div class=\"gallery_box_single\">\n\t\t\t\t\t\t\t\t\t\t\t\t\t\t\t<div class=\"gallery clearfix\">\n\t\t\t\t\t\t\t\t\t\t\t\t\t\t\t\t\t\t\t\t<div class=\"gllr_image_row\">\n\t\t\t\t\t\t\t\t\t\t\t\t\t\t\t\t\t\t\t\t\t<div class=\"gllr_image_block\">\n\t\t\t\t\t\t\t\t\t\t\t\t<p style=\"width:180px;height:140px;\">\n\t\t\t\t\t\t\t\t\t\t\t\t\t\t\t\t\t\t\t\t\t\t\t\t\t\t\t<a rel=\"gallery_fancybox_83993\" href=\"https:\/\/sp1slupsk.pl\/wp-content\/uploads\/2023\/11\/Przerwa-na-czytanie-2023-6-1024x768.jpg\" title=\"Przerwa na czytanie 2023\">\n\t\t\t\t\t\t\t\t\t\t\t\t\t\t\t<img style=\"width:160px;height:120px; border-width: 10px; border-color:#F1F1F1;border: 10px solid #F1F1F1\" alt=\"\" title=\"Przerwa na czytanie 2023\" src=\"https:\/\/sp1slupsk.pl\/wp-content\/uploads\/2023\/11\/Przerwa-na-czytanie-2023-6-160x120.jpg\" rel=\"https:\/\/sp1slupsk.pl\/wp-content\/uploads\/2023\/11\/Przerwa-na-czytanie-2023-6-scaled.jpg\" \/>\n\t\t\t\t\t\t\t\t\t\t\t\t\t\t<\/a>\n\t\t\t\t\t\t\t\t\t\t\t\t\t\t\t\t\t\t\t\t\t\t\t\t\t<\/p>\n\t\t\t\t\t\t\t\t\t\t\t\t\t\t\t\t\t\t\t\t\t\t\t<\/div><!-- .gllr_image_block -->\n\t\t\t\t\t\t\t\t\t\t\t\t\t\t\t\t\t\t\t\t\t<div class=\"gllr_image_block\">\n\t\t\t\t\t\t\t\t\t\t\t\t<p style=\"width:180px;height:140px;\">\n\t\t\t\t\t\t\t\t\t\t\t\t\t\t\t\t\t\t\t\t\t\t\t\t\t\t\t<a rel=\"gallery_fancybox_83993\" href=\"https:\/\/sp1slupsk.pl\/wp-content\/uploads\/2023\/11\/Przerwa-na-czytanie-2023-4-1024x768.jpg\" title=\"Przerwa na czytanie 2023\">\n\t\t\t\t\t\t\t\t\t\t\t\t\t\t\t<img style=\"width:160px;height:120px; border-width: 10px; border-color:#F1F1F1;border: 10px solid #F1F1F1\" alt=\"\" title=\"Przerwa na czytanie 2023\" src=\"https:\/\/sp1slupsk.pl\/wp-content\/uploads\/2023\/11\/Przerwa-na-czytanie-2023-4-160x120.jpg\" rel=\"https:\/\/sp1slupsk.pl\/wp-content\/uploads\/2023\/11\/Przerwa-na-czytanie-2023-4-scaled.jpg\" \/>\n\t\t\t\t\t\t\t\t\t\t\t\t\t\t<\/a>\n\t\t\t\t\t\t\t\t\t\t\t\t\t\t\t\t\t\t\t\t\t\t\t\t\t<\/p>\n\t\t\t\t\t\t\t\t\t\t\t\t\t\t\t\t\t\t\t\t\t\t\t<\/div><!-- .gllr_image_block -->\n\t\t\t\t\t\t\t\t\t\t\t\t\t\t\t\t\t\t\t\t\t<div class=\"gllr_image_block\">\n\t\t\t\t\t\t\t\t\t\t\t\t<p style=\"width:180px;height:140px;\">\n\t\t\t\t\t\t\t\t\t\t\t\t\t\t\t\t\t\t\t\t\t\t\t\t\t\t\t<a rel=\"gallery_fancybox_83993\" href=\"https:\/\/sp1slupsk.pl\/wp-content\/uploads\/2023\/11\/Przerwa-na-czytanie-2023-7-768x1024.jpg\" title=\"Przerwa na czytanie 2023\">\n\t\t\t\t\t\t\t\t\t\t\t\t\t\t\t<img style=\"width:160px;height:120px; border-width: 10px; border-color:#F1F1F1;border: 10px solid #F1F1F1\" alt=\"\" title=\"Przerwa na czytanie 2023\" src=\"https:\/\/sp1slupsk.pl\/wp-content\/uploads\/2023\/11\/Przerwa-na-czytanie-2023-7-160x120.jpg\" rel=\"https:\/\/sp1slupsk.pl\/wp-content\/uploads\/2023\/11\/Przerwa-na-czytanie-2023-7-scaled.jpg\" \/>\n\t\t\t\t\t\t\t\t\t\t\t\t\t\t<\/a>\n\t\t\t\t\t\t\t\t\t\t\t\t\t\t\t\t\t\t\t\t\t\t\t\t\t<\/p>\n\t\t\t\t\t\t\t\t\t\t\t\t\t\t\t\t\t\t\t\t\t\t\t<\/div><!-- .gllr_image_block -->\n\t\t\t\t\t\t\t\t\t\t\t\t\t\t\t\t\t\t\t\t\t<\/div><!-- .gllr_image_row -->\n\t\t\t\t\t\t\t\t\t\t\t\t\t\t\t\t\t\t\t\t\t<div class=\"gllr_image_row\">\n\t\t\t\t\t\t\t\t\t\t\t\t\t\t\t\t\t\t\t\t\t<div class=\"gllr_image_block\">\n\t\t\t\t\t\t\t\t\t\t\t\t<p style=\"width:180px;height:140px;\">\n\t\t\t\t\t\t\t\t\t\t\t\t\t\t\t\t\t\t\t\t\t\t\t\t\t\t\t<a rel=\"gallery_fancybox_83993\" href=\"https:\/\/sp1slupsk.pl\/wp-content\/uploads\/2023\/11\/Przerwa-na-czytanie-2023-2-1024x768.jpg\" title=\"Przerwa na czytanie 2023\">\n\t\t\t\t\t\t\t\t\t\t\t\t\t\t\t<img style=\"width:160px;height:120px; border-width: 10px; border-color:#F1F1F1;border: 10px solid #F1F1F1\" alt=\"\" title=\"Przerwa na czytanie 2023\" src=\"https:\/\/sp1slupsk.pl\/wp-content\/uploads\/2023\/11\/Przerwa-na-czytanie-2023-2-160x120.jpg\" rel=\"https:\/\/sp1slupsk.pl\/wp-content\/uploads\/2023\/11\/Przerwa-na-czytanie-2023-2-scaled.jpg\" \/>\n\t\t\t\t\t\t\t\t\t\t\t\t\t\t<\/a>\n\t\t\t\t\t\t\t\t\t\t\t\t\t\t\t\t\t\t\t\t\t\t\t\t\t<\/p>\n\t\t\t\t\t\t\t\t\t\t\t\t\t\t\t\t\t\t\t\t\t\t\t<\/div><!-- .gllr_image_block -->\n\t\t\t\t\t\t\t\t\t\t\t\t\t\t\t\t\t\t\t\t\t<div class=\"gllr_image_block\">\n\t\t\t\t\t\t\t\t\t\t\t\t<p style=\"width:180px;height:140px;\">\n\t\t\t\t\t\t\t\t\t\t\t\t\t\t\t\t\t\t\t\t\t\t\t\t\t\t\t<a rel=\"gallery_fancybox_83993\" href=\"https:\/\/sp1slupsk.pl\/wp-content\/uploads\/2023\/11\/Przerwa-na-czytanie-2023-8-1024x768.jpg\" title=\"Przerwa na czytanie 2023\">\n\t\t\t\t\t\t\t\t\t\t\t\t\t\t\t<img style=\"width:160px;height:120px; border-width: 10px; border-color:#F1F1F1;border: 10px solid #F1F1F1\" alt=\"\" title=\"Przerwa na czytanie 2023\" src=\"https:\/\/sp1slupsk.pl\/wp-content\/uploads\/2023\/11\/Przerwa-na-czytanie-2023-8-160x120.jpg\" rel=\"https:\/\/sp1slupsk.pl\/wp-content\/uploads\/2023\/11\/Przerwa-na-czytanie-2023-8-scaled.jpg\" \/>\n\t\t\t\t\t\t\t\t\t\t\t\t\t\t<\/a>\n\t\t\t\t\t\t\t\t\t\t\t\t\t\t\t\t\t\t\t\t\t\t\t\t\t<\/p>\n\t\t\t\t\t\t\t\t\t\t\t\t\t\t\t\t\t\t\t\t\t\t\t<\/div><!-- .gllr_image_block -->\n\t\t\t\t\t\t\t\t\t\t\t\t\t\t\t\t\t\t\t\t\t<div class=\"gllr_image_block\">\n\t\t\t\t\t\t\t\t\t\t\t\t<p style=\"width:180px;height:140px;\">\n\t\t\t\t\t\t\t\t\t\t\t\t\t\t\t\t\t\t\t\t\t\t\t\t\t\t\t<a rel=\"gallery_fancybox_83993\" href=\"https:\/\/sp1slupsk.pl\/wp-content\/uploads\/2023\/11\/Przerwa-na-czytanie-2023-5-769x1024.jpg\" title=\"Przerwa na czytanie 2023\">\n\t\t\t\t\t\t\t\t\t\t\t\t\t\t\t<img style=\"width:160px;height:120px; border-width: 10px; border-color:#F1F1F1;border: 10px solid #F1F1F1\" alt=\"\" title=\"Przerwa na czytanie 2023\" src=\"https:\/\/sp1slupsk.pl\/wp-content\/uploads\/2023\/11\/Przerwa-na-czytanie-2023-5-160x120.jpg\" rel=\"https:\/\/sp1slupsk.pl\/wp-content\/uploads\/2023\/11\/Przerwa-na-czytanie-2023-5.jpg\" \/>\n\t\t\t\t\t\t\t\t\t\t\t\t\t\t<\/a>\n\t\t\t\t\t\t\t\t\t\t\t\t\t\t\t\t\t\t\t\t\t\t\t\t\t<\/p>\n\t\t\t\t\t\t\t\t\t\t\t\t\t\t\t\t\t\t\t\t\t\t\t<\/div><!-- .gllr_image_block -->\n\t\t\t\t\t\t\t\t\t\t\t\t\t\t\t\t\t\t\t\t\t<\/div><!-- .gllr_image_row -->\n\t\t\t\t\t\t\t\t\t\t\t\t\t\t\t\t\t\t\t\t\t<div class=\"gllr_image_row\">\n\t\t\t\t\t\t\t\t\t\t\t\t\t\t\t\t\t\t\t\t\t<div class=\"gllr_image_block\">\n\t\t\t\t\t\t\t\t\t\t\t\t<p style=\"width:180px;height:140px;\">\n\t\t\t\t\t\t\t\t\t\t\t\t\t\t\t\t\t\t\t\t\t\t\t\t\t\t\t<a rel=\"gallery_fancybox_83993\" href=\"https:\/\/sp1slupsk.pl\/wp-content\/uploads\/2023\/11\/Przerwa-na-czytanie-2023-3-1024x768.jpg\" title=\"Przerwa na czytanie 2023\">\n\t\t\t\t\t\t\t\t\t\t\t\t\t\t\t<img style=\"width:160px;height:120px; border-width: 10px; border-color:#F1F1F1;border: 10px solid #F1F1F1\" alt=\"\" title=\"Przerwa na czytanie 2023\" src=\"https:\/\/sp1slupsk.pl\/wp-content\/uploads\/2023\/11\/Przerwa-na-czytanie-2023-3-160x120.jpg\" rel=\"https:\/\/sp1slupsk.pl\/wp-content\/uploads\/2023\/11\/Przerwa-na-czytanie-2023-3-scaled.jpg\" \/>\n\t\t\t\t\t\t\t\t\t\t\t\t\t\t<\/a>\n\t\t\t\t\t\t\t\t\t\t\t\t\t\t\t\t\t\t\t\t\t\t\t\t\t<\/p>\n\t\t\t\t\t\t\t\t\t\t\t\t\t\t\t\t\t\t\t\t\t\t\t<\/div><!-- .gllr_image_block -->\n\t\t\t\t\t\t\t\t\t\t\t\t\t\t\t\t\t\t\t\t\t<div class=\"gllr_image_block\">\n\t\t\t\t\t\t\t\t\t\t\t\t<p style=\"width:180px;height:140px;\">\n\t\t\t\t\t\t\t\t\t\t\t\t\t\t\t\t\t\t\t\t\t\t\t\t\t\t\t<a rel=\"gallery_fancybox_83993\" href=\"https:\/\/sp1slupsk.pl\/wp-content\/uploads\/2023\/11\/Przerwa-na-czytanie-2023-1-1024x768.jpg\" title=\"Przerwa na czytanie 2023\">\n\t\t\t\t\t\t\t\t\t\t\t\t\t\t\t<img style=\"width:160px;height:120px; border-width: 10px; border-color:#F1F1F1;border: 10px solid #F1F1F1\" alt=\"\" title=\"Przerwa na czytanie 2023\" src=\"https:\/\/sp1slupsk.pl\/wp-content\/uploads\/2023\/11\/Przerwa-na-czytanie-2023-1-160x120.jpg\" rel=\"https:\/\/sp1slupsk.pl\/wp-content\/uploads\/2023\/11\/Przerwa-na-czytanie-2023-1-scaled.jpg\" \/>\n\t\t\t\t\t\t\t\t\t\t\t\t\t\t<\/a>\n\t\t\t\t\t\t\t\t\t\t\t\t\t\t\t\t\t\t\t\t\t\t\t\t\t<\/p>\n\t\t\t\t\t\t\t\t\t\t\t\t\t\t\t\t\t\t\t\t\t\t\t<\/div><!-- .gllr_image_block -->\n\t\t\t\t\t\t\t\t\t\t\t\t\t\t\t\t\t\t\t\t\t<div class=\"gllr_image_block\">\n\t\t\t\t\t\t\t\t\t\t\t\t<p style=\"width:180px;height:140px;\">\n\t\t\t\t\t\t\t\t\t\t\t\t\t\t\t\t\t\t\t\t\t\t\t\t\t\t\t<a rel=\"gallery_fancybox_83993\" href=\"https:\/\/sp1slupsk.pl\/wp-content\/uploads\/2023\/11\/Przerwwa-na-czytanie-2023-9-1024x768.jpg\" title=\"Przerwa na czytanie 2023\">\n\t\t\t\t\t\t\t\t\t\t\t\t\t\t\t<img style=\"width:160px;height:120px; border-width: 10px; border-color:#F1F1F1;border: 10px solid #F1F1F1\" alt=\"\" title=\"Przerwa na czytanie 2023\" src=\"https:\/\/sp1slupsk.pl\/wp-content\/uploads\/2023\/11\/Przerwwa-na-czytanie-2023-9-160x120.jpg\" rel=\"https:\/\/sp1slupsk.pl\/wp-content\/uploads\/2023\/11\/Przerwwa-na-czytanie-2023-9-scaled.jpg\" \/>\n\t\t\t\t\t\t\t\t\t\t\t\t\t\t<\/a>\n\t\t\t\t\t\t\t\t\t\t\t\t\t\t\t\t\t\t\t\t\t\t\t\t\t<\/p>\n\t\t\t\t\t\t\t\t\t\t\t\t\t\t\t\t\t\t\t\t\t\t\t<\/div><!-- .gllr_image_block -->\n\t\t\t\t\t\t\t\t\t\t\t\t\t\t\t\t\t\t\t\t\t<\/div><!-- .gllr_image_row -->\n\t\t\t\t\t\t\t\t\t\t\t\t\t\t\t\t\t\t<\/div><!-- .gallery.clearfix -->\n\t\t\t\t\t\t\t\t\t\t\t\t\t<\/div><!-- .gallery_box_single -->\n\t\t\t\t\t\t<div class=\"gllr_clear\"><\/div>\n\t\t\t\t\t\t\t\t\t<script type=\"text\/javascript\">\n\t\t\t\t\t(function($) {\n\t\t\t\t\t\t$(document).ready( function() {\n\t\t\t\t\t\t\t$( \"a[rel=gallery_fancybox_83993]\" ).fancybox( {\n\t\t\t\t\t\t\t\t'transitionIn'\t\t:\t'elastic',\n\t\t\t\t\t\t\t\t'transitionOut'\t\t:\t'elastic',\n\t\t\t\t\t\t\t\t'titlePosition' \t:\t'inside',\n\t\t\t\t\t\t\t\t'speedIn'\t\t\t:\t500, \n\t\t\t\t\t\t\t\t'speedOut'\t\t\t:\t300,\n\t\t\t\t\t\t\t\t'titleFormat'\t\t:\tfunction( title, currentArray, currentIndex, currentOpts ) {\n\t\t\t\t\t\t\t\t\treturn '<div id=\"fancybox-title-inside\">' + ( title.length ? '<span id=\"bws_gallery_image_title\">' + title + '<\/span><br \/>' : '' ) + '<span id=\"bws_gallery_image_counter\">Image ' + ( currentIndex + 1 ) + ' \/ ' + currentArray.length + '<\/span><\/div>';\n\t\t\t\t\t\t\t\t}\t\t\t\t\t\t\t});\n\t\t\t\t\t\t});\n\t\t\t\t\t})(jQuery);\n\t\t\t\t<\/script>\n\t\t\t\n\n\n\n<hr class=\"wp-block-separator\"\/>\n\n\n\n<p class=\"has-text-align-center\"><strong>Zaproszenie do \u201enowej\u201d biblioteki<\/strong><\/p>\n\n\n\n<p>Zapraszamy wszystkich do naszej biblioteki po reorganizacji. Zosta\u0142 zmieniony wystr\u00f3j i ustawienia rega\u0142\u00f3w, pojawi\u0142y si\u0119 nowe meble oraz trzy ju\u017c czynne stanowiska komputerowe. Wychodz\u0105c naprzeciwko oczekiwaniom uczni\u00f3w \u2013 maj\u0105 oni &nbsp;umo\u017cliwiony wolny dost\u0119p do p\u00f3\u0142ek z ksi\u0105\u017ckami. Kontynuowane s\u0105 zaj\u0119cia szachowe &#8211; jest jeszcze kilka wolnych miejsc, posiadamy tak\u017ce nowe gry planszowe. Organizowane s\u0105 lekcje biblioteczne, w ostatnim tygodniu uczniowie przypominali sobie&nbsp; rodzaje s\u0142ownik\u00f3w i doskonalili umiej\u0119tno\u015b\u0107 prawid\u0142owego wyszukiwania hase\u0142. Bior\u0105c pod uwag\u0119 zwi\u0119kszon\u0105 liczb\u0119 odwiedzin naszego \u201eCentrum wiedzy i rozrywki\u201d oraz pozytywne opinie, wida\u0107 &nbsp;\u017ce podobaj\u0105 si\u0119 zmiany. Ze swojej strony dzi\u0119kuj\u0119 wszystkim osobom, kt\u00f3re przyczyni\u0142y si\u0119 do tak du\u017cego udoskonalenia biblioteki szkolnej.<br>Uczni\u00f3w zapraszam r\u00f3wnie\u017c do udzia\u0142u w konkursach bibliotecznych: wewn\u0119trznego \u201eM\u00f3j projekt ok\u0142adki ulubionej ksi\u0105\u017cki\u201d \u2013 prace malowane, rysowane, wyklejane, itp. mo\u017cna przynosi\u0107 do ko\u0144ca listopada 2023 r. oraz wojew\u00f3dzkiego \u201eMole ksi\u0105\u017ckowe\u201d \u2013 zg\u0142oszenia ch\u0119tnych dw\u00f3ch os\u00f3b z klas 6-8 lubi\u0105cych czyta\u0107 i sprawnie pos\u0142uguj\u0105cych si\u0119 poczt\u0105 elektroniczn\u0105 oraz Internetem, przyjmuj\u0119 w bibliotece do dnia 17.11.2023 r.&nbsp; Informuj\u0119 tak\u017ce, \u017ce 27 pa\u017adziernika (pi\u0105tek)&nbsp; nasza szko\u0142a bierze udzia\u0142 w mi\u0119dzynarodowej edycji akcji \u201ePrzerwa na czytanie\u201d. Klasy mog\u0105 przychodzi\u0107 w tym dniu podczas wszystkich przerw &nbsp;do biblioteki, ale r\u00f3wnie\u017c czyta\u0107 w dowolnym miejscu naszej szko\u0142y. Prosz\u0119 nauczycieli o policzenie zaanga\u017cowanych swoich uczni\u00f3w oraz zrobienie kilku zdj\u0119\u0107. &nbsp;<\/p>\n\n\n\n\t\t\t\t\t\t<div class=\"gallery_box_single\">\n\t\t\t\t\t\t\t\t\t\t\t\t\t\t\t<div class=\"gallery clearfix\">\n\t\t\t\t\t\t\t\t\t\t\t\t\t\t\t\t\t\t\t\t<div class=\"gllr_image_row\">\n\t\t\t\t\t\t\t\t\t\t\t\t\t\t\t\t\t\t\t\t\t<div class=\"gllr_image_block\">\n\t\t\t\t\t\t\t\t\t\t\t\t<p style=\"width:180px;height:140px;\">\n\t\t\t\t\t\t\t\t\t\t\t\t\t\t\t\t\t\t\t\t\t\t\t\t\t\t\t<a rel=\"gallery_fancybox_83854\" href=\"https:\/\/sp1slupsk.pl\/wp-content\/uploads\/2023\/10\/Nowa-biblioteka-7-1024x768.jpg\" title=\"Nowa biblioteka\">\n\t\t\t\t\t\t\t\t\t\t\t\t\t\t\t<img style=\"width:160px;height:120px; border-width: 10px; border-color:#F1F1F1;border: 10px solid #F1F1F1\" alt=\"\" title=\"Nowa biblioteka\" src=\"https:\/\/sp1slupsk.pl\/wp-content\/uploads\/2023\/10\/Nowa-biblioteka-7-160x120.jpg\" rel=\"https:\/\/sp1slupsk.pl\/wp-content\/uploads\/2023\/10\/Nowa-biblioteka-7.jpg\" \/>\n\t\t\t\t\t\t\t\t\t\t\t\t\t\t<\/a>\n\t\t\t\t\t\t\t\t\t\t\t\t\t\t\t\t\t\t\t\t\t\t\t\t\t<\/p>\n\t\t\t\t\t\t\t\t\t\t\t\t\t\t\t\t\t\t\t\t\t\t\t<\/div><!-- .gllr_image_block -->\n\t\t\t\t\t\t\t\t\t\t\t\t\t\t\t\t\t\t\t\t\t<div class=\"gllr_image_block\">\n\t\t\t\t\t\t\t\t\t\t\t\t<p style=\"width:180px;height:140px;\">\n\t\t\t\t\t\t\t\t\t\t\t\t\t\t\t\t\t\t\t\t\t\t\t\t\t\t\t<a rel=\"gallery_fancybox_83854\" href=\"https:\/\/sp1slupsk.pl\/wp-content\/uploads\/2023\/10\/Nowa-biblioteka-9-1024x768.jpg\" title=\"Nowa biblioteka\">\n\t\t\t\t\t\t\t\t\t\t\t\t\t\t\t<img style=\"width:160px;height:120px; border-width: 10px; border-color:#F1F1F1;border: 10px solid #F1F1F1\" alt=\"\" title=\"Nowa biblioteka\" src=\"https:\/\/sp1slupsk.pl\/wp-content\/uploads\/2023\/10\/Nowa-biblioteka-9-160x120.jpg\" rel=\"https:\/\/sp1slupsk.pl\/wp-content\/uploads\/2023\/10\/Nowa-biblioteka-9.jpg\" \/>\n\t\t\t\t\t\t\t\t\t\t\t\t\t\t<\/a>\n\t\t\t\t\t\t\t\t\t\t\t\t\t\t\t\t\t\t\t\t\t\t\t\t\t<\/p>\n\t\t\t\t\t\t\t\t\t\t\t\t\t\t\t\t\t\t\t\t\t\t\t<\/div><!-- .gllr_image_block -->\n\t\t\t\t\t\t\t\t\t\t\t\t\t\t\t\t\t\t\t\t\t<div class=\"gllr_image_block\">\n\t\t\t\t\t\t\t\t\t\t\t\t<p style=\"width:180px;height:140px;\">\n\t\t\t\t\t\t\t\t\t\t\t\t\t\t\t\t\t\t\t\t\t\t\t\t\t\t\t<a rel=\"gallery_fancybox_83854\" href=\"https:\/\/sp1slupsk.pl\/wp-content\/uploads\/2023\/10\/Nowa-biblioteka-8-1024x768.jpg\" title=\"Nowa biblioteka\">\n\t\t\t\t\t\t\t\t\t\t\t\t\t\t\t<img style=\"width:160px;height:120px; border-width: 10px; border-color:#F1F1F1;border: 10px solid #F1F1F1\" alt=\"\" title=\"Nowa biblioteka\" src=\"https:\/\/sp1slupsk.pl\/wp-content\/uploads\/2023\/10\/Nowa-biblioteka-8-160x120.jpg\" rel=\"https:\/\/sp1slupsk.pl\/wp-content\/uploads\/2023\/10\/Nowa-biblioteka-8.jpg\" \/>\n\t\t\t\t\t\t\t\t\t\t\t\t\t\t<\/a>\n\t\t\t\t\t\t\t\t\t\t\t\t\t\t\t\t\t\t\t\t\t\t\t\t\t<\/p>\n\t\t\t\t\t\t\t\t\t\t\t\t\t\t\t\t\t\t\t\t\t\t\t<\/div><!-- .gllr_image_block -->\n\t\t\t\t\t\t\t\t\t\t\t\t\t\t\t\t\t\t\t\t\t<\/div><!-- .gllr_image_row -->\n\t\t\t\t\t\t\t\t\t\t\t\t\t\t\t\t\t\t\t\t\t<div class=\"gllr_image_row\">\n\t\t\t\t\t\t\t\t\t\t\t\t\t\t\t\t\t\t\t\t\t<div class=\"gllr_image_block\">\n\t\t\t\t\t\t\t\t\t\t\t\t<p style=\"width:180px;height:140px;\">\n\t\t\t\t\t\t\t\t\t\t\t\t\t\t\t\t\t\t\t\t\t\t\t\t\t\t\t<a rel=\"gallery_fancybox_83854\" href=\"https:\/\/sp1slupsk.pl\/wp-content\/uploads\/2023\/10\/Nowa-biblioteka-4-768x1024.jpg\" title=\"Nowa biblioteka\">\n\t\t\t\t\t\t\t\t\t\t\t\t\t\t\t<img style=\"width:160px;height:120px; border-width: 10px; border-color:#F1F1F1;border: 10px solid #F1F1F1\" alt=\"\" title=\"Nowa biblioteka\" src=\"https:\/\/sp1slupsk.pl\/wp-content\/uploads\/2023\/10\/Nowa-biblioteka-4-160x120.jpg\" rel=\"https:\/\/sp1slupsk.pl\/wp-content\/uploads\/2023\/10\/Nowa-biblioteka-4.jpg\" \/>\n\t\t\t\t\t\t\t\t\t\t\t\t\t\t<\/a>\n\t\t\t\t\t\t\t\t\t\t\t\t\t\t\t\t\t\t\t\t\t\t\t\t\t<\/p>\n\t\t\t\t\t\t\t\t\t\t\t\t\t\t\t\t\t\t\t\t\t\t\t<\/div><!-- .gllr_image_block -->\n\t\t\t\t\t\t\t\t\t\t\t\t\t\t\t\t\t\t\t\t\t<div class=\"gllr_image_block\">\n\t\t\t\t\t\t\t\t\t\t\t\t<p style=\"width:180px;height:140px;\">\n\t\t\t\t\t\t\t\t\t\t\t\t\t\t\t\t\t\t\t\t\t\t\t\t\t\t\t<a rel=\"gallery_fancybox_83854\" href=\"https:\/\/sp1slupsk.pl\/wp-content\/uploads\/2023\/10\/Nowa-biblioteka-5-1024x768.jpg\" title=\"Nowa biblioteka\">\n\t\t\t\t\t\t\t\t\t\t\t\t\t\t\t<img style=\"width:160px;height:120px; border-width: 10px; border-color:#F1F1F1;border: 10px solid #F1F1F1\" alt=\"\" title=\"Nowa biblioteka\" src=\"https:\/\/sp1slupsk.pl\/wp-content\/uploads\/2023\/10\/Nowa-biblioteka-5-160x120.jpg\" rel=\"https:\/\/sp1slupsk.pl\/wp-content\/uploads\/2023\/10\/Nowa-biblioteka-5.jpg\" \/>\n\t\t\t\t\t\t\t\t\t\t\t\t\t\t<\/a>\n\t\t\t\t\t\t\t\t\t\t\t\t\t\t\t\t\t\t\t\t\t\t\t\t\t<\/p>\n\t\t\t\t\t\t\t\t\t\t\t\t\t\t\t\t\t\t\t\t\t\t\t<\/div><!-- .gllr_image_block -->\n\t\t\t\t\t\t\t\t\t\t\t\t\t\t\t\t\t\t\t\t\t<div class=\"gllr_image_block\">\n\t\t\t\t\t\t\t\t\t\t\t\t<p style=\"width:180px;height:140px;\">\n\t\t\t\t\t\t\t\t\t\t\t\t\t\t\t\t\t\t\t\t\t\t\t\t\t\t\t<a rel=\"gallery_fancybox_83854\" href=\"https:\/\/sp1slupsk.pl\/wp-content\/uploads\/2023\/10\/Nowa-biblioteka-6-1024x768.jpg\" title=\"Nowa biblioteka\">\n\t\t\t\t\t\t\t\t\t\t\t\t\t\t\t<img style=\"width:160px;height:120px; border-width: 10px; border-color:#F1F1F1;border: 10px solid #F1F1F1\" alt=\"\" title=\"Nowa biblioteka\" src=\"https:\/\/sp1slupsk.pl\/wp-content\/uploads\/2023\/10\/Nowa-biblioteka-6-160x120.jpg\" rel=\"https:\/\/sp1slupsk.pl\/wp-content\/uploads\/2023\/10\/Nowa-biblioteka-6.jpg\" \/>\n\t\t\t\t\t\t\t\t\t\t\t\t\t\t<\/a>\n\t\t\t\t\t\t\t\t\t\t\t\t\t\t\t\t\t\t\t\t\t\t\t\t\t<\/p>\n\t\t\t\t\t\t\t\t\t\t\t\t\t\t\t\t\t\t\t\t\t\t\t<\/div><!-- .gllr_image_block -->\n\t\t\t\t\t\t\t\t\t\t\t\t\t\t\t\t\t\t\t\t\t<\/div><!-- .gllr_image_row -->\n\t\t\t\t\t\t\t\t\t\t\t\t\t\t\t\t\t\t\t\t\t<div class=\"gllr_image_row\">\n\t\t\t\t\t\t\t\t\t\t\t\t\t\t\t\t\t\t\t\t\t<div class=\"gllr_image_block\">\n\t\t\t\t\t\t\t\t\t\t\t\t<p style=\"width:180px;height:140px;\">\n\t\t\t\t\t\t\t\t\t\t\t\t\t\t\t\t\t\t\t\t\t\t\t\t\t\t\t<a rel=\"gallery_fancybox_83854\" href=\"https:\/\/sp1slupsk.pl\/wp-content\/uploads\/2023\/10\/Nowa-biblioteka-3-1024x768.jpg\" title=\"Nowa biblioteka\">\n\t\t\t\t\t\t\t\t\t\t\t\t\t\t\t<img style=\"width:160px;height:120px; border-width: 10px; border-color:#F1F1F1;border: 10px solid #F1F1F1\" alt=\"\" title=\"Nowa biblioteka\" src=\"https:\/\/sp1slupsk.pl\/wp-content\/uploads\/2023\/10\/Nowa-biblioteka-3-160x120.jpg\" rel=\"https:\/\/sp1slupsk.pl\/wp-content\/uploads\/2023\/10\/Nowa-biblioteka-3.jpg\" \/>\n\t\t\t\t\t\t\t\t\t\t\t\t\t\t<\/a>\n\t\t\t\t\t\t\t\t\t\t\t\t\t\t\t\t\t\t\t\t\t\t\t\t\t<\/p>\n\t\t\t\t\t\t\t\t\t\t\t\t\t\t\t\t\t\t\t\t\t\t\t<\/div><!-- .gllr_image_block -->\n\t\t\t\t\t\t\t\t\t\t\t\t\t\t\t\t\t\t\t\t\t<div class=\"gllr_image_block\">\n\t\t\t\t\t\t\t\t\t\t\t\t<p style=\"width:180px;height:140px;\">\n\t\t\t\t\t\t\t\t\t\t\t\t\t\t\t\t\t\t\t\t\t\t\t\t\t\t\t<a rel=\"gallery_fancybox_83854\" href=\"https:\/\/sp1slupsk.pl\/wp-content\/uploads\/2023\/10\/Nowa-biblioteka-2-1024x768.jpg\" title=\"Nowa biblioteka\">\n\t\t\t\t\t\t\t\t\t\t\t\t\t\t\t<img style=\"width:160px;height:120px; border-width: 10px; border-color:#F1F1F1;border: 10px solid #F1F1F1\" alt=\"\" title=\"Nowa biblioteka\" src=\"https:\/\/sp1slupsk.pl\/wp-content\/uploads\/2023\/10\/Nowa-biblioteka-2-160x120.jpg\" rel=\"https:\/\/sp1slupsk.pl\/wp-content\/uploads\/2023\/10\/Nowa-biblioteka-2.jpg\" \/>\n\t\t\t\t\t\t\t\t\t\t\t\t\t\t<\/a>\n\t\t\t\t\t\t\t\t\t\t\t\t\t\t\t\t\t\t\t\t\t\t\t\t\t<\/p>\n\t\t\t\t\t\t\t\t\t\t\t\t\t\t\t\t\t\t\t\t\t\t\t<\/div><!-- .gllr_image_block -->\n\t\t\t\t\t\t\t\t\t\t\t\t\t\t\t\t\t\t\t\t\t<div class=\"gllr_image_block\">\n\t\t\t\t\t\t\t\t\t\t\t\t<p style=\"width:180px;height:140px;\">\n\t\t\t\t\t\t\t\t\t\t\t\t\t\t\t\t\t\t\t\t\t\t\t\t\t\t\t<a rel=\"gallery_fancybox_83854\" href=\"https:\/\/sp1slupsk.pl\/wp-content\/uploads\/2023\/10\/Nowa-biblioteka-1-1024x768.jpg\" title=\"Nowa biblioteka\">\n\t\t\t\t\t\t\t\t\t\t\t\t\t\t\t<img style=\"width:160px;height:120px; border-width: 10px; border-color:#F1F1F1;border: 10px solid #F1F1F1\" alt=\"\" title=\"Nowa biblioteka\" src=\"https:\/\/sp1slupsk.pl\/wp-content\/uploads\/2023\/10\/Nowa-biblioteka-1-160x120.jpg\" rel=\"https:\/\/sp1slupsk.pl\/wp-content\/uploads\/2023\/10\/Nowa-biblioteka-1.jpg\" \/>\n\t\t\t\t\t\t\t\t\t\t\t\t\t\t<\/a>\n\t\t\t\t\t\t\t\t\t\t\t\t\t\t\t\t\t\t\t\t\t\t\t\t\t<\/p>\n\t\t\t\t\t\t\t\t\t\t\t\t\t\t\t\t\t\t\t\t\t\t\t<\/div><!-- .gllr_image_block -->\n\t\t\t\t\t\t\t\t\t\t\t\t\t\t\t\t\t\t\t\t\t<\/div><!-- .gllr_image_row -->\n\t\t\t\t\t\t\t\t\t\t\t\t\t\t\t\t\t\t<\/div><!-- .gallery.clearfix -->\n\t\t\t\t\t\t\t\t\t\t\t\t\t<\/div><!-- .gallery_box_single -->\n\t\t\t\t\t\t<div class=\"gllr_clear\"><\/div>\n\t\t\t\t\t\t\t\t\t<script type=\"text\/javascript\">\n\t\t\t\t\t(function($) {\n\t\t\t\t\t\t$(document).ready( function() {\n\t\t\t\t\t\t\t$( \"a[rel=gallery_fancybox_83854]\" ).fancybox( {\n\t\t\t\t\t\t\t\t'transitionIn'\t\t:\t'elastic',\n\t\t\t\t\t\t\t\t'transitionOut'\t\t:\t'elastic',\n\t\t\t\t\t\t\t\t'titlePosition' \t:\t'inside',\n\t\t\t\t\t\t\t\t'speedIn'\t\t\t:\t500, \n\t\t\t\t\t\t\t\t'speedOut'\t\t\t:\t300,\n\t\t\t\t\t\t\t\t'titleFormat'\t\t:\tfunction( title, currentArray, currentIndex, currentOpts ) {\n\t\t\t\t\t\t\t\t\treturn '<div id=\"fancybox-title-inside\">' + ( title.length ? '<span id=\"bws_gallery_image_title\">' + title + '<\/span><br \/>' : '' ) + '<span id=\"bws_gallery_image_counter\">Image ' + ( currentIndex + 1 ) + ' \/ ' + currentArray.length + '<\/span><\/div>';\n\t\t\t\t\t\t\t\t}\t\t\t\t\t\t\t});\n\t\t\t\t\t\t});\n\t\t\t\t\t})(jQuery);\n\t\t\t\t<\/script>\n\t\t\t\n","protected":false},"excerpt":{"rendered":"<p>Biblioteka szkolna czynna jest w godzinach: Poniedzia\u0142ek 7:45 &#8211; 16:00&nbsp; Wtorek 8:45 &#8211; 16:00 \u015aroda 7:45 &#8211; 16:00 Czwartek &nbsp;8:45 &#8211; 16:00 Pi\u0105tek &nbsp;11:30 &#8211; 14:30 ROK SZKOLNY 2025\/2026 Og\u00f3lnopolski Konkurs Szachowy \u2013 \u201eKonik Szachowy EXTRA 2026\u201d W dniu 26.03.2026 r., po raz pierwszy nasza szko\u0142a wzi\u0119\u0142a udzia\u0142 w presti\u017cowym konkursie og\u00f3lnopolskim, a w zasadzie <a href=\"https:\/\/sp1slupsk.pl\/?gallery=zaproszenie-do-nowej-biblioteki\"><b>&#8230;wi\u0119cej<\/b><\/a><\/p>\n","protected":false},"author":1,"featured_media":0,"parent":0,"menu_order":0,"comment_status":"closed","ping_status":"closed","template":"","meta":[],"_links":{"self":[{"href":"https:\/\/sp1slupsk.pl\/index.php?rest_route=\/wp\/v2\/pages\/78800"}],"collection":[{"href":"https:\/\/sp1slupsk.pl\/index.php?rest_route=\/wp\/v2\/pages"}],"about":[{"href":"https:\/\/sp1slupsk.pl\/index.php?rest_route=\/wp\/v2\/types\/page"}],"author":[{"embeddable":true,"href":"https:\/\/sp1slupsk.pl\/index.php?rest_route=\/wp\/v2\/users\/1"}],"replies":[{"embeddable":true,"href":"https:\/\/sp1slupsk.pl\/index.php?rest_route=%2Fwp%2Fv2%2Fcomments&post=78800"}],"version-history":[{"count":79,"href":"https:\/\/sp1slupsk.pl\/index.php?rest_route=\/wp\/v2\/pages\/78800\/revisions"}],"predecessor-version":[{"id":91107,"href":"https:\/\/sp1slupsk.pl\/index.php?rest_route=\/wp\/v2\/pages\/78800\/revisions\/91107"}],"wp:attachment":[{"href":"https:\/\/sp1slupsk.pl\/index.php?rest_route=%2Fwp%2Fv2%2Fmedia&parent=78800"}],"curies":[{"name":"wp","href":"https:\/\/api.w.org\/{rel}","templated":true}]}}