{"id":87774,"date":"2024-11-20T17:56:56","date_gmt":"2024-11-20T16:56:56","guid":{"rendered":"http:\/\/sp1slupsk.pl\/?page_id=87774"},"modified":"2025-05-11T21:20:57","modified_gmt":"2025-05-11T19:20:57","slug":"konkursy-pozaszkolne-2024-2025-2","status":"publish","type":"page","link":"https:\/\/sp1slupsk.pl\/?page_id=87774","title":{"rendered":"Konkursy pozaszkolne 2024\/2025"},"content":{"rendered":"\n<p class=\"has-text-align-center\"><br><strong>Vicemistrz S\u0142upska<\/strong> &#8211; Kacper Rubinowicz kl. 8b <br>w biegu na 300 mS\u0142upskiej w <strong>Olimpiadzie M\u0142odzie\u017cy w lekkiej atletyce<\/strong> <\/p>\n\n\n\n<p class=\"has-text-align-center\"><strong>III miejsce<\/strong> &#8211; Oskar Ejsmont wywalczy\u0142 kl. 8b i <br>w skoku wzwy\u017c <strong>w S\u0142upskiej Olimpiadzie M\u0142odzie\u017cy w lekkiej atletyce<\/strong><\/p>\n\n\n\n<p class=\"has-text-align-center\"><strong>III miejsce<\/strong> &#8211; Karina Shuryha kl. 8b <br>w biegu na 1000 m w <strong>S\u0142upskiej Olimpiadzie M\u0142odzie\u017cy w lekkiej atletyce<\/strong> <\/p>\n\n\n\n<hr class=\"wp-block-separator\"\/>\n\n\n\n<p class=\"has-text-align-center\">Wiktoria Bargowska kl. 6b &#8211; <strong>Laureatka I miejsca<\/strong> na szczeblu og\u00f3lnopolskim w kategorii klas 6. Najlepszy wynik w mie\u015bcie S\u0142upsk <\/p>\n\n\n\n<p class=\"has-text-align-center\">w <strong>VI edycji trzyetapowego og\u00f3lnopolskiego Konkursu Matematyczno &#8211; Informatycznego InstaLogik 2024\/2025<\/strong><\/p>\n\n\n\n<hr class=\"wp-block-separator\"\/>\n\n\n\n<p class=\"has-text-align-center\"><strong>I miejsce<\/strong> &#8211; dru\u017cyna w sk\u0142adzie (grupa II): Wojciech \u017bydzianowski kl. 7b, &nbsp;Marcel Sobiegraj kl. 7a, Adrian Formella kl. 7b <\/p>\n\n\n\n<p class=\"has-text-align-center\">w <strong>Powiatowym Konkursie Szk\u00f3\u0142 Podstawowych Miasta S\u0142upska w Og\u00f3lnopolskim Turnieju Bezpiecze\u0144stwa w Ruchu Drogowym \u2013 edycja 2025<\/strong><\/p>\n\n\n\n<p class=\"has-text-align-center\"><strong>III miejsce<\/strong> &#8211;  dru\u017cyna w sk\u0142adzie (grupa I &#8211; m\u0142odsi): Emilia Nowatka kl 5b, Natasza Zimienowicz kl. 5a, Szymon Ch\u0119ci\u0144ski kl. 5a, Andriy Kolesnyk kl. 5a <\/p>\n\n\n\n<p class=\"has-text-align-center\">w <strong>Powiatowym Konkursie Szk\u00f3\u0142 Podstawowych Miasta S\u0142upska w Og\u00f3lnopolskim Turnieju Bezpiecze\u0144stwa w Ruchu Drogowym \u2013 edycja 2025<\/strong><\/p>\n\n\n\n<p class=\"has-text-align-center\"><strong>Najlepszy wynik indywidualny<\/strong> &#8211; Wojciech \u017bydzianowski kl. 7b<\/p>\n\n\n\n<p class=\"has-text-align-center\"> w II grupie wiekowej w<strong> Powiatowym Konkursie Szk\u00f3\u0142 Podstawowych Miasta S\u0142upska w Og\u00f3lnopolskim Turnieju Bezpiecze\u0144stwa w Ruchu Drogowym \u2013 edycja 2025<\/strong><\/p>\n\n\n\n<hr class=\"wp-block-separator\"\/>\n\n\n\n<p class=\"has-text-align-center\"><strong>Tytu\u0142 Laureata<\/strong> &#8211; Blanka Polak oraz Amelia Jastrz\u0119bska kl. 8a<\/p>\n\n\n\n<p class=\"has-text-align-center\">w<strong> XXX edycji Og\u00f3lnopolskiego Konkursu \u201eLosy \u017co\u0142nierza i dzieje or\u0119\u017ca polskiego w latach 1921\u20131956. Od Traktatu Ryskiego do \u017bo\u0142nierzy Nie-z\u0142omnych\u201d<\/strong><\/p>\n\n\n\n<hr class=\"wp-block-separator\"\/>\n\n\n\n<p class=\"has-text-align-center\"><strong>I miejsce<\/strong> &#8211; Max Hancyk kl. 2a <\/p>\n\n\n\n<p class=\"has-text-align-center\">w <strong>finale II Dzieci\u0119cego Festiwalu Piosenki Ludowej &#8222;Mazanki 2025&#8221;<\/strong><\/p>\n\n\n\n<hr class=\"wp-block-separator\"\/>\n\n\n\n<p class=\"has-text-align-center\"><strong>Tytu\u0142 Mistrza Pisania<\/strong> &#8211; Zuzanna \u017bmuda kl. 8a <\/p>\n\n\n\n<p class=\"has-text-align-center\">w <strong>III Mi\u0119dzyszkolnym Konkursie J\u0119zyka Angielskiego WRITING MASTER <\/strong><\/p>\n\n\n\n<hr class=\"wp-block-separator\"\/>\n\n\n\n<p class=\"has-text-align-center\"><strong>wyr\u00f3\u017cnienie<\/strong> &#8211; Aleksandra Maszota kl. 2b  <\/p>\n\n\n\n<p class=\"has-text-align-center\">w <strong>Miejski Konkursie Plastycznym &#8222;Kolory ziemi &#8211; planeta w dzieciecych oczach&#8221;<\/strong><\/p>\n\n\n\n<hr class=\"wp-block-separator\"\/>\n\n\n\n<p class=\"has-text-align-center\"><strong>III miejsce (dru\u017cynowo) <\/strong>&#8211; Lewi\u0144ski Szymon kl. 8b, Ejsmont Oskar kl. 8b, Potasi\u0144ski Igor kl. 8b, Rubinowicz Kacper kl. 8b, Homerda Julian kl. 8b, Bernacki Gracjan kl. 8b, Obia\u0142a Gustaw kl. 8a<\/p>\n\n\n\n<p class=\"has-text-align-center\">w <strong>S\u0142upskiej Olimpiadzie M\u0142odzie\u017cy w koszyk\u00f3wce ch\u0142opc\u00f3w<\/strong><\/p>\n\n\n\n<hr class=\"wp-block-separator\"\/>\n\n\n\n<p class=\"has-text-align-center\"><strong>Laureaci<\/strong> &#8211; Karolina Szymanowska kl. 4a, Marcel Sta\u0144czyk kl. 4a, Zuzanna Kucharska kl. 7a, Karolina Kosik &#8211; Labrenz kl. 8b, Julia Sikorska kl. 8b<\/p>\n\n\n\n<p class=\"has-text-align-center\">w <strong>og\u00f3lnopolskiej kampanii Zachowaj Trze\u017awy Umys\u0142 pt. &#8222;Bli\u017cej siebie i innych z dala od u\u017cywek&#8221; oraz &#8222;Nie czas na nud\u0119 &#8222;<\/strong><\/p>\n\n\n\n<hr class=\"wp-block-separator\"\/>\n\n\n\n<p class=\"has-text-align-center\"><strong>I miejsce &#8211; Nell Gruss <\/strong> kl. 5b<\/p>\n\n\n\n<p class=\"has-text-align-center\">w <strong>Wojew\u00f3dzkim Konkursie Obcoj\u0119zycznej Poezji Mi\u0142osnej<\/strong><br>organizowanym przez Szko\u0142\u0119 Podstawow\u0105 w  Kobylnicy<\/p>\n\n\n\n<hr class=\"wp-block-separator\"\/>\n\n\n\n<p class=\"has-text-align-center\"><strong>Blanka Polak<\/strong> kl. 8a,&nbsp;&nbsp;<strong>Amelia Jastrz\u0119bska<\/strong> kl. 8a, <strong>Michalina Czerwi\u0144ska<\/strong> kl. 7a<\/p>\n\n\n\n<p class=\"has-text-align-center\">zakwalifikowa\u0142y si\u0119 do etapu wojew\u00f3dzkiego XXX edycji Og\u00f3lnopolskiego Konkursu Historycznego&nbsp;&nbsp;im. majora Marka Gajewskiego&nbsp;\u201eLosy \u017co\u0142nierza i dzieje or\u0119\u017ca polskiego w latach 1921-1956. Od Traktatu Ryskiego do \u017bo\u0142nierzy Niez\u0142omnych\u201d<\/p>\n\n\n\n<hr class=\"wp-block-separator\"\/>\n\n\n\n<p class=\"has-text-align-center\"><strong>Dyplom Laureata &#8211; I miejsce &#8211;<\/strong> <strong>Amadeusz Wirkus<\/strong> kl. 7a, <strong>Alicja Zi\u0119tara <\/strong>kl. 7a <br><strong>Dyplom Laureata<\/strong> &#8211; <strong>Franciszek Jab\u0142o\u0144ski<\/strong> kl. 6a, <strong>Maciej Korzeniewski<\/strong> 7b, <strong>Zuzanna \u017bmud<\/strong>a kl. 8a<br><strong>Dyplom wyr\u00f3\u017cnienie<\/strong> &#8211; <strong>Urszula Duras <\/strong>kl. 8a, <strong>Amelia Jastrz\u0119bska<\/strong> kl. 8a<\/p>\n\n\n\n<p class=\"has-text-align-center\">w<strong> Og\u00f3lnopolskim Konkursie MULTITEST z j\u0119zyka angielskiego<\/strong>.<\/p>\n\n\n\n<hr class=\"wp-block-separator\"\/>\n\n\n\n<p class=\"has-text-align-center\"><strong>II miejsce<\/strong> &#8211; <strong>Zuzanna \u017bmuda, Ula Duras i Blanka Polak<\/strong> z klasy 8a<br>w <strong>III Mi\u0119dzyszkolnym Quizie Wiedzy o Kulturze Kraj\u00f3w Angloj\u0119zycznych<\/strong>,<br>organizowanym przez Szko\u0142\u0119 Podstawow\u0105 nr 11 w S\u0142upsku<\/p>\n\n\n\n<hr class=\"wp-block-separator\"\/>\n\n\n\n<p class=\"has-text-align-center\"><strong>III miejsca<\/strong> &#8211; dru\u017cyna w sk\u0142adzie: <br><strong>Amelia Jastrz\u0119bska <\/strong>kl. 8a, <strong>Blanka Polak<\/strong> kl. 8a, <strong>Zuzanna \u017bmuda<\/strong> kl. 8a, <strong>Alicja Rusinowicz<\/strong> kl. 8b, <strong>Sabina \u0141achut<\/strong> kl. 7b, <strong>Nikola Stolarczyk<\/strong> kl. 7b, <strong>Karina Shuryna<\/strong> kl. 7b<\/p>\n\n\n\n<p class=\"has-text-align-center\">w <strong>SOM &#8211; unihokej dziewcz\u0105t<\/strong><\/p>\n","protected":false},"excerpt":{"rendered":"<p>Vicemistrz S\u0142upska &#8211; Kacper Rubinowicz kl. 8b w biegu na 300 mS\u0142upskiej w Olimpiadzie M\u0142odzie\u017cy w lekkiej atletyce III miejsce &#8211; Oskar Ejsmont wywalczy\u0142 kl. 8b i w skoku wzwy\u017c w S\u0142upskiej Olimpiadzie M\u0142odzie\u017cy w lekkiej atletyce III miejsce &#8211; Karina Shuryha kl. 8b w biegu na 1000 m w S\u0142upskiej Olimpiadzie M\u0142odzie\u017cy w lekkiej <a href=\"https:\/\/sp1slupsk.pl\/?page_id=87774\"><b>&#8230;wi\u0119cej<\/b><\/a><\/p>\n","protected":false},"author":1,"featured_media":0,"parent":0,"menu_order":0,"comment_status":"closed","ping_status":"closed","template":"","meta":[],"_links":{"self":[{"href":"https:\/\/sp1slupsk.pl\/index.php?rest_route=\/wp\/v2\/pages\/87774"}],"collection":[{"href":"https:\/\/sp1slupsk.pl\/index.php?rest_route=\/wp\/v2\/pages"}],"about":[{"href":"https:\/\/sp1slupsk.pl\/index.php?rest_route=\/wp\/v2\/types\/page"}],"author":[{"embeddable":true,"href":"https:\/\/sp1slupsk.pl\/index.php?rest_route=\/wp\/v2\/users\/1"}],"replies":[{"embeddable":true,"href":"https:\/\/sp1slupsk.pl\/index.php?rest_route=%2Fwp%2Fv2%2Fcomments&post=87774"}],"version-history":[{"count":23,"href":"https:\/\/sp1slupsk.pl\/index.php?rest_route=\/wp\/v2\/pages\/87774\/revisions"}],"predecessor-version":[{"id":88911,"href":"https:\/\/sp1slupsk.pl\/index.php?rest_route=\/wp\/v2\/pages\/87774\/revisions\/88911"}],"wp:attachment":[{"href":"https:\/\/sp1slupsk.pl\/index.php?rest_route=%2Fwp%2Fv2%2Fmedia&parent=87774"}],"curies":[{"name":"wp","href":"https:\/\/api.w.org\/{rel}","templated":true}]}}